{"id":131496,"date":"2021-09-06T21:44:25","date_gmt":"2021-09-07T00:44:25","guid":{"rendered":"https:\/\/sme.goiania.go.gov.br\/conexaoescola\/?post_type=educacao_infantil&#038;p=131496"},"modified":"2021-09-06T21:44:25","modified_gmt":"2021-09-07T00:44:25","slug":"vamos-descobrir-a-natureza","status":"publish","type":"educacao_infantil","link":"https:\/\/sme.goiania.go.gov.br\/conexaoescola\/educacao_infantil\/vamos-descobrir-a-natureza\/","title":{"rendered":"Vamos descobrir a natureza?"},"content":{"rendered":"\n<div class=\"wp-block-image is-style-rounded\"><figure class=\"aligncenter size-large\"><img fetchpriority=\"high\" decoding=\"async\" width=\"1024\" height=\"683\" src=\"https:\/\/sme.goiania.go.gov.br\/conexaoescola\/wp-content\/uploads\/2021\/09\/IMG_4111-1024x683.jpg\" alt=\"\" class=\"wp-image-131493\" srcset=\"https:\/\/sme.goiania.go.gov.br\/conexaoescola\/wp-content\/uploads\/2021\/09\/IMG_4111-1024x683.jpg 1024w, https:\/\/sme.goiania.go.gov.br\/conexaoescola\/wp-content\/uploads\/2021\/09\/IMG_4111-300x200.jpg 300w, https:\/\/sme.goiania.go.gov.br\/conexaoescola\/wp-content\/uploads\/2021\/09\/IMG_4111-768x512.jpg 768w, https:\/\/sme.goiania.go.gov.br\/conexaoescola\/wp-content\/uploads\/2021\/09\/IMG_4111-1536x1024.jpg 1536w, https:\/\/sme.goiania.go.gov.br\/conexaoescola\/wp-content\/uploads\/2021\/09\/IMG_4111-2048x1365.jpg 2048w\" sizes=\"(max-width: 1024px) 100vw, 1024px\" \/><figcaption>Fonte: Acervo SME<\/figcaption><\/figure><\/div>\n\n\n\n<p class=\"has-text-align-center has-black-color has-text-color has-background has-medium-font-size\" style=\"background-color:#9aea7c\"><strong>A natureza \u00e9 fonte de <span class=\"has-inline-color has-vivid-red-color\">descobertas<\/span> e <span class=\"has-inline-color has-vivid-red-color\">aprendizagens<\/span>!<\/strong><\/p>\n\n\n\n<p class=\"has-text-align-center has-black-color has-pale-cyan-blue-background-color has-text-color has-background has-medium-font-size\"><strong>O contato com a natureza \u00e9 muito importante para o <span class=\"has-inline-color has-vivid-red-color\">desenvolvimento integral das crian\u00e7as.<\/span> \u00c9 explorando os elementos que comp\u00f5em a natureza dentro e fora de casa que as crian\u00e7as aprendem sobre sua <span class=\"has-inline-color has-vivid-red-color\">exist\u00eancia<\/span>, o <span class=\"has-inline-color has-vivid-red-color\">ciclo da vida<\/span> e a import\u00e2ncia de <span class=\"has-inline-color has-vivid-red-color\">respeitar<\/span> e <span class=\"has-inline-color has-vivid-red-color\">preservar o meio ambiente<\/span>.<\/strong><\/p>\n\n\n\n<p class=\"has-text-align-center has-black-color has-text-color has-background has-medium-font-size\" style=\"background-color:#fdd15b\"><strong>Por que brincar com a <span class=\"has-inline-color has-vivid-red-color\">natureza<\/span>?<\/strong><\/p>\n\n\n\n<p class=\"has-text-align-center has-black-color has-text-color has-background has-medium-font-size\" style=\"background-color:#76e48c\"><strong>A idealizadora do Programa <span class=\"has-inline-color has-vivid-red-color\">&#8220;Ser Crian\u00e7a \u00e9 Natural&#8221;<\/span> do Instituto Rom\u00e3, Ana Carol Thom\u00e9 responde essa pergunta, vamos assistir?<\/strong><\/p>\n\n\n\n<figure class=\"wp-block-embed aligncenter is-type-video is-provider-youtube wp-block-embed-youtube wp-embed-aspect-16-9 wp-has-aspect-ratio\"><div class=\"wp-block-embed__wrapper\">\n<p class=\"responsive-video-wrap clr\"><iframe title=\"Narrativas naturais | Por que brincar com a natureza?\" width=\"1200\" height=\"675\" src=\"https:\/\/www.youtube.com\/embed\/m-jUOChZwWA?feature=oembed\" frameborder=\"0\" allow=\"accelerometer; autoplay; clipboard-write; encrypted-media; gyroscope; picture-in-picture\" allowfullscreen><\/iframe><\/p>\n<\/div><figcaption>Canal: Ser Crian\u00e7a \u00e9 natural<\/figcaption><\/figure>\n\n\n\n<p class=\"has-text-align-center has-black-color has-text-color has-background has-medium-font-size\" style=\"background-color:#fdd15b\"><strong>Brincar na natureza permite as crian\u00e7as o <span class=\"has-inline-color has-vivid-red-color\">livre olhar<\/span> e a <span class=\"has-inline-color has-vivid-red-color\">investiga\u00e7\u00e3o<\/span>! Que tal aproveitar as dicas da <span class=\"has-inline-color has-vivid-red-color\">Ana Carol Thom\u00e9 <\/span>do canal Ser Crian\u00e7a \u00e9 Natural e aprender alguns formas de brincar na natureza? <\/strong><\/p>\n\n\n\n<p class=\"has-text-align-center has-black-color has-text-color has-background has-medium-font-size\" style=\"background-color:#fb6d6d\"><strong>Clique nas imagens abaixo e aproveitem!<\/strong><\/p>\n\n\n\n<figure class=\"wp-block-embed is-type-video is-provider-youtube wp-block-embed-youtube wp-embed-aspect-16-9 wp-has-aspect-ratio\"><div class=\"wp-block-embed__wrapper\">\n<p class=\"responsive-video-wrap clr\"><iframe title=\"Vamos brincar de comidinha?\" width=\"1200\" height=\"675\" src=\"https:\/\/www.youtube.com\/embed\/GH3kPgOO1RA?feature=oembed\" frameborder=\"0\" allow=\"accelerometer; autoplay; clipboard-write; encrypted-media; gyroscope; picture-in-picture\" allowfullscreen><\/iframe><\/p>\n<\/div><figcaption>Canal: Ser Crian\u00e7a \u00e9 natural<\/figcaption><\/figure>\n\n\n\n<figure class=\"wp-block-embed aligncenter is-type-video is-provider-youtube wp-block-embed-youtube wp-embed-aspect-16-9 wp-has-aspect-ratio\"><div class=\"wp-block-embed__wrapper\">\n<p class=\"responsive-video-wrap clr\"><iframe title=\"Ca\u00e7a-cores | Brincadeiras com a natureza com Ana Carol Thom\u00e9\" width=\"1200\" height=\"675\" src=\"https:\/\/www.youtube.com\/embed\/0pmd19rnTZM?start=124&#038;feature=oembed\" frameborder=\"0\" allow=\"accelerometer; autoplay; clipboard-write; encrypted-media; gyroscope; picture-in-picture\" allowfullscreen><\/iframe><\/p>\n<\/div><figcaption>Canal: Ser Crian\u00e7a \u00e9 natural <\/figcaption><\/figure>\n\n\n\n<p class=\"has-text-align-center has-text-color has-background has-medium-font-size\" style=\"background-color:#fdd15b;color:#00090d\"><strong>Separe um tempinho com sua crian\u00e7a para\u00a0<span class=\"has-inline-color has-vivid-red-color\">brincar de &#8220;Comidinha  e\/ou Ca\u00e7a-Cores&#8221; na natureza<\/span>. Registre esses momentos por meio v\u00eddeos e fotos e compartilhe com a sua Institui\u00e7\u00e3o Educacional.<\/strong><\/p>\n\n\n\n<figure class=\"wp-block-table is-style-stripes\"><table><tbody><tr><td>Proponentes\/Curadoria<\/td><td>NEC<\/td><\/tr><tr><td>Parceiros\/Autoriza\u00e7\u00e3o<\/td><td>Canal do Youtube &#8220;Ser crian\u00e7a \u00e9 natural&#8221;<\/td><\/tr><\/tbody><\/table><figcaption>Educa\u00e7\u00e3o Infantil &#8211; Crian\u00e7a bem pequenas <\/figcaption><\/figure>\n","protected":false},"author":16,"featured_media":131493,"template":"","ei_categoria":[11],"class_list":["post-131496","educacao_infantil","type-educacao_infantil","status-publish","has-post-thumbnail","hentry","ei_categoria-criancas-bem-pequenas","entry","has-media"],"acf":[],"_links":{"self":[{"href":"https:\/\/sme.goiania.go.gov.br\/conexaoescola\/wp-json\/wp\/v2\/educacao_infantil\/131496","targetHints":{"allow":["GET"]}}],"collection":[{"href":"https:\/\/sme.goiania.go.gov.br\/conexaoescola\/wp-json\/wp\/v2\/educacao_infantil"}],"about":[{"href":"https:\/\/sme.goiania.go.gov.br\/conexaoescola\/wp-json\/wp\/v2\/types\/educacao_infantil"}],"author":[{"embeddable":true,"href":"https:\/\/sme.goiania.go.gov.br\/conexaoescola\/wp-json\/wp\/v2\/users\/16"}],"wp:featuredmedia":[{"embeddable":true,"href":"https:\/\/sme.goiania.go.gov.br\/conexaoescola\/wp-json\/wp\/v2\/media\/131493"}],"wp:attachment":[{"href":"https:\/\/sme.goiania.go.gov.br\/conexaoescola\/wp-json\/wp\/v2\/media?parent=131496"}],"wp:term":[{"taxonomy":"ei_categoria","embeddable":true,"href":"https:\/\/sme.goiania.go.gov.br\/conexaoescola\/wp-json\/wp\/v2\/ei_categoria?post=131496"}],"curies":[{"name":"wp","href":"https:\/\/api.w.org\/{rel}","templated":true}]}}