{"id":131139,"date":"2021-09-13T11:29:34","date_gmt":"2021-09-13T14:29:34","guid":{"rendered":"https:\/\/sme.goiania.go.gov.br\/conexaoescola\/?post_type=educacao_infantil&#038;p=131139"},"modified":"2021-09-20T16:02:16","modified_gmt":"2021-09-20T19:02:16","slug":"vamos-explorar-os-objetos-bebe","status":"publish","type":"educacao_infantil","link":"https:\/\/sme.goiania.go.gov.br\/conexaoescola\/educacao_infantil\/vamos-explorar-os-objetos-bebe\/","title":{"rendered":"Vamos explorar os objetos, beb\u00ea?"},"content":{"rendered":"\n<div class=\"wp-block-image is-style-default\"><figure class=\"aligncenter size-large\"><img fetchpriority=\"high\" decoding=\"async\" width=\"680\" height=\"503\" src=\"https:\/\/sme.goiania.go.gov.br\/conexaoescola\/wp-content\/uploads\/2021\/09\/bebe-com-carretel-e1631540463631.jpg\" alt=\"\" class=\"wp-image-131750\" srcset=\"https:\/\/sme.goiania.go.gov.br\/conexaoescola\/wp-content\/uploads\/2021\/09\/bebe-com-carretel-e1631540463631.jpg 680w, https:\/\/sme.goiania.go.gov.br\/conexaoescola\/wp-content\/uploads\/2021\/09\/bebe-com-carretel-e1631540463631-300x222.jpg 300w\" sizes=\"(max-width: 680px) 100vw, 680px\" \/><figcaption>Foto: Arquivo SME <\/figcaption><\/figure><\/div>\n\n\n\n<p class=\"has-text-align-center has-text-color has-background has-medium-font-size\" style=\"background-color:#f78db2;color:#040c0f\"><strong>O <span class=\"has-inline-color has-vivid-red-color\">brincar<\/span> \u00e9 atividade fundamental na inf\u00e2ncia!<\/strong><\/p>\n\n\n\n<p class=\"has-text-align-center has-text-color has-background has-medium-font-size\" style=\"background-color:#ffff54;color:#040c0f\"><strong><strong>\u00c9 brincando&nbsp;que as crian\u00e7as t\u00eam a possibilidade de<span class=\"has-inline-color has-vivid-red-color\">&nbsp;explorar, conhecer, transformar&nbsp;e dar novos significados&nbsp;<\/span>aos objetos \u00e0 sua volta. \u00c9 atrav\u00e9s das brincadeiras que as crian\u00e7as&nbsp;<strong><span class=\"has-inline-color has-vivid-red-color\">comunicam, interagem, formulam hip\u00f3teses, constroem estrat\u00e9gias<\/span><\/strong>, <span class=\"has-inline-color has-vivid-red-color\">apreendem e se apropriam<\/span>&nbsp;de diferentes aspectos do seu mundo<\/strong><\/strong>.<\/p>\n\n\n\n<p class=\"has-text-align-center has-text-color has-background has-medium-font-size\" style=\"background-color:#f78db2;color:#02090c\"><strong><strong>Mas, o brincar n\u00e3o \u00e9 apenas uma necessidade da crian\u00e7a, <span class=\"has-inline-color has-vivid-red-color\">o brincar \u00e9&nbsp;um direito!<\/span>&nbsp;Por isso, \u00e9 t\u00e3o importante que os adultos oportunizem as condi\u00e7\u00f5es para que as crian\u00e7as brinquem de diferentes modos, com diferentes pessoas, tempos e espa\u00e7os.<\/strong><\/strong><\/p>\n\n\n\n<p class=\"has-text-align-center has-text-color has-background has-medium-font-size\" style=\"background-color:#95f989;color:#030a0d\"><strong>Confira o v\u00eddeo gravado pela <strong><span class=\"has-inline-color has-vivid-red-color\">professora Luciana do CEI Assun\u00e7\u00e3o<\/span> sugerindo<\/strong> novas possibilidades de brincar a partir dos objetos que se tem em casa.<\/strong><\/p>\n\n\n\n<figure class=\"wp-block-embed is-type-video is-provider-youtube wp-block-embed-youtube wp-embed-aspect-16-9 wp-has-aspect-ratio\"><div class=\"wp-block-embed__wrapper\">\n<p class=\"responsive-video-wrap clr\"><iframe title=\"Prof Luciana - brincadeiras\" width=\"1200\" height=\"675\" src=\"https:\/\/www.youtube.com\/embed\/D8nfCUTBu1A?feature=oembed\" frameborder=\"0\" allow=\"accelerometer; autoplay; clipboard-write; encrypted-media; gyroscope; picture-in-picture\" allowfullscreen><\/iframe><\/p>\n<\/div><figcaption>Fonte: Canal do Youtube do Portal Conex\u00e3o Escola<\/figcaption><\/figure>\n\n\n\n<p class=\"has-text-align-center has-pale-cyan-blue-background-color has-text-color has-background has-medium-font-size\" style=\"color:#01070a\"><strong>Que tal aproveitar a dica da<span class=\"has-inline-color has-vivid-red-color\"> professora Luciana<\/span> e convidar o seu beb\u00ea para <span class=\"has-inline-color has-vivid-red-color\">explorar e conhecer os diferentes objetos ao seu redor?<\/span> <\/strong><\/p>\n\n\n\n<ul class=\"has-text-color has-medium-font-size wp-block-list\" style=\"color:#020709\"><li><strong>Organize alguns objetos de <span class=\"has-inline-color has-vivid-red-color\">texturas, cores, formas e tamanhos diferentes<\/span> para seu beb\u00ea explorar<\/strong>!<\/li><\/ul>\n\n\n\n<hr class=\"wp-block-separator\"\/>\n\n\n\n<p class=\"has-text-align-center has-background has-medium-font-size\" style=\"background-color:#95f989\"><strong><span class=\"has-inline-color has-black-color\">Saiba Mais <\/span><\/strong>&#8230;<\/p>\n\n\n\n<p class=\"has-text-align-center has-text-color has-background has-medium-font-size\" style=\"background-color:#f2f2f2;color:#01070a\"><strong>Quer ampliar o momento de brincadeira? Assista o v\u00eddeo <span class=\"has-inline-color has-vivid-red-color\">&#8220;Esse copo vai virar&#8221; <\/span>sugerido da <span class=\"has-inline-color has-vivid-red-color\">professora Sara do Vale<\/span>. Para conferir, basta clicar na imagem abaixo. <\/strong><\/p>\n\n\n\n<hr class=\"wp-block-separator\"\/>\n\n\n\n<figure class=\"wp-block-embed is-type-video is-provider-youtube wp-block-embed-youtube wp-embed-aspect-16-9 wp-has-aspect-ratio\"><div class=\"wp-block-embed__wrapper\">\n<p class=\"responsive-video-wrap clr\"><iframe title=\"Esse copo vai virar- M\u00fasica &quot;Transformando o cone&quot; adaptada\" width=\"1200\" height=\"675\" src=\"https:\/\/www.youtube.com\/embed\/XFhLr8YMPKw?feature=oembed\" frameborder=\"0\" allow=\"accelerometer; autoplay; clipboard-write; encrypted-media; gyroscope; picture-in-picture\" allowfullscreen><\/iframe><\/p>\n<\/div><figcaption>Fonte: Canal do Youtube &#8220;Sara do Vale&#8221;. <\/figcaption><\/figure>\n\n\n\n<figure class=\"wp-block-table is-style-stripes\"><table><tbody><tr><td>Proponentes\/Curadoria<\/td><td>NEC<\/td><\/tr><tr><td>Template<\/td><td>Professoras Luciana Rodrigues, K\u00eania Borges, Augustervina, Beatriz e Denise do Centro de Educa\u00e7\u00e3o Infantil Assun\u00e7\u00e3o<\/td><\/tr><\/tbody><\/table><figcaption>Educa\u00e7\u00e3o Infantil &#8211; Beb\u00eas<\/figcaption><\/figure>\n","protected":false},"author":16,"featured_media":131750,"template":"","ei_categoria":[10],"class_list":["post-131139","educacao_infantil","type-educacao_infantil","status-publish","has-post-thumbnail","hentry","ei_categoria-bebes","entry","has-media"],"acf":[],"_links":{"self":[{"href":"https:\/\/sme.goiania.go.gov.br\/conexaoescola\/wp-json\/wp\/v2\/educacao_infantil\/131139","targetHints":{"allow":["GET"]}}],"collection":[{"href":"https:\/\/sme.goiania.go.gov.br\/conexaoescola\/wp-json\/wp\/v2\/educacao_infantil"}],"about":[{"href":"https:\/\/sme.goiania.go.gov.br\/conexaoescola\/wp-json\/wp\/v2\/types\/educacao_infantil"}],"author":[{"embeddable":true,"href":"https:\/\/sme.goiania.go.gov.br\/conexaoescola\/wp-json\/wp\/v2\/users\/16"}],"wp:featuredmedia":[{"embeddable":true,"href":"https:\/\/sme.goiania.go.gov.br\/conexaoescola\/wp-json\/wp\/v2\/media\/131750"}],"wp:attachment":[{"href":"https:\/\/sme.goiania.go.gov.br\/conexaoescola\/wp-json\/wp\/v2\/media?parent=131139"}],"wp:term":[{"taxonomy":"ei_categoria","embeddable":true,"href":"https:\/\/sme.goiania.go.gov.br\/conexaoescola\/wp-json\/wp\/v2\/ei_categoria?post=131139"}],"curies":[{"name":"wp","href":"https:\/\/api.w.org\/{rel}","templated":true}]}}