{"id":1304,"date":"2020-05-11T07:00:00","date_gmt":"2020-05-11T10:00:00","guid":{"rendered":"http:\/\/sme.goiania.go.gov.br\/conexaoescola\/?post_type=educacao_infantil&#038;p=1304"},"modified":"2020-05-11T19:23:23","modified_gmt":"2020-05-11T22:23:23","slug":"venha-conhecer-um-jeito-diferente-de-fazer-musica","status":"publish","type":"educacao_infantil","link":"https:\/\/sme.goiania.go.gov.br\/conexaoescola\/educacao_infantil\/venha-conhecer-um-jeito-diferente-de-fazer-musica\/","title":{"rendered":"Venha conhecer um jeito diferente de fazer m\u00fasica!"},"content":{"rendered":"\n<figure class=\"wp-block-embed-youtube wp-block-embed is-type-video is-provider-youtube wp-embed-aspect-16-9 wp-has-aspect-ratio\"><div class=\"wp-block-embed__wrapper\">\n<p class=\"responsive-video-wrap clr\"><iframe title=\"Venha conhecer um jeito diferente de fazer m\u00fasica!\" width=\"1200\" height=\"675\" src=\"https:\/\/www.youtube.com\/embed\/8gW5dTdCzEg?feature=oembed\" frameborder=\"0\" allow=\"accelerometer; autoplay; encrypted-media; gyroscope; picture-in-picture\" allowfullscreen><\/iframe><\/p>\n<\/div><\/figure>\n\n\n\n<p>O Grupo Tiquequ\u00ea une m\u00fasica, dan\u00e7a, teatro e narra\u00e7\u00e3o de hist\u00f3rias usando coisas simples, objetos do cotidiano, suas m\u00e3os e o corpo todo para interpretar cantigas populares e m\u00fasicas autorais!<\/p>\n\n\n\n<p>Com a variedade de recursos e modos de fazer m\u00fasica, elas ficam mais divertidas e chamam a aten\u00e7\u00e3o para coisas que geralmente n\u00e3o paramos para observar, como os barulhos que ouvimos em casa, os diferentes sons que os animais fazem ou como estes se comportam.&nbsp;<\/p>\n\n\n\n<p>Conhecer esse modo diferente de fazer m\u00fasica amplia os conhecimentos das crian\u00e7as sobre o mundo, sobre seus gestos e movimentos, enquanto desenvolvem sua criatividade e imagina\u00e7\u00e3o!<\/p>\n\n\n\n<p>Aproveite com as crian\u00e7as as m\u00fasicas indicadas e escolham juntos outras para ouvir, conhecer, imitar e brincar.<\/p>\n\n\n\n<p class=\"has-medium-font-size\">Barulhinho, barulh\u00e3o<\/p>\n\n\n\n<figure class=\"wp-block-embed-youtube wp-block-embed is-type-video is-provider-youtube wp-embed-aspect-16-9 wp-has-aspect-ratio\"><div class=\"wp-block-embed__wrapper\">\n<p class=\"responsive-video-wrap clr\"><iframe title=\"Tiquequ\u00ea | Barulhinho, Barulh\u00e3o\" width=\"1200\" height=\"675\" src=\"https:\/\/www.youtube.com\/embed\/aAGwAbe3Emc?feature=oembed\" frameborder=\"0\" allow=\"accelerometer; autoplay; encrypted-media; gyroscope; picture-in-picture\" allowfullscreen><\/iframe><\/p>\n<\/div><\/figure>\n\n\n\n<p class=\"has-medium-font-size\">Festa na floresta<\/p>\n\n\n\n<figure class=\"wp-block-embed-youtube wp-block-embed is-type-video is-provider-youtube wp-embed-aspect-16-9 wp-has-aspect-ratio\"><div class=\"wp-block-embed__wrapper\">\n<p class=\"responsive-video-wrap clr\"><iframe title=\"Tiquequ\u00ea | Festa na Floresta\" width=\"1200\" height=\"675\" src=\"https:\/\/www.youtube.com\/embed\/aLjzxhxi6OY?feature=oembed\" frameborder=\"0\" allow=\"accelerometer; autoplay; encrypted-media; gyroscope; picture-in-picture\" allowfullscreen><\/iframe><\/p>\n<\/div><\/figure>\n\n\n\n<p class=\"has-medium-font-size\">Se eu fosse<\/p>\n\n\n\n<figure class=\"wp-block-embed-youtube wp-block-embed is-type-video is-provider-youtube wp-embed-aspect-16-9 wp-has-aspect-ratio\"><div class=\"wp-block-embed__wrapper\">\n<p class=\"responsive-video-wrap clr\"><iframe title=\"Tiquequ\u00ea | Se eu fosse... (clipe oficial)\" width=\"1200\" height=\"675\" src=\"https:\/\/www.youtube.com\/embed\/YNwT0vilGIs?feature=oembed\" frameborder=\"0\" allow=\"accelerometer; autoplay; encrypted-media; gyroscope; picture-in-picture\" allowfullscreen><\/iframe><\/p>\n<\/div><\/figure>\n\n\n\n<hr class=\"wp-block-separator\"\/>\n\n\n\n<p class=\"has-text-align-center\"><br><a href=\"http:\/\/sme.goiania.go.gov.br\/conexaoescola\/ei_categoria\/criancas-pequenas\/\">Educa\u00e7\u00e3o Infantil &#8211; Crian\u00e7as bem pequenas<\/a><\/p>\n","protected":false},"author":5,"featured_media":1305,"template":"","ei_categoria":[11],"class_list":["post-1304","educacao_infantil","type-educacao_infantil","status-publish","has-post-thumbnail","hentry","ei_categoria-criancas-bem-pequenas","entry","has-media"],"acf":[],"_links":{"self":[{"href":"https:\/\/sme.goiania.go.gov.br\/conexaoescola\/wp-json\/wp\/v2\/educacao_infantil\/1304","targetHints":{"allow":["GET"]}}],"collection":[{"href":"https:\/\/sme.goiania.go.gov.br\/conexaoescola\/wp-json\/wp\/v2\/educacao_infantil"}],"about":[{"href":"https:\/\/sme.goiania.go.gov.br\/conexaoescola\/wp-json\/wp\/v2\/types\/educacao_infantil"}],"author":[{"embeddable":true,"href":"https:\/\/sme.goiania.go.gov.br\/conexaoescola\/wp-json\/wp\/v2\/users\/5"}],"wp:featuredmedia":[{"embeddable":true,"href":"https:\/\/sme.goiania.go.gov.br\/conexaoescola\/wp-json\/wp\/v2\/media\/1305"}],"wp:attachment":[{"href":"https:\/\/sme.goiania.go.gov.br\/conexaoescola\/wp-json\/wp\/v2\/media?parent=1304"}],"wp:term":[{"taxonomy":"ei_categoria","embeddable":true,"href":"https:\/\/sme.goiania.go.gov.br\/conexaoescola\/wp-json\/wp\/v2\/ei_categoria?post=1304"}],"curies":[{"name":"wp","href":"https:\/\/api.w.org\/{rel}","templated":true}]}}