{"id":129572,"date":"2021-08-16T17:08:07","date_gmt":"2021-08-16T20:08:07","guid":{"rendered":"https:\/\/sme.goiania.go.gov.br\/conexaoescola\/?post_type=educacao_infantil&#038;p=129572"},"modified":"2021-08-16T17:14:10","modified_gmt":"2021-08-16T20:14:10","slug":"cara-de-que-vem-se-expressar","status":"publish","type":"educacao_infantil","link":"https:\/\/sme.goiania.go.gov.br\/conexaoescola\/educacao_infantil\/cara-de-que-vem-se-expressar\/","title":{"rendered":"Cara de qu\u00ea?"},"content":{"rendered":"\n<figure class=\"wp-block-image size-large is-style-rounded\"><img fetchpriority=\"high\" decoding=\"async\" width=\"1024\" height=\"576\" src=\"https:\/\/sme.goiania.go.gov.br\/conexaoescola\/wp-content\/uploads\/2021\/08\/pxfuel.com-1-1-e1629120889389-1024x576.jpg\" alt=\"\" class=\"wp-image-129673\" srcset=\"https:\/\/sme.goiania.go.gov.br\/conexaoescola\/wp-content\/uploads\/2021\/08\/pxfuel.com-1-1-e1629120889389-1024x576.jpg 1024w, https:\/\/sme.goiania.go.gov.br\/conexaoescola\/wp-content\/uploads\/2021\/08\/pxfuel.com-1-1-e1629120889389-300x169.jpg 300w, https:\/\/sme.goiania.go.gov.br\/conexaoescola\/wp-content\/uploads\/2021\/08\/pxfuel.com-1-1-e1629120889389-768x432.jpg 768w, https:\/\/sme.goiania.go.gov.br\/conexaoescola\/wp-content\/uploads\/2021\/08\/pxfuel.com-1-1-e1629120889389.jpg 1366w\" sizes=\"(max-width: 1024px) 100vw, 1024px\" \/><figcaption>Fonte: https:\/\/www.pxfuel.com\/pt\/free-photo-jnyti\/downloa<\/figcaption><\/figure>\n\n\n\n<p class=\"has-text-align-center has-vivid-green-cyan-background-color has-text-color has-background has-medium-font-size\" style=\"color:#010d12\"><strong><strong>Atrav\u00e9s do corpo a crian\u00e7a pode se<span class=\"has-inline-color has-vivid-red-color\">&nbsp;expressar, brincar&nbsp;e&nbsp;produzir<\/span>&nbsp;conhecimentos sobre si e sobre o outro.<\/strong><\/strong><\/p>\n\n\n\n<p class=\"has-text-align-center has-text-color has-background has-medium-font-size\" style=\"background-color:#b776f4;color:#020b0f\"><strong><strong>Portanto, desde bem pequena \u00e9 importante que ela seja incentivada a comunicar suas necessidades, desejos e emo\u00e7\u00f5es. E para isso \u00e9 necess\u00e1rio ampliar as suas&nbsp;<span class=\"has-inline-color has-vivid-red-color\">experi\u00eancias sensoriais, expressivas e corporais<\/span>.<\/strong><\/strong><\/p>\n\n\n\n<p class=\"has-text-align-center has-vivid-green-cyan-background-color has-text-color has-background has-medium-font-size\" style=\"color:#020b0f\"><strong><strong>Tais experi\u00eancias podem acontecer mediadas pelas diferentes&nbsp;Linguagens da Arte&nbsp;\u2013 como por exemplo,&nbsp;<span class=\"has-inline-color has-vivid-red-color\">a&nbsp;Dan\u00e7a,&nbsp;o&nbsp;Teatro,&nbsp;as&nbsp;Artes Visuais&nbsp;e a&nbsp;M\u00fasica.<\/span><\/strong><\/strong><\/p>\n\n\n\n<p class=\"has-text-align-center has-luminous-vivid-amber-background-color has-text-color has-background has-medium-font-size\" style=\"color:#01070a\"><strong>Que tal convidar o seu filho(a) para conferir o v\u00eddeo gravado pela&nbsp;<span class=\"has-inline-color has-vivid-red-color\">professora&nbsp;Analee do Cei Maria Genoveva<\/span>?&nbsp;Neste v\u00eddeo, a professora convida todas as crian\u00e7as a brincar ao som da m\u00fasica&nbsp;\u201cCara de qu\u00ea?\u201d&nbsp;do <span class=\"has-inline-color has-vivid-red-color\">Grupo Cora\u00e7\u00e3o Palpita<\/span>. Vamos conferir?<\/strong><\/p>\n\n\n\n<figure class=\"wp-block-embed is-type-video is-provider-youtube wp-block-embed-youtube wp-embed-aspect-16-9 wp-has-aspect-ratio\"><div class=\"wp-block-embed__wrapper\">\n<p class=\"responsive-video-wrap clr\"><iframe title=\"Professora Analee - Cara de qu\u00ea?\" width=\"1200\" height=\"675\" src=\"https:\/\/www.youtube.com\/embed\/s5nVyVobBsE?feature=oembed\" frameborder=\"0\" allow=\"accelerometer; autoplay; clipboard-write; encrypted-media; gyroscope; picture-in-picture\" allowfullscreen><\/iframe><\/p>\n<\/div><figcaption>Fonte: Canal Portal Conex\u00e3o-Escola<\/figcaption><\/figure>\n\n\n\n<p class=\"has-text-align-center has-text-color has-background has-medium-font-size\" style=\"background-color:#fc5858;color:#00080b\"><strong>Quer brincar um pouco mais com as express\u00f5es? Confira a m\u00fasica <span class=\"has-inline-color has-white-color\">\u201cCareta\u201d<\/span> do <span class=\"has-inline-color has-white-color\">grupo Ma Me Mi Mo&nbsp;M\u00fasica<\/span>.<\/strong><\/p>\n\n\n\n<figure class=\"wp-block-embed is-type-video is-provider-youtube wp-block-embed-youtube wp-embed-aspect-16-9 wp-has-aspect-ratio\"><div class=\"wp-block-embed__wrapper\">\n<p class=\"responsive-video-wrap clr\"><iframe title=\"Careta - Ma Me Mi Mo M\u00fasica!\" width=\"1200\" height=\"675\" src=\"https:\/\/www.youtube.com\/embed\/J4_ChF5hswk?feature=oembed\" frameborder=\"0\" allow=\"accelerometer; autoplay; clipboard-write; encrypted-media; gyroscope; picture-in-picture\" allowfullscreen><\/iframe><\/p>\n<\/div><figcaption>Fonte: Canal do Youtube &#8211; Ma Me Mi Mo M\u00fasica<\/figcaption><\/figure>\n\n\n\n<hr class=\"wp-block-separator\"\/>\n\n\n\n<p class=\"has-text-align-center has-luminous-vivid-amber-background-color has-text-color has-background has-medium-font-size\" style=\"color:#01080b\"><strong>Que tal proporcionar a amplia\u00e7\u00e3o das <span class=\"has-inline-color has-vivid-red-color\">experi\u00eancias expressivas, corporais e sensorais<\/span> do seu filho(a)<\/strong>?&nbsp;<strong>Confira algumas ideias:<\/strong><\/p>\n\n\n\n<ol class=\"has-medium-font-size wp-block-list\"><li><strong>Sente-se frente a frente com a sua crian\u00e7a e brinquem juntos de fazer diferentes caretas: pe\u00e7a que ela observe as suas express\u00f5es! Convide-a a fazer o mesmo que voc\u00ea. <\/strong><\/li><li><strong>Pergunte a sua crian\u00e7a qual a sua careta preferida, aproveite e registre esses momentos com fotos e v\u00eddeos.<\/strong><\/li><\/ol>\n\n\n\n<hr class=\"wp-block-separator\"\/>\n\n\n\n<p class=\"has-text-align-center has-luminous-vivid-amber-background-color has-background has-medium-font-size\"><strong><span style=\"color:#010507\" class=\"has-inline-color\">Quer deixar a brincadeira ainda mais divertida? Convide sua crian\u00e7a a realizar o desafio do corpo proposto pela <\/span><span class=\"has-inline-color has-vivid-red-color\">professora D\u00e9bora Machado.<\/span><\/strong><\/p>\n\n\n\n<figure class=\"wp-block-embed is-type-video is-provider-youtube wp-block-embed-youtube wp-embed-aspect-16-9 wp-has-aspect-ratio\"><div class=\"wp-block-embed__wrapper\">\n<p class=\"responsive-video-wrap clr\"><iframe title=\"Desafios do corpo-  Dan\u00e7ando em casa &quot;Boneco Articulado &quot; Ep. 01\" width=\"1200\" height=\"675\" src=\"https:\/\/www.youtube.com\/embed\/7WmHVZzAm9E?feature=oembed\" frameborder=\"0\" allow=\"accelerometer; autoplay; clipboard-write; encrypted-media; gyroscope; picture-in-picture\" allowfullscreen><\/iframe><\/p>\n<\/div><figcaption>Fonte: Canal do Youtube \u2013 D\u00e9bora Machado<\/figcaption><\/figure>\n\n\n\n<figure class=\"wp-block-table is-style-stripes\"><table><tbody><tr><td>Proponentes\/Curadoria<\/td><td>Nec<\/td><\/tr><tr><td>Professoras convidadas<\/td><td>Profa Analee e Profa D\u00e9bora Machado <\/td><\/tr><tr><td>Parceiros<\/td><td>Grupo Ma Me Mi Mo M\u00fasica<\/td><\/tr><\/tbody><\/table><figcaption>Educa\u00e7\u00e3o Infantil &#8211; Crian\u00e7as bem pequenas <\/figcaption><\/figure>\n","protected":false},"author":16,"featured_media":129573,"template":"","ei_categoria":[11],"class_list":["post-129572","educacao_infantil","type-educacao_infantil","status-publish","has-post-thumbnail","hentry","ei_categoria-criancas-bem-pequenas","entry","has-media"],"acf":[],"_links":{"self":[{"href":"https:\/\/sme.goiania.go.gov.br\/conexaoescola\/wp-json\/wp\/v2\/educacao_infantil\/129572","targetHints":{"allow":["GET"]}}],"collection":[{"href":"https:\/\/sme.goiania.go.gov.br\/conexaoescola\/wp-json\/wp\/v2\/educacao_infantil"}],"about":[{"href":"https:\/\/sme.goiania.go.gov.br\/conexaoescola\/wp-json\/wp\/v2\/types\/educacao_infantil"}],"author":[{"embeddable":true,"href":"https:\/\/sme.goiania.go.gov.br\/conexaoescola\/wp-json\/wp\/v2\/users\/16"}],"wp:featuredmedia":[{"embeddable":true,"href":"https:\/\/sme.goiania.go.gov.br\/conexaoescola\/wp-json\/wp\/v2\/media\/129573"}],"wp:attachment":[{"href":"https:\/\/sme.goiania.go.gov.br\/conexaoescola\/wp-json\/wp\/v2\/media?parent=129572"}],"wp:term":[{"taxonomy":"ei_categoria","embeddable":true,"href":"https:\/\/sme.goiania.go.gov.br\/conexaoescola\/wp-json\/wp\/v2\/ei_categoria?post=129572"}],"curies":[{"name":"wp","href":"https:\/\/api.w.org\/{rel}","templated":true}]}}