{"id":129555,"date":"2021-08-16T10:24:37","date_gmt":"2021-08-16T13:24:37","guid":{"rendered":"https:\/\/sme.goiania.go.gov.br\/conexaoescola\/?post_type=educacao_infantil&#038;p=129555"},"modified":"2021-08-16T16:41:39","modified_gmt":"2021-08-16T19:41:39","slug":"bebe-cara-de-que","status":"publish","type":"educacao_infantil","link":"https:\/\/sme.goiania.go.gov.br\/conexaoescola\/educacao_infantil\/bebe-cara-de-que\/","title":{"rendered":"Beb\u00ea, cara de qu\u00ea?"},"content":{"rendered":"\n<div class=\"wp-block-image is-style-rounded\"><figure class=\"aligncenter size-large is-resized\"><img fetchpriority=\"high\" decoding=\"async\" src=\"https:\/\/sme.goiania.go.gov.br\/conexaoescola\/wp-content\/uploads\/2021\/08\/pxfuel.com_-1024x683.jpg\" alt=\"\" class=\"wp-image-129557\" width=\"742\" height=\"494\"\/><figcaption>Fonte: https:\/\/www.pxfuel.com\/pt\/free-photo-jnyti\/downloa<\/figcaption><\/figure><\/div>\n\n\n\n<p class=\"has-text-align-center has-text-color has-background has-medium-font-size\" style=\"background-color:#6fc3f4;color:#010506\"><strong>Atrav\u00e9s do corpo a crian\u00e7a pode se <span class=\"has-inline-color has-vivid-red-color\">expressar, brincar<\/span> e <span class=\"has-inline-color has-vivid-red-color\">produzir<\/span> conhecimentos sobre si e sobre o outro. <\/strong><\/p>\n\n\n\n<p class=\"has-text-align-center has-text-color has-background has-medium-font-size\" style=\"background-color:#f8e435;color:#011017\"><strong> Portanto, desde bem pequena \u00e9 importante que ela seja incentivada a comunicar suas necessidades, desejos e emo\u00e7\u00f5es. E para isso \u00e9 necess\u00e1rio ampliar as suas <span class=\"has-inline-color has-vivid-red-color\">experi\u00eancias sensoriais, expressivas e corporais<\/span>. <\/strong><\/p>\n\n\n\n<p class=\"has-text-align-center has-text-color has-background has-medium-font-size\" style=\"background-color:#ffbf91;color:#011017\"><strong>Tais experi\u00eancias podem acontecer mediadas pelas diferentes <span class=\"has-inline-color has-vivid-red-color\">Linguagens da Arte <\/span>&#8211; como por exemplo,<span class=\"has-inline-color has-vivid-red-color\"> <\/span><span class=\"has-inline-color has-black-color\">a<\/span><span class=\"has-inline-color has-vivid-red-color\"> Dan\u00e7a, <\/span><span class=\"has-inline-color has-black-color\">o<\/span><span class=\"has-inline-color has-vivid-red-color\"> Teatro, <\/span><span class=\"has-inline-color has-black-color\">as<\/span><span class=\"has-inline-color has-vivid-red-color\"> Artes Visuais <\/span><span class=\"has-inline-color has-black-color\">e a<\/span><span class=\"has-inline-color has-vivid-red-color\"> M\u00fasica.<\/span><\/strong><\/p>\n\n\n\n<p class=\"has-text-align-center has-text-color has-background has-medium-font-size\" style=\"background-color:#6fc3f4;color:#000203\"><strong>Que tal convidar o seu beb\u00ea para conferir o v\u00eddeo gravado pela  <span class=\"has-inline-color has-vivid-red-color\">Professora<\/span> <span class=\"has-inline-color has-vivid-red-color\">Analee do Cei Maria Genoveva?<\/span> Neste v\u00eddeo, a professora convida  as crian\u00e7as a brincar ao som da m\u00fasica <span class=\"has-inline-color has-vivid-red-color\">&#8220;Cara de qu\u00ea?&#8221;<\/span><\/strong><span class=\"has-inline-color has-black-color\"><strong> do Grupo Cora\u00e7\u00e3o Palpita. Vamos conferir?<\/strong><\/span><\/p>\n\n\n\n<figure class=\"wp-block-embed is-type-video is-provider-youtube wp-block-embed-youtube wp-embed-aspect-16-9 wp-has-aspect-ratio\"><div class=\"wp-block-embed__wrapper\">\n<p class=\"responsive-video-wrap clr\"><iframe title=\"Professora Analee - Cara de qu\u00ea?\" width=\"1200\" height=\"675\" src=\"https:\/\/www.youtube.com\/embed\/s5nVyVobBsE?feature=oembed\" frameborder=\"0\" allow=\"accelerometer; autoplay; clipboard-write; encrypted-media; gyroscope; picture-in-picture\" allowfullscreen><\/iframe><\/p>\n<\/div><figcaption>Fonte: Portal Conex\u00e3o Escola<\/figcaption><\/figure>\n\n\n\n<p class=\"has-text-align-center has-text-color has-background has-medium-font-size\" style=\"background-color:#f8e435;color:#000305\"><strong>Quer brincar um pouco mais com as express\u00f5es? Confira a m\u00fasica &#8220;<span class=\"has-inline-color has-vivid-red-color\">Careta&#8221; do grupo Ma Me Mi Mo<\/span> <span class=\"has-inline-color has-vivid-red-color\">M\u00fasica<\/span><\/strong>!<\/p>\n\n\n\n<figure class=\"wp-block-embed is-type-video is-provider-youtube wp-block-embed-youtube wp-embed-aspect-16-9 wp-has-aspect-ratio\"><div class=\"wp-block-embed__wrapper\">\n<p class=\"responsive-video-wrap clr\"><iframe title=\"Careta - Ma Me Mi Mo M\u00fasica!\" width=\"1200\" height=\"675\" src=\"https:\/\/www.youtube.com\/embed\/J4_ChF5hswk?feature=oembed\" frameborder=\"0\" allow=\"accelerometer; autoplay; clipboard-write; encrypted-media; gyroscope; picture-in-picture\" allowfullscreen><\/iframe><\/p>\n<\/div><figcaption>Fonte: Canal do Youtube &#8211; Ma Me Mi Mo M\u00fasica <\/figcaption><\/figure>\n\n\n\n<hr class=\"wp-block-separator\"\/>\n\n\n\n<p class=\"has-text-align-center has-text-color has-background has-medium-font-size\" style=\"background-color:#f49090;color:#010b0f\"><strong>Que tal ampliar as <span class=\"has-inline-color has-vivid-red-color\">experi\u00eancias expressivas<\/span>, <span class=\"has-inline-color has-vivid-red-color\">corporais e sensorais<\/span> do seu beb\u00ea<\/strong>? <strong>Confira algumas ideias:<\/strong><\/p>\n\n\n\n<ol class=\"has-medium-font-size wp-block-list\"><li><span style=\"color:#000709\" class=\"has-inline-color\"><strong>Separe um tempo da rotina familiar para momentos de dan\u00e7a e movimento<\/strong>;<\/span><\/li><li><span style=\"color:#000709\" class=\"has-inline-color\"><strong>Sente no ch\u00e3o com seu beb\u00ea e brinquem juntos de fazer diferentes caretas: deixe que ele  toque na sua face e observe as suas express\u00f5es! Convide-a a fazer o mesmo. <\/strong><\/span><\/li><li><span style=\"color:#000709\" class=\"has-inline-color\"><strong>Registre esses momentos com fotos e v\u00eddeos. <\/strong><\/span><strong> <\/strong><\/li><\/ol>\n\n\n\n<hr class=\"wp-block-separator\"\/>\n\n\n\n<figure class=\"wp-block-table is-style-stripes\"><table><tbody><tr><td>Proponentes\/Curadoria<\/td><td>NEC<\/td><\/tr><tr><td>Professora Convidada<\/td><td>Profa. Analee<\/td><\/tr><tr><td>Parceiros\/Autoriza\u00e7\u00e3o<\/td><td>Grupo Ma Me Mi Mo M\u00fasica<\/td><\/tr><\/tbody><\/table><figcaption>Educa\u00e7\u00e3o Infantil &#8211; Beb\u00eas<\/figcaption><\/figure>\n","protected":false},"author":16,"featured_media":129557,"template":"","ei_categoria":[10],"class_list":["post-129555","educacao_infantil","type-educacao_infantil","status-publish","has-post-thumbnail","hentry","ei_categoria-bebes","entry","has-media"],"acf":[],"_links":{"self":[{"href":"https:\/\/sme.goiania.go.gov.br\/conexaoescola\/wp-json\/wp\/v2\/educacao_infantil\/129555","targetHints":{"allow":["GET"]}}],"collection":[{"href":"https:\/\/sme.goiania.go.gov.br\/conexaoescola\/wp-json\/wp\/v2\/educacao_infantil"}],"about":[{"href":"https:\/\/sme.goiania.go.gov.br\/conexaoescola\/wp-json\/wp\/v2\/types\/educacao_infantil"}],"author":[{"embeddable":true,"href":"https:\/\/sme.goiania.go.gov.br\/conexaoescola\/wp-json\/wp\/v2\/users\/16"}],"wp:featuredmedia":[{"embeddable":true,"href":"https:\/\/sme.goiania.go.gov.br\/conexaoescola\/wp-json\/wp\/v2\/media\/129557"}],"wp:attachment":[{"href":"https:\/\/sme.goiania.go.gov.br\/conexaoescola\/wp-json\/wp\/v2\/media?parent=129555"}],"wp:term":[{"taxonomy":"ei_categoria","embeddable":true,"href":"https:\/\/sme.goiania.go.gov.br\/conexaoescola\/wp-json\/wp\/v2\/ei_categoria?post=129555"}],"curies":[{"name":"wp","href":"https:\/\/api.w.org\/{rel}","templated":true}]}}