{"id":129119,"date":"2021-08-10T15:23:31","date_gmt":"2021-08-10T18:23:31","guid":{"rendered":"https:\/\/sme.goiania.go.gov.br\/conexaoescola\/?post_type=educacao_infantil&#038;p=129119"},"modified":"2021-08-11T15:07:09","modified_gmt":"2021-08-11T18:07:09","slug":"vem-mexer-o-corpo-2","status":"publish","type":"educacao_infantil","link":"https:\/\/sme.goiania.go.gov.br\/conexaoescola\/educacao_infantil\/vem-mexer-o-corpo-2\/","title":{"rendered":"Vem mexer o corpo!"},"content":{"rendered":"\n<div class=\"wp-block-image is-style-rounded\"><figure class=\"aligncenter\"><img decoding=\"async\" src=\"https:\/\/alana.org.br\/wp-content\/uploads\/2021\/06\/noticia.png.webp\" alt=\"Foto mostra crian\u00e7as felizes celebrando ao ar livre\"\/><figcaption>Fonte: https:\/\/alana.org.br\/lunetas-jornalistas-amigas-da-crianca<\/figcaption><\/figure><\/div>\n\n\n\n<p class=\"has-text-align-center has-black-color has-text-color has-background has-medium-font-size\" style=\"background-color:#94c6e4\"><strong>O <span class=\"has-inline-color has-vivid-red-color\">corpo<\/span> representa o primeiro canal de comunica\u00e7\u00e3o das crian\u00e7as com o mundo. <\/strong><\/p>\n\n\n\n<p class=\"has-text-align-center has-black-color has-text-color has-background has-medium-font-size\" style=\"background-color:#94c6e4\"><strong>E \u00e9 atrav\u00e9s das&nbsp;<span class=\"has-inline-color has-vivid-red-color\">m\u00fasicas<\/span>, das&nbsp;<span class=\"has-inline-color has-vivid-red-color\">dan\u00e7as<\/span>&nbsp;e das&nbsp;<span class=\"has-inline-color has-vivid-red-color\">diferentes brincadeiras<\/span>&nbsp;que elas podem aprender a&nbsp;<strong>pular, dan\u00e7ar, balan\u00e7ar e se movimenta<\/strong>r, ampliando assim a compreens\u00e3o sobre si e sobre o universo a seu redor.<\/strong><\/p>\n\n\n\n<p class=\"has-text-align-center has-black-color has-text-color has-background has-medium-font-size\" style=\"background-color:#f6ce62\"><strong><strong>Acompanhar os&nbsp;interesses&nbsp;das crian\u00e7as, estabelecer um&nbsp;<span class=\"has-inline-color has-vivid-red-color\">di\u00e1logo por meio da voz,&nbsp;express\u00f5es,&nbsp;movimentos e gestos&nbsp;<\/span>\u00e9 uma importante a\u00e7\u00e3o para que elas se expressem, aprendam e se desenvolvam. E \u00e9 fundamental nesse processo, respeitar os ritmos e tempos de cada uma.<\/strong><\/strong><\/p>\n\n\n\n<p class=\"has-text-align-center has-black-color has-cyan-bluish-gray-background-color has-text-color has-background has-medium-font-size\"><strong>Que tal convidar a sua crian\u00e7a a mexer o corpo com o m\u00fasico <span class=\"has-inline-color has-vivid-red-color\">Marcelo Serralva<\/span>?<br>Basta clicar na imagem a seguir e se divertir!<\/strong><\/p>\n\n\n\n<figure class=\"wp-block-embed is-type-video is-provider-youtube wp-block-embed-youtube wp-embed-aspect-16-9 wp-has-aspect-ratio\"><div class=\"wp-block-embed__wrapper\">\n<p class=\"responsive-video-wrap clr\"><iframe title=\"DAN\u00c7A DO DINOSSAURO - COREOGRAFIA (DINOSSAURO ROB\u00d4)\" width=\"1200\" height=\"675\" src=\"https:\/\/www.youtube.com\/embed\/gX_Dnx4xTaU?start=1&#038;feature=oembed\" frameborder=\"0\" allow=\"accelerometer; autoplay; clipboard-write; encrypted-media; gyroscope; picture-in-picture\" allowfullscreen><\/iframe><\/p>\n<\/div><figcaption>Fonte: Youtube Marcelo Serralva<\/figcaption><\/figure>\n\n\n\n<figure class=\"wp-block-embed is-type-video is-provider-youtube wp-block-embed-youtube wp-embed-aspect-16-9 wp-has-aspect-ratio\"><div class=\"wp-block-embed__wrapper\">\n<p class=\"responsive-video-wrap clr\"><iframe title=\"DEVAGARINHO - M\u00fasica para trabalhar lento e r\u00e1pido na educa\u00e7\u00e3o infantil\" width=\"1200\" height=\"675\" src=\"https:\/\/www.youtube.com\/embed\/-qPs2S_XNf8?feature=oembed\" frameborder=\"0\" allow=\"accelerometer; autoplay; clipboard-write; encrypted-media; gyroscope; picture-in-picture\" allowfullscreen><\/iframe><\/p>\n<\/div><figcaption>Fonte: Fonte: Youtube Marcelo Serralva<\/figcaption><\/figure>\n\n\n\n<hr class=\"wp-block-separator\"\/>\n\n\n\n<p class=\"has-text-align-center has-black-color has-text-color has-background has-medium-font-size\" style=\"background-color:#f6ce62\"><strong>A professora <span class=\"has-inline-color has-vivid-red-color\">Francinely Messias da Creche Caetano Foglia<\/span> gravou um v\u00eddeo ensinando a realizar a <span class=\"has-inline-color has-vivid-red-color\">\u201cBrincadeira Pula-el\u00e1stico\u201d<\/span>, desafie a sua crian\u00e7a a realiz\u00e1-la! <\/strong><\/p>\n\n\n\n<p class=\"has-text-align-center has-black-color has-text-color has-background has-medium-font-size\" style=\"background-color:#f6ce62\"><strong>Para aprender basta clicar na imagem a seguir.<\/strong><\/p>\n\n\n\n<figure class=\"wp-block-embed aligncenter is-type-video is-provider-youtube wp-block-embed-youtube wp-embed-aspect-16-9 wp-has-aspect-ratio\"><div class=\"wp-block-embed__wrapper\">\n<p class=\"responsive-video-wrap clr\"><iframe title=\"Brincadeira - Pula El\u00e1stico\" width=\"1200\" height=\"675\" src=\"https:\/\/www.youtube.com\/embed\/rG7jE5LeL44?feature=oembed\" frameborder=\"0\" allow=\"accelerometer; autoplay; clipboard-write; encrypted-media; gyroscope; picture-in-picture\" allowfullscreen><\/iframe><\/p>\n<\/div><\/figure>\n\n\n\n<p class=\"has-text-align-center has-black-color has-text-color has-background has-medium-font-size\" style=\"background-color:#80f391\"><strong><span class=\"has-inline-color has-black-color\">Que tal organizar um tempo e espa\u00e7o para que sua crian\u00e7a se movimente e descubra as diferentes possibilidades do seu corpo?<\/span><\/strong><\/p>\n\n\n\n<p class=\"has-text-align-left has-black-color has-cyan-bluish-gray-background-color has-text-color has-background has-medium-font-size\"><strong>\u2022 <span class=\"has-inline-color has-vivid-red-color\">Convide-a brincar<\/span> de EST\u00c1TUA\/PULA-EL\u00c1STICO\/AMARELINHA\/DAN\u00c7A DA CADEIRA.<br>\u2022 <span class=\"has-inline-color has-vivid-red-color\">Brinquem de luz e sombra<\/span>, mostre para sua crian\u00e7a formas de se movimentar atrav\u00e9s das sombras \u2013 Diga: vamos ver como fica a sua sombra se voc\u00ea abrir o bra\u00e7o? E se colocar \u00e0s m\u00e3os acima da cabe\u00e7a?<br>\u2022 <span class=\"has-inline-color has-vivid-red-color\">Proponha para sua crian\u00e7a se locomover como os animais<\/span>: como ser\u00e1 que o coelho salta? E a cobra, como ela rasteja? Vamos pular, como o sapo? Vamos imitar o andar das formigas?<br>\u2022 <span class=\"has-inline-color has-vivid-red-color\">Dancem m\u00fasicas de diferentes g\u00eaneros juntos:<\/span> Que tal dan\u00e7ar ao som de uma catira? Dan\u00e7ar embalados por uma m\u00fasica Rock, de Jazz ou sertanejo?<br>\u2022 <span class=\"has-inline-color has-vivid-red-color\">Desafie a sua crian\u00e7a<\/span> a subir, descer, pular, rolar e saltar<\/strong>.<\/p>\n\n\n\n<hr class=\"wp-block-separator\"\/>\n\n\n\n<figure class=\"wp-block-table is-style-stripes\"><table><tbody><tr><td>Proponentes\/Curadoria<\/td><td>NEC<\/td><\/tr><tr><td>Professora convidada<\/td><td>Francinely Messias do Cmei Caetano F\u00f3glia<\/td><\/tr><\/tbody><\/table><figcaption>Educa\u00e7\u00e3o Infantil &#8211; Crian\u00e7as pequenas<\/figcaption><\/figure>\n","protected":false},"author":16,"featured_media":129125,"template":"","ei_categoria":[12],"class_list":["post-129119","educacao_infantil","type-educacao_infantil","status-publish","has-post-thumbnail","hentry","ei_categoria-criancas-pequenas","entry","has-media"],"acf":[],"_links":{"self":[{"href":"https:\/\/sme.goiania.go.gov.br\/conexaoescola\/wp-json\/wp\/v2\/educacao_infantil\/129119","targetHints":{"allow":["GET"]}}],"collection":[{"href":"https:\/\/sme.goiania.go.gov.br\/conexaoescola\/wp-json\/wp\/v2\/educacao_infantil"}],"about":[{"href":"https:\/\/sme.goiania.go.gov.br\/conexaoescola\/wp-json\/wp\/v2\/types\/educacao_infantil"}],"author":[{"embeddable":true,"href":"https:\/\/sme.goiania.go.gov.br\/conexaoescola\/wp-json\/wp\/v2\/users\/16"}],"wp:featuredmedia":[{"embeddable":true,"href":"https:\/\/sme.goiania.go.gov.br\/conexaoescola\/wp-json\/wp\/v2\/media\/129125"}],"wp:attachment":[{"href":"https:\/\/sme.goiania.go.gov.br\/conexaoescola\/wp-json\/wp\/v2\/media?parent=129119"}],"wp:term":[{"taxonomy":"ei_categoria","embeddable":true,"href":"https:\/\/sme.goiania.go.gov.br\/conexaoescola\/wp-json\/wp\/v2\/ei_categoria?post=129119"}],"curies":[{"name":"wp","href":"https:\/\/api.w.org\/{rel}","templated":true}]}}