{"id":129079,"date":"2021-08-10T15:21:58","date_gmt":"2021-08-10T18:21:58","guid":{"rendered":"https:\/\/sme.goiania.go.gov.br\/conexaoescola\/?post_type=educacao_infantil&#038;p=129079"},"modified":"2021-08-10T15:21:59","modified_gmt":"2021-08-10T18:21:59","slug":"mexe-o-corpo-bebe","status":"publish","type":"educacao_infantil","link":"https:\/\/sme.goiania.go.gov.br\/conexaoescola\/educacao_infantil\/mexe-o-corpo-bebe\/","title":{"rendered":"Mexe o corpo, Beb\u00ea!"},"content":{"rendered":"\n<div class=\"wp-block-image is-style-rounded\"><figure class=\"aligncenter size-large\"><img fetchpriority=\"high\" decoding=\"async\" width=\"1024\" height=\"736\" src=\"https:\/\/sme.goiania.go.gov.br\/conexaoescola\/wp-content\/uploads\/2021\/08\/bebes-movim-e1628541766496-1024x736.jpg\" alt=\"\" class=\"wp-image-129115\" srcset=\"https:\/\/sme.goiania.go.gov.br\/conexaoescola\/wp-content\/uploads\/2021\/08\/bebes-movim-e1628541766496-1024x736.jpg 1024w, https:\/\/sme.goiania.go.gov.br\/conexaoescola\/wp-content\/uploads\/2021\/08\/bebes-movim-e1628541766496-300x216.jpg 300w, https:\/\/sme.goiania.go.gov.br\/conexaoescola\/wp-content\/uploads\/2021\/08\/bebes-movim-e1628541766496-768x552.jpg 768w, https:\/\/sme.goiania.go.gov.br\/conexaoescola\/wp-content\/uploads\/2021\/08\/bebes-movim-e1628541766496-1536x1104.jpg 1536w, https:\/\/sme.goiania.go.gov.br\/conexaoescola\/wp-content\/uploads\/2021\/08\/bebes-movim-e1628541766496.jpg 1594w\" sizes=\"(max-width: 1024px) 100vw, 1024px\" \/><figcaption>Fonte: massacuca.com<\/figcaption><\/figure><\/div>\n\n\n\n<p class=\"has-text-align-center has-black-color has-text-color has-background has-medium-font-size\" style=\"background-color:#efdc2d\"><strong>O <span class=\"has-inline-color has-vivid-red-color\">corpo<\/span> representa o primeiro canal de comunica\u00e7\u00e3o das crian\u00e7as com o mundo. <\/strong><\/p>\n\n\n\n<p class=\"has-text-align-center has-black-color has-pale-cyan-blue-background-color has-text-color has-background has-medium-font-size\"><strong>E \u00e9 atrav\u00e9s das <span class=\"has-inline-color has-vivid-red-color\">m\u00fasicas<\/span>, das <span class=\"has-inline-color has-vivid-red-color\">dan\u00e7as<\/span> e das <span class=\"has-inline-color has-vivid-red-color\">diferentes brincadeiras<\/span> que elas podem aprender a <strong>pular, dan\u00e7ar, balan\u00e7ar e se movimenta<\/strong>r, ampliando assim a compreens\u00e3o sobre si e sobre o universo a seu redor. <\/strong><\/p>\n\n\n\n<p class=\"has-text-align-center has-black-color has-text-color has-background has-medium-font-size\" style=\"background-color:#f2b386\"><strong>Acompanhar os <span class=\"has-inline-color has-vivid-red-color\">interesses<\/span> dos beb\u00eas,  estabelecer um <span class=\"has-inline-color has-vivid-red-color\">di\u00e1logo por meio da voz,<\/span> <span class=\"has-inline-color has-vivid-red-color\">express\u00f5es<\/span>, <span class=\"has-inline-color has-vivid-red-color\">movimentos e gestos<\/span> \u00e9 uma importante a\u00e7\u00e3o para que eles se expressem, aprendam e se desenvolvam. E \u00e9 fundamental nesse processo, respeitar os ritmos e tempos do beb\u00ea. <\/strong><\/p>\n\n\n\n<p class=\"has-text-align-center has-black-color has-text-color has-background has-medium-font-size\" style=\"background-color:#efdc2d\"><strong>Que tal convidar o seu <span class=\"has-inline-color has-vivid-red-color\">beb\u00ea<\/span> para mexer o corpo todo com o <span class=\"has-inline-color has-vivid-red-color\">m\u00fasico Marcelo Serralva?<\/span>   <br>Basta clicar na imagem a seguir e se divertir!<\/strong><\/p>\n\n\n\n<hr class=\"wp-block-separator\"\/>\n\n\n\n<figure class=\"wp-block-embed is-type-video is-provider-youtube wp-block-embed-youtube wp-embed-aspect-16-9 wp-has-aspect-ratio\"><div class=\"wp-block-embed__wrapper\">\n<p class=\"responsive-video-wrap clr\"><iframe title=\"DAN\u00c7A DO DINOSSAURO - COREOGRAFIA (DINOSSAURO ROB\u00d4)\" width=\"1200\" height=\"675\" src=\"https:\/\/www.youtube.com\/embed\/gX_Dnx4xTaU?start=1&#038;feature=oembed\" frameborder=\"0\" allow=\"accelerometer; autoplay; clipboard-write; encrypted-media; gyroscope; picture-in-picture\" allowfullscreen><\/iframe><\/p>\n<\/div><figcaption>Fonte: Fonte: Youtube Marcelo Serralva<\/figcaption><\/figure>\n\n\n\n<figure class=\"wp-block-embed aligncenter is-type-video is-provider-youtube wp-block-embed-youtube wp-embed-aspect-16-9 wp-has-aspect-ratio\"><div class=\"wp-block-embed__wrapper\">\n<p class=\"responsive-video-wrap clr\"><iframe title=\"DEVAGARINHO - M\u00fasica para trabalhar lento e r\u00e1pido na educa\u00e7\u00e3o infantil\" width=\"1200\" height=\"675\" src=\"https:\/\/www.youtube.com\/embed\/-qPs2S_XNf8?feature=oembed\" frameborder=\"0\" allow=\"accelerometer; autoplay; clipboard-write; encrypted-media; gyroscope; picture-in-picture\" allowfullscreen><\/iframe><\/p>\n<\/div><figcaption>Fonte: Youtube Marcelo Serralva<\/figcaption><\/figure>\n\n\n\n<hr class=\"wp-block-separator\"\/>\n\n\n\n<p class=\"has-text-align-center has-black-color has-vivid-purple-background-color has-text-color has-background has-medium-font-size\"><strong>Quer mais dicas para que o seu <span class=\"has-inline-color has-white-color\">beb\u00ea<\/span> se movimente e descubra as diferentes possibilidades do corpo?<\/strong><\/p>\n\n\n\n<p class=\"has-text-align-left has-black-color has-text-color has-background has-medium-font-size\" style=\"background-color:#f06d66\"><strong>\u2022<span class=\"has-inline-color has-white-color\"> Brinquem de luz e sombra,<\/span> mostre para sua crian\u00e7a formas de se movimentar atrav\u00e9s das sombras \u2013 Diga: vamos ver como fica a sua sombra se voc\u00ea abrir o bra\u00e7o? E se colocar \u00e0s m\u00e3os acima da cabe\u00e7a?<br>\u2022 <span class=\"has-inline-color has-white-color\">Proponha para sua crian\u00e7a se locomover como os animais<\/span>: como ser\u00e1 que o coelho salta? E a cobra, como ela rasteja? Vamos pular, como o sapo? Vamos imitar o andar das formigas?<br>\u2022 <span class=\"has-inline-color has-white-color\">Dancem m\u00fasicas de diferentes g\u00eaneros juntos<\/span>: Que tal dan\u00e7ar ao som de uma catira? Dan\u00e7ar embalados por uma m\u00fasica de Rock, Jazz ou sertanejo?<br>\u2022 <span class=\"has-inline-color has-white-color\">Desafie a sua crian\u00e7a<\/span> a subir, descer, pular, rolar e saltar!<\/strong><\/p>\n\n\n\n<figure class=\"wp-block-table is-style-stripes\"><table><tbody><tr><td>Proponentes\/Curadoria<\/td><td>NEC<\/td><\/tr><tr><td>Parceiro\/Autoriza\u00e7\u00e3o<\/td><td>Marcelo Serravlva <\/td><\/tr><\/tbody><\/table><figcaption>Educa\u00e7\u00e3o Infantil &#8211; Beb\u00eas<\/figcaption><\/figure>\n","protected":false},"author":15,"featured_media":129115,"template":"","ei_categoria":[10],"class_list":["post-129079","educacao_infantil","type-educacao_infantil","status-publish","has-post-thumbnail","hentry","ei_categoria-bebes","entry","has-media"],"acf":[],"_links":{"self":[{"href":"https:\/\/sme.goiania.go.gov.br\/conexaoescola\/wp-json\/wp\/v2\/educacao_infantil\/129079","targetHints":{"allow":["GET"]}}],"collection":[{"href":"https:\/\/sme.goiania.go.gov.br\/conexaoescola\/wp-json\/wp\/v2\/educacao_infantil"}],"about":[{"href":"https:\/\/sme.goiania.go.gov.br\/conexaoescola\/wp-json\/wp\/v2\/types\/educacao_infantil"}],"author":[{"embeddable":true,"href":"https:\/\/sme.goiania.go.gov.br\/conexaoescola\/wp-json\/wp\/v2\/users\/15"}],"wp:featuredmedia":[{"embeddable":true,"href":"https:\/\/sme.goiania.go.gov.br\/conexaoescola\/wp-json\/wp\/v2\/media\/129115"}],"wp:attachment":[{"href":"https:\/\/sme.goiania.go.gov.br\/conexaoescola\/wp-json\/wp\/v2\/media?parent=129079"}],"wp:term":[{"taxonomy":"ei_categoria","embeddable":true,"href":"https:\/\/sme.goiania.go.gov.br\/conexaoescola\/wp-json\/wp\/v2\/ei_categoria?post=129079"}],"curies":[{"name":"wp","href":"https:\/\/api.w.org\/{rel}","templated":true}]}}