{"id":128729,"date":"2021-08-03T05:19:08","date_gmt":"2021-08-03T08:19:08","guid":{"rendered":"https:\/\/sme.goiania.go.gov.br\/conexaoescola\/?post_type=educacao_infantil&#038;p=128729"},"modified":"2021-08-03T08:27:15","modified_gmt":"2021-08-03T11:27:15","slug":"vem-vamos-ouvir-uma-historia","status":"publish","type":"educacao_infantil","link":"https:\/\/sme.goiania.go.gov.br\/conexaoescola\/educacao_infantil\/vem-vamos-ouvir-uma-historia\/","title":{"rendered":"Vem, vamos ouvir uma hist\u00f3ria!"},"content":{"rendered":"\n<div class=\"wp-block-image is-style-default\"><figure class=\"aligncenter\"><img decoding=\"async\" src=\"https:\/\/c.pxhere.com\/photos\/fc\/70\/read_for_reading_language_development_book_child_carefully_girl_grandchild-473269.jpg!d\" alt=\"livro, ler, pessoa, pessoas, menina, Toque, leitura, crian\u00e7a, Livros, Crian\u00e7a, neto, av\u00f3, para ler, desenvolvimento da linguagem, cuidadosamente, Posi\u00e7\u00f5es humanas\"\/><figcaption>FONTE: https:\/\/pxhere.com\/pt\/photo\/473269<\/figcaption><\/figure><\/div>\n\n\n\n<p class=\"has-text-align-center has-black-color has-text-color has-background has-medium-font-size\" style=\"background-color:#e2cd12\"><strong>A literatura \u00e9&nbsp;<span class=\"has-inline-color has-vivid-red-color\">Arte<\/span>&nbsp;e atrav\u00e9s dela \u00e9 poss\u00edvel&nbsp;conhecer o mundo!<\/strong><\/p>\n\n\n\n<p class=\"has-text-align-center has-black-color has-text-color has-background has-medium-font-size\" style=\"background-color:#efac7d\"><strong>Atrav\u00e9s das hist\u00f3rias pode-se viver momentos de<span class=\"has-inline-color has-vivid-red-color\"> alegria, de encantamento, de frui\u00e7\u00e3o, de imagina\u00e7\u00e3o e de criatividade.<\/span> Por isso, \u00e9 muito importante a participa\u00e7\u00e3o das crian\u00e7as, desde muito cedo em situa\u00e7\u00f5es que envolvam a literatura. <\/strong><\/p>\n\n\n\n<p class=\"has-text-align-center has-black-color has-text-color has-background has-medium-font-size\" style=\"background-color:#ff4545\"><strong>A professora&nbsp;<span class=\"has-inline-color has-white-color\">Ruth Cardoso&nbsp;<\/span>do&nbsp;CMEI Rotary Clube de Goi\u00e2nia&nbsp;gravou um v\u00eddeo explicando a import\u00e2ncia de ler e contar hist\u00f3rias para as crian\u00e7as. Clique na imagem abaixo para conferir o recadinho dela!<\/strong><\/p>\n\n\n\n<figure class=\"wp-block-embed aligncenter is-type-video is-provider-youtube wp-block-embed-youtube wp-embed-aspect-16-9 wp-has-aspect-ratio\"><div class=\"wp-block-embed__wrapper\">\n<p class=\"responsive-video-wrap clr\"><iframe title=\"Literatura infantil\" width=\"1200\" height=\"675\" src=\"https:\/\/www.youtube.com\/embed\/C548j1kyJ20?feature=oembed\" frameborder=\"0\" allow=\"accelerometer; autoplay; clipboard-write; encrypted-media; gyroscope; picture-in-picture\" allowfullscreen><\/iframe><\/p>\n<\/div><figcaption>Fonte: Canal Era uma vez Ruth Cardoso<\/figcaption><\/figure>\n\n\n\n<p class=\"has-text-align-center has-text-color has-background has-medium-font-size\" style=\"background-color:#f74d4d;color:#02090b\"><strong>Que tal seguir as dicas da professora Ruth e separar um tempinho para ouvir com a sua crian\u00e7a uma <span class=\"has-inline-color has-white-color\">hist\u00f3ria <\/span>bem legal?<\/strong><\/p>\n\n\n\n<p class=\"has-text-align-center has-black-color has-text-color has-background has-medium-font-size\" style=\"background-color:#f7de9b\"><strong>Clique na imagem abaixo e assistam juntos a hist\u00f3ria \u201cEra uma vez um gato Xadrez&#8221; de Bia Vilela interpretada pela professora Vanessa do CEI Serafim.<\/strong><\/p>\n\n\n\n<figure class=\"wp-block-embed is-type-video is-provider-youtube wp-block-embed-youtube wp-embed-aspect-4-3 wp-has-aspect-ratio\"><div class=\"wp-block-embed__wrapper\">\n<p class=\"responsive-video-wrap clr\"><iframe title=\"Vamos ouvir uma hist\u00f3ria? (Proposta de Atividade de: 02 a 08\/03)\" width=\"1200\" height=\"900\" src=\"https:\/\/www.youtube.com\/embed\/HTJqfcNczcU?start=1&#038;feature=oembed\" frameborder=\"0\" allow=\"accelerometer; autoplay; clipboard-write; encrypted-media; gyroscope; picture-in-picture\" allowfullscreen><\/iframe><\/p>\n<\/div><figcaption>FONTE: CANAL DO YOUTUBE DO CEI SERAFIM<\/figcaption><\/figure>\n\n\n\n<p class=\"has-text-align-center has-black-color has-text-color has-background has-medium-font-size\" style=\"background-color:#ef999d\"><strong>Que tal continuar os momentos com a literatura em casa?<\/strong><\/p>\n\n\n\n<ul class=\"has-black-color has-text-color has-medium-font-size wp-block-list\"><li><strong>Apresente para sua crian\u00e7a diferentes hist\u00f3rias, deixei-a conhecer e explorar os mais variados livros;<\/strong><\/li><li><strong>O momento antes do sono \u00e9 uma oportunidade para contar uma boa hist\u00f3ria<\/strong>;<\/li><li><strong>Convide seu filho(a) a contar hist\u00f3rias a sua maneira, incentive-o(a) a observar as ilustra\u00e7\u00f5es, os personagens e etc.<\/strong> <\/li><li><strong>Inventem hist\u00f3rias juntos, com personagens criados por voc\u00eas!<\/strong><\/li><\/ul>\n\n\n\n<figure class=\"wp-block-table is-style-stripes\"><table><tbody><tr><td>Proponentes\/Curadoria<\/td><td>NEC<\/td><\/tr><tr><td>Professora Convidada<\/td><td>Vanessa &#8211; CEI Serafim<\/td><\/tr><\/tbody><\/table><figcaption>Crian\u00e7as bem pequenas<\/figcaption><\/figure>\n","protected":false},"author":16,"featured_media":128731,"template":"","ei_categoria":[11],"class_list":["post-128729","educacao_infantil","type-educacao_infantil","status-publish","has-post-thumbnail","hentry","ei_categoria-criancas-bem-pequenas","entry","has-media"],"acf":[],"_links":{"self":[{"href":"https:\/\/sme.goiania.go.gov.br\/conexaoescola\/wp-json\/wp\/v2\/educacao_infantil\/128729","targetHints":{"allow":["GET"]}}],"collection":[{"href":"https:\/\/sme.goiania.go.gov.br\/conexaoescola\/wp-json\/wp\/v2\/educacao_infantil"}],"about":[{"href":"https:\/\/sme.goiania.go.gov.br\/conexaoescola\/wp-json\/wp\/v2\/types\/educacao_infantil"}],"author":[{"embeddable":true,"href":"https:\/\/sme.goiania.go.gov.br\/conexaoescola\/wp-json\/wp\/v2\/users\/16"}],"wp:featuredmedia":[{"embeddable":true,"href":"https:\/\/sme.goiania.go.gov.br\/conexaoescola\/wp-json\/wp\/v2\/media\/128731"}],"wp:attachment":[{"href":"https:\/\/sme.goiania.go.gov.br\/conexaoescola\/wp-json\/wp\/v2\/media?parent=128729"}],"wp:term":[{"taxonomy":"ei_categoria","embeddable":true,"href":"https:\/\/sme.goiania.go.gov.br\/conexaoescola\/wp-json\/wp\/v2\/ei_categoria?post=128729"}],"curies":[{"name":"wp","href":"https:\/\/api.w.org\/{rel}","templated":true}]}}