{"id":128711,"date":"2021-08-03T04:58:49","date_gmt":"2021-08-03T07:58:49","guid":{"rendered":"https:\/\/sme.goiania.go.gov.br\/conexaoescola\/?post_type=educacao_infantil&#038;p=128711"},"modified":"2021-08-03T05:29:16","modified_gmt":"2021-08-03T08:29:16","slug":"ler-e-encantar-e-so-comecar","status":"publish","type":"educacao_infantil","link":"https:\/\/sme.goiania.go.gov.br\/conexaoescola\/educacao_infantil\/ler-e-encantar-e-so-comecar\/","title":{"rendered":"Ler e encantar&#8230;\u00c9 s\u00f3 come\u00e7ar!!!"},"content":{"rendered":"\n<div class=\"wp-block-image\"><figure class=\"aligncenter size-large\"><img fetchpriority=\"high\" decoding=\"async\" width=\"1024\" height=\"683\" src=\"https:\/\/sme.goiania.go.gov.br\/conexaoescola\/wp-content\/uploads\/2021\/08\/IMG_6337-scaled-e1627977330117-1024x683.jpg\" alt=\"\" class=\"wp-image-128733\" srcset=\"https:\/\/sme.goiania.go.gov.br\/conexaoescola\/wp-content\/uploads\/2021\/08\/IMG_6337-scaled-e1627977330117-1024x683.jpg 1024w, https:\/\/sme.goiania.go.gov.br\/conexaoescola\/wp-content\/uploads\/2021\/08\/IMG_6337-scaled-e1627977330117-300x200.jpg 300w, https:\/\/sme.goiania.go.gov.br\/conexaoescola\/wp-content\/uploads\/2021\/08\/IMG_6337-scaled-e1627977330117-768x512.jpg 768w, https:\/\/sme.goiania.go.gov.br\/conexaoescola\/wp-content\/uploads\/2021\/08\/IMG_6337-scaled-e1627977330117-1536x1024.jpg 1536w, https:\/\/sme.goiania.go.gov.br\/conexaoescola\/wp-content\/uploads\/2021\/08\/IMG_6337-scaled-e1627977330117-2048x1366.jpg 2048w\" sizes=\"(max-width: 1024px) 100vw, 1024px\" \/><figcaption>Fonte: SME<\/figcaption><\/figure><\/div>\n\n\n\n<p class=\"has-text-align-center has-black-color has-vivid-green-cyan-background-color has-text-color has-background has-medium-font-size\"><strong>A literatura \u00e9&nbsp;<span class=\"has-inline-color has-vivid-red-color\">Arte<\/span>&nbsp;e atrav\u00e9s dela \u00e9 poss\u00edvel conhecer o mundo!<\/strong><\/p>\n\n\n\n<p class=\"has-text-align-center has-black-color has-pale-pink-background-color has-text-color has-background has-medium-font-size\"><strong>Atrav\u00e9s das hist\u00f3rias as crian\u00e7as podem viver<span class=\"has-inline-color has-vivid-red-color\"> momentos de alegria, de encantamento, de frui\u00e7\u00e3o, de imagina\u00e7\u00e3o e de criatividade. <\/span>Por isso, \u00e9 muito importante a participa\u00e7\u00e3o desde muito cedo em situa\u00e7\u00f5es que envolvam a literatura. <\/strong><\/p>\n\n\n\n<p class=\"has-text-align-center has-black-color has-text-color has-background has-medium-font-size\" style=\"background-color:#fff2a5\"><strong> A professora <span class=\"has-inline-color has-vivid-red-color\">Ruth Cardoso<\/span> do <span class=\"has-inline-color has-vivid-red-color\">CMEI Rotary Clube de Goi\u00e2nia<\/span> gravou um v\u00eddeo explicando a import\u00e2ncia de ler e contar  hist\u00f3rias para as crian\u00e7as. Clique na imagem abaixo para conferir o recadinho dela!<\/strong><\/p>\n\n\n\n<figure class=\"wp-block-embed is-type-video is-provider-youtube wp-block-embed-youtube wp-embed-aspect-16-9 wp-has-aspect-ratio\"><div class=\"wp-block-embed__wrapper\">\n<p class=\"responsive-video-wrap clr\"><iframe title=\"Literatura infantil\" width=\"1200\" height=\"675\" src=\"https:\/\/www.youtube.com\/embed\/C548j1kyJ20?feature=oembed\" frameborder=\"0\" allow=\"accelerometer; autoplay; clipboard-write; encrypted-media; gyroscope; picture-in-picture\" allowfullscreen><\/iframe><\/p>\n<\/div><figcaption>FONTE:  CANAL DO YOUTUBE ERA UMA VEZ RUTH CARDOSO<\/figcaption><\/figure>\n\n\n\n<p class=\"has-text-align-center has-black-color has-text-color has-background has-medium-font-size\" style=\"background-color:#f4aeae\"><strong>Que tal seguir as dicas da professora Ruth e separar um tempinho para ouvir com o seu beb\u00ea uma hist\u00f3ria bem legal?<\/strong><\/p>\n\n\n\n<p class=\"has-text-align-center has-black-color has-pale-cyan-blue-background-color has-text-color has-background has-medium-font-size\"><strong>Clique na imagem abaixo e aproveitem! <\/strong><\/p>\n\n\n\n<figure class=\"wp-block-embed is-type-video is-provider-youtube wp-block-embed-youtube wp-embed-aspect-16-9 wp-has-aspect-ratio\"><div class=\"wp-block-embed__wrapper\">\n<p class=\"responsive-video-wrap clr\"><iframe title=\"&quot;Qual \u00e9 a cor do amor&quot; Linda Strachan. #historia #educacaoinfantil #diversidade\" width=\"1200\" height=\"675\" src=\"https:\/\/www.youtube.com\/embed\/Bq8KozmzOsU?start=19&#038;feature=oembed\" frameborder=\"0\" allow=\"accelerometer; autoplay; clipboard-write; encrypted-media; gyroscope; picture-in-picture\" allowfullscreen><\/iframe><\/p>\n<\/div><figcaption>FONTE: CANAL DO YOUTUBE ERA UMA VEZ POR RUTH CARDOSO<\/figcaption><\/figure>\n\n\n\n<p class=\"has-text-align-center has-pale-pink-background-color has-text-color has-background has-medium-font-size\" style=\"color:#01080b\"><strong>Que tal continuar os momentos com a literatura em casa?<\/strong><\/p>\n\n\n\n<ul class=\"has-text-color has-background has-medium-font-size wp-block-list\" style=\"background-color:#398aad;color:#010609\"><li><strong>Apresente para seu beb\u00ea diferentes hist\u00f3rias, deixei-os conhecer e explorar os livros;<\/strong><\/li><li><strong>O momento antes do sono do beb\u00ea \u00e9 uma oportunidade para ouvir uma boa hist\u00f3ria<\/strong>;<\/li><li><strong>N\u00e3o se preocupe em chegar at\u00e9 o final da hist\u00f3ria, o importante \u00e9 aproveitar esse momento juntos;<\/strong><\/li><\/ul>\n\n\n\n<figure class=\"wp-block-table is-style-stripes\"><table><tbody><tr><td>Proponentes<\/td><td>NEC<\/td><\/tr><tr><td>Professora convidada<\/td><td>Ruth Cardoso <\/td><\/tr><\/tbody><\/table><figcaption>Educa\u00e7\u00e3o Infantil <\/figcaption><\/figure>\n\n\n\n<p class=\"has-medium-font-size\"><strong> <\/strong><\/p>\n","protected":false},"author":15,"featured_media":128733,"template":"","ei_categoria":[10],"class_list":["post-128711","educacao_infantil","type-educacao_infantil","status-publish","has-post-thumbnail","hentry","ei_categoria-bebes","entry","has-media"],"acf":[],"_links":{"self":[{"href":"https:\/\/sme.goiania.go.gov.br\/conexaoescola\/wp-json\/wp\/v2\/educacao_infantil\/128711","targetHints":{"allow":["GET"]}}],"collection":[{"href":"https:\/\/sme.goiania.go.gov.br\/conexaoescola\/wp-json\/wp\/v2\/educacao_infantil"}],"about":[{"href":"https:\/\/sme.goiania.go.gov.br\/conexaoescola\/wp-json\/wp\/v2\/types\/educacao_infantil"}],"author":[{"embeddable":true,"href":"https:\/\/sme.goiania.go.gov.br\/conexaoescola\/wp-json\/wp\/v2\/users\/15"}],"wp:featuredmedia":[{"embeddable":true,"href":"https:\/\/sme.goiania.go.gov.br\/conexaoescola\/wp-json\/wp\/v2\/media\/128733"}],"wp:attachment":[{"href":"https:\/\/sme.goiania.go.gov.br\/conexaoescola\/wp-json\/wp\/v2\/media?parent=128711"}],"wp:term":[{"taxonomy":"ei_categoria","embeddable":true,"href":"https:\/\/sme.goiania.go.gov.br\/conexaoescola\/wp-json\/wp\/v2\/ei_categoria?post=128711"}],"curies":[{"name":"wp","href":"https:\/\/api.w.org\/{rel}","templated":true}]}}