{"id":128522,"date":"2021-06-21T12:51:54","date_gmt":"2021-06-21T15:51:54","guid":{"rendered":"https:\/\/sme.goiania.go.gov.br\/conexaoescola\/?post_type=educacao_infantil&#038;p=128522"},"modified":"2021-06-21T12:51:55","modified_gmt":"2021-06-21T15:51:55","slug":"vamos-brincar-e-aprender","status":"publish","type":"educacao_infantil","link":"https:\/\/sme.goiania.go.gov.br\/conexaoescola\/educacao_infantil\/vamos-brincar-e-aprender\/","title":{"rendered":"Vamos brincar e aprender!"},"content":{"rendered":"\n<figure class=\"wp-block-image size-large is-style-rounded\"><img decoding=\"async\" src=\"https:\/\/sme.goiania.go.gov.br\/conexaoescola\/wp-content\/uploads\/2021\/06\/criancas-bem-pequenas-brincar-1024x550.png\" alt=\"\" class=\"wp-image-128520\"\/><figcaption>Fonte: Acervo SME<\/figcaption><\/figure>\n\n\n\n<p class=\"has-text-align-center has-black-color has-text-color has-background\" style=\"background-color:#73bde7;font-size:24px\"><strong>Brincar \u00e9 a <span class=\"has-inline-color has-vivid-red-color\">principal<\/span> atividade das crian\u00e7as!<\/strong><\/p>\n\n\n\n<p class=\"has-text-align-center has-black-color has-text-color has-background has-medium-font-size\" style=\"background-color:#65eab9\"><strong>\u00c9 brincando todos os dias, de diversas formas, em diferentes <span class=\"has-inline-color has-vivid-red-color\">espa\u00e7os e tempos<\/span>, com <span class=\"has-inline-color has-vivid-red-color\">crian\u00e7as e adultos<\/span> que elas aprendem e se desenvolvem!<\/strong><\/p>\n\n\n\n<p class=\"has-text-align-center has-black-color has-text-color has-background has-medium-font-size\" style=\"background-color:#dce2e7\"><strong>Aprender diferentes formas de brincar, integrando <span class=\"has-inline-color has-vivid-red-color\">gestos e m\u00fasicas <\/span>nas brincadeiras, improvisando e inventando movimentos \u00e9 uma maneira de observar o mundo que as rodeia, dessa maneira as crian\u00e7as come\u00e7am a perceber os elementos que fazem parte do mundo.<\/strong><\/p>\n\n\n\n<p class=\"has-text-align-center has-black-color has-text-color has-background has-medium-font-size\" style=\"background-color:#cde0ef\"><strong>Brincar \u00e9 pertencer ao mundo!<\/strong><\/p>\n\n\n\n<p class=\"has-text-align-center has-black-color has-text-color has-background has-medium-font-size\" style=\"background-color:#ffcd44\"><strong>O professor <span class=\"has-inline-color has-vivid-red-color\">Alexandre Rocha Sales<\/span> que atua na Ger\u00eancia de Desporto Educacional da Secretaria Municipal de Goi\u00e2nia, gravou um v\u00eddeo para falar da<span class=\"has-inline-color has-vivid-red-color\"> import\u00e2ncia do Brincar! <\/span>Ele \u00e9 um professor brincante &#8211;  um pesquisador das diversas formas de brincar presentes na cultura popular! Vamos assistir?<\/strong><\/p>\n\n\n\n<figure class=\"wp-block-embed aligncenter is-type-video is-provider-youtube wp-block-embed-youtube wp-embed-aspect-16-9 wp-has-aspect-ratio\"><div class=\"wp-block-embed__wrapper\">\n<p class=\"responsive-video-wrap clr\"><iframe title=\"V\u00cdDEO PARA  NEC SME\" width=\"1200\" height=\"675\" src=\"https:\/\/www.youtube.com\/embed\/jeFlK9Gk8uU?start=208&#038;feature=oembed\" frameborder=\"0\" allow=\"accelerometer; autoplay; clipboard-write; encrypted-media; gyroscope; picture-in-picture\" allowfullscreen><\/iframe><\/p>\n<\/div><\/figure>\n\n\n\n<p class=\"has-text-align-center has-black-color has-text-color has-background has-medium-font-size\" style=\"background-color:#65eab9\"><strong>Que tal aproveitar as dicas do Professor Alexandre e aprender as <span class=\"has-inline-color has-vivid-red-color\">brincadeiras de Amarelinha e Baliza?<\/span> Clique nas imagens abaixo e aproveite! <\/strong><\/p>\n\n\n\n<figure class=\"wp-block-embed aligncenter is-type-video is-provider-youtube wp-block-embed-youtube wp-embed-aspect-16-9 wp-has-aspect-ratio\"><div class=\"wp-block-embed__wrapper\">\n<p class=\"responsive-video-wrap clr\"><iframe title=\"V\u00cdDEO  AMARELINHA - COMPOSI\u00c7\u00c3O ALEXANDRE ROCHA SALES\" width=\"1200\" height=\"675\" src=\"https:\/\/www.youtube.com\/embed\/FucEeKYRA4o?start=9&#038;feature=oembed\" frameborder=\"0\" allow=\"accelerometer; autoplay; clipboard-write; encrypted-media; gyroscope; picture-in-picture\" allowfullscreen><\/iframe><\/p>\n<\/div><\/figure>\n\n\n\n<figure class=\"wp-block-embed is-type-video is-provider-youtube wp-block-embed-youtube wp-embed-aspect-16-9 wp-has-aspect-ratio\"><div class=\"wp-block-embed__wrapper\">\n<p class=\"responsive-video-wrap clr\"><iframe title=\"V\u00cdDEO  BALIZA - LETRA E M\u00daSICA ALEXANDRE ROCHA SALES\" width=\"1200\" height=\"675\" src=\"https:\/\/www.youtube.com\/embed\/2-LyvvCgHNU?start=19&#038;feature=oembed\" frameborder=\"0\" allow=\"accelerometer; autoplay; clipboard-write; encrypted-media; gyroscope; picture-in-picture\" allowfullscreen><\/iframe><\/p>\n<\/div><\/figure>\n\n\n\n<figure class=\"wp-block-table is-style-stripes\"><table><tbody><tr><td>Proponentes\/Curadoria<\/td><td>NEC<\/td><\/tr><tr><td>Professor Convidado<\/td><td>Alexandre Sales<\/td><\/tr><\/tbody><\/table><figcaption>Educa\u00e7\u00e3o Infantil &#8211; Crian\u00e7as bem pequenas<\/figcaption><\/figure>\n\n\n\n<p><\/p>\n","protected":false},"author":16,"featured_media":128520,"template":"","ei_categoria":[11],"class_list":["post-128522","educacao_infantil","type-educacao_infantil","status-publish","has-post-thumbnail","hentry","ei_categoria-criancas-bem-pequenas","entry","has-media"],"acf":[],"_links":{"self":[{"href":"https:\/\/sme.goiania.go.gov.br\/conexaoescola\/wp-json\/wp\/v2\/educacao_infantil\/128522","targetHints":{"allow":["GET"]}}],"collection":[{"href":"https:\/\/sme.goiania.go.gov.br\/conexaoescola\/wp-json\/wp\/v2\/educacao_infantil"}],"about":[{"href":"https:\/\/sme.goiania.go.gov.br\/conexaoescola\/wp-json\/wp\/v2\/types\/educacao_infantil"}],"author":[{"embeddable":true,"href":"https:\/\/sme.goiania.go.gov.br\/conexaoescola\/wp-json\/wp\/v2\/users\/16"}],"wp:featuredmedia":[{"embeddable":true,"href":"https:\/\/sme.goiania.go.gov.br\/conexaoescola\/wp-json\/wp\/v2\/media\/128520"}],"wp:attachment":[{"href":"https:\/\/sme.goiania.go.gov.br\/conexaoescola\/wp-json\/wp\/v2\/media?parent=128522"}],"wp:term":[{"taxonomy":"ei_categoria","embeddable":true,"href":"https:\/\/sme.goiania.go.gov.br\/conexaoescola\/wp-json\/wp\/v2\/ei_categoria?post=128522"}],"curies":[{"name":"wp","href":"https:\/\/api.w.org\/{rel}","templated":true}]}}