{"id":128349,"date":"2021-06-14T11:08:38","date_gmt":"2021-06-14T14:08:38","guid":{"rendered":"https:\/\/sme.goiania.go.gov.br\/conexaoescola\/?post_type=educacao_infantil&#038;p=128349"},"modified":"2021-06-14T14:33:24","modified_gmt":"2021-06-14T17:33:24","slug":"vamos-dancar-catira","status":"publish","type":"educacao_infantil","link":"https:\/\/sme.goiania.go.gov.br\/conexaoescola\/educacao_infantil\/vamos-dancar-catira\/","title":{"rendered":"Vamos dan\u00e7ar catira?"},"content":{"rendered":"\n<div class=\"wp-block-image is-style-rounded\"><figure class=\"aligncenter size-large is-resized\"><img fetchpriority=\"high\" decoding=\"async\" src=\"https:\/\/sme.goiania.go.gov.br\/conexaoescola\/wp-content\/uploads\/2021\/06\/WhatsApp-Image-2021-06-09-at-23.12.46-e1623291228227-1024x835.jpeg\" alt=\"\" class=\"wp-image-128359\" width=\"749\" height=\"609\"\/><figcaption>Fonte: Acervo Pessoal<\/figcaption><\/figure><\/div>\n\n\n\n<p class=\"has-drop-cap has-text-align-center has-text-color has-background has-medium-font-size\" style=\"background-color:#f5c9aa;color:#010e13\"><strong>A <span class=\"has-inline-color has-vivid-red-color\">dan\u00e7a<\/span>\u00a0\u00e9 uma das formas de express\u00e3o e comunica\u00e7\u00e3o humana que envolve o pensamento e o sentimento do corpo. Uma manifesta\u00e7\u00e3o individual e coletiva considerada universo de\u00a0<span class=\"has-inline-color has-vivid-red-color\">cria\u00e7\u00e3o<\/span>,\u00a0<span class=\"has-inline-color has-vivid-red-color\">imagina\u00e7\u00e3o<\/span>\u00a0e\u00a0<span class=\"has-inline-color has-vivid-red-color\">express\u00e3o<\/span>!<\/strong><\/p>\n\n\n\n<p class=\"has-text-align-center has-text-color has-background has-medium-font-size\" style=\"background-color:#d6c6f7;color:#010609\"><strong>\u00c9  importante que desde beb\u00ea&nbsp;as crian\u00e7as&nbsp;<span class=\"has-inline-color has-vivid-red-color\">conhe\u00e7am<\/span>, <span class=\"has-inline-color has-vivid-red-color\">participem<\/span> e <span class=\"has-inline-color has-vivid-red-color\">convivam<\/span> com as diferentes manifesta\u00e7\u00f5es art\u00edsticas e culturais de sua comunidade e tamb\u00e9m de outras culturas \u2014 experi\u00eancias que podem ser vividas por meio da artes pl\u00e1sticas, da m\u00fasica, do teatro,&nbsp;da dan\u00e7a&nbsp;e das festas populares.<\/strong><\/p>\n\n\n\n<p class=\"has-text-align-center has-light-green-cyan-background-color has-text-color has-background has-medium-font-size\" style=\"color:#010e13\"><strong>Uma dan\u00e7a bastante conhecida da<span class=\"has-inline-color has-vivid-red-color\"> cultura goiana<\/span> \u00e9 a <span class=\"has-inline-color has-vivid-red-color\"><em>catira<\/em> <\/span>que une o ritmo do sapateado sincronizado, marcado por palmas e dan\u00e7ada ao som dos violeiros.<\/strong> <strong><span class=\"has-inline-color has-black-color\">O <\/span><span class=\"has-inline-color has-vivid-red-color\">professor Eurim Pablo<\/span><span class=\"has-inline-color has-black-color\"> <strong>da<\/strong><\/span><strong><span class=\"has-inline-color has-black-color\"> Secretaria Municipal de Educa\u00e7\u00e3o de Goi\u00e2nia<\/span><\/strong><span class=\"has-inline-color has-vivid-red-color\"> <\/span>gravou um v\u00eddeo para falar um pouco sobre <span class=\"has-inline-color has-vivid-red-color\">a import\u00e2ncia da dan\u00e7a dentro da cultura Goiana<\/span>, especialmente a catira. Ao final do v\u00eddeo ele ensina os principais passos dessa dan\u00e7a e nos faz um convite todo especial!<\/strong><\/p>\n\n\n\n<div class=\"wp-block-image\"><figure class=\"aligncenter size-large is-resized\"><img decoding=\"async\" src=\"https:\/\/sme.goiania.go.gov.br\/conexaoescola\/wp-content\/uploads\/2021\/06\/WhatsApp-Image-2021-02-02-at-13.27.07-e1623278362176.jpeg\" alt=\"\" class=\"wp-image-128350\" width=\"621\" height=\"398\" srcset=\"https:\/\/sme.goiania.go.gov.br\/conexaoescola\/wp-content\/uploads\/2021\/06\/WhatsApp-Image-2021-02-02-at-13.27.07-e1623278362176.jpeg 1024w, https:\/\/sme.goiania.go.gov.br\/conexaoescola\/wp-content\/uploads\/2021\/06\/WhatsApp-Image-2021-02-02-at-13.27.07-e1623278362176-300x192.jpeg 300w, https:\/\/sme.goiania.go.gov.br\/conexaoescola\/wp-content\/uploads\/2021\/06\/WhatsApp-Image-2021-02-02-at-13.27.07-e1623278362176-768x492.jpeg 768w\" sizes=\"(max-width: 621px) 100vw, 621px\" \/><figcaption>Fonte: Eurim Pablo<\/figcaption><\/figure><\/div>\n\n\n\n<hr class=\"wp-block-separator\"\/>\n\n\n\n<p class=\"has-text-align-center has-text-color has-background has-medium-font-size\" style=\"background-color:#f3a3b7;color:#010609\"><strong><span class=\"has-inline-color has-black-color\">Vamos assistir e dan\u00e7ar em fam\u00edlia?<\/span><\/strong><\/p>\n\n\n\n<hr class=\"wp-block-separator\"\/>\n\n\n\n<figure class=\"wp-block-embed is-type-video is-provider-youtube wp-block-embed-youtube wp-embed-aspect-16-9 wp-has-aspect-ratio\"><div class=\"wp-block-embed__wrapper\">\n<p class=\"responsive-video-wrap clr\"><iframe title=\"Prof  Eurim   Catira SME\" width=\"1200\" height=\"675\" src=\"https:\/\/www.youtube.com\/embed\/pxTxfoASqZg?feature=oembed\" frameborder=\"0\" allow=\"accelerometer; autoplay; clipboard-write; encrypted-media; gyroscope; picture-in-picture\" allowfullscreen><\/iframe><\/p>\n<\/div><figcaption>Dispon\u00edvel em: Canal do Youtube Conex\u00e3o Escola<\/figcaption><\/figure>\n\n\n\n<hr class=\"wp-block-separator\"\/>\n\n\n\n<p class=\"has-text-align-center has-text-color has-background has-medium-font-size\" style=\"background-color:#f8fc92;color:#011016\"><strong>Que tal seguir a dica do professor Eurim? Convide seu <span class=\"has-inline-color has-vivid-red-color\">beb\u00ea<\/span> para <span class=\"has-inline-color has-vivid-red-color\">apreciar e dan\u00e7ar<\/span> junto com voc\u00ea a <span class=\"has-inline-color has-vivid-red-color\">Catira do Passarinho<\/span> produ\u00e7\u00e3o da <span class=\"has-inline-color has-vivid-red-color\">Companhia Cultural Bola de Meia <\/span>de autoria de Selso Pan e Jacqueline Baumgratz. <span class=\"has-inline-color has-black-color\">Aproveitem esse momento <\/span>para dan\u00e7ar juntos!<\/strong><\/p>\n\n\n\n<hr class=\"wp-block-separator\"\/>\n\n\n\n<figure class=\"wp-block-embed is-type-video is-provider-youtube wp-block-embed-youtube wp-embed-aspect-16-9 wp-has-aspect-ratio\"><div class=\"wp-block-embed__wrapper\">\n<p class=\"responsive-video-wrap clr\"><iframe title=\"Catira do Passarinho - Autoria: Celso Pan e Jacqueline Baumgratz\" width=\"1200\" height=\"675\" src=\"https:\/\/www.youtube.com\/embed\/vh8UCYdUSHs?feature=oembed\" frameborder=\"0\" allow=\"accelerometer; autoplay; clipboard-write; encrypted-media; gyroscope; picture-in-picture\" allowfullscreen><\/iframe><\/p>\n<\/div><figcaption>Dispon\u00edvel em: Canal do Youtube Cia Bola de Meia <\/figcaption><\/figure>\n\n\n\n<hr class=\"wp-block-separator\"\/>\n\n\n\n<figure class=\"wp-block-table is-style-stripes\"><table><tbody><tr><td>Proponentes\/Curadoria<\/td><td>NEC<\/td><\/tr><tr><td>Professor convidado<\/td><td>Eurim Pablo<\/td><\/tr><tr><td>Parceiros<\/td><td>Cia Cultural Bola de Meia<\/td><\/tr><\/tbody><\/table><figcaption>Educa\u00e7\u00e3o Infantil &#8211; Beb\u00eas<\/figcaption><\/figure>\n","protected":false},"author":15,"featured_media":128359,"template":"","ei_categoria":[10],"class_list":["post-128349","educacao_infantil","type-educacao_infantil","status-publish","has-post-thumbnail","hentry","ei_categoria-bebes","entry","has-media"],"acf":[],"_links":{"self":[{"href":"https:\/\/sme.goiania.go.gov.br\/conexaoescola\/wp-json\/wp\/v2\/educacao_infantil\/128349","targetHints":{"allow":["GET"]}}],"collection":[{"href":"https:\/\/sme.goiania.go.gov.br\/conexaoescola\/wp-json\/wp\/v2\/educacao_infantil"}],"about":[{"href":"https:\/\/sme.goiania.go.gov.br\/conexaoescola\/wp-json\/wp\/v2\/types\/educacao_infantil"}],"author":[{"embeddable":true,"href":"https:\/\/sme.goiania.go.gov.br\/conexaoescola\/wp-json\/wp\/v2\/users\/15"}],"wp:featuredmedia":[{"embeddable":true,"href":"https:\/\/sme.goiania.go.gov.br\/conexaoescola\/wp-json\/wp\/v2\/media\/128359"}],"wp:attachment":[{"href":"https:\/\/sme.goiania.go.gov.br\/conexaoescola\/wp-json\/wp\/v2\/media?parent=128349"}],"wp:term":[{"taxonomy":"ei_categoria","embeddable":true,"href":"https:\/\/sme.goiania.go.gov.br\/conexaoescola\/wp-json\/wp\/v2\/ei_categoria?post=128349"}],"curies":[{"name":"wp","href":"https:\/\/api.w.org\/{rel}","templated":true}]}}