{"id":128271,"date":"2021-06-07T12:37:15","date_gmt":"2021-06-07T15:37:15","guid":{"rendered":"https:\/\/sme.goiania.go.gov.br\/conexaoescola\/?post_type=educacao_infantil&#038;p=128271"},"modified":"2021-06-07T16:24:29","modified_gmt":"2021-06-07T19:24:29","slug":"vamos-brincar-com-o-grupo-taquita","status":"publish","type":"educacao_infantil","link":"https:\/\/sme.goiania.go.gov.br\/conexaoescola\/educacao_infantil\/vamos-brincar-com-o-grupo-taquita\/","title":{"rendered":"Vamos brincar com o Grupo Taquit\u00e1?"},"content":{"rendered":"\n<figure class=\"wp-block-image size-large is-style-rounded\"><img fetchpriority=\"high\" decoding=\"async\" width=\"1024\" height=\"683\" src=\"https:\/\/sme.goiania.go.gov.br\/conexaoescola\/wp-content\/uploads\/2021\/06\/WhatsApp-Image-2021-06-05-at-16.43.19-3-e1622929751695-1024x683.jpeg\" alt=\"\" class=\"wp-image-128272\" srcset=\"https:\/\/sme.goiania.go.gov.br\/conexaoescola\/wp-content\/uploads\/2021\/06\/WhatsApp-Image-2021-06-05-at-16.43.19-3-e1622929751695-1024x683.jpeg 1024w, https:\/\/sme.goiania.go.gov.br\/conexaoescola\/wp-content\/uploads\/2021\/06\/WhatsApp-Image-2021-06-05-at-16.43.19-3-e1622929751695-300x200.jpeg 300w, https:\/\/sme.goiania.go.gov.br\/conexaoescola\/wp-content\/uploads\/2021\/06\/WhatsApp-Image-2021-06-05-at-16.43.19-3-e1622929751695-768x512.jpeg 768w, https:\/\/sme.goiania.go.gov.br\/conexaoescola\/wp-content\/uploads\/2021\/06\/WhatsApp-Image-2021-06-05-at-16.43.19-3-e1622929751695.jpeg 1080w\" sizes=\"(max-width: 1024px) 100vw, 1024px\" \/><figcaption>FOTO: Instagram Grupo Taquit\u00e1<br><\/figcaption><\/figure>\n\n\n\n<p class=\"has-drop-cap has-text-align-center has-pale-cyan-blue-background-color has-text-color has-background has-medium-font-size\" style=\"color:#000608\"><strong>Conhecer o mundo a sua volta e tudo que nele h\u00e1&nbsp;<span class=\"has-inline-color has-vivid-red-color\">\u00e9 um direito de toda crian\u00e7a<\/span>, <span class=\"has-inline-color has-vivid-red-color\">viver experi\u00eancias variadas e plurais<\/span> com a m\u00fasica, com a dan\u00e7a e com as&nbsp;mais diversas&nbsp;manifesta\u00e7\u00f5es art\u00edsticas e culturais&nbsp;(locais e universais)&nbsp;\u00e9 uma maneira de proporcionar a crian\u00e7a a&nbsp;<span class=\"has-inline-color has-vivid-red-color\">amplia\u00e7\u00e3o do seu repert\u00f3rio cultural<\/span>.<\/strong><\/p>\n\n\n\n<p class=\"has-text-align-center has-luminous-vivid-amber-background-color has-text-color has-background has-medium-font-size\" style=\"color:#01090d\"><strong><strong>Uma forma de ampliar esse repert\u00f3rio\u00a0\u00e9\u00a0oportunizar\u00a0as crian\u00e7as\u00a0o contato com <span class=\"has-inline-color has-vivid-red-color\">diferentes artistas e bandas musicais<\/span>,\u00a0como por exemplo, <\/strong><span class=\"has-inline-color has-vivid-red-color\"><strong>o grupo Taquit\u00e1\u00a0formado pelos artistas J\u00e9ssica Ini e Z\u00e9 Junqueira<\/strong>,\u00a0<\/span><strong>os dois adoram produzir diferentes m\u00fasicas e brincadeiras para crian\u00e7as de todas as idades<\/strong><\/strong>!<\/p>\n\n\n\n<p class=\"has-text-align-center has-pale-cyan-blue-background-color has-text-color has-background has-medium-font-size\" style=\"color:#010b0f\"><strong>Quer conhecer melhor o\u00a0<span class=\"has-inline-color has-vivid-red-color\">Grupo Taquit\u00e1<\/span>?\u00a0Assista o recadinho que eles gravaram para as\u00a0crian\u00e7as e fam\u00edlias\u00a0da Secretaria Municipal de Educa\u00e7\u00e3o de Goi\u00e2nia.<\/strong><\/p>\n\n\n\n<p class=\"has-text-align-center has-black-color has-cyan-bluish-gray-background-color has-text-color has-background has-medium-font-size\"><strong>Clique na imagem abaixo e confira!<\/strong><\/p>\n\n\n\n<figure class=\"wp-block-embed is-type-video is-provider-youtube wp-block-embed-youtube wp-embed-aspect-16-9 wp-has-aspect-ratio\"><div class=\"wp-block-embed__wrapper\">\n<p class=\"responsive-video-wrap clr\"><iframe title=\"Grupo Taquit\u00e1 - Educa\u00e7\u00e3o Infantil Rede Municipal de Educa\u00e7\u00e3o de Goi\u00e2nia\" width=\"1200\" height=\"675\" src=\"https:\/\/www.youtube.com\/embed\/9Z0l2_5SAWo?feature=oembed\" frameborder=\"0\" allow=\"accelerometer; autoplay; clipboard-write; encrypted-media; gyroscope; picture-in-picture\" allowfullscreen><\/iframe><\/p>\n<\/div><\/figure>\n\n\n\n<p class=\"has-text-align-center has-luminous-vivid-amber-background-color has-text-color has-background has-medium-font-size\" style=\"color:#010b0f\"><strong>Que tal convidar a sua crian\u00e7a para <span class=\"has-inline-color has-vivid-red-color\">cantar, dan\u00e7ar e brincar<\/span> com o&nbsp;<span class=\"has-inline-color has-vivid-red-color\">Grupo Taquit\u00e1<\/span>! Para assistir basta clicar nas imagens abaixo!<\/strong><\/p>\n\n\n\n<figure class=\"wp-block-embed is-type-video is-provider-youtube wp-block-embed-youtube wp-embed-aspect-16-9 wp-has-aspect-ratio\"><div class=\"wp-block-embed__wrapper\">\n<p class=\"responsive-video-wrap clr\"><iframe title=\"O Elefante e a Formiguinha - Grupo Taquit\u00e1\" width=\"1200\" height=\"675\" src=\"https:\/\/www.youtube.com\/embed\/wdxy_6mlp_A?feature=oembed\" frameborder=\"0\" allow=\"accelerometer; autoplay; clipboard-write; encrypted-media; gyroscope; picture-in-picture\" allowfullscreen><\/iframe><\/p>\n<\/div><\/figure>\n\n\n\n<figure class=\"wp-block-embed is-type-video is-provider-youtube wp-block-embed-youtube wp-embed-aspect-16-9 wp-has-aspect-ratio\"><div class=\"wp-block-embed__wrapper\">\n<p class=\"responsive-video-wrap clr\"><iframe title=\"Grupo Taquit\u00e1 -  Respirar\" width=\"1200\" height=\"675\" src=\"https:\/\/www.youtube.com\/embed\/QfioMbtwitI?feature=oembed\" frameborder=\"0\" allow=\"accelerometer; autoplay; clipboard-write; encrypted-media; gyroscope; picture-in-picture\" allowfullscreen><\/iframe><\/p>\n<\/div><\/figure>\n\n\n\n<figure class=\"wp-block-embed is-type-video is-provider-youtube wp-block-embed-youtube wp-embed-aspect-16-9 wp-has-aspect-ratio\"><div class=\"wp-block-embed__wrapper\">\n<p class=\"responsive-video-wrap clr\"><iframe title=\"Grupo Taquit\u00e1 - Sabi\u00e1 l\u00e1 na gaiola\" width=\"1200\" height=\"675\" src=\"https:\/\/www.youtube.com\/embed\/yxLSvWucunQ?feature=oembed\" frameborder=\"0\" allow=\"accelerometer; autoplay; clipboard-write; encrypted-media; gyroscope; picture-in-picture\" allowfullscreen><\/iframe><\/p>\n<\/div><\/figure>\n\n\n\n<figure class=\"wp-block-table is-style-stripes\"><table><tbody><tr><td>Proponentes\/Curadoria<\/td><td>NEC<\/td><\/tr><tr><td>Parceiros Convidados<\/td><td>Grupo Taquit\u00e1 <\/td><\/tr><\/tbody><\/table><figcaption>Crian\u00e7as bem pequenas <\/figcaption><\/figure>\n","protected":false},"author":16,"featured_media":128272,"template":"","ei_categoria":[11],"class_list":["post-128271","educacao_infantil","type-educacao_infantil","status-publish","has-post-thumbnail","hentry","ei_categoria-criancas-bem-pequenas","entry","has-media"],"acf":[],"_links":{"self":[{"href":"https:\/\/sme.goiania.go.gov.br\/conexaoescola\/wp-json\/wp\/v2\/educacao_infantil\/128271","targetHints":{"allow":["GET"]}}],"collection":[{"href":"https:\/\/sme.goiania.go.gov.br\/conexaoescola\/wp-json\/wp\/v2\/educacao_infantil"}],"about":[{"href":"https:\/\/sme.goiania.go.gov.br\/conexaoescola\/wp-json\/wp\/v2\/types\/educacao_infantil"}],"author":[{"embeddable":true,"href":"https:\/\/sme.goiania.go.gov.br\/conexaoescola\/wp-json\/wp\/v2\/users\/16"}],"wp:featuredmedia":[{"embeddable":true,"href":"https:\/\/sme.goiania.go.gov.br\/conexaoescola\/wp-json\/wp\/v2\/media\/128272"}],"wp:attachment":[{"href":"https:\/\/sme.goiania.go.gov.br\/conexaoescola\/wp-json\/wp\/v2\/media?parent=128271"}],"wp:term":[{"taxonomy":"ei_categoria","embeddable":true,"href":"https:\/\/sme.goiania.go.gov.br\/conexaoescola\/wp-json\/wp\/v2\/ei_categoria?post=128271"}],"curies":[{"name":"wp","href":"https:\/\/api.w.org\/{rel}","templated":true}]}}