{"id":128114,"date":"2021-05-31T12:32:34","date_gmt":"2021-05-31T15:32:34","guid":{"rendered":"https:\/\/sme.goiania.go.gov.br\/conexaoescola\/?post_type=educacao_infantil&#038;p=128114"},"modified":"2021-06-16T11:08:26","modified_gmt":"2021-06-16T14:08:26","slug":"explorando-o-universo","status":"publish","type":"educacao_infantil","link":"https:\/\/sme.goiania.go.gov.br\/conexaoescola\/educacao_infantil\/explorando-o-universo\/","title":{"rendered":"Explorando o universo!"},"content":{"rendered":"\n<figure class=\"wp-block-image size-large is-style-rounded\"><img fetchpriority=\"high\" decoding=\"async\" width=\"1024\" height=\"517\" src=\"https:\/\/sme.goiania.go.gov.br\/conexaoescola\/wp-content\/uploads\/2021\/05\/sombrinha-3-1024x517.jpg\" alt=\"\" class=\"wp-image-128115\" srcset=\"https:\/\/sme.goiania.go.gov.br\/conexaoescola\/wp-content\/uploads\/2021\/05\/sombrinha-3-1024x517.jpg 1024w, https:\/\/sme.goiania.go.gov.br\/conexaoescola\/wp-content\/uploads\/2021\/05\/sombrinha-3-300x152.jpg 300w, https:\/\/sme.goiania.go.gov.br\/conexaoescola\/wp-content\/uploads\/2021\/05\/sombrinha-3-768x388.jpg 768w, https:\/\/sme.goiania.go.gov.br\/conexaoescola\/wp-content\/uploads\/2021\/05\/sombrinha-3-1536x776.jpg 1536w, https:\/\/sme.goiania.go.gov.br\/conexaoescola\/wp-content\/uploads\/2021\/05\/sombrinha-3-2048x1035.jpg 2048w\" sizes=\"(max-width: 1024px) 100vw, 1024px\" \/><figcaption>Fonte: Livro Sombrinhas &#8211; Jean Galv\u00e3o<\/figcaption><\/figure>\n\n\n\n<p class=\"has-drop-cap has-text-align-center has-black-color has-cyan-bluish-gray-background-color has-text-color has-background has-medium-font-size\">A <strong><strong>crian\u00e7a precisa ser incentivada a&nbsp;<span class=\"has-inline-color has-vivid-red-color\">explorar&nbsp;<\/span>desde bem pequena o que est\u00e1 a sua volta, a&nbsp;<span class=\"has-inline-color has-vivid-red-color\">relatar&nbsp;<\/span>o que sabe, a&nbsp;<span class=\"has-inline-color has-vivid-red-color\">fazer&nbsp;<\/span>perguntas, a&nbsp;<span class=\"has-inline-color has-vivid-red-color\">realizar<\/span>&nbsp;experimentos, a&nbsp;elaborar&nbsp;hip\u00f3teses e&nbsp;conhecer&nbsp;diferentes fontes de informa\u00e7\u00e3o.<\/strong><\/strong><\/p>\n\n\n\n<p class=\"has-text-align-center has-black-color has-text-color has-background has-medium-font-size\" style=\"background-color:#71f080\"><strong><strong>E isso pode acontecer, de diferentes formas, como por exemplo,&nbsp;olhando&nbsp;o c\u00e9u,&nbsp;<span class=\"has-inline-color has-vivid-red-color\">observando<\/span>&nbsp;as formas&nbsp;que as nuvens podem ter,&nbsp;<span class=\"has-inline-color has-vivid-red-color\">percebendo<\/span>&nbsp;as diferentes fases da lua, tudo isso atrai a aten\u00e7\u00e3o das crian\u00e7as.<\/strong><\/strong><\/p>\n\n\n\n<p class=\"has-text-align-center has-black-color has-text-color has-background has-medium-font-size\" style=\"background-color:#fdceac\"><strong><strong>Que tal conhecer e explorar um pouco do&nbsp;universo com sua crian\u00e7a? Essa \u00e9 a proposta sugerida pela&nbsp;P<span class=\"has-inline-color has-vivid-red-color\">rofessora Sabrina do Cmei Alto da Gl\u00f3ria<\/span>&nbsp;com a tem\u00e1tica \u2013 \u201cVamos Brincar de ser Astr\u00f4nomos?\u201d Confira!<\/strong><\/strong><\/p>\n\n\n\n<figure class=\"wp-block-embed aligncenter is-type-video is-provider-youtube wp-block-embed-youtube wp-embed-aspect-16-9 wp-has-aspect-ratio\"><div class=\"wp-block-embed__wrapper\">\n<p class=\"responsive-video-wrap clr\"><iframe title=\"VAMOS BRINCAR DE SER ASTR\u00d4NOMOS?\" width=\"1200\" height=\"675\" src=\"https:\/\/www.youtube.com\/embed\/Z5IfR8oKhJ4?feature=oembed\" frameborder=\"0\" allow=\"accelerometer; autoplay; clipboard-write; encrypted-media; gyroscope; picture-in-picture\" allowfullscreen><\/iframe><\/p>\n<\/div><\/figure>\n\n\n\n<p class=\"has-text-align-center has-black-color has-cyan-bluish-gray-background-color has-text-color has-background has-medium-font-size\"><strong><strong>E voc\u00ea j\u00e1 percebeu como as crian\u00e7as olham atententamente para a luz, as sombras e os movimentos que esses elementos fazem?<span class=\"has-inline-color has-vivid-red-color\">&nbsp;A observa\u00e7\u00e3o de sombras<\/span>&nbsp;do pr\u00f3prio corpo e de outras pessoas pode se tornar uma <\/strong><span class=\"has-inline-color has-vivid-red-color\"><strong>divertida brincadeira<\/strong>.<\/span><\/strong><\/p>\n\n\n\n<p class=\"has-text-align-center has-black-color has-text-color has-background has-medium-font-size\" style=\"background-color:#91dbc0\"><strong><strong>O livro&nbsp;<span class=\"has-inline-color has-vivid-red-color\">\u201cSombrinhas\u201d do autor Jean Galv\u00e3o<\/span>&nbsp;mostra uma hist\u00f3ria sobre como brincar com as sombras pode ser divertido! Quem vai narrar essa divertida hist\u00f3ria \u00e9 a&nbsp;<span class=\"has-inline-color has-vivid-red-color\">Professora Liliane Tosta,<\/span> vamos assistir?<\/strong><\/strong><\/p>\n\n\n\n<figure class=\"wp-block-embed is-type-video is-provider-youtube wp-block-embed-youtube wp-embed-aspect-16-9 wp-has-aspect-ratio\"><div class=\"wp-block-embed__wrapper\">\n<p class=\"responsive-video-wrap clr\"><iframe title=\"Liliane Tosta - Sombrinhas HD\" width=\"1200\" height=\"675\" src=\"https:\/\/www.youtube.com\/embed\/qfShWnRHbRw?feature=oembed\" frameborder=\"0\" allow=\"accelerometer; autoplay; clipboard-write; encrypted-media; gyroscope; picture-in-picture\" allowfullscreen><\/iframe><\/p>\n<\/div><\/figure>\n\n\n\n<p class=\"has-text-align-center has-black-color has-text-color has-background has-medium-font-size\" style=\"background-color:#97cae7\"><strong><strong>Que tal preparar um ambiente onde sua crian\u00e7a possa&nbsp;<span class=\"has-inline-color has-vivid-red-color\">brincar com as luzes e as sombras?<\/span><\/strong><\/strong><\/p>\n\n\n\n<p class=\"has-text-align-center has-black-color has-text-color has-background has-medium-font-size\" style=\"background-color:#dda815\"><strong><strong>Nas brincadeiras envolvendo luz e sombra, as crian\u00e7as podem&nbsp;construir diferentes conhecimentos,&nbsp;explorar e descobrir novas possibilidades&nbsp;de gestos e movimentos do pr\u00f3prio corpo, bem como&nbsp;desenvolver sua <span class=\"has-inline-color has-vivid-red-color\">criatividade e imagina\u00e7\u00e3o.&nbsp;<\/span><\/strong><\/strong><\/p>\n\n\n\n<ul class=\"has-medium-font-size wp-block-list\"><li><strong>Use uma lanterna em dire\u00e7\u00e3o a uma parede, ou a um len\u00e7ol, ou at\u00e9 no ch\u00e3o, brinquem com as m\u00e3os e com o corpo todo, fazendo sombras e tentando adivinhar qual imagem est\u00e1 sendo representada.<\/strong><\/li><li><strong>Afaste e aproxime da fonte de luz, assim voc\u00ea produzir\u00e1 imagens de diferentes tamanhos.&nbsp;Selecione junto com a sua crian\u00e7a objetos que ela queira projetar na parede, no len\u00e7ol ou no ch\u00e3o.<\/strong><\/li><\/ul>\n\n\n\n<p><\/p>\n","protected":false},"author":15,"featured_media":128115,"template":"","ei_categoria":[11],"class_list":["post-128114","educacao_infantil","type-educacao_infantil","status-publish","has-post-thumbnail","hentry","ei_categoria-criancas-bem-pequenas","entry","has-media"],"acf":[],"_links":{"self":[{"href":"https:\/\/sme.goiania.go.gov.br\/conexaoescola\/wp-json\/wp\/v2\/educacao_infantil\/128114","targetHints":{"allow":["GET"]}}],"collection":[{"href":"https:\/\/sme.goiania.go.gov.br\/conexaoescola\/wp-json\/wp\/v2\/educacao_infantil"}],"about":[{"href":"https:\/\/sme.goiania.go.gov.br\/conexaoescola\/wp-json\/wp\/v2\/types\/educacao_infantil"}],"author":[{"embeddable":true,"href":"https:\/\/sme.goiania.go.gov.br\/conexaoescola\/wp-json\/wp\/v2\/users\/15"}],"wp:featuredmedia":[{"embeddable":true,"href":"https:\/\/sme.goiania.go.gov.br\/conexaoescola\/wp-json\/wp\/v2\/media\/128115"}],"wp:attachment":[{"href":"https:\/\/sme.goiania.go.gov.br\/conexaoescola\/wp-json\/wp\/v2\/media?parent=128114"}],"wp:term":[{"taxonomy":"ei_categoria","embeddable":true,"href":"https:\/\/sme.goiania.go.gov.br\/conexaoescola\/wp-json\/wp\/v2\/ei_categoria?post=128114"}],"curies":[{"name":"wp","href":"https:\/\/api.w.org\/{rel}","templated":true}]}}