{"id":127903,"date":"2021-05-24T14:13:30","date_gmt":"2021-05-24T17:13:30","guid":{"rendered":"https:\/\/sme.goiania.go.gov.br\/conexaoescola\/?post_type=educacao_infantil&#038;p=127903"},"modified":"2021-05-25T14:40:31","modified_gmt":"2021-05-25T17:40:31","slug":"vamos-plantar-e-preservar","status":"publish","type":"educacao_infantil","link":"https:\/\/sme.goiania.go.gov.br\/conexaoescola\/educacao_infantil\/vamos-plantar-e-preservar\/","title":{"rendered":"Vamos plantar e preservar?"},"content":{"rendered":"\n<figure class=\"wp-block-image size-large is-resized is-style-rounded\"><img fetchpriority=\"high\" decoding=\"async\" src=\"https:\/\/sme.goiania.go.gov.br\/conexaoescola\/wp-content\/uploads\/2021\/05\/horta-escolar-5-scaled-e1621822356509-1024x681.jpg\" alt=\"\" class=\"wp-image-127904\" width=\"840\" height=\"558\" srcset=\"https:\/\/sme.goiania.go.gov.br\/conexaoescola\/wp-content\/uploads\/2021\/05\/horta-escolar-5-scaled-e1621822356509-1024x681.jpg 1024w, https:\/\/sme.goiania.go.gov.br\/conexaoescola\/wp-content\/uploads\/2021\/05\/horta-escolar-5-scaled-e1621822356509-300x199.jpg 300w, https:\/\/sme.goiania.go.gov.br\/conexaoescola\/wp-content\/uploads\/2021\/05\/horta-escolar-5-scaled-e1621822356509-768x511.jpg 768w, https:\/\/sme.goiania.go.gov.br\/conexaoescola\/wp-content\/uploads\/2021\/05\/horta-escolar-5-scaled-e1621822356509-1536x1021.jpg 1536w, https:\/\/sme.goiania.go.gov.br\/conexaoescola\/wp-content\/uploads\/2021\/05\/horta-escolar-5-scaled-e1621822356509-2048x1362.jpg 2048w\" sizes=\"(max-width: 840px) 100vw, 840px\" \/><figcaption>Fonte: Arquivo SME<\/figcaption><\/figure>\n\n\n\n<p class=\"has-drop-cap has-text-align-center has-black-color has-text-color has-background has-medium-font-size\" style=\"background-color:#74e263\"><strong>\u00c9 no conv\u00edvio com a <span class=\"has-inline-color has-vivid-red-color\">natureza<\/span> e com os <span class=\"has-inline-color has-vivid-red-color\">diferentes espa\u00e7os e sujeitos<\/span>, que as crian\u00e7as aprendem sobre a pr\u00f3pria exist\u00eancia, o ciclo da vida e a import\u00e2ncia de respeitar e preservar o meio ambiente.<\/strong> <\/p>\n\n\n\n<p class=\"has-text-align-center has-black-color has-text-color has-background has-medium-font-size\" style=\"background-color:#a4c3f8\"><strong>Pelo contato com a <span class=\"has-inline-color has-vivid-red-color\">natureza<\/span> \u00e9 poss\u00edvel oportunizar a elas a reflex\u00e3o sobre o papel de cada uma na <span class=\"has-inline-color has-vivid-red-color\">preserva\u00e7\u00e3o do meio ambiente<\/span>, dos seus recursos naturais e da constru\u00e7\u00e3o de uma <span class=\"has-inline-color has-vivid-red-color\">sociedade mais sustent\u00e1vel.<\/span><\/strong><\/p>\n\n\n\n<p class=\"has-text-align-center has-black-color has-text-color has-background has-medium-font-size\" style=\"background-color:#73fc7c\"><strong>Por esse motivo \u00e9 t\u00e3o importante que as crian\u00e7as desde bem pequenas explorem os <span class=\"has-inline-color has-vivid-red-color\">elementos que comp\u00f5e a natureza<\/span>, como<span class=\"has-inline-color has-vivid-red-color\"> a terra, a areia, a \u00e1gua, as sementes, as pedrinhas, os gravetos<\/span>, conhecendo suas caracter\u00edsticas, fazendo compara\u00e7\u00f5es, descobrindo e identificando as sensa\u00e7\u00f5es que esses elementos proporcionam.<\/strong><\/p>\n\n\n\n<p class=\"has-text-align-center has-black-color has-text-color has-background has-medium-font-size\" style=\"background-color:#efe3a7\"><strong>O ato de <span class=\"has-inline-color has-vivid-red-color\">aprender a plantar sementes<\/span>, <span class=\"has-inline-color has-vivid-red-color\">manusear a terra, cuidar de uma planta<\/span>, pode ser uma maneira de iniciar esse processo de contato com a natureza. Veja a proposta musical do <span class=\"has-inline-color has-vivid-red-color\">Canal do Youtube O Ba\u00fa da Camilinha <\/span>que ensina aprender a plantar por meio da m\u00fasica. <\/strong><\/p>\n\n\n\n<figure class=\"wp-block-embed aligncenter is-type-video is-provider-youtube wp-block-embed-youtube wp-embed-aspect-16-9 wp-has-aspect-ratio\"><div class=\"wp-block-embed__wrapper\">\n<p class=\"responsive-video-wrap clr\"><iframe title=\"M\u00fasica para Aprender a Plantar :: O Ba\u00fa da Camilinha :: M\u00fasica Infantil\" width=\"1200\" height=\"675\" src=\"https:\/\/www.youtube.com\/embed\/uonqSrqV_4w?feature=oembed\" frameborder=\"0\" allow=\"accelerometer; autoplay; clipboard-write; encrypted-media; gyroscope; picture-in-picture\" allowfullscreen><\/iframe><\/p>\n<\/div><\/figure>\n\n\n\n<p class=\"has-text-align-center has-black-color has-text-color has-background has-medium-font-size\" style=\"background-color:#dbaaab\"><strong>Voc\u00ea Sabia que a Secretaria Municipal de Educa\u00e7\u00e3o e Esporte de Goi\u00e2nia realiza um projeto chamado&nbsp;<span class=\"has-inline-color has-vivid-red-color\">Horta Escolar<\/span>? O projeto prev\u00ea a\u00e7\u00f5es voltadas para o plantio de hortali\u00e7as por interm\u00e9dio de oficinas ministradas a crian\u00e7as, jovens e docentes, estimulando o respeito ao meio ambiente, e a alimenta\u00e7\u00e3o saud\u00e1vel das crian\u00e7as, um verdadeiro&nbsp;<span class=\"has-inline-color has-vivid-red-color\">laborat\u00f3rio a c\u00e9u aberto!<\/span><\/strong><\/p>\n\n\n\n<p class=\"has-text-align-center has-black-color has-text-color has-background has-medium-font-size\" style=\"background-color:#a2dfdb\"><strong>Em tempos de pandemia o&nbsp;projeto n\u00e3o parou! Quer conhecer? Clique na imagem <\/strong><\/p>\n\n\n\n<figure class=\"wp-block-embed aligncenter is-type-video is-provider-youtube wp-block-embed-youtube wp-embed-aspect-16-9 wp-has-aspect-ratio\"><div class=\"wp-block-embed__wrapper\">\n<p class=\"responsive-video-wrap clr\"><iframe title=\"Orienta\u00e7\u00e3o sobre o Projeto Horta em Casa\" width=\"1200\" height=\"675\" src=\"https:\/\/www.youtube.com\/embed\/O8YwHf_2jAQ?feature=oembed\" frameborder=\"0\" allow=\"accelerometer; autoplay; clipboard-write; encrypted-media; gyroscope; picture-in-picture\" allowfullscreen><\/iframe><\/p>\n<\/div><\/figure>\n\n\n\n<p class=\"has-text-align-center has-black-color has-text-color has-background has-medium-font-size\" style=\"background-color:#74e263\"><strong>Que tal aproveitar as dicas e convidar seu(a) filho(a) para:<\/strong><\/p>\n\n\n\n<p class=\"has-black-color has-text-color has-background has-medium-font-size\" style=\"background-color:#b1c6ba\"><strong>Explorar a natureza dentro e fora de casa<\/strong>?<\/p>\n\n\n\n<p class=\"has-black-color has-text-color has-background has-medium-font-size\" style=\"background-color:#b1c6ba\"><strong>Colocar as m\u00e3os na terra, brincar com areia, \u00e1gua e outros elementos que a natureza pode oferecer.<\/strong><\/p>\n\n\n\n<p class=\"has-black-color has-text-color has-background has-medium-font-size\" style=\"background-color:#b1c6ba\"><strong>Auxiliar no plantio das mudinhas de hortali\u00e7as distribu\u00eddas no Projeto Horta em Casa da SME.<\/strong><\/p>\n\n\n\n<p class=\"has-black-color has-text-color has-background has-medium-font-size\" style=\"background-color:#b1c6ba\"><strong>Colher e ajudar no preparo dos alimentos.<\/strong><\/p>\n\n\n\n<p class=\"has-text-align-center has-black-color has-text-color has-background has-medium-font-size\" style=\"background-color:#e49760\"><strong>Vamos juntos plantar e preservar?<\/strong><\/p>\n\n\n\n<figure class=\"wp-block-table is-style-stripes\"><table><tbody><tr><td>Proponentes\/Curadoria<\/td><td>NEC<\/td><\/tr><tr><td>Parceiros<\/td><td>Canal do Youtube &#8220;Ba\u00fa da Camilinha&#8221; e Profa. Carmem Machado SME-GO<\/td><\/tr><\/tbody><\/table><\/figure>\n\n\n\n<p class=\"has-black-color has-text-color\"><\/p>\n\n\n\n<p><\/p>\n","protected":false},"author":16,"featured_media":127904,"template":"","ei_categoria":[11],"class_list":["post-127903","educacao_infantil","type-educacao_infantil","status-publish","has-post-thumbnail","hentry","ei_categoria-criancas-bem-pequenas","entry","has-media"],"acf":[],"_links":{"self":[{"href":"https:\/\/sme.goiania.go.gov.br\/conexaoescola\/wp-json\/wp\/v2\/educacao_infantil\/127903","targetHints":{"allow":["GET"]}}],"collection":[{"href":"https:\/\/sme.goiania.go.gov.br\/conexaoescola\/wp-json\/wp\/v2\/educacao_infantil"}],"about":[{"href":"https:\/\/sme.goiania.go.gov.br\/conexaoescola\/wp-json\/wp\/v2\/types\/educacao_infantil"}],"author":[{"embeddable":true,"href":"https:\/\/sme.goiania.go.gov.br\/conexaoescola\/wp-json\/wp\/v2\/users\/16"}],"wp:featuredmedia":[{"embeddable":true,"href":"https:\/\/sme.goiania.go.gov.br\/conexaoescola\/wp-json\/wp\/v2\/media\/127904"}],"wp:attachment":[{"href":"https:\/\/sme.goiania.go.gov.br\/conexaoescola\/wp-json\/wp\/v2\/media?parent=127903"}],"wp:term":[{"taxonomy":"ei_categoria","embeddable":true,"href":"https:\/\/sme.goiania.go.gov.br\/conexaoescola\/wp-json\/wp\/v2\/ei_categoria?post=127903"}],"curies":[{"name":"wp","href":"https:\/\/api.w.org\/{rel}","templated":true}]}}