{"id":126851,"date":"2021-03-28T20:43:10","date_gmt":"2021-03-28T23:43:10","guid":{"rendered":"https:\/\/sme.goiania.go.gov.br\/conexaoescola\/?post_type=educacao_infantil&#038;p=126851"},"modified":"2021-03-29T09:58:23","modified_gmt":"2021-03-29T12:58:23","slug":"cade-a-historia","status":"publish","type":"educacao_infantil","link":"https:\/\/sme.goiania.go.gov.br\/conexaoescola\/educacao_infantil\/cade-a-historia\/","title":{"rendered":"Cad\u00ea a hist\u00f3ria?"},"content":{"rendered":"\n<div class=\"wp-block-image is-style-rounded\"><figure class=\"aligncenter is-resized\"><img fetchpriority=\"high\" decoding=\"async\" src=\"https:\/\/lunetas.com.br\/wp-content\/uploads\/2021\/02\/videos-contar-historias-criancas-portal-lunetas.jpg.webp\" alt=\"A import\u00e2ncia de contar hist\u00f3rias para crian\u00e7as em v\u00eddeos\" width=\"690\" height=\"388\"\/><figcaption>Fonte: https:\/\/lunetas.com.br\/contar-historias-criancas\/<\/figcaption><\/figure><\/div>\n\n\n\n<p style=\"background-color:#f1bd2e;color:#000000\" class=\"has-text-color has-background has-text-align-center has-medium-font-size\"><strong><span class=\"has-inline-color has-vivid-red-color\">Contar hist\u00f3rias<\/span>&nbsp;proporciona \u00e0s crian\u00e7as momentos de prazer, de curiosidade, de criatividade e de imagina\u00e7\u00e3o. Por isso, \u00e9 t\u00e3o necess\u00e1rio que desde os&nbsp;primeiros anos&nbsp;de vida as crian\u00e7as tenham contato com a literatura. <\/strong><\/p>\n\n\n\n<p style=\"background-color:#80bbdd;color:#000000\" class=\"has-text-color has-background has-text-align-center has-medium-font-size\"><strong>A participa\u00e7\u00e3o das crian\u00e7as, desde bem pequenas em situa\u00e7\u00f5es que envolvam a <span class=\"has-inline-color has-vivid-red-color\">literatura<\/span> propicia a elas a compreens\u00e3o do mundo e de quem elas s\u00e3o.<\/strong> <strong>Ao ouvir a voz de quem conta a hist\u00f3ria as crian\u00e7as estabelecem uma rela\u00e7\u00e3o de proximidade, de aconchego, ampliando assim v\u00ednculos afetivos.<\/strong><\/p>\n\n\n\n<p style=\"background-color:#f7944e;color:#000000\" class=\"has-text-color has-background has-text-align-center has-medium-font-size\"><strong><span class=\"has-inline-color has-vivid-red-color\">Ler para as crian\u00e7as <\/span>\u00e9 criar um ambiente rico em est\u00edmulos, um ritual prazeroso tanto para quem l\u00ea, quanto para quem escuta, a leitura cria expectativa e encantamento! <\/strong><\/p>\n\n\n\n<p style=\"background-color:#80bbdd;color:#000000\" class=\"has-text-color has-background has-text-align-center has-medium-font-size\"><strong>A possibilidade de conhecer sobre a elabora\u00e7\u00e3o do livro, o autor e o ilustrador aproxima a crian\u00e7a da Literatura e faz com que o momento da hist\u00f3ria fique bem mais divertido<\/strong>. <\/p>\n\n\n\n<p style=\"background-color:#f7944e;color:#000000\" class=\"has-text-color has-background has-text-align-center has-medium-font-size\"><strong>Vamos conhecer a hist\u00f3ria &#8220;Os brinquedos de Isabel&#8221; contada pela autora Liliane Tosta?<\/strong><\/p>\n\n\n\n<figure class=\"wp-block-embed-youtube wp-block-embed is-type-video is-provider-youtube wp-embed-aspect-16-9 wp-has-aspect-ratio\"><div class=\"wp-block-embed__wrapper\">\n<p class=\"responsive-video-wrap clr\"><iframe title=\"Conta\u00e7\u00e3o de hist\u00f3ria - Os Brinquedos de Isabel - Por Liliane Tosta\" width=\"1200\" height=\"675\" src=\"https:\/\/www.youtube.com\/embed\/7-iKhW7YKzo?list=PLxRkqxlT0AC0HRMRXPhoQ-StzF9W6cgRo\" frameborder=\"0\" allow=\"accelerometer; autoplay; clipboard-write; encrypted-media; gyroscope; picture-in-picture\" allowfullscreen><\/iframe><\/p>\n<\/div><figcaption>Fonte: Programa Conex\u00e3o Escola<\/figcaption><\/figure>\n\n\n\n<p style=\"background-color:#80bbdd;color:#000000\" class=\"has-text-color has-background has-text-align-center has-medium-font-size\"><strong>E que tal conhecer um pouco sobre como surgiu a hist\u00f3ria em uma entrevista concedida pela autora para o Programa Conex\u00e3o Escola. Vamos l\u00e1?<\/strong><\/p>\n\n\n\n<figure class=\"wp-block-embed-youtube wp-block-embed is-type-video is-provider-youtube wp-embed-aspect-16-9 wp-has-aspect-ratio\"><div class=\"wp-block-embed__wrapper\">\n<p class=\"responsive-video-wrap clr\"><iframe title=\"Entrevista com a professora Liliane Tosta\" width=\"1200\" height=\"675\" src=\"https:\/\/www.youtube.com\/embed\/J6HV78i4B3c?list=PLxRkqxlT0AC0HRMRXPhoQ-StzF9W6cgRo\" frameborder=\"0\" allow=\"accelerometer; autoplay; clipboard-write; encrypted-media; gyroscope; picture-in-picture\" allowfullscreen><\/iframe><\/p>\n<\/div><figcaption>Fonte: Programa Conex\u00e3o Escola<\/figcaption><\/figure>\n\n\n\n<p style=\"background-color:#f7944e;color:#000000\" class=\"has-text-color has-background has-text-align-center has-medium-font-size\"><strong>A proposta fez parte do Programa Conex\u00e3o Escola com o tema: \u201cBrinquedos e Brincadeiras&#8221; transmitido pelas TV Sagres (Canal 26) e TV UFG (Canal 15.1 UHF | 21 NET). Quer assistir na \u00edntegra? Acesse os link abaixo!<\/strong><\/p>\n\n\n\n<figure class=\"wp-block-embed-youtube alignleft wp-block-embed is-type-video is-provider-youtube wp-embed-aspect-16-9 wp-has-aspect-ratio\"><div class=\"wp-block-embed__wrapper\">\n<p class=\"responsive-video-wrap clr\"><iframe title=\"Ed  Infantil - Brinquedos e brincadeiras - 19.03.21 - 55\" width=\"1200\" height=\"675\" src=\"https:\/\/www.youtube.com\/embed\/RLYJjetANvI?feature=oembed\" frameborder=\"0\" allow=\"accelerometer; autoplay; clipboard-write; encrypted-media; gyroscope; picture-in-picture\" allowfullscreen><\/iframe><\/p>\n<\/div><figcaption>Fonte: Programa Conex\u00e3o Escola<\/figcaption><\/figure>\n\n\n\n<figure class=\"wp-block-table is-style-stripes\"><table><tbody><tr><td>Proponentes\/Curadoria<\/td><td>NEC<\/td><\/tr><tr><td>Parceiros<\/td><td>Professora <strong>Liliane Tosta<\/strong><\/td><\/tr><\/tbody><\/table><\/figure>\n","protected":false},"author":16,"featured_media":126852,"template":"","ei_categoria":[11],"class_list":["post-126851","educacao_infantil","type-educacao_infantil","status-publish","has-post-thumbnail","hentry","ei_categoria-criancas-bem-pequenas","entry","has-media"],"acf":[],"_links":{"self":[{"href":"https:\/\/sme.goiania.go.gov.br\/conexaoescola\/wp-json\/wp\/v2\/educacao_infantil\/126851","targetHints":{"allow":["GET"]}}],"collection":[{"href":"https:\/\/sme.goiania.go.gov.br\/conexaoescola\/wp-json\/wp\/v2\/educacao_infantil"}],"about":[{"href":"https:\/\/sme.goiania.go.gov.br\/conexaoescola\/wp-json\/wp\/v2\/types\/educacao_infantil"}],"author":[{"embeddable":true,"href":"https:\/\/sme.goiania.go.gov.br\/conexaoescola\/wp-json\/wp\/v2\/users\/16"}],"wp:featuredmedia":[{"embeddable":true,"href":"https:\/\/sme.goiania.go.gov.br\/conexaoescola\/wp-json\/wp\/v2\/media\/126852"}],"wp:attachment":[{"href":"https:\/\/sme.goiania.go.gov.br\/conexaoescola\/wp-json\/wp\/v2\/media?parent=126851"}],"wp:term":[{"taxonomy":"ei_categoria","embeddable":true,"href":"https:\/\/sme.goiania.go.gov.br\/conexaoescola\/wp-json\/wp\/v2\/ei_categoria?post=126851"}],"curies":[{"name":"wp","href":"https:\/\/api.w.org\/{rel}","templated":true}]}}