{"id":126350,"date":"2021-03-08T18:25:48","date_gmt":"2021-03-08T21:25:48","guid":{"rendered":"https:\/\/sme.goiania.go.gov.br\/conexaoescola\/?post_type=educacao_infantil&#038;p=126350"},"modified":"2021-03-09T15:51:47","modified_gmt":"2021-03-09T18:51:47","slug":"vamos-ler-o-mundo","status":"publish","type":"educacao_infantil","link":"https:\/\/sme.goiania.go.gov.br\/conexaoescola\/educacao_infantil\/vamos-ler-o-mundo\/","title":{"rendered":"Vamos ler o mundo?"},"content":{"rendered":"\n<div class=\"wp-block-image is-style-rounded\"><figure class=\"aligncenter size-large is-resized\"><img fetchpriority=\"high\" decoding=\"async\" src=\"https:\/\/sme.goiania.go.gov.br\/conexaoescola\/wp-content\/uploads\/2021\/03\/WhatsApp-Image-2021-03-08-at-15.43.28-e1615237883114-1024x576.jpeg\" alt=\"\" class=\"wp-image-126351\" width=\"837\" height=\"471\" srcset=\"https:\/\/sme.goiania.go.gov.br\/conexaoescola\/wp-content\/uploads\/2021\/03\/WhatsApp-Image-2021-03-08-at-15.43.28-e1615237883114-1024x576.jpeg 1024w, https:\/\/sme.goiania.go.gov.br\/conexaoescola\/wp-content\/uploads\/2021\/03\/WhatsApp-Image-2021-03-08-at-15.43.28-e1615237883114-300x169.jpeg 300w, https:\/\/sme.goiania.go.gov.br\/conexaoescola\/wp-content\/uploads\/2021\/03\/WhatsApp-Image-2021-03-08-at-15.43.28-e1615237883114-768x432.jpeg 768w, https:\/\/sme.goiania.go.gov.br\/conexaoescola\/wp-content\/uploads\/2021\/03\/WhatsApp-Image-2021-03-08-at-15.43.28-e1615237883114.jpeg 1280w\" sizes=\"(max-width: 837px) 100vw, 837px\" \/><figcaption>Dispon\u00edvel em: https:\/\/lunetas.com.br<\/figcaption><\/figure><\/div>\n\n\n\n<p style=\"background-color:#90d1e5;color:#010a0e\" class=\"has-text-color has-background has-drop-cap has-text-align-center has-medium-font-size\"><strong>As primeiras formas de di\u00e1logos entre a crian\u00e7a e o mundo, acontecem ainda no per\u00edodo gestacional, quando a m\u00e3e canta, brinca e conversa com o beb\u00ea dentro de sua barriga. \u00c0 medida que a crian\u00e7a nasce e passa a interagir com o mundo a sua a\u00e7\u00e3o comunicativa evolui e se amplia. <\/strong><\/p>\n\n\n\n<p style=\"background-color:#b1f6dd;color:#010d12\" class=\"has-text-color has-background has-text-align-center has-medium-font-size\"><strong>Por isso, favorecer desde muito cedo para as crian\u00e7as o contato com diferentes g\u00eaneros liter\u00e1rios &#8211; bilhetes, poemas, hist\u00f3rias, m\u00fasicas, parlendas, cantigas <strong>\u00e9 algo t\u00e3o importante<\/strong><\/strong>. <strong> Esse contato <strong>possibilitar\u00e1<\/strong><\/strong> <strong><strong>a amplia\u00e7\u00e3o do repert\u00f3rio de fala da crian\u00e7a<\/strong> e <strong>consequentemente<\/strong><\/strong> <strong>a compreens\u00e3o da fun\u00e7\u00e3o social e cultural da escrita<\/strong>. <\/p>\n\n\n\n<p style=\"color:#010a0e\" class=\"has-text-color has-background has-text-align-center has-medium-font-size has-very-light-gray-background-color\"><strong>A  professora Juliana Conti do CEI Nossa Senhora das Gra\u00e7as, gravou um v\u00eddeo para falar da import\u00e2ncia de propiciar diferentes situa\u00e7\u00f5es que envolvam o contato e acesso aos diferentes g\u00eaneros liter\u00e1rios na Educa\u00e7\u00e3o Infantil.<\/strong> <strong>Confira!<\/strong><\/p>\n\n\n\n<hr class=\"wp-block-separator\"\/>\n\n\n\n<figure class=\"wp-block-embed-youtube wp-block-embed is-type-video is-provider-youtube wp-embed-aspect-16-9 wp-has-aspect-ratio\"><div class=\"wp-block-embed__wrapper\">\n<p class=\"responsive-video-wrap clr\"><iframe title=\"Prof\u00aa. Juliana - A import\u00e2ncia dos g\u00eaneros liter\u00e1rios na Educa\u00e7\u00e3o Infantil\" width=\"1200\" height=\"675\" src=\"https:\/\/www.youtube.com\/embed\/XE9d7CM4WyE?feature=oembed\" frameborder=\"0\" allow=\"accelerometer; autoplay; clipboard-write; encrypted-media; gyroscope; picture-in-picture\" allowfullscreen><\/iframe><\/p>\n<\/div><figcaption>DISPON\u00cdVEL EM: CANAL DO YOUTUBE  &#8211; PORTAL CONEX\u00c3O ESCOLA <\/figcaption><\/figure>\n\n\n\n<hr class=\"wp-block-separator\"\/>\n\n\n\n<p style=\"background-color:#b5badd;color:#010a0e\" class=\"has-text-color has-background has-text-align-center has-medium-font-size\"><strong>        As crian\u00e7as s\u00e3o observadoras e leitoras do mundo, e atrav\u00e9s das brincadeiras podem representar, imaginar, recordar, entrar em contato com outras culturas, se expressar por meio de diferentes linguagens. <\/strong><\/p>\n\n\n\n<p style=\"background-color:#fceec7;color:#010a0e\" class=\"has-text-color has-background has-text-align-center has-medium-font-size\"><strong>Que tal seguir as dicas da professora Juliana e propiciar para sua crian\u00e7a um ambiente que envolva diferentes situa\u00e7\u00f5es de comunica\u00e7\u00e3o e contato com a cultura oral e escrita, como por exemplo:  <\/strong><\/p>\n\n\n\n<ul class=\"wp-block-list\"><li><strong>Leitura de hist\u00f3rias e de poesias que encantam as crian\u00e7as pela musicalidade, pelas rimas e pelo ritmo;<\/strong><\/li><\/ul>\n\n\n\n<ul class=\"wp-block-list\"><li><strong>Brincadeiras cantadas com objetos que podemos encontrar em casa (como uma panela que vira um caldeir\u00e3o ou uma colher que se transforma em varinha m\u00e1gica<\/strong>);<\/li><\/ul>\n\n\n\n<ul class=\"wp-block-list\"><li><strong>Brincadeiras com parlenda, trava-l\u00edngua, adivinhas, rodas e jogos;<\/strong><\/li><\/ul>\n\n\n\n<hr class=\"wp-block-separator\"\/>\n\n\n\n<p style=\"background-color:#b2e3c4;color:#000000\" class=\"has-text-color has-background has-text-align-center has-medium-font-size\"><strong>Quer se inspirar? Clique na imagem abaixo e assista o v\u00eddeo produzido pelas professoras do CEI Serafim com a tem\u00e1tica &#8211; <span class=\"has-inline-color has-vivid-red-color\">Vamos brincar com cantigas e parlendas?<\/span><\/strong><\/p>\n\n\n\n<figure class=\"wp-block-embed-youtube wp-block-embed is-type-video is-provider-youtube wp-embed-aspect-16-9 wp-has-aspect-ratio\"><div class=\"wp-block-embed__wrapper\">\n<p class=\"responsive-video-wrap clr\"><iframe title=\"Vamos brincar com cantigas  e parlendas? (1, 2, feij\u00e3o com arroz...)\" width=\"1200\" height=\"675\" src=\"https:\/\/www.youtube.com\/embed\/Gdl_J46HWCU?feature=oembed\" frameborder=\"0\" allow=\"accelerometer; autoplay; clipboard-write; encrypted-media; gyroscope; picture-in-picture\" allowfullscreen><\/iframe><\/p>\n<\/div><figcaption>DISPON\u00cdVEL EM: CANAL DO CEI SERAFIM <\/figcaption><\/figure>\n\n\n\n<hr class=\"wp-block-separator\"\/>\n\n\n\n<figure class=\"wp-block-table is-style-stripes\"><table><tbody><tr><td>Proponentes\/Curadoria<\/td><td>NEC<\/td><\/tr><tr><td>Professoras convidadas<\/td><td>Juliana Conti &#8211; CEI Nossa Senhora das Gra\u00e7as<br>Raquel Bonfim da Silva- CEI Serafim<br>Patr\u00edcia Barros Viana &#8211; CEI Serafim<\/td><\/tr><\/tbody><\/table><figcaption>Educa\u00e7\u00e3o Infantil &#8211; Crian\u00e7as Bem Pequenas<\/figcaption><\/figure>\n","protected":false},"author":16,"featured_media":126351,"template":"","ei_categoria":[11],"class_list":["post-126350","educacao_infantil","type-educacao_infantil","status-publish","has-post-thumbnail","hentry","ei_categoria-criancas-bem-pequenas","entry","has-media"],"acf":[],"_links":{"self":[{"href":"https:\/\/sme.goiania.go.gov.br\/conexaoescola\/wp-json\/wp\/v2\/educacao_infantil\/126350","targetHints":{"allow":["GET"]}}],"collection":[{"href":"https:\/\/sme.goiania.go.gov.br\/conexaoescola\/wp-json\/wp\/v2\/educacao_infantil"}],"about":[{"href":"https:\/\/sme.goiania.go.gov.br\/conexaoescola\/wp-json\/wp\/v2\/types\/educacao_infantil"}],"author":[{"embeddable":true,"href":"https:\/\/sme.goiania.go.gov.br\/conexaoescola\/wp-json\/wp\/v2\/users\/16"}],"wp:featuredmedia":[{"embeddable":true,"href":"https:\/\/sme.goiania.go.gov.br\/conexaoescola\/wp-json\/wp\/v2\/media\/126351"}],"wp:attachment":[{"href":"https:\/\/sme.goiania.go.gov.br\/conexaoescola\/wp-json\/wp\/v2\/media?parent=126350"}],"wp:term":[{"taxonomy":"ei_categoria","embeddable":true,"href":"https:\/\/sme.goiania.go.gov.br\/conexaoescola\/wp-json\/wp\/v2\/ei_categoria?post=126350"}],"curies":[{"name":"wp","href":"https:\/\/api.w.org\/{rel}","templated":true}]}}