{"id":1137,"date":"2020-05-04T07:02:00","date_gmt":"2020-05-04T10:02:00","guid":{"rendered":"http:\/\/sme.goiania.go.gov.br\/conexaoescola\/?post_type=educacao_infantil&#038;p=1137"},"modified":"2020-05-25T08:09:16","modified_gmt":"2020-05-25T11:09:16","slug":"por-que-e-tao-importante-brincar-com-os-filhos-3","status":"publish","type":"educacao_infantil","link":"https:\/\/sme.goiania.go.gov.br\/conexaoescola\/educacao_infantil\/por-que-e-tao-importante-brincar-com-os-filhos-3\/","title":{"rendered":"Por que \u00e9 t\u00e3o importante brincar com os filhos?"},"content":{"rendered":"\n<figure class=\"wp-block-embed-youtube wp-block-embed is-type-video is-provider-youtube wp-embed-aspect-16-9 wp-has-aspect-ratio\"><div class=\"wp-block-embed__wrapper\">\n<p class=\"responsive-video-wrap clr\"><iframe title=\"Por que \u00e9 t\u00e3o importante brincar com os filhos?\" width=\"1200\" height=\"675\" src=\"https:\/\/www.youtube.com\/embed\/6SzqZxyzXm8?feature=oembed\" frameborder=\"0\" allow=\"accelerometer; autoplay; encrypted-media; gyroscope; picture-in-picture\" allowfullscreen><\/iframe><\/p>\n<\/div><\/figure>\n\n\n\n<p class=\"has-medium-font-size\"><br><br>O document\u00e1rio <em>O Come\u00e7o da Vida<\/em>, da diretora Estela Renner, \u00e9 baseado em descobertas recentes da neuroci\u00eancia sobre a primeira inf\u00e2ncia e apresenta o quanto s\u00e3o importantes os primeiros anos de vida para os indiv\u00edduos. Esse document\u00e1rio, no v\u00eddeo sobre a <em>Brincadeira<\/em>, aponta o brincar como a\u00e7\u00e3o essencial no desenvolvimento das crian\u00e7as.&nbsp;<\/p>\n\n\n\n<p class=\"has-medium-font-size\">\u00c9 brincando que a crian\u00e7a, desde beb\u00ea, aprende e se desenvolve. No brincar conhece a si mesma, o outro, os objetos e, assim, desde pequena, vai se tornando aut\u00f4noma e autoconfiante.<\/p>\n\n\n\n<p class=\"has-medium-font-size\">Na brincadeira, elas conhecem e participam do mundo, dando sentido ao que est\u00e1 a sua volta e compreendendo a realidade, ao interagir com as pessoas, explorar e descobrir o pr\u00f3prio corpo, cheiros, formas, texturas, sons, bem como ao exercer diferentes pap\u00e9is, \u00e0s vezes sendo a m\u00e3e ou o pai, o m\u00e9dico ou o paciente, a vendedora ou o cliente.<\/p>\n\n\n\n<p class=\"has-medium-font-size\">Fale, sorria, cante, dance, imagine, crie, conte hist\u00f3rias e se divirtam!&nbsp;<br><\/p>\n\n\n\n<p class=\"has-medium-font-size\">Brinque com seu filho!<\/p>\n\n\n\n<p class=\"has-medium-font-size\"><strong>Clique no V\u00eddeo<\/strong> abaixo para assistir:<\/p>\n\n\n\n<figure class=\"wp-block-embed-wordpress wp-block-embed is-type-wp-embed is-provider-o-comeco-da-vida\"><div class=\"wp-block-embed__wrapper\">\n <div class=\"oceanwp-oembed-wrap clr\"><blockquote class=\"wp-embedded-content\" data-secret=\"4cgmHtkO2g\"><a href=\"https:\/\/ocomecodavida.com.br\/brincadeira\/\">Brincadeira<\/a><\/blockquote><iframe title=\"&#8220;Brincadeira&#8221; &#8212; O Come\u00e7o da Vida\" class=\"wp-embedded-content\" sandbox=\"allow-scripts\" security=\"restricted\" style=\"position: absolute; clip: rect(1px, 1px, 1px, 1px);\" src=\"https:\/\/ocomecodavida.com.br\/brincadeira\/embed\/#?secret=4cgmHtkO2g\" data-secret=\"4cgmHtkO2g\" width=\"600\" height=\"338\" frameborder=\"0\" marginwidth=\"0\" marginheight=\"0\" scrolling=\"no\"><\/iframe><\/div>\n<\/div><\/figure>\n\n\n\n<hr class=\"wp-block-separator\"\/>\n\n\n\n<p class=\"has-text-align-center\"><br><a href=\"http:\/\/sme.goiania.go.gov.br\/conexaoescola\/ei_categoria\/criancas-pequenas\/\">Educa\u00e7\u00e3o Infantil &#8211; Crian\u00e7as pequenas<\/a><\/p>\n","protected":false},"author":8,"featured_media":1134,"template":"","ei_categoria":[12],"class_list":["post-1137","educacao_infantil","type-educacao_infantil","status-publish","has-post-thumbnail","hentry","ei_categoria-criancas-pequenas","entry","has-media"],"acf":[],"_links":{"self":[{"href":"https:\/\/sme.goiania.go.gov.br\/conexaoescola\/wp-json\/wp\/v2\/educacao_infantil\/1137","targetHints":{"allow":["GET"]}}],"collection":[{"href":"https:\/\/sme.goiania.go.gov.br\/conexaoescola\/wp-json\/wp\/v2\/educacao_infantil"}],"about":[{"href":"https:\/\/sme.goiania.go.gov.br\/conexaoescola\/wp-json\/wp\/v2\/types\/educacao_infantil"}],"author":[{"embeddable":true,"href":"https:\/\/sme.goiania.go.gov.br\/conexaoescola\/wp-json\/wp\/v2\/users\/8"}],"wp:featuredmedia":[{"embeddable":true,"href":"https:\/\/sme.goiania.go.gov.br\/conexaoescola\/wp-json\/wp\/v2\/media\/1134"}],"wp:attachment":[{"href":"https:\/\/sme.goiania.go.gov.br\/conexaoescola\/wp-json\/wp\/v2\/media?parent=1137"}],"wp:term":[{"taxonomy":"ei_categoria","embeddable":true,"href":"https:\/\/sme.goiania.go.gov.br\/conexaoescola\/wp-json\/wp\/v2\/ei_categoria?post=1137"}],"curies":[{"name":"wp","href":"https:\/\/api.w.org\/{rel}","templated":true}]}}