{"id":84898,"date":"2021-01-18T07:00:00","date_gmt":"2021-01-18T09:00:00","guid":{"rendered":"https:\/\/sme.goiania.go.gov.br\/conexaoescola\/?post_type=eaja&#038;p=84898"},"modified":"2021-11-10T16:54:22","modified_gmt":"2021-11-10T18:54:22","slug":"olhar-atraves-da-fotografia","status":"publish","type":"eaja","link":"https:\/\/sme.goiania.go.gov.br\/conexaoescola\/eaja\/olhar-atraves-da-fotografia\/","title":{"rendered":"Arte &#8211; Olhar atrav\u00e9s da fotografia"},"content":{"rendered":"\n<p class=\"has-text-color has-medium-font-size\" style=\"color:#000000\">Ol\u00e1, voc\u00ea j\u00e1 parou para observar quantas imagens temos ao nosso redor? Pois \u00e9, elas est\u00e3o em toda parte e direcionam o nosso olhar. Atrav\u00e9s delas somos impactados e nem sempre nos damos conta disso. Que tal come\u00e7armos a observ\u00e1-las de modo diferente, com mais criticidade? Em um mundo tecnol\u00f3gico uma das formas de registrar o olhar \u00e9 atrav\u00e9s da fotografia. Com os celulares cada vez mais desenvolvidos, todos n\u00f3s gostamos de registrar momentos do cotidiano, natureza e claro tirar selfies! Assim nos sentimos um pouco fot\u00f3grafos.<\/p>\n\n\n\n<hr class=\"wp-block-separator\"\/>\n\n\n\n<h2 class=\"wp-block-heading\"><strong>ATIVIDADE 1<\/strong><\/h2>\n\n\n\n<p class=\"has-medium-font-size\">Fa\u00e7a a&nbsp;&nbsp; leitura do texto e das imagens abaixo. <\/p>\n\n\n\n<p class=\"has-text-align-left has-medium-font-size\"><strong>Fotografia<\/strong><br>(Leoni\/Leo Jaime)<\/p>\n\n\n\n<p class=\"has-medium-font-size\">Hoje o mar faz onda feito crian\u00e7a<br>No balan\u00e7o calmo a gente descansa<br>Nessas horas dorme longe a lembran\u00e7a<br>De ser feliz<\/p>\n\n\n\n<p class=\"has-medium-font-size\">Quando a tarde toma a gente nos bra\u00e7os<br>Sopra um vento que dissolve o cansa\u00e7o<br>E \u00e9 o avesso do esfor\u00e7o que eu fa\u00e7o<br>Pra ser feliz<\/p>\n\n\n\n<p class=\"has-medium-font-size\">O que vai ficar na fotografia<br>S\u00e3o os la\u00e7os invis\u00edveis que havia<br>As cores, figuras, motivos<br>O sol passando sobre os amigos<br>Hist\u00f3rias, bebidas, sorrisos<br>E afeto em frente ao mar.<\/p>\n\n\n\n<p class=\"has-medium-font-size\">Quando as sombras v\u00e3o ficando compridas<br>Enchendo a casa de sil\u00eancio e pregui\u00e7a<br>Nessas horas \u00e9 que Deus deixa pistas<br>Pra eu ser feliz<\/p>\n\n\n\n<p class=\"has-medium-font-size\">E quando o dia n\u00e3o passar de um retrato<br>Colorindo de saudade o meu quarto<br>S\u00f3 a\u00ed vou ter certeza de fato<br>Que eu fui feliz<\/p>\n\n\n\n<p class=\"has-medium-font-size\">O que vai ficar na fotografia<br>S\u00e3o os la\u00e7os invis\u00edveis que havia<br>As cores, figuras, motivos<br>O sol passando sobre os amigos<br>Hist\u00f3rias, bebidas, sorrisos<br>E afeto em frente ao mar.<\/p>\n\n\n\n<div class=\"wp-block-columns is-layout-flex wp-container-core-columns-is-layout-9d6595d7 wp-block-columns-is-layout-flex\">\n<div class=\"wp-block-column is-layout-flow wp-block-column-is-layout-flow\">\n<figure class=\"wp-block-image size-large\"><img fetchpriority=\"high\" decoding=\"async\" width=\"200\" height=\"255\" src=\"https:\/\/sme.goiania.go.gov.br\/conexaoescola\/wp-content\/uploads\/2020\/12\/zx1-e1607199091209.jpg\" alt=\"\" class=\"wp-image-84499\"\/><figcaption>Sugar Children (1996)<br>VICK MUNIZ<br>(FRAS\u00c3O, Dilva; 2019)<\/figcaption><\/figure>\n<\/div>\n\n\n\n<div class=\"wp-block-column is-layout-flow wp-block-column-is-layout-flow\">\n<figure class=\"wp-block-image size-large\"><img decoding=\"async\" width=\"411\" height=\"275\" src=\"https:\/\/sme.goiania.go.gov.br\/conexaoescola\/wp-content\/uploads\/2020\/12\/124zxv-e1607199440510.jpg\" alt=\"\" class=\"wp-image-84500\" srcset=\"https:\/\/sme.goiania.go.gov.br\/conexaoescola\/wp-content\/uploads\/2020\/12\/124zxv-e1607199440510.jpg 411w, https:\/\/sme.goiania.go.gov.br\/conexaoescola\/wp-content\/uploads\/2020\/12\/124zxv-e1607199440510-300x201.jpg 300w\" sizes=\"(max-width: 411px) 100vw, 411px\" \/><figcaption>Sebasti\u00e3o Salgado, Sem t\u00edtulo, ensaio A luta pela terra, 1983.<br>(Salgado, Sebasti\u00e3o; 2020)<\/figcaption><\/figure>\n<\/div>\n\n\n\n<div class=\"wp-block-column is-layout-flow wp-block-column-is-layout-flow\">\n<figure class=\"wp-block-image size-large\"><img decoding=\"async\" width=\"344\" height=\"512\" src=\"https:\/\/sme.goiania.go.gov.br\/conexaoescola\/wp-content\/uploads\/2020\/12\/rf41d1d-e1607199460678.jpg\" alt=\"\" class=\"wp-image-84501\" srcset=\"https:\/\/sme.goiania.go.gov.br\/conexaoescola\/wp-content\/uploads\/2020\/12\/rf41d1d-e1607199460678.jpg 344w, https:\/\/sme.goiania.go.gov.br\/conexaoescola\/wp-content\/uploads\/2020\/12\/rf41d1d-e1607199460678-202x300.jpg 202w\" sizes=\"(max-width: 344px) 100vw, 344px\" \/><figcaption>Da s\u00e9rie: Di\u00e1rio criativo<br>Hal Wildson<br>(ANDRADE, Ana Lu\u00edza;2019)<\/figcaption><\/figure>\n\n\n\n<hr class=\"wp-block-separator\"\/>\n<\/div>\n<\/div>\n\n\n\n<hr class=\"wp-block-separator\"\/>\n\n\n\n<h2 class=\"wp-block-heading\"><strong>ATIVIDADE 2<\/strong><\/h2>\n\n\n\n<p class=\"has-medium-font-size\">A partir da leitura dos textos responda:<\/p>\n\n\n\n<p class=\"has-medium-font-size\">1. O que \u00e9 fotografia para voc\u00ea?<\/p>\n\n\n\n<p class=\"has-medium-font-size\">2. Voc\u00ea gosta de fotografar?<\/p>\n\n\n\n<p class=\"has-medium-font-size\">3. O que \u00e9 necess\u00e1rio para tirar uma fotografia?<\/p>\n\n\n\n<p class=\"has-medium-font-size\">4. Uma fotografia pode trazer uma reflex\u00e3o, uma mudan\u00e7a no olhar?<\/p>\n\n\n\n<hr class=\"wp-block-separator\"\/>\n\n\n\n<h2 class=\"wp-block-heading\"><strong>ATIVIDADE 3<\/strong><\/h2>\n\n\n\n<p class=\"has-medium-font-size\">Agora \u00e9 com voc\u00ea! Utilizando revistas, jornais, encartes, an\u00fancios entre outros, recorte figuras e monte um banco de imagens.<\/p>\n\n\n\n<p class=\"has-medium-font-size\">Com as imagens selecionadas fa\u00e7a uma colagem. Para se inspirar assista o v\u00eddeo do artista Jo\u00e3o Colagem:<\/p>\n\n\n\n<figure class=\"wp-block-embed is-type-video is-provider-youtube wp-block-embed-youtube wp-embed-aspect-4-3 wp-has-aspect-ratio\"><div class=\"wp-block-embed__wrapper\">\n<p class=\"responsive-video-wrap clr\"><iframe title=\"Jo\u00e3o Colagem - Toque de Seda - 2015\" width=\"1200\" height=\"675\" src=\"https:\/\/www.youtube.com\/embed\/MXjyfBQFz-U?feature=oembed\" frameborder=\"0\" allow=\"accelerometer; autoplay; clipboard-write; encrypted-media; gyroscope; picture-in-picture\" allowfullscreen><\/iframe><\/p>\n<\/div><figcaption><a href=\"https:\/\/www.youtube.com\/watch?v=MXjyfBQFz-U&amp;feature=youtu.be\" target=\"_blank\" rel=\"noreferrer noopener\">YouTube<\/a><\/figcaption><\/figure>\n\n\n\n<hr class=\"wp-block-separator\"\/>\n\n\n\n<p class=\"has-medium-font-size\">A colagem \u00e9 como uma esp\u00e9cie de fotografia, mas agora montada e colada por voc\u00ea. \u00c9 como se o olhar do outro, agora fosse seu! Elabore uma composi\u00e7\u00e3o pensando em cor, forma, textura, dimens\u00f5es e outros elementos da linguagem visual que voc\u00ea conhece.<\/p>\n\n\n\n<p class=\"has-medium-font-size\">Pense em um tema e no que voc\u00ea quer transmitir com a imagem. D\u00ea um t\u00edtulo para seu trabalho e depois de pronto, se quiser compartilhe nas redes sociais e veja as rea\u00e7\u00f5es do \u201cMeu olhar no seu\u201d.<\/p>\n\n\n\n<p class=\"has-medium-font-size\">Bom trabalho!<\/p>\n\n\n\n<hr class=\"wp-block-separator\"\/>\n\n\n\n<p class=\"has-vivid-green-cyan-background-color has-text-color has-background has-medium-font-size\" style=\"color:#ffffff\"><strong>Saiba Mais | Refer\u00eancias:<\/strong><\/p>\n\n\n\n<p>ANDRADE, Ana Lu\u00edza. Entrevista\/ Hal Wildson \u201c\u00c9 imposs\u00edvel fazer qualquer tipo de arte sem falar de pol\u00edca\u201d. Jornal Op\u00e7\u00e3o, 2019. Dispon\u00edvel em: &lt;<em><a href=\"https:\/\/www.jornalopcao.com.br\/opcao-cultural\/e-impossivel-fazer-qualquer-tipo-de-arte-sem-falar-de-politica-174320\/\" target=\"_blank\" rel=\"noreferrer noopener\"><strong>https:\/\/www.jornalopcao.com.br\/opcao-cultural\/e-impossivel-fazer-qualquer-tipo-de-arte-sem-falar-de-politica-174320\/&gt;<\/strong><\/a>. Acessado em: 20 de julho de 2020.<\/em><\/p>\n\n\n\n<p>COLAGEM . In: ENCICLOP\u00c9DIA Ita\u00fa Cultural de Arte e Cultura Brasileiras. S\u00e3o Paulo: Ita\u00fa Cultural, 2020. Dispon\u00edvel em: <em>&lt;<strong><a href=\"http:\/\/enciclopedia.itaucultural.org.br\/termo369\/colagem\" target=\"_blank\" rel=\"noreferrer noopener\">http:\/\/enciclopedia.itaucultural.org.br\/termo369\/colagem<\/a><\/strong>&gt;.<\/em> Acesso em: 05 de Ago. 2020. Verbete da Enciclop\u00e9dia.<br>ISBN: 978-85-7979-060-7<\/p>\n\n\n\n<p>Colagem, Jo\u00e3o. Jo\u00e3o Colagem- Toque de seda-2015. Youtube,2015. Dispon\u00edvel em :&lt;<em><a href=\"https:\/\/youtu.be\/MXjyfBQFz-U\" target=\"_blank\" rel=\"noreferrer noopener\"><strong>https:\/\/youtu.be\/MXjyfBQFz-U<\/strong><\/a>&gt;<\/em>. &nbsp;Acessado em 25 de julho de2020.<\/p>\n\n\n\n<p>FRAS\u00c3O, Dilva. Vik Muniz Artista Pl\u00e1stico Brasileiro. Ebiografia, 2019. Dispon\u00edvel em:&lt; <a href=\"https:\/\/www.ebiografia.com\/vik_muniz\/\" target=\"_blank\" rel=\"noreferrer noopener\"><strong><em>https:\/\/www.ebiografia.com\/vik_muniz<\/em><\/strong><\/a><a href=\"https:\/\/www.ebiografia.com\/vik_muniz\/\">\/<\/a> &gt;.Acesso em: 30 de julho de 2020.<\/p>\n\n\n\n<p>&nbsp;Leoni:Jaime, L\u00e9o . Fotograia. Vagalume, 1993. Dispon\u00edvel em<em>:&lt; <a href=\"https:\/\/www.vagalume.com.br\/leoni\/fotografia.html\" target=\"_blank\" rel=\"noreferrer noopener\"><strong>https:\/\/www.vagalume.com.br\/leoni\/fotografia.html<\/strong><\/a>&nbsp; &gt;.<\/em> Acessado em 30 de julho de 2020. SEBASTI\u00c3O Salgado. In: ENCICLOP\u00c9DIA Ita\u00fa Cultural de Arte e Cultura Brasileiras. S\u00e3o Paulo: Ita\u00fa Cultural, 2020. Dispon\u00edvel em:&nbsp;&nbsp;&nbsp;&nbsp;&nbsp;&nbsp;&nbsp; &nbsp;<em>&lt;http:\/\/enciclopedia.itaucultural.org.br\/pessoa2597\/sebastiao-salgado&gt;.<\/em> Acesso em: 05 de Ago. 2020. Verbete da Enciclop\u00e9dia.<br>ISBN: 978-85-7979-060-7<\/p>\n\n\n\n<hr class=\"wp-block-separator\"\/>\n\n\n\n<figure class=\"wp-block-table alignfull\"><table><tbody><tr><td>Objeto de Conhecimento<\/td><td>Elementos das Linguagens: Elementos constitutivos das artes visuais.Materialidades e Imaterialidades: Formas de express\u00e3o art\u00edstica<\/td><\/tr><tr><td>Habilidades<\/td><td>(EF09AR04-A) Explorar os elementos constitutivos das artes visuais, tais como: o ponto, a linha, a forma, a cor, o espa\u00e7o, o movimento, a textura, os planos, a perspectiva, a composi\u00e7\u00e3o, a propor\u00e7\u00e3o, o equil\u00edbrio e desenvolver a produ\u00e7\u00e3o, a express\u00e3o art\u00edstica e imag\u00e9tica em contextos variados e significativos.(EF09AR05-A) Distinguir, explorar, compreender e empregar diferentes formas de express\u00e3o art\u00edstica existentes, bidimensionais e tridimensionais, tais como: desenhos, pinturas, gravuras, colagens, HQ, zines, memes, interven\u00e7\u00f5es art\u00edsticas, dobraduras, esculturas, modelagens, instala\u00e7\u00f5es, v\u00eddeos, fotografias, performances, grafite, tecelagens. Fazer uso sustent\u00e1vel de materiais, instrumentos, recursos, t\u00e9cnicas convencionais e n\u00e3o convencionais, enquanto componentes fundamentais para ampliar as experi\u00eancias art\u00edsticas e o seu repert\u00f3rio imag\u00e9tico, est\u00e9tico e sens\u00edvel nas produ\u00e7\u00f5es em contexto, fazendo uso consciente e respons\u00e1vel dos recursos naturais.<\/td><\/tr><tr><td>Proponentes\/ Professores:<\/td><td>C\u00e9lia Regina de Oliveira<\/td><\/tr><tr><td>Institui\u00e7\u00e3o Educacional:<\/td><td>Escola Municipal Professora Silene de Andrade<\/td><\/tr><tr><td>CRE:<\/td><td>Central<\/td><\/tr><\/tbody><\/table><\/figure>\n\n\n\n<hr class=\"wp-block-separator\"\/>\n\n\n\n<p class=\"has-text-align-center has-medium-font-size\">EAJA \u2013Experi\u00eancias e Curiosidades \u2013 2\u00b0 Segmento \u2013 5\u00aa a 6\u00aa s\u00e9ries<\/p>\n","protected":false},"author":27,"featured_media":84899,"template":"","meta":{"_acf_changed":false,"ocean_post_layout":"","ocean_both_sidebars_style":"","ocean_both_sidebars_content_width":0,"ocean_both_sidebars_sidebars_width":0,"ocean_sidebar":"","ocean_second_sidebar":"","ocean_disable_margins":"enable","ocean_add_body_class":"","ocean_shortcode_before_top_bar":"","ocean_shortcode_after_top_bar":"","ocean_shortcode_before_header":"","ocean_shortcode_after_header":"","ocean_has_shortcode":"","ocean_shortcode_after_title":"","ocean_shortcode_before_footer_widgets":"","ocean_shortcode_after_footer_widgets":"","ocean_shortcode_before_footer_bottom":"","ocean_shortcode_after_footer_bottom":"","ocean_display_top_bar":"default","ocean_display_header":"default","ocean_header_style":"","ocean_center_header_left_menu":"","ocean_custom_header_template":"","ocean_custom_logo":0,"ocean_custom_retina_logo":0,"ocean_custom_logo_max_width":0,"ocean_custom_logo_tablet_max_width":0,"ocean_custom_logo_mobile_max_width":0,"ocean_custom_logo_max_height":0,"ocean_custom_logo_tablet_max_height":0,"ocean_custom_logo_mobile_max_height":0,"ocean_header_custom_menu":"","ocean_menu_typo_font_family":"","ocean_menu_typo_font_subset":"","ocean_menu_typo_font_size":0,"ocean_menu_typo_font_size_tablet":0,"ocean_menu_typo_font_size_mobile":0,"ocean_menu_typo_font_size_unit":"px","ocean_menu_typo_font_weight":"","ocean_menu_typo_font_weight_tablet":"","ocean_menu_typo_font_weight_mobile":"","ocean_menu_typo_transform":"","ocean_menu_typo_transform_tablet":"","ocean_menu_typo_transform_mobile":"","ocean_menu_typo_line_height":0,"ocean_menu_typo_line_height_tablet":0,"ocean_menu_typo_line_height_mobile":0,"ocean_menu_typo_line_height_unit":"","ocean_menu_typo_spacing":0,"ocean_menu_typo_spacing_tablet":0,"ocean_menu_typo_spacing_mobile":0,"ocean_menu_typo_spacing_unit":"","ocean_menu_link_color":"","ocean_menu_link_color_hover":"","ocean_menu_link_color_active":"","ocean_menu_link_background":"","ocean_menu_link_hover_background":"","ocean_menu_link_active_background":"","ocean_menu_social_links_bg":"","ocean_menu_social_hover_links_bg":"","ocean_menu_social_links_color":"","ocean_menu_social_hover_links_color":"","ocean_disable_title":"default","ocean_disable_heading":"default","ocean_post_title":"","ocean_post_subheading":"","ocean_post_title_style":"","ocean_post_title_background_color":"","ocean_post_title_background":0,"ocean_post_title_bg_image_position":"","ocean_post_title_bg_image_attachment":"","ocean_post_title_bg_image_repeat":"","ocean_post_title_bg_image_size":"","ocean_post_title_height":0,"ocean_post_title_bg_overlay":0.5,"ocean_post_title_bg_overlay_color":"","ocean_disable_breadcrumbs":"default","ocean_breadcrumbs_color":"","ocean_breadcrumbs_separator_color":"","ocean_breadcrumbs_links_color":"","ocean_breadcrumbs_links_hover_color":"","ocean_display_footer_widgets":"default","ocean_display_footer_bottom":"default","ocean_custom_footer_template":""},"eaja_categoria":[104],"serie":[75],"eaja_componente":[83],"class_list":["post-84898","eaja","type-eaja","status-publish","has-post-thumbnail","hentry","eaja_categoria-2o-segmento-5a-e-6a-serie","serie-6a-serie","eaja_componente-arte","entry","has-media"],"acf":[],"_links":{"self":[{"href":"https:\/\/sme.goiania.go.gov.br\/conexaoescola\/wp-json\/wp\/v2\/eaja\/84898","targetHints":{"allow":["GET"]}}],"collection":[{"href":"https:\/\/sme.goiania.go.gov.br\/conexaoescola\/wp-json\/wp\/v2\/eaja"}],"about":[{"href":"https:\/\/sme.goiania.go.gov.br\/conexaoescola\/wp-json\/wp\/v2\/types\/eaja"}],"author":[{"embeddable":true,"href":"https:\/\/sme.goiania.go.gov.br\/conexaoescola\/wp-json\/wp\/v2\/users\/27"}],"wp:featuredmedia":[{"embeddable":true,"href":"https:\/\/sme.goiania.go.gov.br\/conexaoescola\/wp-json\/wp\/v2\/media\/84899"}],"wp:attachment":[{"href":"https:\/\/sme.goiania.go.gov.br\/conexaoescola\/wp-json\/wp\/v2\/media?parent=84898"}],"wp:term":[{"taxonomy":"eaja_categoria","embeddable":true,"href":"https:\/\/sme.goiania.go.gov.br\/conexaoescola\/wp-json\/wp\/v2\/eaja_categoria?post=84898"},{"taxonomy":"serie","embeddable":true,"href":"https:\/\/sme.goiania.go.gov.br\/conexaoescola\/wp-json\/wp\/v2\/serie?post=84898"},{"taxonomy":"eaja_componente","embeddable":true,"href":"https:\/\/sme.goiania.go.gov.br\/conexaoescola\/wp-json\/wp\/v2\/eaja_componente?post=84898"}],"curies":[{"name":"wp","href":"https:\/\/api.w.org\/{rel}","templated":true}]}}