{"id":84625,"date":"2020-12-14T07:00:00","date_gmt":"2020-12-14T09:00:00","guid":{"rendered":"https:\/\/sme.goiania.go.gov.br\/conexaoescola\/?post_type=eaja&#038;p=84625"},"modified":"2020-12-08T17:38:47","modified_gmt":"2020-12-08T19:38:47","slug":"jeito-de-ser-de-cada-casa","status":"publish","type":"eaja","link":"https:\/\/sme.goiania.go.gov.br\/conexaoescola\/eaja\/jeito-de-ser-de-cada-casa\/","title":{"rendered":"Jeito de ser de cada casa"},"content":{"rendered":"\n<p class=\"has-medium-font-size\">Cada mundo cabe em cada casa. Cada casa tem seu jeito de ser!<br>Como \u00e9 o lugar onde voc\u00ea mora?<br>Voc\u00ea sabia que existe v\u00e1rios tipos de moradias?<br>As moradia tem por objetivo servir \u00e0s necessidades do homem conforme suas condi\u00e7\u00f5es espec\u00edficas. Por isso, acabam se transformando em seus lares.<br>Vamos conhecer um pouco mais sobre isso?<\/p>\n\n\n\n<hr class=\"wp-block-separator\"\/>\n\n\n\n<h2 class=\"wp-block-heading\">Atividade 1<\/h2>\n\n\n\n<p class=\"has-medium-font-size\">Assista o v\u00eddeo: A Casa <\/p>\n\n\n\n<figure class=\"wp-block-embed-youtube wp-block-embed is-type-video is-provider-youtube wp-embed-aspect-4-3 wp-has-aspect-ratio\"><div class=\"wp-block-embed__wrapper\">\n<p class=\"responsive-video-wrap clr\"><iframe title=\"A Casa - Vin\u00edcius de Moraes por Eliana\" width=\"1200\" height=\"900\" src=\"https:\/\/www.youtube.com\/embed\/Tr64alpIxeY?feature=oembed\" frameborder=\"0\" allow=\"accelerometer; autoplay; clipboard-write; encrypted-media; gyroscope; picture-in-picture\" allowfullscreen><\/iframe><\/p>\n<\/div><figcaption>&#8220;A Casa&#8221; &#8211; Canal: Tatiana Canelhas &#8211; <br>Link: <a href=\"https:\/\/www.youtube.com\/watch?v=Tr64alpIxeY\" target=\"_blank\" rel=\"noreferrer noopener\">https:\/\/www.youtube.com\/watch?v=Tr64alpIxeY<\/a><\/figcaption><\/figure>\n\n\n\n<p class=\"has-medium-font-size\">\u2022 Ent\u00e3o agora vamos pensar um pouco sobre:<\/p>\n\n\n\n<p class=\"has-medium-font-size\">\u2022 Por que n\u00e3o \u00e9 poss\u00edvel existir uma casa assim?<\/p>\n\n\n\n<p class=\"has-medium-font-size\">\u2022 Qual a fun\u00e7\u00e3o de uma moradia?<\/p>\n\n\n\n<p class=\"has-medium-font-size\">Na regi\u00e3o onde moramos o tipo de casa mais comum, \u00e9 a casa de ALVENARIA. Vamos conhecer um pouco sobre os tipos de casa que existem? \u00c9 s\u00f3 acessar o link do v\u00eddeo abaixo: Tipos de Moradia do canal Nossa vida com Alice:<\/p>\n\n\n\n<figure class=\"wp-block-embed-youtube wp-block-embed is-type-video is-provider-youtube wp-embed-aspect-16-9 wp-has-aspect-ratio\"><div class=\"wp-block-embed__wrapper\">\n<p class=\"responsive-video-wrap clr\"><iframe title=\"[ Cart\u00f5es ] Tipos de Moradia\" width=\"1200\" height=\"675\" src=\"https:\/\/www.youtube.com\/embed\/U6HuzL3CPLU?start=3&#038;feature=oembed\" frameborder=\"0\" allow=\"accelerometer; autoplay; clipboard-write; encrypted-media; gyroscope; picture-in-picture\" allowfullscreen><\/iframe><\/p>\n<\/div><figcaption>&#8221;\u00a0Tipos de Moradia&#8221; &#8211; Canal: <a href=\"https:\/\/www.youtube.com\/channel\/UCIy9Dy8JYRaWLFfzH3G5gmw\">Nossa vida com Alice<\/a> &#8211; <br>Link: <a href=\"https:\/\/www.youtube.com\/watch?v=U6HuzL3CPLU&amp;t=3s\" target=\"_blank\" rel=\"noreferrer noopener\">https:\/\/www.youtube.com\/watch?v=U6HuzL3CPLU&amp;t=3s<\/a><\/figcaption><\/figure>\n\n\n\n<hr class=\"wp-block-separator\"\/>\n\n\n\n<h2 class=\"wp-block-heading\">Atividade 2<\/h2>\n\n\n\n<p class=\"has-medium-font-size\">\u2022 Como \u00e9 o lugar onde voc\u00ea mora?<br>\u2022 E as divis\u00f5es de uma moradia (c\u00f4modos), quais s\u00e3o?<br>\u2022 Qual parte da casa voc\u00ea mais gosta de ficar? Por qu\u00ea?<\/p>\n\n\n\n<p class=\"has-medium-font-size\">\u2022 E sua escola como \u00e9?<br>\u2022 Qual o melhor espa\u00e7o na escola na sua opini\u00e3o?<br>\u2022 Em uma folha em branco desenhe sua casa e sua escola (N\u00e3o esque\u00e7a de colorir). Em seguida com ajuda de uma pessoa da sua fam\u00edlia fa\u00e7am uma lista com as diferen\u00e7as entre sua casa e a escola que voc\u00ea estuda. (Aproveita e tente matar a saudade se lembrando dela).<\/p>\n\n\n\n<hr class=\"wp-block-separator\"\/>\n\n\n\n<h2 class=\"wp-block-heading\">Atividade 3<\/h2>\n\n\n\n<p class=\"has-medium-font-size\">Observe as imagens a seguir e responda as quest\u00f5es a seguir:<\/p>\n\n\n\n<p><img decoding=\"async\" width=\"170\" height=\"170\" src=\"https:\/\/lh3.googleusercontent.com\/s-b2W_oqmMhJExjJX0ZYNRTnXnHNdRlKFD5Er3Thz1cRq4QFlWdF0tltmqcXxzuiP9VkseREPf1OIGEBHoRlJdRDp3kZtZ-4WdQPNLs7Dy1B5iT-9U5DvwUIR2G_afpWUGdYs_Bz\">  Imagem      <img decoding=\"async\" width=\"229\" height=\"172\" src=\"https:\/\/lh5.googleusercontent.com\/N2wHMm38eHhPf4lg8jZQCZHHx_MeOYC0-gHbbMkWLjs9CgR7J6_mzzFk6W1qff0ngm54Ti-t1mDBk9AIyHP59rx2s0TXuUUPGfDrRM1eU0Dl04K_YymRWRMhW5_56dQ-riA4Q0WF\">Imagem 2 <\/p>\n\n\n\n<p><img decoding=\"async\" width=\"235\" height=\"172\" src=\"https:\/\/lh5.googleusercontent.com\/K5pka-8GBryo9EkvielZrlXSTC2yBcP3yCZEeFMNFF5Os33rayO9q1QLqRVWEFLkZdmsJXwA3T3QnE37z6xX62VDFymgmKlL2u2bjqHZPiyqxxiHivbJad3qILfgEcwI5HKMzR85\">Imagem 3<\/p>\n\n\n\n<blockquote class=\"wp-block-quote is-layout-flow wp-block-quote-is-layout-flow\"><p><\/p><cite>Fonte das imagens: &nbsp;<br>Imagem 1: https:\/\/br.habcdn.com\/photos\/quotation\/gallery\/mini-casa-de-arvore-jardim-1366226.jpg Imagem 2: https:\/\/engenharia360.com\/tijolos-se-faz-uma-casa\/&nbsp;<br>Imagem 3: https:\/\/img.socioambiental.org\/v\/publico\/pibmirim\/como-vivem\/habitacoes\/Xavante_red.JPG.html<\/cite><\/blockquote>\n\n\n\n<hr class=\"wp-block-separator\"\/>\n\n\n\n<p class=\"has-medium-font-size\">\u2022 Quais materiais voc\u00eas acham que foram utilizados para construir as tr\u00eas moradias?<br>\u2022 Quais materiais voc\u00eas observam que foram utilizados nas moradias?<br>\u2022 Voc\u00eas conhecem outros materiais que podem ser utilizados para construir moradias?<br>\u2022 Voc\u00ea quais s\u00e3o os profissionais respons\u00e1veis pela constru\u00e7\u00e3o de casas?<\/p>\n\n\n\n<p class=\"has-text-color has-background has-medium-font-size has-very-light-gray-color has-vivid-cyan-blue-background-color\"><strong>Saiba Mais |Refer\u00eancias:<\/strong><\/p>\n\n\n\n<div class=\"wp-block-columns is-layout-flex wp-container-core-columns-is-layout-9d6595d7 wp-block-columns-is-layout-flex\">\n<div class=\"wp-block-column is-layout-flow wp-block-column-is-layout-flow\">\n<p class=\"has-text-color has-background has-medium-font-size has-vivid-purple-color has-very-light-gray-background-color\"><a href=\"https:\/\/drive.google.com\/file\/d\/1nveiYVAWGQ0OEJ4qtIY0Lq85h5_g4pF4\/view\">https:\/\/drive.google.com\/file\/d\/1nveiYVAWGQ0OEJ4qtIY0Lq85h5_g4pF4\/view<\/a><\/p>\n<\/div>\n\n\n\n<div class=\"wp-block-column is-layout-flow wp-block-column-is-layout-flow\">\n<figure class=\"wp-block-embed-wordpress wp-block-embed is-type-wp-embed is-provider-plantas-de-casas\"><div class=\"wp-block-embed__wrapper\">\n<div class=\"oceanwp-oembed-wrap clr\"><blockquote class=\"wp-embedded-content\" data-secret=\"sBfF4nTTPP\"><a href=\"https:\/\/plantasdecasas.com\/11-herois-do-canteiro-de-obras\/\">11 her\u00f3is do canteiro de obras<\/a><\/blockquote><iframe class=\"wp-embedded-content\" sandbox=\"allow-scripts\" security=\"restricted\" style=\"position: absolute; clip: rect(1px, 1px, 1px, 1px);\" title=\"&#8220;11 her\u00f3is do canteiro de obras&#8221; &#8212; Plantas de Casas\" src=\"https:\/\/plantasdecasas.com\/11-herois-do-canteiro-de-obras\/embed\/#?secret=sBfF4nTTPP\" data-secret=\"sBfF4nTTPP\" width=\"600\" height=\"338\" frameborder=\"0\" marginwidth=\"0\" marginheight=\"0\" scrolling=\"no\"><\/iframe><\/div>\n<\/div><figcaption>https:\/\/plantasdecasas.com\/11-herois-do-canteiro-de-obras\/<\/figcaption><\/figure>\n<\/div>\n\n\n\n<div class=\"wp-block-column is-layout-flow wp-block-column-is-layout-flow\">\n<figure class=\"wp-block-embed-youtube wp-block-embed is-type-video is-provider-youtube wp-embed-aspect-16-9 wp-has-aspect-ratio\"><div class=\"wp-block-embed__wrapper\">\n<p class=\"responsive-video-wrap clr\"><iframe title=\"Mundo Bita - Nossa Casa [clipe infantil]\" width=\"1200\" height=\"675\" src=\"https:\/\/www.youtube.com\/embed\/N837uUhxudo?feature=oembed\" frameborder=\"0\" allow=\"accelerometer; autoplay; clipboard-write; encrypted-media; gyroscope; picture-in-picture\" allowfullscreen><\/iframe><\/p>\n<\/div><figcaption>&#8220;Mundo Bita &#8211; Nossa Casa&#8221; Canal: <a href=\"https:\/\/www.youtube.com\/channel\/UC0cGVh96osM7yqMu0ENSKKQ\">Mundo Bita<\/a> &#8211; https:\/\/www.youtube.com\/watch?v=N837uUhxudo<\/figcaption><\/figure>\n<\/div>\n<\/div>\n\n\n\n<hr class=\"wp-block-separator\"\/>\n\n\n\n<figure class=\"wp-block-table alignfull\"><table><tbody><tr><td>Objeto de Conhecimento<\/td><td>Diferentes moradias;<br>Espa\u00e7os f\u00edsicos diversos.<\/td><\/tr><tr><td>Componente<br>Curricular<\/td><td>Geografia;<br>Matem\u00e1tica;<br>Arte;<br>Hist\u00f3ria.<\/td><\/tr><tr><td>Habilidades<\/td><td>(EF01GE01-B\/C) Observar e descrever caracter\u00edsticas de seus lugares de viv\u00eancia, identificando semelhan\u00e7as e diferen\u00e7as de outros lugares.<br>(EF01GE06-A) Compreender, descrever e comparar diferentes tipos de moradia ou objetos de uso cotidiano, como brinquedos, roupas, mobili\u00e1rios, considerando t\u00e9cnicas e materiais utilizados em sua produ\u00e7\u00e3o.<br>(EF02MA13-D) Representar com desenhos a localiza\u00e7\u00e3o em um espa\u00e7o, sala de aula, lugar de recrea\u00e7\u00e3o, sua casa ou outro ambiente, tendo como ponto de refer\u00eancia o pr\u00f3prio corpo.<br>(GO-EF01AR01-A) Apontar, relacionar, compreender, explorar, representar e criar criticamente formas distintas das artes visuais tradicionais e contempor\u00e2neas locais, regionais e nacionais, desenvolvendo a percep\u00e7\u00e3o, o imagin\u00e1rio, a capacidade de simbolizar e valorizar o repert\u00f3rio imag\u00e9tico do cotidiano individual e coletivo.<br>(EF01HI04) Identificar as diferen\u00e7as entre os variados ambientes em que vive (dom\u00e9stico, escolar e da comunidade), reconhecendo as especificidades dos h\u00e1bitos e das regras que os regem.<br>(EF02LP20-B) Analisar o tipo de informa\u00e7\u00e3o que os textos apresentam.<\/td><\/tr><\/tbody><\/table><\/figure>\n\n\n\n<figure class=\"wp-block-table alignfull\"><table><tbody><tr><td>Proponentes\/<br>Professores:<\/td><td>Eloisa Vieira da Silva<br>Greyce Kely de Freitas Mariano<br>Marlene Ant\u00f4nia da Silva<br>Silvia Xavier do Nascimento Medeiros<\/td><\/tr><tr><td>Institui\u00e7\u00e3o<br>Educacional:<\/td><td>Escola Municipal Rotary Goi\u00e2nia Sul<\/td><\/tr><tr><td>CRE:<\/td><td>Brasil Di Ramos Caiado<\/td><\/tr><\/tbody><\/table><\/figure>\n\n\n\n<p class=\"has-text-align-center has-medium-font-size\">EAJA \u2013\u00c9tica e Cidadania \u2013 2\u00b0 Segmento \u2013 5\u00aa a 6\u00aa s\u00e9ries<\/p>\n","protected":false},"author":27,"featured_media":84626,"template":"","meta":{"_acf_changed":false,"ocean_post_layout":"","ocean_both_sidebars_style":"","ocean_both_sidebars_content_width":0,"ocean_both_sidebars_sidebars_width":0,"ocean_sidebar":"","ocean_second_sidebar":"","ocean_disable_margins":"enable","ocean_add_body_class":"","ocean_shortcode_before_top_bar":"","ocean_shortcode_after_top_bar":"","ocean_shortcode_before_header":"","ocean_shortcode_after_header":"","ocean_has_shortcode":"","ocean_shortcode_after_title":"","ocean_shortcode_before_footer_widgets":"","ocean_shortcode_after_footer_widgets":"","ocean_shortcode_before_footer_bottom":"","ocean_shortcode_after_footer_bottom":"","ocean_display_top_bar":"default","ocean_display_header":"default","ocean_header_style":"","ocean_center_header_left_menu":"","ocean_custom_header_template":"","ocean_custom_logo":0,"ocean_custom_retina_logo":0,"ocean_custom_logo_max_width":0,"ocean_custom_logo_tablet_max_width":0,"ocean_custom_logo_mobile_max_width":0,"ocean_custom_logo_max_height":0,"ocean_custom_logo_tablet_max_height":0,"ocean_custom_logo_mobile_max_height":0,"ocean_header_custom_menu":"","ocean_menu_typo_font_family":"","ocean_menu_typo_font_subset":"","ocean_menu_typo_font_size":0,"ocean_menu_typo_font_size_tablet":0,"ocean_menu_typo_font_size_mobile":0,"ocean_menu_typo_font_size_unit":"px","ocean_menu_typo_font_weight":"","ocean_menu_typo_font_weight_tablet":"","ocean_menu_typo_font_weight_mobile":"","ocean_menu_typo_transform":"","ocean_menu_typo_transform_tablet":"","ocean_menu_typo_transform_mobile":"","ocean_menu_typo_line_height":0,"ocean_menu_typo_line_height_tablet":0,"ocean_menu_typo_line_height_mobile":0,"ocean_menu_typo_line_height_unit":"","ocean_menu_typo_spacing":0,"ocean_menu_typo_spacing_tablet":0,"ocean_menu_typo_spacing_mobile":0,"ocean_menu_typo_spacing_unit":"","ocean_menu_link_color":"","ocean_menu_link_color_hover":"","ocean_menu_link_color_active":"","ocean_menu_link_background":"","ocean_menu_link_hover_background":"","ocean_menu_link_active_background":"","ocean_menu_social_links_bg":"","ocean_menu_social_hover_links_bg":"","ocean_menu_social_links_color":"","ocean_menu_social_hover_links_color":"","ocean_disable_title":"default","ocean_disable_heading":"default","ocean_post_title":"","ocean_post_subheading":"","ocean_post_title_style":"","ocean_post_title_background_color":"","ocean_post_title_background":0,"ocean_post_title_bg_image_position":"","ocean_post_title_bg_image_attachment":"","ocean_post_title_bg_image_repeat":"","ocean_post_title_bg_image_size":"","ocean_post_title_height":0,"ocean_post_title_bg_overlay":0.5,"ocean_post_title_bg_overlay_color":"","ocean_disable_breadcrumbs":"default","ocean_breadcrumbs_color":"","ocean_breadcrumbs_separator_color":"","ocean_breadcrumbs_links_color":"","ocean_breadcrumbs_links_hover_color":"","ocean_display_footer_widgets":"default","ocean_display_footer_bottom":"default","ocean_custom_footer_template":""},"eaja_categoria":[],"serie":[],"eaja_componente":[],"class_list":["post-84625","eaja","type-eaja","status-publish","has-post-thumbnail","hentry","entry","has-media"],"acf":[],"_links":{"self":[{"href":"https:\/\/sme.goiania.go.gov.br\/conexaoescola\/wp-json\/wp\/v2\/eaja\/84625","targetHints":{"allow":["GET"]}}],"collection":[{"href":"https:\/\/sme.goiania.go.gov.br\/conexaoescola\/wp-json\/wp\/v2\/eaja"}],"about":[{"href":"https:\/\/sme.goiania.go.gov.br\/conexaoescola\/wp-json\/wp\/v2\/types\/eaja"}],"author":[{"embeddable":true,"href":"https:\/\/sme.goiania.go.gov.br\/conexaoescola\/wp-json\/wp\/v2\/users\/27"}],"wp:featuredmedia":[{"embeddable":true,"href":"https:\/\/sme.goiania.go.gov.br\/conexaoescola\/wp-json\/wp\/v2\/media\/84626"}],"wp:attachment":[{"href":"https:\/\/sme.goiania.go.gov.br\/conexaoescola\/wp-json\/wp\/v2\/media?parent=84625"}],"wp:term":[{"taxonomy":"eaja_categoria","embeddable":true,"href":"https:\/\/sme.goiania.go.gov.br\/conexaoescola\/wp-json\/wp\/v2\/eaja_categoria?post=84625"},{"taxonomy":"serie","embeddable":true,"href":"https:\/\/sme.goiania.go.gov.br\/conexaoescola\/wp-json\/wp\/v2\/serie?post=84625"},{"taxonomy":"eaja_componente","embeddable":true,"href":"https:\/\/sme.goiania.go.gov.br\/conexaoescola\/wp-json\/wp\/v2\/eaja_componente?post=84625"}],"curies":[{"name":"wp","href":"https:\/\/api.w.org\/{rel}","templated":true}]}}