{"id":77036,"date":"2020-12-14T07:00:00","date_gmt":"2020-12-14T09:00:00","guid":{"rendered":"https:\/\/sme.goiania.go.gov.br\/conexaoescola\/?post_type=eaja&#038;p=77036"},"modified":"2021-10-18T07:38:57","modified_gmt":"2021-10-18T10:38:57","slug":"a-alimentacao-na-pre-historia","status":"publish","type":"eaja","link":"https:\/\/sme.goiania.go.gov.br\/conexaoescola\/eaja\/a-alimentacao-na-pre-historia\/","title":{"rendered":"A alimenta\u00e7\u00e3o na pr\u00e9-hist\u00f3ria"},"content":{"rendered":"\n<p class=\"has-medium-font-size\">Ol\u00e1! Hoje vamos aprender sobre os povos n\u00f4mades, saber sobre sua alimenta\u00e7\u00e3o e seus h\u00e1bitos, al\u00e9m de descobrir como se deu o surgimento da agricultura.<\/p>\n\n\n\n<hr class=\"wp-block-separator has-text-color has-background has-vivid-cyan-blue-background-color has-vivid-cyan-blue-color\"\/>\n\n\n\n<p class=\"has-medium-font-size\"><strong>Os alimentos consumidos pelos povos n\u00f4mades.<\/strong><\/p>\n\n\n\n<p class=\"has-luminous-vivid-amber-background-color has-background has-medium-font-size\"><strong>ATIVIDADE 1<\/strong><\/p>\n\n\n\n<p class=\"has-medium-font-size\">Vamos ler o texto: \u201cAlimenta\u00e7\u00e3o saud\u00e1vel: dos frutos aos nuggets.\u201d<\/p>\n\n\n\n<p class=\"has-medium-font-size\">&nbsp;&nbsp;&nbsp;&nbsp;\u201cComida congelada, suco de caixinha, pipoca de micro-ondas, sopa instant\u00e2nea, nuggets, enlatados. Produtos aliment\u00edcios como esses, \u00edcones da vida moderna e que enchem nossos carrinhos de supermercados, n\u00e3o fazem jus ao caminho percorrido por nossos antepassados ao longo da hist\u00f3ria para manter a barriga cheia, o corpo nutrido e a sa\u00fade em dia.<\/p>\n\n\n\n<p class=\"has-medium-font-size\">&nbsp;&nbsp;&nbsp;&nbsp;No in\u00edcio era a coleta. H\u00e1 cerca de 200 mil anos, nossos ancestrais, que eram n\u00f4mades, se alimentavam de frutos e ra\u00edzes, consumiam carne de ca\u00e7a, peixe e possivelmente moluscos in natura. Como num drive-thru paleol\u00edtico, eles aproveitavam as ofertas aliment\u00edcias que encontravam pelo caminho. Ainda nesta \u00e9poca, nossos parentes homin\u00eddeos inventaram de assar e cozinhar os alimentos. E foram levando a vida assim, durante alguns milhares de anos. Eles andavam, ca\u00e7avam, pescavam e comiam. Se n\u00e3o se mexessem, ou se a oferta era escassa, passavam fome.<\/p>\n\n\n\n<p class=\"has-medium-font-size\">&nbsp;&nbsp;&nbsp;&nbsp;Muito tempo depois, h\u00e1 aproximadamente 10 mil anos, veio a mudan\u00e7a que influenciaria a alimenta\u00e7\u00e3o, a cultura e as sociedades humanas at\u00e9 hoje: a agricultura. Cansados de vagar, e com a experi\u00eancia de mil\u00eanios acumulada, nossos ancestrais resolveram fixar resid\u00eancia. Passaram a viver \u00e0s margens de rios e lagos, cultivando trigo, cevada, milho, arroz e cereais \u2013 estes que s\u00e3o a base da alimenta\u00e7\u00e3o tradicional de diferentes povos por todo o planeta at\u00e9 hoje. Ao mesmo tempo, dava-se in\u00edcio a cria\u00e7\u00e3o de bovinos, ovinos, caprinos e su\u00ednos. Tamb\u00e9m come\u00e7aram a produzir bebidas e alimentos l\u00edquidos usando cereais, caules, gr\u00e3os, vagens, brotos; al\u00e9m de cozidos, ensopados e condimentos. [\u2026]\u201d<\/p>\n\n\n\n<p class=\"has-medium-font-size\"><em>Dispon\u00edvel em: <\/em><a href=\"http:\/\/bvsms.saude.gov.br\/ultimas-noticias\/2014-alimentacao-saudavel-dos-frutos-aos-nuggets\"><em>h<\/em>ttp:\/\/bvsms.saude.gov.br\/ultimas-noticias\/2014-alimentacao-saudavel-dos-frutos-aos-nugget<em>s<\/em><\/a><\/p>\n\n\n\n<p class=\"has-medium-font-size\">Agora responda as quest\u00f5es sobre o texto:<\/p>\n\n\n\n<p class=\"has-medium-font-size\">Quais eram os alimentos consumidos por nossos ancestrais n\u00f4mades?<\/p>\n\n\n\n<p class=\"has-medium-font-size\">Como os povos n\u00f4mades agiam para buscar seu alimento?<\/p>\n\n\n\n<p class=\"has-medium-font-size\">Em que per\u00edodo surgiu a agricultura?<\/p>\n\n\n\n<p class=\"has-medium-font-size\">Como esses povos passaram a viver ap\u00f3s a descoberta da agricultura? E o que eles cultivavam?<\/p>\n\n\n\n<hr class=\"wp-block-separator has-text-color has-background has-vivid-cyan-blue-background-color has-vivid-cyan-blue-color\"\/>\n\n\n\n<p class=\"has-luminous-vivid-amber-background-color has-background has-medium-font-size\"><strong>ATIVIDADE 2<\/strong><\/p>\n\n\n\n<p class=\"has-medium-font-size\">A partir das reflex\u00f5es apresentadas no texto acima, assista ao v\u00eddeo:<\/p>\n\n\n\n<figure class=\"wp-block-embed is-type-video is-provider-youtube wp-block-embed-youtube wp-embed-aspect-16-9 wp-has-aspect-ratio\"><div class=\"wp-block-embed__wrapper\">\n<p class=\"responsive-video-wrap clr\"><iframe title=\"Quem os povos n\u00f4mades e sedent\u00e1rios eram?\" width=\"1200\" height=\"675\" src=\"https:\/\/www.youtube.com\/embed\/UVqQtRhUaHY?feature=oembed\" frameborder=\"0\" allow=\"accelerometer; autoplay; clipboard-write; encrypted-media; gyroscope; picture-in-picture\" allowfullscreen><\/iframe><\/p>\n<\/div><figcaption>&#8220;Quem os povos n\u00f4mades e sedent\u00e1rios eram?&#8221; &#8211; Canal: <a href=\"https:\/\/www.youtube.com\/channel\/UCiKlJUHXGLqEPGcOOGaTbIw\">Lousa Digital<\/a> &#8211; Link: https:\/\/www.youtube.com\/watch?v=UVqQtRhUaHY<\/figcaption><\/figure>\n\n\n\n<p class=\"has-medium-font-size\">FIQUE ATENTO!&nbsp;<\/p>\n\n\n\n<p class=\"has-medium-font-size\">Durante o v\u00eddeo algumas perguntas ter\u00e3o que ser respondidas, assim como a pergunta feita no t\u00edtulo do v\u00eddeo.<\/p>\n\n\n\n<hr class=\"wp-block-separator has-text-color has-background has-vivid-cyan-blue-background-color has-vivid-cyan-blue-color\"\/>\n\n\n\n<p class=\"has-luminous-vivid-amber-background-color has-background has-medium-font-size\"><strong>ATIVIDADE 3<\/strong><\/p>\n\n\n\n<p class=\"has-medium-font-size\">Assista ao v\u00eddeo:<\/p>\n\n\n\n<figure class=\"wp-block-embed is-type-video is-provider-youtube wp-block-embed-youtube wp-embed-aspect-16-9 wp-has-aspect-ratio\"><div class=\"wp-block-embed__wrapper\">\n<p class=\"responsive-video-wrap clr\"><iframe title=\"SBAN - Hist\u00f3ria da Alimenta\u00e7\u00e3o\" width=\"1200\" height=\"675\" src=\"https:\/\/www.youtube.com\/embed\/pY8SCYI3Ro4?feature=oembed\" frameborder=\"0\" allow=\"accelerometer; autoplay; clipboard-write; encrypted-media; gyroscope; picture-in-picture\" allowfullscreen><\/iframe><\/p>\n<\/div><figcaption>&#8220;SBAN &#8211; Hist\u00f3ria da Alimenta\u00e7\u00e3o&#8221; &#8211; Canal: <a href=\"https:\/\/www.youtube.com\/channel\/UCJ7twyb3OlmSS85MtmKiZXQ\">Sban<\/a> &#8211; Link: https:\/\/www.youtube.com\/watch?v=pY8SCYI3Ro4<\/figcaption><\/figure>\n\n\n\n<p class=\"has-medium-font-size\">Depois, produza um pequeno texto sobre a \u201cHist\u00f3ria da Alimenta\u00e7\u00e3o\u201d, a partir das reflex\u00f5es feitas com o v\u00eddeo e tamb\u00e9m considerando as discuss\u00f5es anteriores (atividades 1 e 2).<\/p>\n\n\n\n<hr class=\"wp-block-separator has-text-color has-background has-vivid-cyan-blue-background-color has-vivid-cyan-blue-color\"\/>\n\n\n\n<p class=\"has-medium-font-size\"><strong>Saiba Mais | Refer\u00eancias:<\/strong><\/p>\n\n\n\n<p class=\"has-medium-font-size\"><a href=\"https:\/\/www.infoescola.com\/historia\/nomadismo\">https:\/\/www.infoescola.com\/historia\/nomadismo<\/a><\/p>\n\n\n\n<figure class=\"wp-block-embed is-type-video is-provider-youtube wp-block-embed-youtube wp-embed-aspect-16-9 wp-has-aspect-ratio\"><div class=\"wp-block-embed__wrapper\">\n<p class=\"responsive-video-wrap clr\"><iframe title=\"Pr\u00e9-Hist\u00f3ria\" width=\"1200\" height=\"675\" src=\"https:\/\/www.youtube.com\/embed\/IAzZ9HXA2xw?feature=oembed\" frameborder=\"0\" allow=\"accelerometer; autoplay; clipboard-write; encrypted-media; gyroscope; picture-in-picture\" allowfullscreen><\/iframe><\/p>\n<\/div><figcaption>&#8220;Pr\u00e9-Hist\u00f3ria&#8221; &#8211; Canal: <a href=\"https:\/\/www.youtube.com\/channel\/UCKUL3EyuAEaJUYH_kib15dg\">Se Liga Nessa Hist\u00f3ria<\/a> &#8211; Link: https:\/\/www.youtube.com\/watch?v=IAzZ9HXA2xw<\/figcaption><\/figure>\n\n\n\n<hr class=\"wp-block-separator has-text-color has-background has-vivid-cyan-blue-background-color has-vivid-cyan-blue-color\"\/>\n\n\n\n<figure class=\"wp-block-table alignfull\"><table><tbody><tr><td><strong>Componente Curricular<\/strong><\/td><td><strong>Objetivos de aprendizagens e desenvolvimento<\/strong><\/td><\/tr><tr><td>Hist\u00f3ria<\/td><td>(EAJAHI0401) Reconhecer a hist\u00f3ria como resultado da a\u00e7\u00e3o do ser humano no tempo e no espa\u00e7o, com base na identifica\u00e7\u00e3o de mudan\u00e7as e perman\u00eancias ao longo do tempo.<br>(EAJAHI0402) Identificar as mudan\u00e7as e perman\u00eancias a partir dos grandes marcos da hist\u00f3ria da humanidade: nomadismo, desenvolvimento da agricultura e do pastoreio), utiliza\u00e7\u00e3o de metais e surgimento do com\u00e9rcio que influenciaram a trajet\u00f3ria dos grupos humanos.<\/td><\/tr><\/tbody><\/table><\/figure>\n\n\n\n<hr class=\"wp-block-separator has-text-color has-background has-vivid-cyan-blue-background-color has-vivid-cyan-blue-color\"\/>\n\n\n\n<figure class=\"wp-block-table alignfull\"><table><tbody><tr><td>Proponentes\/ Professores:<\/td><td>Professora: Paula Michelle Goulart de Oliveira&nbsp;Coordenadora Pedag\u00f3gica: Miri\u00e3 Justina Calixto<\/td><\/tr><tr><td>Institui\u00e7\u00e3o Educacional:<\/td><td>Escola Municipal Jo\u00e3o Clarimundo de Oliveira<\/td><\/tr><tr><td>CRE:<\/td><td>Central&nbsp;<\/td><\/tr><\/tbody><\/table><\/figure>\n\n\n\n<hr class=\"wp-block-separator has-text-color has-background has-vivid-cyan-blue-background-color has-vivid-cyan-blue-color\"\/>\n\n\n\n<p class=\"has-text-align-center has-medium-font-size\">EAJA \u2013 1\u00ba Segmento \u2013 3\u00aa e 4\u00aa S\u00e9rie \u2013 \u00c9tica e Cidadania &#8211; Adaptada<\/p>\n","protected":false},"author":26,"featured_media":77329,"template":"","meta":{"_acf_changed":false,"ocean_post_layout":"","ocean_both_sidebars_style":"","ocean_both_sidebars_content_width":0,"ocean_both_sidebars_sidebars_width":0,"ocean_sidebar":"","ocean_second_sidebar":"","ocean_disable_margins":"enable","ocean_add_body_class":"","ocean_shortcode_before_top_bar":"","ocean_shortcode_after_top_bar":"","ocean_shortcode_before_header":"","ocean_shortcode_after_header":"","ocean_has_shortcode":"","ocean_shortcode_after_title":"","ocean_shortcode_before_footer_widgets":"","ocean_shortcode_after_footer_widgets":"","ocean_shortcode_before_footer_bottom":"","ocean_shortcode_after_footer_bottom":"","ocean_display_top_bar":"default","ocean_display_header":"default","ocean_header_style":"","ocean_center_header_left_menu":"","ocean_custom_header_template":"","ocean_custom_logo":0,"ocean_custom_retina_logo":0,"ocean_custom_logo_max_width":0,"ocean_custom_logo_tablet_max_width":0,"ocean_custom_logo_mobile_max_width":0,"ocean_custom_logo_max_height":0,"ocean_custom_logo_tablet_max_height":0,"ocean_custom_logo_mobile_max_height":0,"ocean_header_custom_menu":"","ocean_menu_typo_font_family":"","ocean_menu_typo_font_subset":"","ocean_menu_typo_font_size":0,"ocean_menu_typo_font_size_tablet":0,"ocean_menu_typo_font_size_mobile":0,"ocean_menu_typo_font_size_unit":"px","ocean_menu_typo_font_weight":"","ocean_menu_typo_font_weight_tablet":"","ocean_menu_typo_font_weight_mobile":"","ocean_menu_typo_transform":"","ocean_menu_typo_transform_tablet":"","ocean_menu_typo_transform_mobile":"","ocean_menu_typo_line_height":0,"ocean_menu_typo_line_height_tablet":0,"ocean_menu_typo_line_height_mobile":0,"ocean_menu_typo_line_height_unit":"","ocean_menu_typo_spacing":0,"ocean_menu_typo_spacing_tablet":0,"ocean_menu_typo_spacing_mobile":0,"ocean_menu_typo_spacing_unit":"","ocean_menu_link_color":"","ocean_menu_link_color_hover":"","ocean_menu_link_color_active":"","ocean_menu_link_background":"","ocean_menu_link_hover_background":"","ocean_menu_link_active_background":"","ocean_menu_social_links_bg":"","ocean_menu_social_hover_links_bg":"","ocean_menu_social_links_color":"","ocean_menu_social_hover_links_color":"","ocean_disable_title":"default","ocean_disable_heading":"default","ocean_post_title":"","ocean_post_subheading":"","ocean_post_title_style":"","ocean_post_title_background_color":"","ocean_post_title_background":0,"ocean_post_title_bg_image_position":"","ocean_post_title_bg_image_attachment":"","ocean_post_title_bg_image_repeat":"","ocean_post_title_bg_image_size":"","ocean_post_title_height":0,"ocean_post_title_bg_overlay":0.5,"ocean_post_title_bg_overlay_color":"","ocean_disable_breadcrumbs":"default","ocean_breadcrumbs_color":"","ocean_breadcrumbs_separator_color":"","ocean_breadcrumbs_links_color":"","ocean_breadcrumbs_links_hover_color":"","ocean_display_footer_widgets":"default","ocean_display_footer_bottom":"default","ocean_custom_footer_template":""},"eaja_categoria":[4],"serie":[72,73],"eaja_componente":[79],"class_list":["post-77036","eaja","type-eaja","status-publish","has-post-thumbnail","hentry","eaja_categoria-1o-segmento-1a-a-4a-serie","serie-3a-serie","serie-4a-serie","eaja_componente-historia","entry","has-media"],"acf":[],"_links":{"self":[{"href":"https:\/\/sme.goiania.go.gov.br\/conexaoescola\/wp-json\/wp\/v2\/eaja\/77036","targetHints":{"allow":["GET"]}}],"collection":[{"href":"https:\/\/sme.goiania.go.gov.br\/conexaoescola\/wp-json\/wp\/v2\/eaja"}],"about":[{"href":"https:\/\/sme.goiania.go.gov.br\/conexaoescola\/wp-json\/wp\/v2\/types\/eaja"}],"author":[{"embeddable":true,"href":"https:\/\/sme.goiania.go.gov.br\/conexaoescola\/wp-json\/wp\/v2\/users\/26"}],"wp:featuredmedia":[{"embeddable":true,"href":"https:\/\/sme.goiania.go.gov.br\/conexaoescola\/wp-json\/wp\/v2\/media\/77329"}],"wp:attachment":[{"href":"https:\/\/sme.goiania.go.gov.br\/conexaoescola\/wp-json\/wp\/v2\/media?parent=77036"}],"wp:term":[{"taxonomy":"eaja_categoria","embeddable":true,"href":"https:\/\/sme.goiania.go.gov.br\/conexaoescola\/wp-json\/wp\/v2\/eaja_categoria?post=77036"},{"taxonomy":"serie","embeddable":true,"href":"https:\/\/sme.goiania.go.gov.br\/conexaoescola\/wp-json\/wp\/v2\/serie?post=77036"},{"taxonomy":"eaja_componente","embeddable":true,"href":"https:\/\/sme.goiania.go.gov.br\/conexaoescola\/wp-json\/wp\/v2\/eaja_componente?post=77036"}],"curies":[{"name":"wp","href":"https:\/\/api.w.org\/{rel}","templated":true}]}}