{"id":58924,"date":"2020-11-16T07:00:00","date_gmt":"2020-11-16T09:00:00","guid":{"rendered":"https:\/\/sme.goiania.go.gov.br\/conexaoescola\/?post_type=eaja&#038;p=58924"},"modified":"2021-11-16T17:21:36","modified_gmt":"2021-11-16T19:21:36","slug":"a-relacao-entre-algumas-unidades-de-medidas","status":"publish","type":"eaja","link":"https:\/\/sme.goiania.go.gov.br\/conexaoescola\/eaja\/a-relacao-entre-algumas-unidades-de-medidas\/","title":{"rendered":"A rela\u00e7\u00e3o entre algumas unidades de medidas"},"content":{"rendered":"\n<p class=\"has-pale-cyan-blue-background-color has-background has-medium-font-size\"><strong>Ol\u00e1, estudante! Esta aula foi veiculada na TV no dia 16\/11, segunda-feira, contemplando o eixo Educa\u00e7\u00e3o Financeira e Empreendedorismo. No Portal Conex\u00e3o Escola, ela est\u00e1 apresentada em uma forma de atividade, mas voc\u00ea pode assistir \u00e0 videoaula quando desejar, acessando o link na parte inferior da tela. Aproveite, assista e compartilhe! Vamos l\u00e1<\/strong>?<\/p>\n\n\n\n<p class=\"has-medium-font-size\">Nesta atividade estudaremos sobre medidas de capacidade e de volume, sua rela\u00e7\u00e3o e alguns exemplos de suas aplica\u00e7\u00f5es.<\/p>\n\n\n\n<p class=\"has-medium-font-size\">As medidas de capacidade fazem parte do nosso cotidiano. Elas s\u00e3o utilizadas, por exemplo, quando queremos saber quantos litros de \u00e1gua est\u00e3o dentro de um tanque ou, ainda, quantos litros de leite est\u00e3o dentro da caixa.&nbsp; Voc\u00ea sabe o que \u00e9 medida de capacidade? Vamos relembrar!<\/p>\n\n\n\n<figure class=\"wp-block-image size-large\"><img fetchpriority=\"high\" decoding=\"async\" width=\"619\" height=\"463\" src=\"https:\/\/sme.goiania.go.gov.br\/conexaoescola\/wp-content\/uploads\/2020\/11\/OFF-1-e1605011653740.png\" alt=\"\" class=\"wp-image-58926\" srcset=\"https:\/\/sme.goiania.go.gov.br\/conexaoescola\/wp-content\/uploads\/2020\/11\/OFF-1-e1605011653740.png 619w, https:\/\/sme.goiania.go.gov.br\/conexaoescola\/wp-content\/uploads\/2020\/11\/OFF-1-e1605011653740-300x224.png 300w\" sizes=\"(max-width: 619px) 100vw, 619px\" \/><\/figure>\n\n\n\n<hr class=\"wp-block-separator\"\/>\n\n\n\n<p class=\"has-medium-font-size\">Que tal relembrar a diferen\u00e7a entre capacidade e volume. Vamos l\u00e1?<\/p>\n\n\n\n<figure class=\"wp-block-image size-large\"><img decoding=\"async\" width=\"622\" height=\"460\" src=\"https:\/\/sme.goiania.go.gov.br\/conexaoescola\/wp-content\/uploads\/2020\/10\/OFF-2-e1603194157907.png\" alt=\"\" class=\"wp-image-37908\" srcset=\"https:\/\/sme.goiania.go.gov.br\/conexaoescola\/wp-content\/uploads\/2020\/10\/OFF-2-e1603194157907.png 622w, https:\/\/sme.goiania.go.gov.br\/conexaoescola\/wp-content\/uploads\/2020\/10\/OFF-2-e1603194157907-300x222.png 300w\" sizes=\"(max-width: 622px) 100vw, 622px\" \/><\/figure>\n\n\n\n<hr class=\"wp-block-separator\"\/>\n\n\n\n<figure class=\"wp-block-image size-large\"><img decoding=\"async\" width=\"617\" height=\"464\" src=\"https:\/\/sme.goiania.go.gov.br\/conexaoescola\/wp-content\/uploads\/2020\/10\/OFF-3-e1603194197197.png\" alt=\"\" class=\"wp-image-37909\" srcset=\"https:\/\/sme.goiania.go.gov.br\/conexaoescola\/wp-content\/uploads\/2020\/10\/OFF-3-e1603194197197.png 617w, https:\/\/sme.goiania.go.gov.br\/conexaoescola\/wp-content\/uploads\/2020\/10\/OFF-3-e1603194197197-300x226.png 300w\" sizes=\"(max-width: 617px) 100vw, 617px\" \/><\/figure>\n\n\n\n<hr class=\"wp-block-separator\"\/>\n\n\n\n<p class=\"has-medium-font-size\">Voc\u00ea j\u00e1 parou para pensar porque nossa conta de \u00e1gua \u00e9 calculada em metros c\u00fabicos e as caixas d\u2019\u00e1gua s\u00e3o medidas em litros. Ser\u00e1 que tem alguma rela\u00e7\u00e3o entre essas medidas?&nbsp;<\/p>\n\n\n\n<p class=\"has-pale-cyan-blue-background-color has-background has-medium-font-size\"><strong>ATIVIDADE 1<\/strong><\/p>\n\n\n\n<p class=\"has-medium-font-size\">Assista ao v\u00eddeo do professor H\u00e9lio que mostra a rela\u00e7\u00e3o entre essas duas medidas, com um exemplo do nosso cotidiano:<\/p>\n\n\n\n<figure class=\"wp-block-embed is-type-video is-provider-youtube wp-block-embed-youtube wp-embed-aspect-16-9 wp-has-aspect-ratio\"><div class=\"wp-block-embed__wrapper\">\n<p class=\"responsive-video-wrap clr\"><iframe title=\"Medidas de Capacidade: Quantos litros tem uma caixa d&#039;\u00e1gua de 1 metro c\u00fabico.\" width=\"1200\" height=\"675\" src=\"https:\/\/www.youtube.com\/embed\/Ij2qDKLkabw?start=158&#038;feature=oembed\" frameborder=\"0\" allow=\"accelerometer; autoplay; clipboard-write; encrypted-media; gyroscope; picture-in-picture\" allowfullscreen><\/iframe><\/p>\n<\/div><figcaption>&#8220;Medidas de Capacidade: Quantos litros tem uma caixa d&#8217;\u00e1gua de 1 metro c\u00fabico&#8221; &#8211; Canal: Prof Me H\u00e9lio Roberto da Rocha &#8211; Link: https:\/\/www.youtube.com\/watch?v=Ij2qDKLkabw&amp;t=158s<\/figcaption><\/figure>\n\n\n\n<hr class=\"wp-block-separator\"\/>\n\n\n\n<p class=\"has-medium-font-size\">Hummm, ent\u00e3o realmente tem rela\u00e7\u00e3o entre litros e metros c\u00fabicos!!! Que legal. Veja algumas outras rela\u00e7\u00f5es:<\/p>\n\n\n\n<figure class=\"wp-block-image size-large\"><img loading=\"lazy\" decoding=\"async\" width=\"616\" height=\"463\" src=\"https:\/\/sme.goiania.go.gov.br\/conexaoescola\/wp-content\/uploads\/2020\/11\/OFF-4--e1605013266846.png\" alt=\"\" class=\"wp-image-58929\" srcset=\"https:\/\/sme.goiania.go.gov.br\/conexaoescola\/wp-content\/uploads\/2020\/11\/OFF-4--e1605013266846.png 616w, https:\/\/sme.goiania.go.gov.br\/conexaoescola\/wp-content\/uploads\/2020\/11\/OFF-4--e1605013266846-300x225.png 300w\" sizes=\"(max-width: 616px) 100vw, 616px\" \/><\/figure>\n\n\n\n<hr class=\"wp-block-separator\"\/>\n\n\n\n<p class=\"has-pale-cyan-blue-background-color has-background has-medium-font-size\"><strong>ATIVIDADE 2 <\/strong><\/p>\n\n\n\n<p class=\"has-medium-font-size\">Assista a mais um v\u00eddeo do professor H\u00e9lio, que exemplifica de como a utiliza\u00e7\u00e3o da \u00e1gua em casa impacta na conta emitida pela SANEAGO.<\/p>\n\n\n\n<figure class=\"wp-block-embed is-type-video is-provider-youtube wp-block-embed-youtube wp-embed-aspect-16-9 wp-has-aspect-ratio\"><div class=\"wp-block-embed__wrapper\">\n<p class=\"responsive-video-wrap clr\"><iframe title=\"Medidas de Capacidade: An\u00e1lise de um tal\u00e3o do consumo de \u00e1gua da SANEAGO\" width=\"1200\" height=\"675\" src=\"https:\/\/www.youtube.com\/embed\/lUqZwUZ_Mso?feature=oembed\" frameborder=\"0\" allow=\"accelerometer; autoplay; clipboard-write; encrypted-media; gyroscope; picture-in-picture\" allowfullscreen><\/iframe><\/p>\n<\/div><figcaption>&#8220;Medidas de Capacidade: An\u00e1lise de um tal\u00e3o do consumo de \u00e1gua da SANEAGO&#8221; &#8211; Canal: Prof Me H\u00e9lio Roberto da Rocha &#8211; Link: https:\/\/www.youtube.com\/watch?v=lUqZwUZ_Mso<\/figcaption><\/figure>\n\n\n\n<hr class=\"wp-block-separator\"\/>\n\n\n\n<p class=\"has-medium-font-size\">Que legal!! Em algumas situa\u00e7\u00f5es \u00e9 necess\u00e1rio utilizar unidades de medidas maiores ou menores do que o padr\u00e3o estabelecido, pois o que ser\u00e1 medido pode variar, por isso, as unidades de medidas possuem m\u00faltiplos e subm\u00faltiplos.&nbsp;<\/p>\n\n\n\n<p class=\"has-medium-font-size\">Os&nbsp;<strong>m\u00faltiplos<\/strong>&nbsp;s\u00e3o utilizados quando h\u00e1 quantidades maiores que o padr\u00e3o estabelecido.<\/p>\n\n\n\n<p class=\"has-medium-font-size\">J\u00e1 os<strong>&nbsp;subm\u00faltiplos<\/strong>&nbsp;s\u00e3o utilizados quando h\u00e1 quantidades menores que o padr\u00e3o estabelecido.<\/p>\n\n\n\n<p class=\"has-pale-cyan-blue-background-color has-background has-medium-font-size\"><strong>ATIVIDADE 3<\/strong><\/p>\n\n\n\n<p>Para entender um pouco mais sobre esse assunto, assista a mais um v\u00eddeo do professor H\u00e9lio!<\/p>\n\n\n\n<figure class=\"wp-block-embed is-type-video is-provider-youtube wp-block-embed-youtube wp-embed-aspect-16-9 wp-has-aspect-ratio\"><div class=\"wp-block-embed__wrapper\">\n<p class=\"responsive-video-wrap clr\"><iframe title=\"Medidas de Capacidade\" width=\"1200\" height=\"675\" src=\"https:\/\/www.youtube.com\/embed\/A0vAktBDQCA?start=82&#038;feature=oembed\" frameborder=\"0\" allow=\"accelerometer; autoplay; clipboard-write; encrypted-media; gyroscope; picture-in-picture\" allowfullscreen><\/iframe><\/p>\n<\/div><figcaption>&#8220;Medidas de Capacidade&#8221; &#8211; Canal: Prof Me H\u00e9lio Roberto da Rocha &#8211; Link: https:\/\/www.youtube.com\/watch?v=A0vAktBDQCA&amp;t=82s<\/figcaption><\/figure>\n\n\n\n<hr class=\"wp-block-separator\"\/>\n\n\n\n<p class=\"has-pale-cyan-blue-background-color has-background has-medium-font-size\"><strong>ATIVIDADE 4<\/strong>: <strong>Resolva as quest\u00f5es abaixo em seu caderno.<\/strong><\/p>\n\n\n\n<p class=\"has-medium-font-size\">4.1. Uma torneira desperdi\u00e7a 125 ml de \u00e1gua durante 1 hora. Quantos litros de \u00e1gua&nbsp;desperdi\u00e7ar\u00e1 em 12 horas?<\/p>\n\n\n\n<p class=\"has-medium-font-size\">4.2. Uma piscina possui as seguintes dimens\u00f5es: 7 m de comprimento, 4 m de comprimento e 1,5 m de altura. Quantos litros de \u00e1gua ser\u00e3o necess\u00e1rios para que a esta piscina fique completamente cheia?<\/p>\n\n\n\n<hr class=\"wp-block-separator\"\/>\n\n\n\n<p class=\"has-medium-font-size\">Assista a \u00edntegra do programa veiculado na TV:<\/p>\n\n\n\n<figure class=\"wp-block-embed is-type-video is-provider-youtube wp-block-embed-youtube wp-embed-aspect-16-9 wp-has-aspect-ratio\"><div class=\"wp-block-embed__wrapper\">\n<p class=\"responsive-video-wrap clr\"><iframe title=\"A rela\u00e7\u00e3o entre as medidas de capacidade - EAJA - 16\/11 - Bloco 2\" width=\"1200\" height=\"675\" src=\"https:\/\/www.youtube.com\/embed\/v8NV3bVtZtE?feature=oembed\" frameborder=\"0\" allow=\"accelerometer; autoplay; clipboard-write; encrypted-media; gyroscope; picture-in-picture\" allowfullscreen><\/iframe><\/p>\n<\/div><\/figure>\n\n\n\n<hr class=\"wp-block-separator\"\/>\n\n\n\n<figure class=\"wp-block-table\"><table><tbody><tr><td>COMPONENTE<\/td><td>OBJETIVOS DE APRENDIZAGEM E DESENVOLVIMENTO<\/td><\/tr><tr><td>Matem\u00e1tica<\/td><td>(EAJAMA0716) Interpretar, resolver e elaborar situa\u00e7\u00f5es-problema que envolvam grandezas diretamente ou inversamente proporcionais, por meio de estrat\u00e9gias variadas (regra de tr\u00eas simples e composta).<br>(EAJAMA0725) Reconhecer e demonstrar experimentalmente a rela\u00e7\u00e3o entre um litro e um dec\u00edmetro c\u00fabico e a rela\u00e7\u00e3o entre litro e metro c\u00fabico, para resolver situa\u00e7\u00f5es-problema de c\u00e1lculo de capacidade de recipientes.<br>(EAJAMA0726) Interpretar, resolver e elaborar situa\u00e7\u00f5es-problema que envolvam o c\u00e1lculo do volume de recipientes cujo formato \u00e9 de bloco retangular ou de cilindro reto.<\/td><\/tr><\/tbody><\/table><\/figure>\n\n\n\n<hr class=\"wp-block-separator\"\/>\n\n\n\n<p class=\"has-text-align-center\">EAJA \u2013 Educa\u00e7\u00e3o Financeira e Empreendedorismo \u2013 &nbsp;7\u00aa S\u00e9rie<\/p>\n","protected":false},"author":22,"featured_media":29656,"template":"","meta":{"_acf_changed":false,"ocean_post_layout":"","ocean_both_sidebars_style":"","ocean_both_sidebars_content_width":0,"ocean_both_sidebars_sidebars_width":0,"ocean_sidebar":"","ocean_second_sidebar":"","ocean_disable_margins":"enable","ocean_add_body_class":"","ocean_shortcode_before_top_bar":"","ocean_shortcode_after_top_bar":"","ocean_shortcode_before_header":"","ocean_shortcode_after_header":"","ocean_has_shortcode":"","ocean_shortcode_after_title":"","ocean_shortcode_before_footer_widgets":"","ocean_shortcode_after_footer_widgets":"","ocean_shortcode_before_footer_bottom":"","ocean_shortcode_after_footer_bottom":"","ocean_display_top_bar":"default","ocean_display_header":"default","ocean_header_style":"","ocean_center_header_left_menu":"","ocean_custom_header_template":"","ocean_custom_logo":0,"ocean_custom_retina_logo":0,"ocean_custom_logo_max_width":0,"ocean_custom_logo_tablet_max_width":0,"ocean_custom_logo_mobile_max_width":0,"ocean_custom_logo_max_height":0,"ocean_custom_logo_tablet_max_height":0,"ocean_custom_logo_mobile_max_height":0,"ocean_header_custom_menu":"","ocean_menu_typo_font_family":"","ocean_menu_typo_font_subset":"","ocean_menu_typo_font_size":0,"ocean_menu_typo_font_size_tablet":0,"ocean_menu_typo_font_size_mobile":0,"ocean_menu_typo_font_size_unit":"px","ocean_menu_typo_font_weight":"","ocean_menu_typo_font_weight_tablet":"","ocean_menu_typo_font_weight_mobile":"","ocean_menu_typo_transform":"","ocean_menu_typo_transform_tablet":"","ocean_menu_typo_transform_mobile":"","ocean_menu_typo_line_height":0,"ocean_menu_typo_line_height_tablet":0,"ocean_menu_typo_line_height_mobile":0,"ocean_menu_typo_line_height_unit":"","ocean_menu_typo_spacing":0,"ocean_menu_typo_spacing_tablet":0,"ocean_menu_typo_spacing_mobile":0,"ocean_menu_typo_spacing_unit":"","ocean_menu_link_color":"","ocean_menu_link_color_hover":"","ocean_menu_link_color_active":"","ocean_menu_link_background":"","ocean_menu_link_hover_background":"","ocean_menu_link_active_background":"","ocean_menu_social_links_bg":"","ocean_menu_social_hover_links_bg":"","ocean_menu_social_links_color":"","ocean_menu_social_hover_links_color":"","ocean_disable_title":"default","ocean_disable_heading":"default","ocean_post_title":"","ocean_post_subheading":"","ocean_post_title_style":"","ocean_post_title_background_color":"","ocean_post_title_background":0,"ocean_post_title_bg_image_position":"","ocean_post_title_bg_image_attachment":"","ocean_post_title_bg_image_repeat":"","ocean_post_title_bg_image_size":"","ocean_post_title_height":0,"ocean_post_title_bg_overlay":0.5,"ocean_post_title_bg_overlay_color":"","ocean_disable_breadcrumbs":"default","ocean_breadcrumbs_color":"","ocean_breadcrumbs_separator_color":"","ocean_breadcrumbs_links_color":"","ocean_breadcrumbs_links_hover_color":"","ocean_display_footer_widgets":"default","ocean_display_footer_bottom":"default","ocean_custom_footer_template":""},"eaja_categoria":[69],"serie":[76],"eaja_componente":[78],"class_list":["post-58924","eaja","type-eaja","status-publish","has-post-thumbnail","hentry","eaja_categoria-2o-segmento-7a-e-8a-serie","serie-7a-serie","eaja_componente-matematica","entry","has-media"],"acf":[],"_links":{"self":[{"href":"https:\/\/sme.goiania.go.gov.br\/conexaoescola\/wp-json\/wp\/v2\/eaja\/58924","targetHints":{"allow":["GET"]}}],"collection":[{"href":"https:\/\/sme.goiania.go.gov.br\/conexaoescola\/wp-json\/wp\/v2\/eaja"}],"about":[{"href":"https:\/\/sme.goiania.go.gov.br\/conexaoescola\/wp-json\/wp\/v2\/types\/eaja"}],"author":[{"embeddable":true,"href":"https:\/\/sme.goiania.go.gov.br\/conexaoescola\/wp-json\/wp\/v2\/users\/22"}],"wp:featuredmedia":[{"embeddable":true,"href":"https:\/\/sme.goiania.go.gov.br\/conexaoescola\/wp-json\/wp\/v2\/media\/29656"}],"wp:attachment":[{"href":"https:\/\/sme.goiania.go.gov.br\/conexaoescola\/wp-json\/wp\/v2\/media?parent=58924"}],"wp:term":[{"taxonomy":"eaja_categoria","embeddable":true,"href":"https:\/\/sme.goiania.go.gov.br\/conexaoescola\/wp-json\/wp\/v2\/eaja_categoria?post=58924"},{"taxonomy":"serie","embeddable":true,"href":"https:\/\/sme.goiania.go.gov.br\/conexaoescola\/wp-json\/wp\/v2\/serie?post=58924"},{"taxonomy":"eaja_componente","embeddable":true,"href":"https:\/\/sme.goiania.go.gov.br\/conexaoescola\/wp-json\/wp\/v2\/eaja_componente?post=58924"}],"curies":[{"name":"wp","href":"https:\/\/api.w.org\/{rel}","templated":true}]}}