{"id":58609,"date":"2020-11-09T07:00:00","date_gmt":"2020-11-09T09:00:00","guid":{"rendered":"https:\/\/sme.goiania.go.gov.br\/conexaoescola\/?post_type=eaja&#038;p=58609"},"modified":"2020-11-03T18:53:04","modified_gmt":"2020-11-03T20:53:04","slug":"uso-e-apropriacao-dos-recursos-naturais-e-desenvolvimento-economico-e-tecnologico-da-europa","status":"publish","type":"eaja","link":"https:\/\/sme.goiania.go.gov.br\/conexaoescola\/eaja\/uso-e-apropriacao-dos-recursos-naturais-e-desenvolvimento-economico-e-tecnologico-da-europa\/","title":{"rendered":"Uso e apropria\u00e7\u00e3o dos recursos naturais e desenvolvimento econ\u00f4mico e tecnol\u00f3gico da Europa."},"content":{"rendered":"\n<p class=\"has-medium-font-size\">A Europa por muito tempo foi considerada o centro cultural, pol\u00edtico e econ\u00f4mico do mundo. A maior parte das transforma\u00e7\u00f5es pelas quais nosso planeta passou s\u00e3o frutos do desenvolvimento ocorrido no continente europeu. Devido a isso, a Europa ainda possui grande relev\u00e2ncia no cen\u00e1rio socioecon\u00f4mico mundial, sendo, portanto, importante conhecer esse continente. Essa atividade tratar\u00e1 assuntos relacionados \u00e0 economia, cultura, pol\u00edtica e sociedade europeia.<\/p>\n\n\n\n<hr class=\"wp-block-separator\"\/>\n\n\n\n<h2 class=\"wp-block-heading\">Atividade 1<\/h2>\n\n\n\n<p class=\"has-medium-font-size\"> Leia o texto que segue:<\/p>\n\n\n\n<p class=\"has-text-align-center has-medium-font-size\"><strong><em>Continente Europeu<\/em><\/strong><\/p>\n\n\n\n<p class=\"has-medium-font-size\">A Europa \u00e9 um continente situado em tr\u00eas hemisf\u00e9rios distintos: o setentrional, o ocidental e o oriental. Localiza-se a oeste da \u00c1sia, ao norte da \u00c1frica, a leste do Oceano Atl\u00e2ntico e ao sul do Oceano Glacial \u00c1rtico. As sociedades que habitaram esse continente foram as principais respons\u00e1veis pela coloniza\u00e7\u00e3o da maior parte dos demais territ\u00f3rios do planeta, sendo, por isso, denominado como o \u201ccentro do mundo\u201d, apesar de, em termos cartogr\u00e1ficos, essa express\u00e3o ser considerada err\u00f4nea.<\/p>\n\n\n\n<p class=\"has-medium-font-size\">A Europa re\u00fane um total de 50 pa\u00edses, sendo que dois deles tamb\u00e9m fazem parte da \u00c1sia: A Turquia e a R\u00fassia. Apesar desse n\u00famero elevado de pa\u00edses, a sua \u00e1rea \u00e9 pequena, com cerca de 10.180.00 km\u00b2. Se n\u00e3o contarmos com a R\u00fassia, pa\u00eds em que a maior parte do seu territ\u00f3rio localiza-se na \u00c1sia, seu espa\u00e7o diminui para uma \u00e1rea menor que o Brasil, possuindo, no entanto, muito mais pa\u00edses do que o Brasil possui em estados.<\/p>\n\n\n\n<p class=\"has-medium-font-size\">Essa grande concentra\u00e7\u00e3o de pequenos territ\u00f3rios explica-se pelas hist\u00f3ricas rela\u00e7\u00f5es de instabilidade que marcaram a regi\u00e3o. Como foi na pr\u00f3pria Europa que primeiro se estabeleceu a ideia de Estado moderno, foi l\u00e1 tamb\u00e9m que as diferentes na\u00e7\u00f5es come\u00e7aram primeiro as suas lutas pela constitui\u00e7\u00e3o de seus pr\u00f3prios estados. Essa luta, vale lembrar, ainda est\u00e1 presente em muitos locais, com destaque para a Espanha, onde catal\u00e3es, bascos, navarros e outros povos buscam pela forma\u00e7\u00e3o de seus pr\u00f3prios pa\u00edses, o que elevaria ainda mais o n\u00famero de Estados nesse continente.<\/p>\n\n\n\n<p class=\"has-medium-font-size\">A despeito dessa ampla fragmenta\u00e7\u00e3o, a Europa passa, curiosamente, por um efeito contr\u00e1rio de integra\u00e7\u00e3o gra\u00e7as \u00e0 forma\u00e7\u00e3o e expans\u00e3o da Uni\u00e3o Europeia. Esse bloco econ\u00f4mico, al\u00e9m de ser respons\u00e1vel pela utiliza\u00e7\u00e3o do euro na maioria dos seus pa\u00edses-membros, praticamente eliminou as fronteiras entre os seus territ\u00f3rios, apesar de isso ter provocado efeitos de rea\u00e7\u00e3o em partes da popula\u00e7\u00e3o, que v\u00eam se embebendo cada vez mais de pensamentos xenof\u00f3bicos (de avers\u00e3o a estrangeiros).<\/p>\n\n\n\n<p class=\"has-medium-font-size\">A popula\u00e7\u00e3o europeia, em dados recentes, \u00e9 de 740 milh\u00f5es de habitantes aproximadamente. Demograficamente, o continente caracteriza-se pelos fluxos migrat\u00f3rios internos (gra\u00e7as \u00e0 exist\u00eancia da Uni\u00e3o Europeia) e, principalmente, externos, com muitos estrangeiros advindos de pa\u00edses subdesenvolvidos ou em desenvolvimento. Por outro lado, a m\u00e9dia de idade na popula\u00e7\u00e3o vem se elevando de forma significativa, gra\u00e7as \u00e0s baix\u00edssimas taxas de natalidade e mortalidade registradas ao longo dos \u00faltimos 20 anos.<\/p>\n\n\n\n<p class=\"has-medium-font-size\">Quanto aos aspectos f\u00edsicos, a Europa \u00e9 caracterizada pelo predom\u00ednio de baixas altitudes, com exce\u00e7\u00e3o apenas dos Alpes Escandinavos na por\u00e7\u00e3o setentrional, do C\u00e1ucaso, a sudeste; dos Alpes e algumas regi\u00f5es nos B\u00e1lc\u00e3s e na Pen\u00ednsula Ib\u00e9rica, na por\u00e7\u00e3o meridional do continente.<\/p>\n\n\n\n<p class=\"has-medium-font-size\">O clima da Europa predominante \u00e9 o temperado, com varia\u00e7\u00f5es entre as regi\u00f5es litor\u00e2neas e continentais, bem como nas zonas de maiores altitudes. Os outros tipos clim\u00e1ticos s\u00e3o o mediterr\u00e2neo, o polar e o alpino (tamb\u00e9m chamado de clima de montanha).<\/p>\n\n\n\n<p class=\"has-medium-font-size\">A hidrografia da Europa \u00e9 marcada pela presen\u00e7a de alguns importantes rios, como o Dan\u00fabio, o Reno, o Volga, o Sena, o Elba, o Tejo e muitos outros. Os tipos de vegeta\u00e7\u00e3o existentes s\u00e3o a Tundra, a Floresta Boreal, a Floresta Temperada, as Estepes e as Vegeta\u00e7\u00f5es Mediterr\u00e2neas.<\/p>\n\n\n\n<p class=\"has-medium-font-size\">Economicamente, a Europa, ap\u00f3s o final da Segunda Guerra Mundial, iniciou um processo de recupera\u00e7\u00e3o, passando a contar novamente com fort\u00edssimas pot\u00eancias internacionais, com destaque para a Alemanha, o Reino Unido e a Fran\u00e7a. Al\u00e9m disso, o mais avan\u00e7ado bloco econ\u00f4mico do mundo, a Uni\u00e3o Europeia, propicia uma maior integra\u00e7\u00e3o comercial dentro do continente. Apesar disso, essas na\u00e7\u00f5es sofreram intensamente com uma forte crise econ\u00f4mica, respons\u00e1vel pelo aumento exponencial das taxas de mis\u00e9ria e desemprego, cujos efeitos ainda podem ser sentidos nos dias atuais.<\/p>\n\n\n\n<p class=\"has-medium-font-size\">Apesar das estreitas dimens\u00f5es territoriais, a Europa \u00e9 um dos mais importantes continentes do mundo, pois \u00e9 nela que os valores que atualmente se disseminam pelo mundo via Globaliza\u00e7\u00e3o constitu\u00edram-se. Al\u00e9m disso, apesar do fortalecimento nas \u00faltimas d\u00e9cadas de Estados Unidos, Jap\u00e3o e dos BRICS (Brasil, R\u00fassia, \u00cdndia e China), a Europa configura-se com um dos protagonistas na Geopol\u00edtica e Economia internacionais.<\/p>\n\n\n\n<p class=\"has-text-color has-background has-text-align-center has-medium-font-size has-vivid-purple-color has-very-light-gray-background-color\">Dispon\u00edvel em: <a href=\"https:\/\/mundoeducacao.uol.com.br\/geografia\/o-continente-europeu.htm\" target=\"_blank\" rel=\"noreferrer noopener\">https:\/\/mundoeducacao.uol.com.br\/geografia\/o-continente-europeu.htm<\/a><\/p>\n\n\n\n<hr class=\"wp-block-separator\"\/>\n\n\n\n<h2 class=\"wp-block-heading\">Atividade 2<\/h2>\n\n\n\n<p class=\"has-medium-font-size\">Veja o v\u00eddeo no link que segue sobre a Europa, para complementar seu conhecimento:<\/p>\n\n\n\n<figure class=\"wp-block-embed-youtube wp-block-embed is-type-video is-provider-youtube wp-embed-aspect-16-9 wp-has-aspect-ratio\"><div class=\"wp-block-embed__wrapper\">\n<p class=\"responsive-video-wrap clr\"><iframe title=\"Aspectos gerais do Continente Europeu \u2013 Geografia \u2013 9\u00ba ano \u2013 Ensino Fundamental\" width=\"1200\" height=\"675\" src=\"https:\/\/www.youtube.com\/embed\/2G7qtjsQAZs?feature=oembed\" frameborder=\"0\" allow=\"accelerometer; autoplay; clipboard-write; encrypted-media; gyroscope; picture-in-picture\" allowfullscreen><\/iframe><\/p>\n<\/div><figcaption>&#8220;Aspectos gerais do Continente Europeu \u2013 Geografia \u2013 9\u00ba ano \u2013 Ensino Fundamental&#8221; &#8211; Canal: Canal Futura &#8211;<br>Link: <a rel=\"noreferrer noopener\" href=\"https:\/\/www.youtube.com\/watch?v=2G7qtjsQAZs\" target=\"_blank\">https:\/\/www.youtube.com\/watch?v=2G7qtjsQAZs<\/a><\/figcaption><\/figure>\n\n\n\n<hr class=\"wp-block-separator\"\/>\n\n\n\n<h2 class=\"wp-block-heading\">Atividade 3<\/h2>\n\n\n\n<p class=\"has-medium-font-size\">Responda e envie as quest\u00f5es abaixo:<\/p>\n\n\n\n<p class=\"has-medium-font-size\"><strong>a) <\/strong>Em quais hemisf\u00e9rios est\u00e1 situado o continente europeu?<\/p>\n\n\n\n<p class=\"has-medium-font-size\"><strong>b) <\/strong>Os pa\u00edses do continente europeu colonizaram a maior parte dos demais territ\u00f3rios do mundo. A cerca disso, responda:<\/p>\n\n\n\n<p class=\"has-medium-font-size\"><strong>c)<\/strong> Em qual per\u00edodo hist\u00f3rico isso aconteceu? Como ele ficou conhecido?<\/p>\n\n\n\n<p class=\"has-medium-font-size\"><strong>d)<\/strong> Quais caracter\u00edsticas culturais confirmam a afirma\u00e7\u00e3o deste enunciado?<\/p>\n\n\n\n<p class=\"has-medium-font-size\"><strong>e) <\/strong> Quantos pa\u00edses tem a Europa e qual \u00e9 o maior deles? Por que os pa\u00edses da Europa s\u00e3o t\u00e3o pequenos?<\/p>\n\n\n\n<hr class=\"wp-block-separator\"\/>\n\n\n\n<figure class=\"wp-block-table alignfull\"><table><tbody><tr><td>Componente(s) Curricular(res)<\/td><td>Geografia<\/td><\/tr><tr><td>Objetivos de Aprendizagem e Desenvolvimento<\/td><td>(EAJAGE0822) Analisar o desenvolvimento econ\u00f4mico, industrial e tecnol\u00f3gico da Europa com as caracter\u00edsticas dos componentes f\u00edsico-naturais e suas potencialidades como recurso natural.<\/td><\/tr><tr><td>Professor<\/td><td>Wesley Beliz\u00e1rio<\/td><\/tr><tr><td>Institui\u00e7\u00e3o Educacional<\/td><td>Escola Municipal Jalles Machado de Siqueira<\/td><\/tr><tr><td>CRE<\/td><td>Maria Thom\u00e9<\/td><\/tr><\/tbody><\/table><\/figure>\n\n\n\n<hr class=\"wp-block-separator\"\/>\n\n\n\n<p class=\"has-text-align-center has-medium-font-size\">EAJA \u2013\u00c9tica e Cidadania \u2013 2\u00b0 Segmento \u2013 7\u00aa a 8\u00aa s\u00e9ries<\/p>\n","protected":false},"author":27,"featured_media":58610,"template":"","meta":{"_acf_changed":false,"ocean_post_layout":"","ocean_both_sidebars_style":"","ocean_both_sidebars_content_width":0,"ocean_both_sidebars_sidebars_width":0,"ocean_sidebar":"","ocean_second_sidebar":"","ocean_disable_margins":"enable","ocean_add_body_class":"","ocean_shortcode_before_top_bar":"","ocean_shortcode_after_top_bar":"","ocean_shortcode_before_header":"","ocean_shortcode_after_header":"","ocean_has_shortcode":"","ocean_shortcode_after_title":"","ocean_shortcode_before_footer_widgets":"","ocean_shortcode_after_footer_widgets":"","ocean_shortcode_before_footer_bottom":"","ocean_shortcode_after_footer_bottom":"","ocean_display_top_bar":"default","ocean_display_header":"default","ocean_header_style":"","ocean_center_header_left_menu":"","ocean_custom_header_template":"","ocean_custom_logo":0,"ocean_custom_retina_logo":0,"ocean_custom_logo_max_width":0,"ocean_custom_logo_tablet_max_width":0,"ocean_custom_logo_mobile_max_width":0,"ocean_custom_logo_max_height":0,"ocean_custom_logo_tablet_max_height":0,"ocean_custom_logo_mobile_max_height":0,"ocean_header_custom_menu":"","ocean_menu_typo_font_family":"","ocean_menu_typo_font_subset":"","ocean_menu_typo_font_size":0,"ocean_menu_typo_font_size_tablet":0,"ocean_menu_typo_font_size_mobile":0,"ocean_menu_typo_font_size_unit":"px","ocean_menu_typo_font_weight":"","ocean_menu_typo_font_weight_tablet":"","ocean_menu_typo_font_weight_mobile":"","ocean_menu_typo_transform":"","ocean_menu_typo_transform_tablet":"","ocean_menu_typo_transform_mobile":"","ocean_menu_typo_line_height":0,"ocean_menu_typo_line_height_tablet":0,"ocean_menu_typo_line_height_mobile":0,"ocean_menu_typo_line_height_unit":"","ocean_menu_typo_spacing":0,"ocean_menu_typo_spacing_tablet":0,"ocean_menu_typo_spacing_mobile":0,"ocean_menu_typo_spacing_unit":"","ocean_menu_link_color":"","ocean_menu_link_color_hover":"","ocean_menu_link_color_active":"","ocean_menu_link_background":"","ocean_menu_link_hover_background":"","ocean_menu_link_active_background":"","ocean_menu_social_links_bg":"","ocean_menu_social_hover_links_bg":"","ocean_menu_social_links_color":"","ocean_menu_social_hover_links_color":"","ocean_disable_title":"default","ocean_disable_heading":"default","ocean_post_title":"","ocean_post_subheading":"","ocean_post_title_style":"","ocean_post_title_background_color":"","ocean_post_title_background":0,"ocean_post_title_bg_image_position":"","ocean_post_title_bg_image_attachment":"","ocean_post_title_bg_image_repeat":"","ocean_post_title_bg_image_size":"","ocean_post_title_height":0,"ocean_post_title_bg_overlay":0.5,"ocean_post_title_bg_overlay_color":"","ocean_disable_breadcrumbs":"default","ocean_breadcrumbs_color":"","ocean_breadcrumbs_separator_color":"","ocean_breadcrumbs_links_color":"","ocean_breadcrumbs_links_hover_color":"","ocean_display_footer_widgets":"default","ocean_display_footer_bottom":"default","ocean_custom_footer_template":""},"eaja_categoria":[],"serie":[],"eaja_componente":[],"class_list":["post-58609","eaja","type-eaja","status-publish","has-post-thumbnail","hentry","entry","has-media"],"acf":[],"_links":{"self":[{"href":"https:\/\/sme.goiania.go.gov.br\/conexaoescola\/wp-json\/wp\/v2\/eaja\/58609","targetHints":{"allow":["GET"]}}],"collection":[{"href":"https:\/\/sme.goiania.go.gov.br\/conexaoescola\/wp-json\/wp\/v2\/eaja"}],"about":[{"href":"https:\/\/sme.goiania.go.gov.br\/conexaoescola\/wp-json\/wp\/v2\/types\/eaja"}],"author":[{"embeddable":true,"href":"https:\/\/sme.goiania.go.gov.br\/conexaoescola\/wp-json\/wp\/v2\/users\/27"}],"wp:featuredmedia":[{"embeddable":true,"href":"https:\/\/sme.goiania.go.gov.br\/conexaoescola\/wp-json\/wp\/v2\/media\/58610"}],"wp:attachment":[{"href":"https:\/\/sme.goiania.go.gov.br\/conexaoescola\/wp-json\/wp\/v2\/media?parent=58609"}],"wp:term":[{"taxonomy":"eaja_categoria","embeddable":true,"href":"https:\/\/sme.goiania.go.gov.br\/conexaoescola\/wp-json\/wp\/v2\/eaja_categoria?post=58609"},{"taxonomy":"serie","embeddable":true,"href":"https:\/\/sme.goiania.go.gov.br\/conexaoescola\/wp-json\/wp\/v2\/serie?post=58609"},{"taxonomy":"eaja_componente","embeddable":true,"href":"https:\/\/sme.goiania.go.gov.br\/conexaoescola\/wp-json\/wp\/v2\/eaja_componente?post=58609"}],"curies":[{"name":"wp","href":"https:\/\/api.w.org\/{rel}","templated":true}]}}