{"id":5738,"date":"2020-10-19T07:01:00","date_gmt":"2020-10-19T10:01:00","guid":{"rendered":"http:\/\/sme.goiania.go.gov.br\/conexaoescola\/?post_type=eaja&#038;p=5738"},"modified":"2020-10-21T16:42:48","modified_gmt":"2020-10-21T19:42:48","slug":"numeros-decimais-reconhecimento-significados-leitura-e-representacao-na-reta-numerica","status":"publish","type":"eaja","link":"https:\/\/sme.goiania.go.gov.br\/conexaoescola\/eaja\/numeros-decimais-reconhecimento-significados-leitura-e-representacao-na-reta-numerica\/","title":{"rendered":"N\u00fameros decimais: reconhecimento, significados, leitura e representa\u00e7\u00e3o na reta num\u00e9rica."},"content":{"rendered":"\n<hr class=\"wp-block-separator\"\/>\n\n\n\n<p style=\"background-color:#69a4c7\" class=\"has-background has-text-align-left has-medium-font-size\"><strong>Ol\u00e1, estudante! Esta aula foi veiculada na TV no dia 19\/10, segunda-feira, contemplando o eixo Educa\u00e7\u00e3o Financeira e Empreendedorismo. No Portal Conex\u00e3o Escola, ela est\u00e1 apresentada em uma forma de atividade, mas voc\u00ea pode assistir \u00e0 videoaula quando desejar, acessando o link na parte inferior da tela. Aproveite, assista e compartilhe! Vamos l\u00e1?<\/strong><\/p>\n\n\n\n<hr class=\"wp-block-separator\"\/>\n\n\n\n<p class=\"has-medium-font-size\">Hoje vamos aprender como calcular o pre\u00e7o de venda de doces.<\/p>\n\n\n\n<p class=\"has-medium-font-size\">Afinal, quem n\u00e3o quer faturar um dinheiro extra, n\u00e3o \u00e9 mesmo?<\/p>\n\n\n\n<p class=\"has-medium-font-size\">V<strong>oc\u00ea n\u00e3o gosta de cozinhar?<\/strong><\/p>\n\n\n\n<p class=\"has-medium-font-size\"><strong>N\u00e3o tem interesse em fazer e nem vender doces?<\/strong><\/p>\n\n\n\n<p class=\"has-medium-font-size\">N\u00e3o tem problema, pois nesse programa vamos discutir v\u00e1rias quest\u00f5es sobre os n\u00fameros racionais na forma decimal:<\/p>\n\n\n\n<p class=\"has-medium-font-size\"><strong>Reta num\u00e9rica<\/strong><\/p>\n\n\n\n<p class=\"has-medium-font-size\"><strong>Ordena\u00e7\u00e3o dos n\u00fameros racionais na forma decimal<\/strong><\/p>\n\n\n\n<p class=\"has-medium-font-size\"><strong>Composi\u00e7\u00e3o e decomposi\u00e7\u00e3o<\/strong><\/p>\n\n\n\n<p class=\"has-medium-font-size\"><strong>Leitura, escrita e muito&nbsp; mais.<\/strong><\/p>\n\n\n\n<p class=\"has-medium-font-size\">Reta num\u00e9rica \u00e9 uma reta onde os n\u00fameros s\u00e3o marcados e ordenados.<\/p>\n\n\n\n<p class=\"has-medium-font-size\">A r\u00e9gua, a trena e a fita m\u00e9trica s\u00e3o alguns dos exemplos de reta num\u00e9rica.<\/p>\n\n\n\n<p class=\"has-medium-font-size\">Quando falamos em mil\u00edmetro, estamos afirmando que o metro foi dividido em mil<\/p>\n\n\n\n<p class=\"has-medium-font-size\">Em cent\u00edmetro, significa que o metro foi dividido em cem<\/p>\n\n\n\n<p class=\"has-medium-font-size\">E em dec\u00edmetro ele foi dividido em 10 partes iguais. Esse s\u00e3o exemplos de n\u00fameros decimais.<\/p>\n\n\n\n<hr class=\"wp-block-separator\"\/>\n\n\n\n<figure class=\"wp-block-image size-large\"><img fetchpriority=\"high\" decoding=\"async\" width=\"861\" height=\"484\" src=\"http:\/\/sme.goiania.go.gov.br\/conexaoescola\/wp-content\/uploads\/2020\/10\/10_Decimais-1-e1601644408351.png\" alt=\"\" class=\"wp-image-5751\" srcset=\"https:\/\/sme.goiania.go.gov.br\/conexaoescola\/wp-content\/uploads\/2020\/10\/10_Decimais-1-e1601644408351.png 861w, https:\/\/sme.goiania.go.gov.br\/conexaoescola\/wp-content\/uploads\/2020\/10\/10_Decimais-1-e1601644408351-300x169.png 300w, https:\/\/sme.goiania.go.gov.br\/conexaoescola\/wp-content\/uploads\/2020\/10\/10_Decimais-1-e1601644408351-768x432.png 768w\" sizes=\"(max-width: 861px) 100vw, 861px\" \/><\/figure>\n\n\n\n<hr class=\"wp-block-separator\"\/>\n\n\n\n<p class=\"has-text-align-center has-medium-font-size\"><strong>VEJAMOS OUTRO EXEMPLO&#8230;<\/strong><\/p>\n\n\n\n<hr class=\"wp-block-separator\"\/>\n\n\n\n<figure class=\"wp-block-image size-large\"><img decoding=\"async\" width=\"858\" height=\"487\" src=\"http:\/\/sme.goiania.go.gov.br\/conexaoescola\/wp-content\/uploads\/2020\/10\/10_Decimais-2-e1601644680789.png\" alt=\"\" class=\"wp-image-5752\" srcset=\"https:\/\/sme.goiania.go.gov.br\/conexaoescola\/wp-content\/uploads\/2020\/10\/10_Decimais-2-e1601644680789.png 858w, https:\/\/sme.goiania.go.gov.br\/conexaoescola\/wp-content\/uploads\/2020\/10\/10_Decimais-2-e1601644680789-300x170.png 300w, https:\/\/sme.goiania.go.gov.br\/conexaoescola\/wp-content\/uploads\/2020\/10\/10_Decimais-2-e1601644680789-768x436.png 768w\" sizes=\"(max-width: 858px) 100vw, 858px\" \/><\/figure>\n\n\n\n<hr class=\"wp-block-separator\"\/>\n\n\n\n<p class=\"has-medium-font-size\">Observe o n\u00famero 2,1 cent\u00edmetros. Vamos entender?<\/p>\n\n\n\n<ul class=\"wp-block-list\"><li>Um metro foi dividido em 100 e cada parte dessas \u00e9 chamada de cent\u00edmetro&nbsp;&nbsp;&nbsp;&nbsp;&nbsp;&nbsp;&nbsp;<\/li><li>Cada cent\u00edmetro foi dividido em 10 e cada parte dessas \u00e9 chamada de mil\u00edmetro&nbsp;&nbsp;&nbsp;&nbsp;&nbsp;&nbsp;&nbsp;&nbsp;&nbsp;&nbsp;&nbsp;&nbsp;&nbsp;&nbsp;<\/li><li>Por isso lemos 2,1 cent\u00edmetro ou 210 mil\u00edmetros<\/li><\/ul>\n\n\n\n<p class=\"has-medium-font-size\">Agora vamos pensar na decomposi\u00e7\u00e3o do metro.<\/p>\n\n\n\n<p class=\"has-medium-font-size\"><strong>Um metro \u00e9 formado por:<\/strong><\/p>\n\n\n\n<ul class=\"wp-block-list\"><li>Dez dec\u00edmetros<\/li><li>Cem cent\u00edmetros<\/li><li>Mil mil\u00edmetros<\/li><\/ul>\n\n\n\n<p class=\"has-medium-font-size\"><strong>Um dec\u00edmetro \u00e9 formado por:<\/strong><\/p>\n\n\n\n<ul class=\"wp-block-list\"><li>Dez cent\u00edmetros<\/li><li>Cem mil\u00edmetros<\/li><\/ul>\n\n\n\n<p class=\"has-medium-font-size\"><strong>E um cent\u00edmetro \u00e9 formado por<\/strong><\/p>\n\n\n\n<ul class=\"wp-block-list\"><li>Dez mil\u00edmetros<\/li><\/ul>\n\n\n\n<p class=\"has-medium-font-size\"><strong>Mas&#8230;&nbsp; o que isso tem a ver com o dinheiro?<\/strong><\/p>\n\n\n\n<p class=\"has-medium-font-size\"><strong>Tem tudo a ver! <\/strong><\/p>\n\n\n\n<p class=\"has-medium-font-size\">Os centavos nada mais s\u00e3o que n\u00fameros decimais.<\/p>\n\n\n\n<p class=\"has-medium-font-size\">Vamos assistir ao v\u00eddeo da Rafa Cabral e ver se voc\u00ea consegue identificar os n\u00fameros decimais&#8230;<\/p>\n\n\n\n<p class=\"has-medium-font-size\">Aqueles que est\u00e3o depois da v\u00edrgula! <\/p>\n\n\n\n<hr class=\"wp-block-separator\"\/>\n\n\n\n<figure class=\"wp-block-embed-youtube wp-block-embed is-type-video is-provider-youtube wp-embed-aspect-16-9 wp-has-aspect-ratio\"><div class=\"wp-block-embed__wrapper\">\n<p class=\"responsive-video-wrap clr\"><iframe title=\"Como Calcular Pre\u00e7o de Venda de Doces: M\u00e9todo f\u00e1cil (Planilha gr\u00e1tis!)\" width=\"1200\" height=\"675\" src=\"https:\/\/www.youtube.com\/embed\/rcRvQxpVF8I?feature=oembed\" frameborder=\"0\" allow=\"accelerometer; autoplay; clipboard-write; encrypted-media; gyroscope; picture-in-picture\" allowfullscreen><\/iframe><\/p>\n<\/div><figcaption>\u201cComo Calcular Pre\u00e7o de Venda de Doces: M\u00e9todo f\u00e1cil (Planilha gr\u00e1tis!)\u201d\u2013 Canal:&nbsp; <a href=\"https:\/\/www.youtube.com\/channel\/UCgSEWWlD2uC7B6DmUgdqpYQ\">Rafa Cabral &#8211; Confeitaria Descomplicada<\/a><br>\u2013 Link: <a href=\"https:\/\/www.youtube.com\/watch?v=rcRvQxpVF8I\">https:\/\/www.youtube.com\/watch?v=rcRvQxpVF8I<\/a>&nbsp;<\/figcaption><\/figure>\n\n\n\n<hr class=\"wp-block-separator\"\/>\n\n\n\n<p class=\"has-medium-font-size\">Nesse site podemos encontrar v\u00e1rias informa\u00e7\u00f5es legais sobre confeitaria.<\/p>\n\n\n\n<p class=\"has-medium-font-size\">Mas, sem desenvolver as habilidades relacionadas aos n\u00fameros inteiros e decimais n\u00e3o conseguimos fazer os c\u00e1lculos relacionadas \u00e0s gramas que est\u00e3o presentes em todas as receitas e nem calcular os valores que, na maioria das vezes envolvem centavos.<\/p>\n\n\n\n<p class=\"has-medium-font-size\">Observe uma parte da planilha que a Rafa Cabral disponibilizou em seu site&#8230;<\/p>\n\n\n\n<hr class=\"wp-block-separator\"\/>\n\n\n\n<figure class=\"wp-block-image size-large\"><img decoding=\"async\" width=\"853\" height=\"479\" src=\"http:\/\/sme.goiania.go.gov.br\/conexaoescola\/wp-content\/uploads\/2020\/10\/10_Decimais-3-1-e1601645600182.png\" alt=\"\" class=\"wp-image-5755\" srcset=\"https:\/\/sme.goiania.go.gov.br\/conexaoescola\/wp-content\/uploads\/2020\/10\/10_Decimais-3-1-e1601645600182.png 853w, https:\/\/sme.goiania.go.gov.br\/conexaoescola\/wp-content\/uploads\/2020\/10\/10_Decimais-3-1-e1601645600182-300x168.png 300w, https:\/\/sme.goiania.go.gov.br\/conexaoescola\/wp-content\/uploads\/2020\/10\/10_Decimais-3-1-e1601645600182-768x431.png 768w\" sizes=\"(max-width: 853px) 100vw, 853px\" \/><figcaption><strong>FONTE: \u201cComo Calcular Pre\u00e7o de Venda de Doces: M\u00e9todo f\u00e1cil (Planilha gr\u00e1tis!)\u201d\u2013 Canal:&nbsp; <a href=\"https:\/\/www.youtube.com\/channel\/UCgSEWWlD2uC7B6DmUgdqpYQ\">Rafa Cabral &#8211; Confeitaria Descomplicada<\/a> \u2013 Link: <a href=\"https:\/\/www.youtube.com\/watch?v=rcRvQxpVF8I\">https:\/\/www.youtube.com\/watch?v=rcRvQxpVF8I<\/a><\/strong><\/figcaption><\/figure>\n\n\n\n<hr class=\"wp-block-separator\"\/>\n\n\n\n<p class=\"has-medium-font-size\">Observe o custo dos ovos:<\/p>\n\n\n\n<p class=\"has-medium-font-size\">Um real e treze centavos, vamos entender esse n\u00famero?<\/p>\n\n\n\n<p class=\"has-medium-font-size\">O n\u00famero 1 est\u00e1 representando um real, que equivale a uma unidade Os centavos s\u00e3o a divis\u00e3o do real, ou 1 real dividido por cem.<\/p>\n\n\n\n<p class=\"has-medium-font-size\">Treze centavos equivalem a treze partes de 100, como no caso que voc\u00eas viram da r\u00e9gua.<\/p>\n\n\n\n<p class=\"has-medium-font-size\"><strong>Isso tudo e ainda n\u00e3o falamos dos c\u00e1lculos.<\/strong><\/p>\n\n\n\n<p class=\"has-medium-font-size\">Para operar, ou fazer c\u00e1lculos precisamos conhecer bem os n\u00fameros, por isso \u00e9 importante desenvolver todas essas habilidades que envolvem os n\u00fameros inteiros e decimais.<\/p>\n\n\n\n<p class=\"has-medium-font-size\">Hoje deixaremos como desafio para voc\u00ea, que est\u00e1 nos acompanhando, preencher essa planilha de custos com os valores dos supermercados pr\u00f3ximos a sua resid\u00eancia e fazer os c\u00e1lculos com base em tudo que aprendemos, principalmente a decomposi\u00e7\u00e3o dos n\u00fameros.<\/p>\n\n\n\n<p class=\"has-text-color has-medium-font-size has-vivid-red-color\"><strong> Al\u00e9m do desafio deixaremos tamb\u00e9m um presente muito especial!!!Ou\u00e7a e se delicie com a m\u00fasica&nbsp;&nbsp; Tico-Tico no Fub\u00e1, tocada pela pianista Ligia Wentzel.<\/strong><\/p>\n\n\n\n<hr class=\"wp-block-separator\"\/>\n\n\n\n<figure class=\"wp-block-embed-youtube wp-block-embed is-type-video is-provider-youtube wp-embed-aspect-16-9 wp-has-aspect-ratio\"><div class=\"wp-block-embed__wrapper\">\n<p class=\"responsive-video-wrap clr\"><iframe title=\"Ligia Wentzel toca Tico-Tico no Fub\u00e1 especialmente para alunos do EAJA (SME-Goi\u00e2nia)\" width=\"1200\" height=\"675\" src=\"https:\/\/www.youtube.com\/embed\/hmzWEK2HM6M?feature=oembed\" frameborder=\"0\" allow=\"accelerometer; autoplay; clipboard-write; encrypted-media; gyroscope; picture-in-picture\" allowfullscreen><\/iframe><\/p>\n<\/div><figcaption>\u201cLigia Wentzel toca Tico-Tico no Fub\u00e1\u201d\u2013 Canal:&nbsp; <a href=\"https:\/\/www.youtube.com\/channel\/UC1A9IBnmHG1cz6HZ6gZHMow\">Profs Protagonistas<\/a>&nbsp; \u2013 Link: <a href=\"https:\/\/www.youtube.com\/watch?v=hmzWEK2HM6M&amp;feature=youtu.be\">https:\/\/www.youtube.com\/watch?v=hmzWEK2HM6M&amp;feature=youtu.be<\/a>&nbsp;<\/figcaption><\/figure>\n\n\n\n<hr class=\"wp-block-separator\"\/>\n\n\n\n<figure class=\"wp-block-table\"><table><tbody><tr><td><strong>COMPONENTE<\/strong><br><\/td><td class=\"has-text-align-left\" data-align=\"left\"><strong>OBJETIVOS DE APRENDIZAGEM E DESENVOLVIMENTO<\/strong><\/td><\/tr><tr><td>MAtem\u00e1tica<\/td><td class=\"has-text-align-left\" data-align=\"left\">(EAJAMA0402) Ler, escrever e ordenar n\u00fameros racionais na forma decimal com compreens\u00e3o das principais caracter\u00edsticas do sistema de numera\u00e7\u00e3o decimal, utilizando a composi\u00e7\u00e3o e decomposi\u00e7\u00e3o e a reta num\u00e9rica.<br>(EAJAMA0408) Resolver situa\u00e7\u00f5es-problema de adi\u00e7\u00e3o e subtra\u00e7\u00e3o com n\u00fameros naturais e com n\u00fameros racionais, cuja representa\u00e7\u00e3o decimal seja finita.<br>(EAJAMA0409) Resolver situa\u00e7\u00f5es-problema de multiplica\u00e7\u00e3o e divis\u00e3o com n\u00fameros naturais e com n\u00fameros racionais cuja representa\u00e7\u00e3o decimal \u00e9 finita (multiplicador natural e divisor natural e diferente de zero).<\/td><\/tr><\/tbody><\/table><\/figure>\n\n\n\n<hr class=\"wp-block-separator\"\/>\n\n\n\n<p class=\"has-text-color has-text-align-center has-medium-font-size has-vivid-red-color\">           <strong>EAJA &#8211;  Educa\u00e7\u00e3o Financeira e Empreendedorismo                                        \u2013 3\u00aa e 4\u00aa s\u00e9ries<\/strong><\/p>\n\n\n\n<p class=\"has-text-color has-text-align-center has-medium-font-size has-very-dark-gray-color\">Assista o v\u00eddeo abaixo e tenha acesso ao conte\u00fado completo dessa atividade:<\/p>\n\n\n\n<hr class=\"wp-block-separator\"\/>\n\n\n\n<figure class=\"wp-block-embed-youtube wp-block-embed is-type-video is-provider-youtube wp-embed-aspect-16-9 wp-has-aspect-ratio\"><div class=\"wp-block-embed__wrapper\">\n<p class=\"responsive-video-wrap clr\"><iframe title=\"\u00c1rea e per\u00edmetro no cotidiano - EAJA - Ed. Financeira e Empreendedorismo - 19\/10 - Bloco 1\" width=\"1200\" height=\"675\" src=\"https:\/\/www.youtube.com\/embed\/H6lTsTlRW0M?feature=oembed\" frameborder=\"0\" allow=\"accelerometer; autoplay; clipboard-write; encrypted-media; gyroscope; picture-in-picture\" allowfullscreen><\/iframe><\/p>\n<\/div><\/figure>\n","protected":false},"author":25,"featured_media":5757,"template":"","meta":{"_acf_changed":false,"ocean_post_layout":"","ocean_both_sidebars_style":"","ocean_both_sidebars_content_width":0,"ocean_both_sidebars_sidebars_width":0,"ocean_sidebar":"","ocean_second_sidebar":"","ocean_disable_margins":"enable","ocean_add_body_class":"","ocean_shortcode_before_top_bar":"","ocean_shortcode_after_top_bar":"","ocean_shortcode_before_header":"","ocean_shortcode_after_header":"","ocean_has_shortcode":"","ocean_shortcode_after_title":"","ocean_shortcode_before_footer_widgets":"","ocean_shortcode_after_footer_widgets":"","ocean_shortcode_before_footer_bottom":"","ocean_shortcode_after_footer_bottom":"","ocean_display_top_bar":"default","ocean_display_header":"default","ocean_header_style":"","ocean_center_header_left_menu":"","ocean_custom_header_template":"","ocean_custom_logo":0,"ocean_custom_retina_logo":0,"ocean_custom_logo_max_width":0,"ocean_custom_logo_tablet_max_width":0,"ocean_custom_logo_mobile_max_width":0,"ocean_custom_logo_max_height":0,"ocean_custom_logo_tablet_max_height":0,"ocean_custom_logo_mobile_max_height":0,"ocean_header_custom_menu":"","ocean_menu_typo_font_family":"","ocean_menu_typo_font_subset":"","ocean_menu_typo_font_size":0,"ocean_menu_typo_font_size_tablet":0,"ocean_menu_typo_font_size_mobile":0,"ocean_menu_typo_font_size_unit":"px","ocean_menu_typo_font_weight":"","ocean_menu_typo_font_weight_tablet":"","ocean_menu_typo_font_weight_mobile":"","ocean_menu_typo_transform":"","ocean_menu_typo_transform_tablet":"","ocean_menu_typo_transform_mobile":"","ocean_menu_typo_line_height":0,"ocean_menu_typo_line_height_tablet":0,"ocean_menu_typo_line_height_mobile":0,"ocean_menu_typo_line_height_unit":"","ocean_menu_typo_spacing":0,"ocean_menu_typo_spacing_tablet":0,"ocean_menu_typo_spacing_mobile":0,"ocean_menu_typo_spacing_unit":"","ocean_menu_link_color":"","ocean_menu_link_color_hover":"","ocean_menu_link_color_active":"","ocean_menu_link_background":"","ocean_menu_link_hover_background":"","ocean_menu_link_active_background":"","ocean_menu_social_links_bg":"","ocean_menu_social_hover_links_bg":"","ocean_menu_social_links_color":"","ocean_menu_social_hover_links_color":"","ocean_disable_title":"default","ocean_disable_heading":"default","ocean_post_title":"","ocean_post_subheading":"","ocean_post_title_style":"","ocean_post_title_background_color":"","ocean_post_title_background":0,"ocean_post_title_bg_image_position":"","ocean_post_title_bg_image_attachment":"","ocean_post_title_bg_image_repeat":"","ocean_post_title_bg_image_size":"","ocean_post_title_height":0,"ocean_post_title_bg_overlay":0.5,"ocean_post_title_bg_overlay_color":"","ocean_disable_breadcrumbs":"default","ocean_breadcrumbs_color":"","ocean_breadcrumbs_separator_color":"","ocean_breadcrumbs_links_color":"","ocean_breadcrumbs_links_hover_color":"","ocean_display_footer_widgets":"default","ocean_display_footer_bottom":"default","ocean_custom_footer_template":""},"eaja_categoria":[4],"serie":[],"eaja_componente":[],"class_list":["post-5738","eaja","type-eaja","status-publish","has-post-thumbnail","hentry","eaja_categoria-1o-segmento-1a-a-4a-serie","entry","has-media"],"acf":[],"_links":{"self":[{"href":"https:\/\/sme.goiania.go.gov.br\/conexaoescola\/wp-json\/wp\/v2\/eaja\/5738","targetHints":{"allow":["GET"]}}],"collection":[{"href":"https:\/\/sme.goiania.go.gov.br\/conexaoescola\/wp-json\/wp\/v2\/eaja"}],"about":[{"href":"https:\/\/sme.goiania.go.gov.br\/conexaoescola\/wp-json\/wp\/v2\/types\/eaja"}],"author":[{"embeddable":true,"href":"https:\/\/sme.goiania.go.gov.br\/conexaoescola\/wp-json\/wp\/v2\/users\/25"}],"wp:featuredmedia":[{"embeddable":true,"href":"https:\/\/sme.goiania.go.gov.br\/conexaoescola\/wp-json\/wp\/v2\/media\/5757"}],"wp:attachment":[{"href":"https:\/\/sme.goiania.go.gov.br\/conexaoescola\/wp-json\/wp\/v2\/media?parent=5738"}],"wp:term":[{"taxonomy":"eaja_categoria","embeddable":true,"href":"https:\/\/sme.goiania.go.gov.br\/conexaoescola\/wp-json\/wp\/v2\/eaja_categoria?post=5738"},{"taxonomy":"serie","embeddable":true,"href":"https:\/\/sme.goiania.go.gov.br\/conexaoescola\/wp-json\/wp\/v2\/serie?post=5738"},{"taxonomy":"eaja_componente","embeddable":true,"href":"https:\/\/sme.goiania.go.gov.br\/conexaoescola\/wp-json\/wp\/v2\/eaja_componente?post=5738"}],"curies":[{"name":"wp","href":"https:\/\/api.w.org\/{rel}","templated":true}]}}