{"id":5563,"date":"2020-10-05T07:00:00","date_gmt":"2020-10-05T10:00:00","guid":{"rendered":"http:\/\/sme.goiania.go.gov.br\/conexaoescola\/?post_type=eaja&#038;p=5563"},"modified":"2021-11-08T11:41:23","modified_gmt":"2021-11-08T13:41:23","slug":"vida-e-evolucao","status":"publish","type":"eaja","link":"https:\/\/sme.goiania.go.gov.br\/conexaoescola\/eaja\/vida-e-evolucao\/","title":{"rendered":"Vida e Evolu\u00e7\u00e3o"},"content":{"rendered":"\n<p class=\"has-medium-font-size\">A atividade tem como objetivo retratar a Evolu\u00e7\u00e3o (tamb\u00e9m conhecida como evolu\u00e7\u00e3o biol\u00f3gica, gen\u00e9tica ou org\u00e2nica) \u00e9 a mudan\u00e7a das caracter\u00edsticas heredit\u00e1rias de uma popula\u00e7\u00e3o de seres vivos de uma gera\u00e7\u00e3o para outra. Este processo faz com que as popula\u00e7\u00f5es de organismos mudem e se diversifiquem ao longo do tempo. O termo &#8220;evolu\u00e7\u00e3o&#8221; pode referir-se \u00e0 evid\u00eancia observacional que constitui o fato cient\u00edfico intr\u00ednseco \u00e0 teoria da evolu\u00e7\u00e3o biol\u00f3gica, ou, em acep\u00e7\u00e3o completa, \u00e0 teoria em sua completude. Uma teoria cient\u00edfica \u00e9 por defini\u00e7\u00e3o um conjunto indissoci\u00e1vel de todas as evid\u00eancias verific\u00e1veis conhecidas e das ideias test\u00e1veis e testadas \u00e0quelas atreladas e com isso mostrar a evolu\u00e7\u00e3o do homem at\u00e9 os dias atuais. Vamos l\u00e1!<\/p>\n\n\n\n<hr class=\"wp-block-separator\"\/>\n\n\n\n<h2 class=\"has-pale-cyan-blue-background-color has-background wp-block-heading\"><strong>Atividade 1<\/strong><\/h2>\n\n\n\n<p class=\"has-medium-font-size\">Acesse o link:<\/p>\n\n\n\n<p class=\"has-text-align-center has-very-light-gray-background-color has-background has-medium-font-size\"><a href=\"http:\/\/educacao.globo.com\/provas\/enem-2011\/questoes\/133.html\" target=\"_blank\" rel=\"noreferrer noopener\">http:\/\/educacao.globo.com\/provas\/enem-2011\/questoes\/133.html<\/a><\/p>\n\n\n\n<p class=\"has-medium-font-size\">Agora registre no caderno a sua opini\u00e3o sobre a evolu\u00e7\u00e3o do homem at\u00e9 os dias atuais.<\/p>\n\n\n\n<hr class=\"wp-block-separator\"\/>\n\n\n\n<h2 class=\"has-white-color has-vivid-red-background-color has-text-color has-background wp-block-heading\"><strong>Atividade 2<\/strong><\/h2>\n\n\n\n<p class=\"has-medium-font-size\">Acesse o link: <a href=\"https:\/\/www.youtube.com\/watch?v=jx1cYxHutzk\"><u>https:\/\/www.youtube.com\/watch?v=0OOtG8ubQgk<\/u><\/a> (Pr\u00e9-Hist\u00f3ria Evolu\u00e7\u00e3o dos Homin\u00eddeos), assista com aten\u00e7\u00e3o e responda as quest\u00f5es em seu caderno:<\/p>\n\n\n\n<figure class=\"wp-block-embed is-type-video is-provider-youtube wp-block-embed-youtube wp-embed-aspect-16-9 wp-has-aspect-ratio\"><div class=\"wp-block-embed__wrapper\">\n<p class=\"responsive-video-wrap clr\"><iframe title=\"Pr\u00e9-Hist\u00f3ria Evolu\u00e7\u00e3o dos Homin\u00eddeos\" width=\"1200\" height=\"675\" src=\"https:\/\/www.youtube.com\/embed\/0OOtG8ubQgk?feature=oembed\" frameborder=\"0\" allow=\"accelerometer; autoplay; clipboard-write; encrypted-media; gyroscope; picture-in-picture\" allowfullscreen><\/iframe><\/p>\n<\/div><figcaption>&#8220;Pr\u00e9-Hist\u00f3ria Evolu\u00e7\u00e3o dos Homin\u00eddeos&#8221; &#8211; Canal: HistoriA\u00e7\u00e3o Humanas Prof. Jener Cristiano &#8211; <br>Link: <a href=\"https:\/\/www.youtube.com\/watch?v=0OOtG8ubQgk\" target=\"_blank\" rel=\"noreferrer noopener\">https:\/\/www.youtube.com\/watch?v=0OOtG8ubQgk<\/a><\/figcaption><\/figure>\n\n\n\n<p class=\"has-medium-font-size\">A \u2013 Fale algumas caracter\u00edsticas do Australopiteco.<\/p>\n\n\n\n<p class=\"has-medium-font-size\">B \u2013 O que significa <em>Homo Erectus<\/em>? O que eles faziam?<\/p>\n\n\n\n<p class=\"has-medium-font-size\">C \u2013 Qual o significado do aumento da capacidade craniana dos Homin\u00eddeos?<\/p>\n\n\n\n<hr class=\"wp-block-separator\"\/>\n\n\n\n<h2 class=\"has-luminous-vivid-amber-background-color has-background wp-block-heading\"><strong>Atividade 3<\/strong><\/h2>\n\n\n\n<p class=\"has-medium-font-size\"> Agora voc\u00ea vai refletir sobre o v\u00eddeo e registrar no caderno o que foi aprendido, n\u00e3o tenha medo de escrever. Voc\u00ea \u00e9 capaz, mais ou menos 30 linhas!<\/p>\n\n\n\n<hr class=\"wp-block-separator\"\/>\n\n\n\n<h2 class=\"has-black-color has-luminous-vivid-orange-background-color has-text-color has-background wp-block-heading\"><strong>Atividade 4<\/strong><\/h2>\n\n\n\n<p class=\"has-medium-font-size\">Acesse o link: <u><a rel=\"noreferrer noopener\" href=\"https:\/\/www.youtube.com\/watch?v=jx1cYxHutzk\" target=\"_blank\">https:\/\/www.youtube.com\/watch?v=jx1cYxHutzk<\/a><\/u>. (Teoria da Evolu\u00e7\u00e3o, da professora Vilma Ribeiro) e responda baseado no v\u00eddeo o que quer dizer:<\/p>\n\n\n\n<figure class=\"wp-block-embed is-type-video is-provider-youtube wp-block-embed-youtube wp-embed-aspect-16-9 wp-has-aspect-ratio\"><div class=\"wp-block-embed__wrapper\">\n<p class=\"responsive-video-wrap clr\"><iframe title=\"Teoria da Evolu\u00e7\u00e3o\" width=\"1200\" height=\"675\" src=\"https:\/\/www.youtube.com\/embed\/jx1cYxHutzk?feature=oembed\" frameborder=\"0\" allow=\"accelerometer; autoplay; clipboard-write; encrypted-media; gyroscope; picture-in-picture\" allowfullscreen><\/iframe><\/p>\n<\/div><figcaption>&#8220;Teoria da Evolu\u00e7\u00e3o&#8221; &#8211; Canal: Professora Vilma Ribeiro &#8211;<br>Link: <a href=\"https:\/\/www.youtube.com\/watch?v=jx1cYxHutzk\" target=\"_blank\" rel=\"noreferrer noopener\">https:\/\/www.youtube.com\/watch?v=jx1cYxHutzk<\/a><\/figcaption><\/figure>\n\n\n\n<p class=\"has-medium-font-size\">1 &#8211; O passado n\u00e3o \u00e9 algo fixo e imut\u00e1vel<\/p>\n\n\n\n<p class=\"has-medium-font-size\">2 \u2013 A hist\u00f3ria pode mudar a medida que novos estudos e fontes apare\u00e7am<\/p>\n\n\n\n<p class=\"has-medium-font-size\">3 \u2013 Cada corrente e escola tem uma abordagem diferente da hist\u00f3ria<\/p>\n\n\n\n<p class=\"has-medium-font-size\">4 \u2013 A hist\u00f3ria n\u00e3o \u00e9 uma verdade absoluta<\/p>\n\n\n\n<hr class=\"wp-block-separator\"\/>\n\n\n\n<p class=\"has-very-light-gray-color has-text-color has-background has-medium-font-size\" style=\"background-color:#0a8e76\">Saiba Mais | Refer\u00eancias:<\/p>\n\n\n\n<div class=\"wp-block-columns is-layout-flex wp-container-core-columns-is-layout-9d6595d7 wp-block-columns-is-layout-flex\">\n<div class=\"wp-block-column is-layout-flow wp-block-column-is-layout-flow\">\n<p class=\"has-text-align-center has-very-light-gray-background-color has-background has-medium-font-size\"><a href=\"https:\/\/pt.wikipedia.org\/wiki\/Evolu%C3%A7%C3%A3o_humana\">https:\/\/pt.wikipedia.org\/wiki\/Evolu%C3%A7%C3%A3o_humana<\/a><\/p>\n<\/div>\n\n\n\n<div class=\"wp-block-column is-layout-flow wp-block-column-is-layout-flow\">\n<p class=\"has-text-align-center has-very-light-gray-background-color has-background has-medium-font-size\"><a href=\"https:\/\/sites.google.com\/site\/pensaraevolucao\/museu-virtual-da-evolucao\/evolucao-humana\">https:\/\/sites.google.com\/site\/pensaraevolucao\/museu-virtual-da-evolucao\/evolucao-humana<\/a><\/p>\n<\/div>\n\n\n\n<div class=\"wp-block-column is-layout-flow wp-block-column-is-layout-flow\">\n<p class=\"has-text-align-center has-very-light-gray-background-color has-background has-medium-font-size\"><a href=\"https:\/\/revistascientificas.ifrj.edu.br\/revista\/index.php\/reci\/article\/viewFile\/1081\/708\">https:\/\/revistascientificas.ifrj.edu.br\/revista\/index.php\/reci\/article\/viewFile\/1081\/708<\/a><\/p>\n<\/div>\n<\/div>\n\n\n\n<hr class=\"wp-block-separator\"\/>\n\n\n\n<figure class=\"wp-block-table alignfull is-style-regular\"><table><tbody><tr><td>Componente(s) Curricular(res)<\/td><td>Ci\u00eancias da Natureza<\/td><\/tr><tr><td>Objetivos de Aprendizagem e Desenvolvimento<\/td><td>(EAJAC10816) Conhecer as teorias evolucionistas e construir argumentos que para explicar a diversidade biol\u00f3gica encontrada no planeta Terra a partir delas.<\/td><\/tr><tr><td>Professor:<\/td><td>Aline Neri Garcia<\/td><\/tr><tr><td>Institui\u00e7\u00e3o Educacional:<\/td><td>Escola Municipal Izabel Esperidi\u00e3o Jorge<\/td><\/tr><tr><td>CRE:<\/td><td>Maria Thom\u00e9 Neto<\/td><\/tr><\/tbody><\/table><\/figure>\n\n\n\n<hr class=\"wp-block-separator\"\/>\n\n\n\n<p class=\"has-text-align-center has-medium-font-size\">EAJA \u2013 Educa\u00e7\u00e3o Ambiental e Sa\u00fade \u2013 2\u00b0 Segmento \u2013 7\u00aa a 8\u00aa s\u00e9ries<\/p>\n","protected":false},"author":27,"featured_media":5564,"template":"","meta":{"_acf_changed":false,"ocean_post_layout":"","ocean_both_sidebars_style":"","ocean_both_sidebars_content_width":0,"ocean_both_sidebars_sidebars_width":0,"ocean_sidebar":"","ocean_second_sidebar":"","ocean_disable_margins":"enable","ocean_add_body_class":"","ocean_shortcode_before_top_bar":"","ocean_shortcode_after_top_bar":"","ocean_shortcode_before_header":"","ocean_shortcode_after_header":"","ocean_has_shortcode":"","ocean_shortcode_after_title":"","ocean_shortcode_before_footer_widgets":"","ocean_shortcode_after_footer_widgets":"","ocean_shortcode_before_footer_bottom":"","ocean_shortcode_after_footer_bottom":"","ocean_display_top_bar":"default","ocean_display_header":"default","ocean_header_style":"","ocean_center_header_left_menu":"","ocean_custom_header_template":"","ocean_custom_logo":0,"ocean_custom_retina_logo":0,"ocean_custom_logo_max_width":0,"ocean_custom_logo_tablet_max_width":0,"ocean_custom_logo_mobile_max_width":0,"ocean_custom_logo_max_height":0,"ocean_custom_logo_tablet_max_height":0,"ocean_custom_logo_mobile_max_height":0,"ocean_header_custom_menu":"","ocean_menu_typo_font_family":"","ocean_menu_typo_font_subset":"","ocean_menu_typo_font_size":0,"ocean_menu_typo_font_size_tablet":0,"ocean_menu_typo_font_size_mobile":0,"ocean_menu_typo_font_size_unit":"px","ocean_menu_typo_font_weight":"","ocean_menu_typo_font_weight_tablet":"","ocean_menu_typo_font_weight_mobile":"","ocean_menu_typo_transform":"","ocean_menu_typo_transform_tablet":"","ocean_menu_typo_transform_mobile":"","ocean_menu_typo_line_height":0,"ocean_menu_typo_line_height_tablet":0,"ocean_menu_typo_line_height_mobile":0,"ocean_menu_typo_line_height_unit":"","ocean_menu_typo_spacing":0,"ocean_menu_typo_spacing_tablet":0,"ocean_menu_typo_spacing_mobile":0,"ocean_menu_typo_spacing_unit":"","ocean_menu_link_color":"","ocean_menu_link_color_hover":"","ocean_menu_link_color_active":"","ocean_menu_link_background":"","ocean_menu_link_hover_background":"","ocean_menu_link_active_background":"","ocean_menu_social_links_bg":"","ocean_menu_social_hover_links_bg":"","ocean_menu_social_links_color":"","ocean_menu_social_hover_links_color":"","ocean_disable_title":"default","ocean_disable_heading":"default","ocean_post_title":"","ocean_post_subheading":"","ocean_post_title_style":"","ocean_post_title_background_color":"","ocean_post_title_background":0,"ocean_post_title_bg_image_position":"","ocean_post_title_bg_image_attachment":"","ocean_post_title_bg_image_repeat":"","ocean_post_title_bg_image_size":"","ocean_post_title_height":0,"ocean_post_title_bg_overlay":0.5,"ocean_post_title_bg_overlay_color":"","ocean_disable_breadcrumbs":"default","ocean_breadcrumbs_color":"","ocean_breadcrumbs_separator_color":"","ocean_breadcrumbs_links_color":"","ocean_breadcrumbs_links_hover_color":"","ocean_display_footer_widgets":"default","ocean_display_footer_bottom":"default","ocean_custom_footer_template":""},"eaja_categoria":[69],"serie":[76,100],"eaja_componente":[82],"class_list":["post-5563","eaja","type-eaja","status-publish","has-post-thumbnail","hentry","eaja_categoria-2o-segmento-7a-e-8a-serie","serie-7a-serie","serie-8a-serie","eaja_componente-ciencias-da-natureza","entry","has-media"],"acf":[],"_links":{"self":[{"href":"https:\/\/sme.goiania.go.gov.br\/conexaoescola\/wp-json\/wp\/v2\/eaja\/5563","targetHints":{"allow":["GET"]}}],"collection":[{"href":"https:\/\/sme.goiania.go.gov.br\/conexaoescola\/wp-json\/wp\/v2\/eaja"}],"about":[{"href":"https:\/\/sme.goiania.go.gov.br\/conexaoescola\/wp-json\/wp\/v2\/types\/eaja"}],"author":[{"embeddable":true,"href":"https:\/\/sme.goiania.go.gov.br\/conexaoescola\/wp-json\/wp\/v2\/users\/27"}],"wp:featuredmedia":[{"embeddable":true,"href":"https:\/\/sme.goiania.go.gov.br\/conexaoescola\/wp-json\/wp\/v2\/media\/5564"}],"wp:attachment":[{"href":"https:\/\/sme.goiania.go.gov.br\/conexaoescola\/wp-json\/wp\/v2\/media?parent=5563"}],"wp:term":[{"taxonomy":"eaja_categoria","embeddable":true,"href":"https:\/\/sme.goiania.go.gov.br\/conexaoescola\/wp-json\/wp\/v2\/eaja_categoria?post=5563"},{"taxonomy":"serie","embeddable":true,"href":"https:\/\/sme.goiania.go.gov.br\/conexaoescola\/wp-json\/wp\/v2\/serie?post=5563"},{"taxonomy":"eaja_componente","embeddable":true,"href":"https:\/\/sme.goiania.go.gov.br\/conexaoescola\/wp-json\/wp\/v2\/eaja_componente?post=5563"}],"curies":[{"name":"wp","href":"https:\/\/api.w.org\/{rel}","templated":true}]}}