{"id":5445,"date":"2020-10-19T07:02:00","date_gmt":"2020-10-19T10:02:00","guid":{"rendered":"http:\/\/sme.goiania.go.gov.br\/conexaoescola\/?post_type=eaja&#038;p=5445"},"modified":"2021-10-19T08:47:33","modified_gmt":"2021-10-19T11:47:33","slug":"covid-19-como-se-proteger-ao-sair-de-casa","status":"publish","type":"eaja","link":"https:\/\/sme.goiania.go.gov.br\/conexaoescola\/eaja\/covid-19-como-se-proteger-ao-sair-de-casa\/","title":{"rendered":"COVID-19: Como se proteger ao sair de casa"},"content":{"rendered":"\n<p class=\"has-vivid-purple-color has-text-color has-medium-font-size\">Ol\u00e1!<\/p>\n\n\n\n<p class=\"has-medium-font-size\">Voc\u00ea sabe o que fazer ao sair e voltar de casa para se proteger do COVID-19 (coronav\u00edrus)?<\/p>\n\n\n\n<p class=\"has-pale-pink-background-color has-background has-medium-font-size\">Voc\u00ea tem acompanhado atrav\u00e9s de programas de TV, internet ou mesmo de jornais o quanto \u00e9 perigoso o cont\u00e1gio pelo COVID-19 (coronav\u00edrus). Muitas pessoas t\u00eam sido contaminadas, internadas em hospitais e, infelizmente, est\u00e3o morrendo.&nbsp;<\/p>\n\n\n\n<p class=\"has-medium-font-size\">Como ainda n\u00e3o h\u00e1 uma vacina dispon\u00edvel, o melhor a fazer \u00e9 colocar em pr\u00e1tica os cuidados recomendados pelos especialistas em sa\u00fade.<\/p>\n\n\n\n<hr class=\"wp-block-separator has-text-color has-background has-vivid-cyan-blue-background-color has-vivid-cyan-blue-color\"\/>\n\n\n\n<h2 class=\"has-pale-cyan-blue-background-color has-background wp-block-heading\"><strong>ATIVIDADE 1<\/strong><\/h2>\n\n\n\n<p class=\"has-medium-font-size\">Assista ao v\u00eddeo &#8220;Covid-19: cuidados ao sair ou voltar de casa&#8221;. E veja o que j\u00e1 sabia e o que n\u00e3o sabia:<\/p>\n\n\n\n<figure class=\"wp-block-embed is-type-video is-provider-youtube wp-block-embed-youtube wp-embed-aspect-16-9 wp-has-aspect-ratio\"><div class=\"wp-block-embed__wrapper\">\n<p class=\"responsive-video-wrap clr\"><iframe title=\"COVID-19 - Cuidados ao sair e voltar para casa\" width=\"1200\" height=\"675\" src=\"https:\/\/www.youtube.com\/embed\/H0p5tQMYnK0?feature=oembed\" frameborder=\"0\" allow=\"accelerometer; autoplay; clipboard-write; encrypted-media; gyroscope; picture-in-picture\" allowfullscreen><\/iframe><\/p>\n<\/div><figcaption>&#8220;COVID-19 &#8211; Cuidados ao sair e voltar para casa&#8221; &#8211; Canal: <a href=\"https:\/\/www.youtube.com\/channel\/UC7p0nkJuFunGZhe1PcdBrIw\">Grupo Jacto<\/a><br>Link: <a href=\"https:\/\/www.youtube.com\/watch?v=H0p5tQMYnK0\">https:\/\/www.youtube.com\/watch?v=H0p5tQMYnK0<\/a><\/figcaption><\/figure>\n\n\n\n<hr class=\"wp-block-separator has-text-color has-background has-vivid-cyan-blue-background-color has-vivid-cyan-blue-color\"\/>\n\n\n\n<h2 class=\"has-light-green-cyan-background-color has-background wp-block-heading\"><strong>ATIVIDADE 2<\/strong><\/h2>\n\n\n\n<p class=\"has-pale-pink-background-color has-background has-medium-font-size\">Pense: &#8220;O que eu j\u00e1 sabia sobre esses cuidados? E o que eu n\u00e3o sabia&#8221;?<br>Observe os avisos no v\u00eddeo para se prevenir contra o coronav\u00edrus:&nbsp;<\/p>\n\n\n\n<p class=\"has-medium-font-size\"><br>*Antes de sair de casa:<br>&#8211; Deixe uma caixa para guardar objetos, uma sacola para roupas e itens necess\u00e1rios para higieniza\u00e7\u00e3o;<br>&#8211; Lave bem as m\u00e3os;<br>&#8211; Ponha a m\u00e1scara de tecido.<\/p>\n\n\n\n<p class=\"has-medium-font-size\"><br>*Durante o trajeto:<br>&#8211; Evite abra\u00e7os, apertos de m\u00e3os e bate-papo com pessoas que encontrar;<br>&#8211; Mantenha o distanciamento social, que \u00e9 a dist\u00e2ncia de 1,5 m (um metro e meio), no m\u00ednimo, para com as outras pessoas;<br>&#8211; Troque a m\u00e1scara de tecido a cada 2 (duas) horas e leve uma de reserva num saco pl\u00e1stico.<\/p>\n\n\n\n<p class=\"has-medium-font-size\"><br>*Ao voltar para casa:<br>&#8211; Higienize as m\u00e3os com \u00e1gua e sab\u00e3o ou \u00e1lcool em gel, antes de tocar nas pessoas , objetos ou animais;<br>&#8211; Tire os sapatos no lugar separado para eles;<br>&#8211; Ponha seus objetos na caixa separada antes;<br>&#8211; Tire suas roupas e as coloque numa sacola pl\u00e1stica e depois no cesto;<br>&#8211; Dirija-se diretamente ao banho;<br>&#8211; Higienize seus objetos;<br>&#8211; Limpe com luvas descart\u00e1veis as embalagens que voc\u00ea trouxe;<br>&#8211; Abra as janelas para arejar o ambiente.Identifique no v\u00eddeo os que voc\u00ea acha mais importante.<\/p>\n\n\n\n<hr class=\"wp-block-separator has-text-color has-background has-vivid-cyan-blue-background-color has-vivid-cyan-blue-color\"\/>\n\n\n\n<h2 class=\"has-luminous-vivid-amber-background-color has-background wp-block-heading\"><strong>ATIVIDADE 3<\/strong><\/h2>\n\n\n\n<p class=\"has-medium-font-size\">Convide uma pessoa de sua fam\u00edlia, que mora com voc\u00ea, para tamb\u00e9m assistir ao v\u00eddeo e conversem sobre o que sabem ou n\u00e3o sobre os cuidados que o v\u00eddeo apresenta.<\/p>\n\n\n\n<p class=\"has-medium-font-size\">Combine com esse seu familiar para voc\u00eas mostrarem o v\u00eddeo para as demais pessoas da sua casa, conversando com elas sobre o que sabiam ou n\u00e3o sobre os cuidados apresentados. Aproveitem e divulguem o link do v\u00eddeo para amigos e familiares :<a href=\"https:\/\/www.youtube.com\/watch?v=H0p5tQMYnK0\">https:\/\/www.youtube.com\/watch?v=H0p5tQMYnK0<\/a><\/p>\n\n\n\n<hr class=\"wp-block-separator has-text-color has-background has-vivid-cyan-blue-background-color has-vivid-cyan-blue-color\"\/>\n\n\n\n<p class=\"has-pale-pink-background-color has-background has-medium-font-size\">Que tal fazer uma entrevista com as pessoas de sua casa? Grave no celular ou escreva as respostas delas em seu caderno. Para fazer a entrevista, siga o roteiro a seguir:<\/p>\n\n\n\n<p class=\"has-medium-font-size\">1 &#8211; Qual \u00e9 o seu nome?<\/p>\n\n\n\n<p class=\"has-medium-font-size\">2 &#8211; Gostou do v\u00eddeo?&nbsp;<\/p>\n\n\n\n<p class=\"has-medium-font-size\">3 &#8211; Vendo o v\u00eddeo, quais os cuidados que voc\u00ea j\u00e1 sabia?<\/p>\n\n\n\n<p class=\"has-medium-font-size\">4 &#8211; E os cuidados que n\u00e3o sabia?<\/p>\n\n\n\n<p class=\"has-medium-font-size\">5 &#8211; Quais os cuidados voc\u00ea acha mais importantes?<\/p>\n\n\n\n<hr class=\"wp-block-separator has-text-color has-background has-vivid-cyan-blue-background-color has-vivid-cyan-blue-color\"\/>\n\n\n\n<p class=\"has-medium-font-size\">SAIBA MAIS:<\/p>\n\n\n\n<figure class=\"wp-block-embed is-type-video is-provider-youtube wp-block-embed-youtube wp-embed-aspect-4-3 wp-has-aspect-ratio\"><div class=\"wp-block-embed__wrapper\">\n<p class=\"responsive-video-wrap clr\"><iframe title=\"Covid-19: Como higienizar as compras\" width=\"1200\" height=\"900\" src=\"https:\/\/www.youtube.com\/embed\/dLoJwpS5D14?feature=oembed\" frameborder=\"0\" allow=\"accelerometer; autoplay; clipboard-write; encrypted-media; gyroscope; picture-in-picture\" allowfullscreen><\/iframe><\/p>\n<\/div><figcaption>&#8220;Covid-19: Como higienizar as compras&#8221; &#8211; Canal: sescrs &#8211; <br>Link: https:\/\/www.youtube.com\/watch?v=dLoJwpS5D14&amp;ab_channel=sescrs<\/figcaption><\/figure>\n\n\n\n<figure class=\"wp-block-embed is-type-video is-provider-youtube wp-block-embed-youtube wp-embed-aspect-16-9 wp-has-aspect-ratio\"><div class=\"wp-block-embed__wrapper\">\n<p class=\"responsive-video-wrap clr\"><iframe title=\"COVID-19: Utiliza\u00e7\u00e3o Correta da M\u00e1scara de Tecido\" width=\"1200\" height=\"675\" src=\"https:\/\/www.youtube.com\/embed\/wv36bLE_EuY?feature=oembed\" frameborder=\"0\" allow=\"accelerometer; autoplay; clipboard-write; encrypted-media; gyroscope; picture-in-picture\" allowfullscreen><\/iframe><\/p>\n<\/div><figcaption>&#8220;COVID-19: Utiliza\u00e7\u00e3o Correta da M\u00e1scara de Tecido&#8221; &#8211; Canal: Grupo Jacto <br>Link: https:\/\/www.youtube.com\/watch?v=wv36bLE_EuY<\/figcaption><\/figure>\n\n\n\n<p class=\"has-medium-font-size\">Minist\u00e9rio da Sa\u00fade CORONAV\u00cdRUS: O Que Voc\u00ea Precisa Saber<br><a href=\"https:\/\/coronavirus.saude.gov.br\/\">https:\/\/coronavirus.saude.gov.br\/<\/a><\/p>\n\n\n\n<hr class=\"wp-block-separator has-text-color has-background has-vivid-cyan-blue-background-color has-vivid-cyan-blue-color\"\/>\n\n\n\n<figure class=\"wp-block-table alignfull\"><table class=\"has-background\" style=\"background-color:#f3f4f5\"><tbody><tr><td><strong>Componente(s) Curricular(res)<\/strong><\/td><td>Ci\u00eancia da Natureza<\/td><\/tr><tr><td><strong>Objetivos de Aprendizagem e Desenvolvimento<\/strong><\/td><td><strong>(EAJACI0105)<\/strong> Identificar a diversidade na viv\u00eancia das rela\u00e7\u00f5es sociais do cotidiano e a import\u00e2ncia da valoriza\u00e7\u00e3o [da vida], do acolhimento e do respeito a estas diferen\u00e7as.&nbsp;<\/td><\/tr><\/tbody><\/table><\/figure>\n\n\n\n<hr class=\"wp-block-separator has-text-color has-background has-vivid-red-background-color has-vivid-red-color\"\/>\n\n\n\n<figure class=\"wp-block-table alignfull\"><table class=\"has-background\" style=\"background-color:#e7f5fe\"><tbody><tr><td>Professor:<\/td><td>J\u00falio Adriano Rosa R\u00e9sio&nbsp;<\/td><\/tr><tr><td>Institui\u00e7\u00e3o Educacional:<\/td><td>E. M. C\u00e9sar da Cunha Bastos&nbsp;<\/td><\/tr><\/tbody><\/table><\/figure>\n\n\n\n<hr class=\"wp-block-separator has-text-color has-background has-vivid-purple-background-color has-vivid-purple-color\"\/>\n\n\n\n<p class=\"has-text-align-center\">EAJA \u2013 Educa\u00e7\u00e3o Ambiental e Sa\u00fade \u2013 2\u00aa S\u00e9rie &#8211; 1\u00ba Segmento<\/p>\n","protected":false},"author":26,"featured_media":5446,"template":"","meta":{"_acf_changed":false,"ocean_post_layout":"","ocean_both_sidebars_style":"","ocean_both_sidebars_content_width":0,"ocean_both_sidebars_sidebars_width":0,"ocean_sidebar":"","ocean_second_sidebar":"","ocean_disable_margins":"enable","ocean_add_body_class":"","ocean_shortcode_before_top_bar":"","ocean_shortcode_after_top_bar":"","ocean_shortcode_before_header":"","ocean_shortcode_after_header":"","ocean_has_shortcode":"","ocean_shortcode_after_title":"","ocean_shortcode_before_footer_widgets":"","ocean_shortcode_after_footer_widgets":"","ocean_shortcode_before_footer_bottom":"","ocean_shortcode_after_footer_bottom":"","ocean_display_top_bar":"default","ocean_display_header":"default","ocean_header_style":"","ocean_center_header_left_menu":"","ocean_custom_header_template":"","ocean_custom_logo":0,"ocean_custom_retina_logo":0,"ocean_custom_logo_max_width":0,"ocean_custom_logo_tablet_max_width":0,"ocean_custom_logo_mobile_max_width":0,"ocean_custom_logo_max_height":0,"ocean_custom_logo_tablet_max_height":0,"ocean_custom_logo_mobile_max_height":0,"ocean_header_custom_menu":"","ocean_menu_typo_font_family":"","ocean_menu_typo_font_subset":"","ocean_menu_typo_font_size":0,"ocean_menu_typo_font_size_tablet":0,"ocean_menu_typo_font_size_mobile":0,"ocean_menu_typo_font_size_unit":"px","ocean_menu_typo_font_weight":"","ocean_menu_typo_font_weight_tablet":"","ocean_menu_typo_font_weight_mobile":"","ocean_menu_typo_transform":"","ocean_menu_typo_transform_tablet":"","ocean_menu_typo_transform_mobile":"","ocean_menu_typo_line_height":0,"ocean_menu_typo_line_height_tablet":0,"ocean_menu_typo_line_height_mobile":0,"ocean_menu_typo_line_height_unit":"","ocean_menu_typo_spacing":0,"ocean_menu_typo_spacing_tablet":0,"ocean_menu_typo_spacing_mobile":0,"ocean_menu_typo_spacing_unit":"","ocean_menu_link_color":"","ocean_menu_link_color_hover":"","ocean_menu_link_color_active":"","ocean_menu_link_background":"","ocean_menu_link_hover_background":"","ocean_menu_link_active_background":"","ocean_menu_social_links_bg":"","ocean_menu_social_hover_links_bg":"","ocean_menu_social_links_color":"","ocean_menu_social_hover_links_color":"","ocean_disable_title":"default","ocean_disable_heading":"default","ocean_post_title":"","ocean_post_subheading":"","ocean_post_title_style":"","ocean_post_title_background_color":"","ocean_post_title_background":0,"ocean_post_title_bg_image_position":"","ocean_post_title_bg_image_attachment":"","ocean_post_title_bg_image_repeat":"","ocean_post_title_bg_image_size":"","ocean_post_title_height":0,"ocean_post_title_bg_overlay":0.5,"ocean_post_title_bg_overlay_color":"","ocean_disable_breadcrumbs":"default","ocean_breadcrumbs_color":"","ocean_breadcrumbs_separator_color":"","ocean_breadcrumbs_links_color":"","ocean_breadcrumbs_links_hover_color":"","ocean_display_footer_widgets":"default","ocean_display_footer_bottom":"default","ocean_custom_footer_template":""},"eaja_categoria":[4],"serie":[71],"eaja_componente":[82],"class_list":["post-5445","eaja","type-eaja","status-publish","has-post-thumbnail","hentry","eaja_categoria-1o-segmento-1a-a-4a-serie","serie-2a-serie","eaja_componente-ciencias-da-natureza","entry","has-media"],"acf":[],"_links":{"self":[{"href":"https:\/\/sme.goiania.go.gov.br\/conexaoescola\/wp-json\/wp\/v2\/eaja\/5445","targetHints":{"allow":["GET"]}}],"collection":[{"href":"https:\/\/sme.goiania.go.gov.br\/conexaoescola\/wp-json\/wp\/v2\/eaja"}],"about":[{"href":"https:\/\/sme.goiania.go.gov.br\/conexaoescola\/wp-json\/wp\/v2\/types\/eaja"}],"author":[{"embeddable":true,"href":"https:\/\/sme.goiania.go.gov.br\/conexaoescola\/wp-json\/wp\/v2\/users\/26"}],"wp:featuredmedia":[{"embeddable":true,"href":"https:\/\/sme.goiania.go.gov.br\/conexaoescola\/wp-json\/wp\/v2\/media\/5446"}],"wp:attachment":[{"href":"https:\/\/sme.goiania.go.gov.br\/conexaoescola\/wp-json\/wp\/v2\/media?parent=5445"}],"wp:term":[{"taxonomy":"eaja_categoria","embeddable":true,"href":"https:\/\/sme.goiania.go.gov.br\/conexaoescola\/wp-json\/wp\/v2\/eaja_categoria?post=5445"},{"taxonomy":"serie","embeddable":true,"href":"https:\/\/sme.goiania.go.gov.br\/conexaoescola\/wp-json\/wp\/v2\/serie?post=5445"},{"taxonomy":"eaja_componente","embeddable":true,"href":"https:\/\/sme.goiania.go.gov.br\/conexaoescola\/wp-json\/wp\/v2\/eaja_componente?post=5445"}],"curies":[{"name":"wp","href":"https:\/\/api.w.org\/{rel}","templated":true}]}}