{"id":5306,"date":"2020-09-28T07:00:00","date_gmt":"2020-09-28T10:00:00","guid":{"rendered":"http:\/\/sme.goiania.go.gov.br\/conexaoescola\/?post_type=eaja&#038;p=5306"},"modified":"2022-12-08T16:01:34","modified_gmt":"2022-12-08T19:01:34","slug":"combatendo-a-obesidade","status":"publish","type":"eaja","link":"https:\/\/sme.goiania.go.gov.br\/conexaoescola\/eaja\/combatendo-a-obesidade\/","title":{"rendered":"Educa\u00e7\u00e3o F\u00edsica: COMBATENDO A OBESIDADE!"},"content":{"rendered":"\n<p class=\"has-cyan-bluish-gray-background-color has-background has-medium-font-size\"><strong>Ol\u00e1! Esta aula de&nbsp;<span class=\"has-inline-color has-vivid-cyan-blue-color\">EDUCA\u00c7\u00c3O F\u00cdSICA<\/span>&nbsp;\u00e9 destinada aos estudantes da&nbsp;&nbsp;<span class=\"has-inline-color has-vivid-cyan-blue-color\">8\u00aa S\u00c9RIE<\/span>&nbsp;da Eja.<\/strong><\/p>\n\n\n\n<p class=\"has-pale-cyan-blue-background-color has-background has-medium-font-size\">Esta aula foi veiculada na TV. No Portal Conex\u00e3o Escola, ela est\u00e1 apresentada em uma forma de atividade, mas voc\u00ea pode assistir a videoaula quando desejar, acessando o link na parte inferior da tela. Aproveite, assista e compartilhe! Vamos l\u00e1?<\/p>\n\n\n\n<p class=\"has-medium-font-size\"><strong>Nessa atividade de hoje iremos falar&nbsp;sobre Obesidade, e entender como os conte\u00fados de Educa\u00e7\u00e3o F\u00edsica podem ajudar a combater essa doen\u00e7a, que se tornou o grande mal do s\u00e9culo XXI.<\/strong><\/p>\n\n\n\n<div class=\"wp-block-image\"><figure class=\"aligncenter size-large is-resized\"><img fetchpriority=\"high\" decoding=\"async\" src=\"https:\/\/sme.goiania.go.gov.br\/conexaoescola\/wp-content\/uploads\/2020\/09\/obesidade-e1601163792234-1024x817.jpg\" alt=\"\" class=\"wp-image-5308\" width=\"568\" height=\"453\" srcset=\"https:\/\/sme.goiania.go.gov.br\/conexaoescola\/wp-content\/uploads\/2020\/09\/obesidade-e1601163792234-1024x817.jpg 1024w, https:\/\/sme.goiania.go.gov.br\/conexaoescola\/wp-content\/uploads\/2020\/09\/obesidade-e1601163792234-300x239.jpg 300w, https:\/\/sme.goiania.go.gov.br\/conexaoescola\/wp-content\/uploads\/2020\/09\/obesidade-e1601163792234-768x613.jpg 768w, https:\/\/sme.goiania.go.gov.br\/conexaoescola\/wp-content\/uploads\/2020\/09\/obesidade-e1601163792234.jpg 1280w\" sizes=\"(max-width: 568px) 100vw, 568px\" \/><\/figure><\/div>\n\n\n\n<hr class=\"wp-block-separator\"\/>\n\n\n\n<p class=\"has-medium-font-size\">A&nbsp;obesidade&nbsp;decorre da intera\u00e7\u00e3o entre&nbsp;fatores&nbsp;gen\u00e9ticos, culturais e familiares. A cada dia o n\u00famero de pessoas acima do peso cresce de forma exponencial no Brasil. Segundo pesquisas do Minist\u00e9rio da sa\u00fade, o n\u00famero de obesos no pa\u00eds aumentou 67,8% entre 2006 e 2018<em>.<\/em> Devido a diversas raz\u00f5es, muitas pessoas demoram a se enxergarem e a se aceitarem como obesos, e \u00e9 onde a doen\u00e7a cada vez mais, vai se complicando. <\/p>\n\n\n\n<p class=\"has-medium-font-size\">A n\u00edvel populacional, calcular o IMC, \u00e9 a melhor maneira de saber se voc\u00ea est\u00e1 obeso. Lembrando que esse c\u00e1lculo \u00e9 s\u00f3 para adultos e idosos, o c\u00e1lculo para crian\u00e7as e adolescentes \u00e9 diferente.<\/p>\n\n\n\n<p><img decoding=\"async\" src=\"https:\/\/lh6.googleusercontent.com\/ma-TnTsbJ1M6cW_3SaIU51d-eEP6GGMUExI3AtA2Te_NoWOaejHYgM8PFuDpe9WareIJ8AqVuWGWkabzMH7tM4wAfGFoEc7i1OOfvpBNMZtNRC8G-ax72098Ja8ypj3bG-vUMMc\" style=\"width: undefinedpx;\"><\/p>\n\n\n\n<p class=\"has-medium-font-size\">O ac\u00famulo de gordura mais perigoso \u00e9 o que se concentra na regi\u00e3o abdominal. Segue a tabela para que voc\u00ea visualize melhor os dados.<\/p>\n\n\n\n<p class=\"has-text-align-center\"><img decoding=\"async\" src=\"https:\/\/lh5.googleusercontent.com\/osVBkZlIsfLombudH_dFNeqUkAcgVN29nWiwAOwV0MnuRdTZUylF_X8-0OwVeQT94_xHLkVRBm7tB4wWzCiFAP0oCBvQCrEeeP1nqFOPg_UrDWlrhQGx78CrH4lNbXvfOAPe2wY\" style=\"width: undefinedpx;\"><\/p>\n\n\n\n<p class=\"has-medium-font-size\">Assim<strong>, <\/strong>no que se refere \u00e0 obesidade, \u00e9 poss\u00edvel afirmar que ela pode predispor a doen\u00e7as cardiovasculares, asma, gordura no f\u00edgado, diabetes, problemas respirat\u00f3rios, alguns c\u00e2nceres, desgaste articulares, al\u00e9m de prejudicar a autoestima, causando problemas psicol\u00f3gicos, como a depress\u00e3o, devido ao estigma social. A obesidade \u00e9 um assunto s\u00e9rio e precisamos disseminar informa\u00e7\u00f5es sobre o assunto de maneira respons\u00e1vel e respeitosa, visando mostrar o caminho para uma vida mais longa e saud\u00e1vel. <\/p>\n\n\n\n<p class=\"has-vivid-cyan-blue-background-color has-background has-medium-font-size\"><strong>ATIVIDADE 1<\/strong><\/p>\n\n\n\n<p class=\"has-medium-font-size\">Calcule, a\u00ed da sua casa, seu IMC e sua circunfer\u00eancia abdominal. E procure com urg\u00eancia um m\u00e9dico caso suas medidas seja de risco. <strong>ATEN\u00c7\u00c3O<\/strong>! Todas as informa\u00e7\u00f5es contidas nessa atividade n\u00e3o substituem uma consulta m\u00e9dica, mas o orienta e o alerta dos perigos da obesidade. Mas mesmo antes de ir a uma consulta m\u00e9dica, voc\u00ea pode come\u00e7ar a mudar seus h\u00e1bitos e estilo de vida. Afinal, alimenta\u00e7\u00e3o saud\u00e1vel e atividade f\u00edsica comp\u00f5em os dois principais pilares para o emagrecimento.<\/p>\n\n\n\n<p class=\"has-vivid-cyan-blue-background-color has-background has-medium-font-size\"><strong>ATIVIDADE 2<\/strong><\/p>\n\n\n\n<p class=\"has-medium-font-size\">Existem diversos estudos que comprovam a efici\u00eancia da muscula\u00e7\u00e3o e do HIIT, que \u00e9 o treino intervalado de alta intensidade, para o emagrecimento. A dan\u00e7a tamb\u00e9m \u00e9 uma \u00f3tima op\u00e7\u00e3o, o importante \u00e9 movimentar para consumir calorias. Que tal come\u00e7ar agora com uma aula de zumba? Zumba \u00e9 uma mistura de gin\u00e1stica aer\u00f3bica com dan\u00e7a, que acontece de forma descontra\u00edda e cheia de ritmo. Mesmo quem n\u00e3o sabe dan\u00e7ar, aprende a executar passos de dan\u00e7as misturados a movimentos de gin\u00e1stica localizada, ao som das m\u00fasicas do momento. Vamos dan\u00e7ar agora?<strong> <\/strong>Se liga a\u00ed na coreografia do professor Leozinho, disponibilizada no v\u00eddeo abaixo, dance junto com ele e divirta-se.<\/p>\n\n\n\n<figure class=\"wp-block-embed is-type-video is-provider-youtube wp-block-embed-youtube wp-embed-aspect-16-9 wp-has-aspect-ratio\"><div class=\"wp-block-embed__wrapper\">\nhttps:\/\/www.youtube.com\/watch?v=AhmgwAL73vk\n<\/div><figcaption>&#8220;Buzina (Zumba) &#8211; Pablo Vittar &#8211; Canal: Leozinho Fr\u00f3es &#8211; Link: <a href=\"https:\/\/www.youtube.com\/watch?v=AhmgwAL73vk\">https:\/\/www.youtube.com\/watch?v=AhmgwAL73vk<\/a><\/figcaption><\/figure>\n\n\n\n<p class=\"has-medium-font-size\">Gostou de dan\u00e7ar zumba? Espero que voc\u00ea tenha compreendido que a obesidade \u00e9 uma doen\u00e7a cr\u00f4nica que tende a piorar com o passar dos anos, caso o paciente n\u00e3o seja submetido a um tratamento adequado e cont\u00ednuo. Alimente-se bem e movimente-se. Procure sempre orienta\u00e7\u00f5es de profissionais da \u00e1rea, nutricionistas, m\u00e9dicos e seu professor de Educa\u00e7\u00e3o F\u00edsica. N\u00e3o se deixe enganar por dietas e rem\u00e9dios milagrosos que colocam em risco sua sa\u00fade e sua vida. Mude seus h\u00e1bitos, para viver mais e melhor!<\/p>\n\n\n\n<hr class=\"wp-block-separator\"\/>\n\n\n\n<p class=\"has-cyan-bluish-gray-background-color has-background has-medium-font-size\"><strong>Professor, essa aula segue a Matriz Estruturante para a Eaja 2021. Foi elaborada no ano de 2020, com a suspens\u00e3o das aulas presenciais devido a pandemia da Covid-19 e segue as orienta\u00e7\u00f5es de flexibiliza\u00e7\u00e3o curricular para o bi\u00eanio 2020\/2021 (Of\u00edcio Circular 149\/2020 Dirped).<\/strong><\/p>\n\n\n\n<figure class=\"wp-block-table is-style-regular\"><table><tbody><tr><td>Componente Curricular<\/td><td>Objetivos de Aprendizagem e Desenvolvimento<\/td><\/tr><tr><td>Educa\u00e7\u00e3o F\u00edsica<\/td><td>(EAJAEF0825) Praticar diferentes combina\u00e7\u00f5es dos elementos constitutivos da dan\u00e7a (ritmos, espa\u00e7o, gestos).<br>(EAJAEF0828) Dialogar sobre as quest\u00f5es geracionais, de sa\u00fade, de preconceitos, de modismos, de inclus\u00e3o\/exclus\u00e3o, de g\u00eanero e viol\u00eancia presente na dan\u00e7a, propondo compreens\u00e3o e supera\u00e7\u00e3o dos mesmos.<\/td><\/tr><\/tbody><\/table><\/figure>\n\n\n\n<hr class=\"wp-block-separator\"\/>\n\n\n\n<p class=\"has-medium-font-size\">Assista a \u00edntegra do Programa Conex\u00e3o Escola Tv, veiculado pela TV UFG e TV Sagres<\/p>\n\n\n\n<figure class=\"wp-block-embed is-type-video is-provider-youtube wp-block-embed-youtube wp-embed-aspect-16-9 wp-has-aspect-ratio\"><div class=\"wp-block-embed__wrapper\">\n<p class=\"responsive-video-wrap clr\"><iframe title=\"Combatendo a obesidade  | EAJA 2\u00ba Segmento Bloco 1 - 01\/10\" width=\"1200\" height=\"675\" src=\"https:\/\/www.youtube.com\/embed\/5CJB8hDf0w4?feature=oembed\" frameborder=\"0\" allow=\"accelerometer; autoplay; clipboard-write; encrypted-media; gyroscope; picture-in-picture\" allowfullscreen><\/iframe><\/p>\n<\/div><\/figure>\n\n\n\n<figure class=\"wp-block-embed is-type-video is-provider-youtube wp-block-embed-youtube wp-embed-aspect-16-9 wp-has-aspect-ratio\"><div class=\"wp-block-embed__wrapper\">\n<p class=\"responsive-video-wrap clr\"><iframe title=\"Combatendo a obesidade  | EAJA 2\u00ba Segmento Bloco 2 - 01\/10\" width=\"1200\" height=\"675\" src=\"https:\/\/www.youtube.com\/embed\/SbWB1m_ZS14?feature=oembed\" frameborder=\"0\" allow=\"accelerometer; autoplay; clipboard-write; encrypted-media; gyroscope; picture-in-picture\" allowfullscreen><\/iframe><\/p>\n<\/div><\/figure>\n","protected":false},"author":17,"featured_media":5308,"template":"","meta":{"_acf_changed":false,"ocean_post_layout":"","ocean_both_sidebars_style":"","ocean_both_sidebars_content_width":0,"ocean_both_sidebars_sidebars_width":0,"ocean_sidebar":"","ocean_second_sidebar":"","ocean_disable_margins":"enable","ocean_add_body_class":"","ocean_shortcode_before_top_bar":"","ocean_shortcode_after_top_bar":"","ocean_shortcode_before_header":"","ocean_shortcode_after_header":"","ocean_has_shortcode":"","ocean_shortcode_after_title":"","ocean_shortcode_before_footer_widgets":"","ocean_shortcode_after_footer_widgets":"","ocean_shortcode_before_footer_bottom":"","ocean_shortcode_after_footer_bottom":"","ocean_display_top_bar":"default","ocean_display_header":"default","ocean_header_style":"","ocean_center_header_left_menu":"","ocean_custom_header_template":"","ocean_custom_logo":0,"ocean_custom_retina_logo":0,"ocean_custom_logo_max_width":0,"ocean_custom_logo_tablet_max_width":0,"ocean_custom_logo_mobile_max_width":0,"ocean_custom_logo_max_height":0,"ocean_custom_logo_tablet_max_height":0,"ocean_custom_logo_mobile_max_height":0,"ocean_header_custom_menu":"","ocean_menu_typo_font_family":"","ocean_menu_typo_font_subset":"","ocean_menu_typo_font_size":0,"ocean_menu_typo_font_size_tablet":0,"ocean_menu_typo_font_size_mobile":0,"ocean_menu_typo_font_size_unit":"px","ocean_menu_typo_font_weight":"","ocean_menu_typo_font_weight_tablet":"","ocean_menu_typo_font_weight_mobile":"","ocean_menu_typo_transform":"","ocean_menu_typo_transform_tablet":"","ocean_menu_typo_transform_mobile":"","ocean_menu_typo_line_height":0,"ocean_menu_typo_line_height_tablet":0,"ocean_menu_typo_line_height_mobile":0,"ocean_menu_typo_line_height_unit":"","ocean_menu_typo_spacing":0,"ocean_menu_typo_spacing_tablet":0,"ocean_menu_typo_spacing_mobile":0,"ocean_menu_typo_spacing_unit":"","ocean_menu_link_color":"","ocean_menu_link_color_hover":"","ocean_menu_link_color_active":"","ocean_menu_link_background":"","ocean_menu_link_hover_background":"","ocean_menu_link_active_background":"","ocean_menu_social_links_bg":"","ocean_menu_social_hover_links_bg":"","ocean_menu_social_links_color":"","ocean_menu_social_hover_links_color":"","ocean_disable_title":"default","ocean_disable_heading":"default","ocean_post_title":"","ocean_post_subheading":"","ocean_post_title_style":"","ocean_post_title_background_color":"","ocean_post_title_background":0,"ocean_post_title_bg_image_position":"","ocean_post_title_bg_image_attachment":"","ocean_post_title_bg_image_repeat":"","ocean_post_title_bg_image_size":"","ocean_post_title_height":0,"ocean_post_title_bg_overlay":0.5,"ocean_post_title_bg_overlay_color":"","ocean_disable_breadcrumbs":"default","ocean_breadcrumbs_color":"","ocean_breadcrumbs_separator_color":"","ocean_breadcrumbs_links_color":"","ocean_breadcrumbs_links_hover_color":"","ocean_display_footer_widgets":"default","ocean_display_footer_bottom":"default","ocean_custom_footer_template":""},"eaja_categoria":[69],"serie":[100],"eaja_componente":[81],"class_list":["post-5306","eaja","type-eaja","status-publish","has-post-thumbnail","hentry","eaja_categoria-2o-segmento-7a-e-8a-serie","serie-8a-serie","eaja_componente-educacao-fisica","entry","has-media"],"acf":[],"_links":{"self":[{"href":"https:\/\/sme.goiania.go.gov.br\/conexaoescola\/wp-json\/wp\/v2\/eaja\/5306","targetHints":{"allow":["GET"]}}],"collection":[{"href":"https:\/\/sme.goiania.go.gov.br\/conexaoescola\/wp-json\/wp\/v2\/eaja"}],"about":[{"href":"https:\/\/sme.goiania.go.gov.br\/conexaoescola\/wp-json\/wp\/v2\/types\/eaja"}],"author":[{"embeddable":true,"href":"https:\/\/sme.goiania.go.gov.br\/conexaoescola\/wp-json\/wp\/v2\/users\/17"}],"wp:featuredmedia":[{"embeddable":true,"href":"https:\/\/sme.goiania.go.gov.br\/conexaoescola\/wp-json\/wp\/v2\/media\/5308"}],"wp:attachment":[{"href":"https:\/\/sme.goiania.go.gov.br\/conexaoescola\/wp-json\/wp\/v2\/media?parent=5306"}],"wp:term":[{"taxonomy":"eaja_categoria","embeddable":true,"href":"https:\/\/sme.goiania.go.gov.br\/conexaoescola\/wp-json\/wp\/v2\/eaja_categoria?post=5306"},{"taxonomy":"serie","embeddable":true,"href":"https:\/\/sme.goiania.go.gov.br\/conexaoescola\/wp-json\/wp\/v2\/serie?post=5306"},{"taxonomy":"eaja_componente","embeddable":true,"href":"https:\/\/sme.goiania.go.gov.br\/conexaoescola\/wp-json\/wp\/v2\/eaja_componente?post=5306"}],"curies":[{"name":"wp","href":"https:\/\/api.w.org\/{rel}","templated":true}]}}