{"id":5124,"date":"2020-09-28T07:00:00","date_gmt":"2020-09-28T10:00:00","guid":{"rendered":"http:\/\/sme.goiania.go.gov.br\/conexaoescola\/?post_type=eaja&#038;p=5124"},"modified":"2021-10-20T07:24:48","modified_gmt":"2021-10-20T10:24:48","slug":"parques-urbanos","status":"publish","type":"eaja","link":"https:\/\/sme.goiania.go.gov.br\/conexaoescola\/eaja\/parques-urbanos\/","title":{"rendered":"Parques urbanos"},"content":{"rendered":"\n<p class=\"has-medium-font-size\">Ol\u00e1!&nbsp;<\/p>\n\n\n\n<p class=\"has-drop-cap has-medium-font-size\">Voc\u00ea sabe dos benef\u00edcios do contato da natureza para a nossa sa\u00fade? A correria da vida nas cidades grandes tem provocado alguns efeitos colaterais na sociedade. Para muitas pessoas o contato com a natureza pode auxiliar alguns sintomas relacionados com o estresse e a ansiedade. Vamos conhecer mais sobre esse assunto?<\/p>\n\n\n\n<hr class=\"wp-block-separator has-text-color has-background has-vivid-green-cyan-background-color has-vivid-green-cyan-color\"\/>\n\n\n\n<p class=\"has-light-green-cyan-background-color has-background has-medium-font-size\">Ao andarmos pelos parques de Goi\u00e2nia, \u00e9 comum observarmos que algumas pessoas apresentem express\u00f5es de relaxamento e respira\u00e7\u00e3o profunda, devido a sensa\u00e7\u00e3o de bem-estar. Chegam at\u00e9 mesmo a fechar os olhos. A sensa\u00e7\u00e3o \u00e9 provocada, muitas vezes, pelo aroma das plantas e o contato mais pr\u00f3ximo com a natureza.<\/p>\n\n\n\n<hr class=\"wp-block-separator has-text-color has-background has-vivid-green-cyan-background-color has-vivid-green-cyan-color\"\/>\n\n\n\n<p class=\"has-medium-font-size\">Veja o v\u00eddeo abaixo e conhe\u00e7a o Parque Vaca Brava:<\/p>\n\n\n\n<figure class=\"wp-block-embed is-type-video is-provider-youtube wp-block-embed-youtube wp-embed-aspect-16-9 wp-has-aspect-ratio\"><div class=\"wp-block-embed__wrapper\">\n<p class=\"responsive-video-wrap clr\"><iframe title=\"PARQUE VACA BRAVA em Goi\u00e2nia - GO\" width=\"1200\" height=\"675\" src=\"https:\/\/www.youtube.com\/embed\/V_dspgOe3nw?feature=oembed\" frameborder=\"0\" allow=\"accelerometer; autoplay; clipboard-write; encrypted-media; gyroscope; picture-in-picture\" allowfullscreen><\/iframe><\/p>\n<\/div><figcaption>&#8220;PARQUE VACA BRAVA em Goi\u00e2nia &#8211; GO&#8221; &#8211; Canal: <a href=\"https:\/\/www.youtube.com\/channel\/UCZB8qkXkg3eGDbyKuXgkDOQ\">Viajante Explorador<\/a><br>Link: https:\/\/www.youtube.com\/watch?v=V_dspgOe3nw&amp;ab_channel=ViajanteExplorador<\/figcaption><\/figure>\n\n\n\n<p class=\"has-medium-font-size\">Veja as paisagens de alguns parques de Goi\u00e2nia nas imagens abaixo:<\/p>\n\n\n\n<figure class=\"wp-block-image size-large\"><img decoding=\"async\" src=\"https:\/\/scontent-gig2-1.xx.fbcdn.net\/v\/t1.0-9\/1601443_263620583798386_994868455_n.jpg?_nc_cat=100&amp;_nc_sid=09cbfe&amp;_nc_ohc=Hf7fNCvrn7QAX93FjAg&amp;_nc_ht=scontent-gig2-1.xx&amp;oh=6eeaed082af9ae57f77b790aa1d2937b&amp;oe=5F864399\" alt=\"\"\/><figcaption>Facebook: <a href=\"https:\/\/www.facebook.com\/Parque-Arei%C3%A3o-Goiania-Go-263614717132306\/?__tn__=-UC*F\">Parque Arei\u00e3o Goiania-Go<\/a> Link: <a href=\"https:\/\/www.facebook.com\/Parque-Arei%C3%A3o-Goiania-Go-263614717132306\/photos\/a.263620577131720\/263620583798386\">https:\/\/scontent-gig2-1.xx.fbcdn.net\/v\/t1.0-9\/1601443_263620583798386_994868455_n.jpg?_nc_cat=100&amp;_nc_sid=09cbfe&amp;_nc_ohc=Hf7fNCvrn7QAX93FjAg&amp;_nc_ht=scontent-gig2-1.xx&amp;oh=6eeaed082af9ae57f77b790aa1d2937b&amp;oe=5F864399<\/a><\/figcaption><\/figure>\n\n\n\n<figure class=\"wp-block-image size-large\"><img fetchpriority=\"high\" decoding=\"async\" width=\"1024\" height=\"768\" src=\"http:\/\/sme.goiania.go.gov.br\/conexaoescola\/wp-content\/uploads\/2020\/09\/the-parque-vaca-brava-5096659_1280-1024x768.jpg\" alt=\"\" class=\"wp-image-4464\" srcset=\"https:\/\/sme.goiania.go.gov.br\/conexaoescola\/wp-content\/uploads\/2020\/09\/the-parque-vaca-brava-5096659_1280-1024x768.jpg 1024w, https:\/\/sme.goiania.go.gov.br\/conexaoescola\/wp-content\/uploads\/2020\/09\/the-parque-vaca-brava-5096659_1280-300x225.jpg 300w, https:\/\/sme.goiania.go.gov.br\/conexaoescola\/wp-content\/uploads\/2020\/09\/the-parque-vaca-brava-5096659_1280-768x576.jpg 768w, https:\/\/sme.goiania.go.gov.br\/conexaoescola\/wp-content\/uploads\/2020\/09\/the-parque-vaca-brava-5096659_1280.jpg 1280w\" sizes=\"(max-width: 1024px) 100vw, 1024px\" \/><figcaption>&#8220;Parque Vaca Brava&#8221; &#8211; Credito: <a href=\"https:\/\/pixabay.com\/pt\/users\/romilsondequeiroz-444109\/\">romilsondequeiroz<\/a> Link: https:\/\/pixabay.com\/pt\/photos\/parque-vaca-brava-goi%C3%A2nia-goi%C3%A1s-5096659\/<\/figcaption><\/figure>\n\n\n\n<hr class=\"wp-block-separator has-text-color has-background has-vivid-green-cyan-background-color has-vivid-green-cyan-color\"\/>\n\n\n\n<p class=\"has-light-green-cyan-background-color has-background has-medium-font-size\">Voc\u00ea acha importante a presen\u00e7a de espa\u00e7os como esses em uma cidade grande? Por qu\u00ea? Considera que pode ser um ref\u00fagio para algu\u00e9m? Registre sua opini\u00e3o no caderno ou no celular (em forma de \u00e1udio) e compartilhe com seus amigos.<\/p>\n\n\n\n<p class=\"has-medium-font-size\">Converse com seus familiares e amigos sobre as plantas mais comuns nas casas do seu bairro.&nbsp;<\/p>\n\n\n\n<p class=\"has-medium-font-size\">A proposta agora \u00e9 deixar seu ambiente mais verde. Voc\u00ea pode cultivar em seu quintal, na entrada e at\u00e9 mesmo dentro de sua casa plantas que se adequam \u00e0s caracter\u00edsticas do ambiente como ilumina\u00e7\u00e3o e ventila\u00e7\u00e3o. Aproveite a dica das conversas.<\/p>\n\n\n\n<hr class=\"wp-block-separator has-text-color has-background has-vivid-green-cyan-background-color has-vivid-green-cyan-color\"\/>\n\n\n\n<figure class=\"wp-block-table\"><table><tbody><tr><td>Componente<\/td><td>Objetivos de Aprendizagem e Desenvolvimento<\/td><\/tr><tr><td>Geografia<\/td><td>Explicar como os processos naturais e antr\u00f3picos atuam na produ\u00e7\u00e3o e na mudan\u00e7a das paisagens locais e regionais.<\/td><\/tr><\/tbody><\/table><\/figure>\n","protected":false},"author":26,"featured_media":5125,"template":"","meta":{"_acf_changed":false,"ocean_post_layout":"","ocean_both_sidebars_style":"","ocean_both_sidebars_content_width":0,"ocean_both_sidebars_sidebars_width":0,"ocean_sidebar":"","ocean_second_sidebar":"","ocean_disable_margins":"enable","ocean_add_body_class":"","ocean_shortcode_before_top_bar":"","ocean_shortcode_after_top_bar":"","ocean_shortcode_before_header":"","ocean_shortcode_after_header":"","ocean_has_shortcode":"","ocean_shortcode_after_title":"","ocean_shortcode_before_footer_widgets":"","ocean_shortcode_after_footer_widgets":"","ocean_shortcode_before_footer_bottom":"","ocean_shortcode_after_footer_bottom":"","ocean_display_top_bar":"default","ocean_display_header":"default","ocean_header_style":"","ocean_center_header_left_menu":"","ocean_custom_header_template":"","ocean_custom_logo":0,"ocean_custom_retina_logo":0,"ocean_custom_logo_max_width":0,"ocean_custom_logo_tablet_max_width":0,"ocean_custom_logo_mobile_max_width":0,"ocean_custom_logo_max_height":0,"ocean_custom_logo_tablet_max_height":0,"ocean_custom_logo_mobile_max_height":0,"ocean_header_custom_menu":"","ocean_menu_typo_font_family":"","ocean_menu_typo_font_subset":"","ocean_menu_typo_font_size":0,"ocean_menu_typo_font_size_tablet":0,"ocean_menu_typo_font_size_mobile":0,"ocean_menu_typo_font_size_unit":"px","ocean_menu_typo_font_weight":"","ocean_menu_typo_font_weight_tablet":"","ocean_menu_typo_font_weight_mobile":"","ocean_menu_typo_transform":"","ocean_menu_typo_transform_tablet":"","ocean_menu_typo_transform_mobile":"","ocean_menu_typo_line_height":0,"ocean_menu_typo_line_height_tablet":0,"ocean_menu_typo_line_height_mobile":0,"ocean_menu_typo_line_height_unit":"","ocean_menu_typo_spacing":0,"ocean_menu_typo_spacing_tablet":0,"ocean_menu_typo_spacing_mobile":0,"ocean_menu_typo_spacing_unit":"","ocean_menu_link_color":"","ocean_menu_link_color_hover":"","ocean_menu_link_color_active":"","ocean_menu_link_background":"","ocean_menu_link_hover_background":"","ocean_menu_link_active_background":"","ocean_menu_social_links_bg":"","ocean_menu_social_hover_links_bg":"","ocean_menu_social_links_color":"","ocean_menu_social_hover_links_color":"","ocean_disable_title":"default","ocean_disable_heading":"default","ocean_post_title":"","ocean_post_subheading":"","ocean_post_title_style":"","ocean_post_title_background_color":"","ocean_post_title_background":0,"ocean_post_title_bg_image_position":"","ocean_post_title_bg_image_attachment":"","ocean_post_title_bg_image_repeat":"","ocean_post_title_bg_image_size":"","ocean_post_title_height":0,"ocean_post_title_bg_overlay":0.5,"ocean_post_title_bg_overlay_color":"","ocean_disable_breadcrumbs":"default","ocean_breadcrumbs_color":"","ocean_breadcrumbs_separator_color":"","ocean_breadcrumbs_links_color":"","ocean_breadcrumbs_links_hover_color":"","ocean_display_footer_widgets":"default","ocean_display_footer_bottom":"default","ocean_custom_footer_template":""},"eaja_categoria":[4],"serie":[73],"eaja_componente":[80],"class_list":["post-5124","eaja","type-eaja","status-publish","has-post-thumbnail","hentry","eaja_categoria-1o-segmento-1a-a-4a-serie","serie-4a-serie","eaja_componente-geografia","entry","has-media"],"acf":[],"_links":{"self":[{"href":"https:\/\/sme.goiania.go.gov.br\/conexaoescola\/wp-json\/wp\/v2\/eaja\/5124","targetHints":{"allow":["GET"]}}],"collection":[{"href":"https:\/\/sme.goiania.go.gov.br\/conexaoescola\/wp-json\/wp\/v2\/eaja"}],"about":[{"href":"https:\/\/sme.goiania.go.gov.br\/conexaoescola\/wp-json\/wp\/v2\/types\/eaja"}],"author":[{"embeddable":true,"href":"https:\/\/sme.goiania.go.gov.br\/conexaoescola\/wp-json\/wp\/v2\/users\/26"}],"wp:featuredmedia":[{"embeddable":true,"href":"https:\/\/sme.goiania.go.gov.br\/conexaoescola\/wp-json\/wp\/v2\/media\/5125"}],"wp:attachment":[{"href":"https:\/\/sme.goiania.go.gov.br\/conexaoescola\/wp-json\/wp\/v2\/media?parent=5124"}],"wp:term":[{"taxonomy":"eaja_categoria","embeddable":true,"href":"https:\/\/sme.goiania.go.gov.br\/conexaoescola\/wp-json\/wp\/v2\/eaja_categoria?post=5124"},{"taxonomy":"serie","embeddable":true,"href":"https:\/\/sme.goiania.go.gov.br\/conexaoescola\/wp-json\/wp\/v2\/serie?post=5124"},{"taxonomy":"eaja_componente","embeddable":true,"href":"https:\/\/sme.goiania.go.gov.br\/conexaoescola\/wp-json\/wp\/v2\/eaja_componente?post=5124"}],"curies":[{"name":"wp","href":"https:\/\/api.w.org\/{rel}","templated":true}]}}