{"id":497,"date":"2020-04-14T22:54:24","date_gmt":"2020-04-15T01:54:24","guid":{"rendered":"http:\/\/conexao.ilustrarweb.com.br\/?post_type=eaja&#038;p=497"},"modified":"2020-04-21T09:57:03","modified_gmt":"2020-04-21T12:57:03","slug":"iluminismo","status":"publish","type":"eaja","link":"https:\/\/sme.goiania.go.gov.br\/conexaoescola\/eaja\/iluminismo\/","title":{"rendered":"Iluminismo"},"content":{"rendered":"\n<figure class=\"wp-block-embed-youtube wp-block-embed is-type-video is-provider-youtube wp-embed-aspect-16-9 wp-has-aspect-ratio\"><div class=\"wp-block-embed__wrapper\">\n<p class=\"responsive-video-wrap clr\"><iframe title=\"\u00c9tica e Cidadania 7\u00ba e 8\u00ba ano\" width=\"1200\" height=\"675\" src=\"https:\/\/www.youtube.com\/embed\/_fZZ7OQz3KA?feature=oembed\" frameborder=\"0\" allow=\"accelerometer; autoplay; encrypted-media; gyroscope; picture-in-picture\" allowfullscreen><\/iframe><\/p>\n<\/div><\/figure>\n\n\n\n<p class=\"has-medium-font-size\"><br><br>Nessa atividade, vamos falar sobre o <em>Iluminismo<\/em>, saber mais sobre esse movimento e sobre a forma como ele influenciou nossas vidas.<\/p>\n\n\n\n<p class=\"has-medium-font-size\">Atividade 1: Assista ao v\u00eddeo e saiba mais sobre o <em>Iluminismo<\/em>.<br><\/p>\n\n\n\n<figure class=\"wp-block-embed-youtube wp-block-embed is-type-video is-provider-youtube wp-embed-aspect-16-9 wp-has-aspect-ratio\"><div class=\"wp-block-embed__wrapper\">\n<p class=\"responsive-video-wrap clr\"><iframe title=\"Resumo de Hist\u00f3ria - ILUMINISMO (D\u00e9bora Aladim)\" width=\"1200\" height=\"675\" src=\"https:\/\/www.youtube.com\/embed\/1IChUwbKsOg?feature=oembed\" frameborder=\"0\" allow=\"accelerometer; autoplay; encrypted-media; gyroscope; picture-in-picture\" allowfullscreen><\/iframe><\/p>\n<\/div><\/figure>\n\n\n\n<p class=\"has-medium-font-size\"><br>Atividade 2: Pesquisa:<br><br>O v\u00eddeo fala sobre os Tr\u00eas Poderes: Executivo, Legislativo e Judici\u00e1rio. Aqui no Brasil, quem faz parte dos tr\u00eas poderes? Qual \u00e9 a fun\u00e7\u00e3o de cada um deles?<br><\/p>\n\n\n\n<hr class=\"wp-block-separator\"\/>\n\n\n\n<p class=\"has-medium-font-size\"><br>Atividade 3: Informe-se atrav\u00e9s de not\u00edcias ou conversando com as pessoas que moram com voc\u00ea sobre como esses tr\u00eas poderes est\u00e3o agindo em rela\u00e7\u00e3o ao coronav\u00edrus.<br><br><\/p>\n\n\n\n<hr class=\"wp-block-separator\"\/>\n\n\n\n<p class=\"has-medium-font-size\"><br>Atividade 4: Elabore um texto expressando a sua opini\u00e3o sobre o que esses tr\u00eas poderes est\u00e3o fazendo em rela\u00e7\u00e3o \u00e0 pandemia do coronav\u00edrus.<br><\/p>\n\n\n\n<hr class=\"wp-block-separator\"\/>\n\n\n\n<p><br><br>EAJA \u2013 2\u00ba Segmento \u2013 7\u00aa e 8\u00aa s\u00e9rie \u2013 \u00c9tica e Cidadania.<br><\/p>\n","protected":false},"author":5,"featured_media":498,"template":"","meta":{"_acf_changed":false,"ocean_post_layout":"","ocean_both_sidebars_style":"","ocean_both_sidebars_content_width":0,"ocean_both_sidebars_sidebars_width":0,"ocean_sidebar":"","ocean_second_sidebar":"","ocean_disable_margins":"enable","ocean_add_body_class":"","ocean_shortcode_before_top_bar":"","ocean_shortcode_after_top_bar":"","ocean_shortcode_before_header":"","ocean_shortcode_after_header":"","ocean_has_shortcode":"","ocean_shortcode_after_title":"","ocean_shortcode_before_footer_widgets":"","ocean_shortcode_after_footer_widgets":"","ocean_shortcode_before_footer_bottom":"","ocean_shortcode_after_footer_bottom":"","ocean_display_top_bar":"default","ocean_display_header":"default","ocean_header_style":"","ocean_center_header_left_menu":"","ocean_custom_header_template":"","ocean_custom_logo":0,"ocean_custom_retina_logo":0,"ocean_custom_logo_max_width":0,"ocean_custom_logo_tablet_max_width":0,"ocean_custom_logo_mobile_max_width":0,"ocean_custom_logo_max_height":0,"ocean_custom_logo_tablet_max_height":0,"ocean_custom_logo_mobile_max_height":0,"ocean_header_custom_menu":"","ocean_menu_typo_font_family":"","ocean_menu_typo_font_subset":"","ocean_menu_typo_font_size":0,"ocean_menu_typo_font_size_tablet":0,"ocean_menu_typo_font_size_mobile":0,"ocean_menu_typo_font_size_unit":"px","ocean_menu_typo_font_weight":"","ocean_menu_typo_font_weight_tablet":"","ocean_menu_typo_font_weight_mobile":"","ocean_menu_typo_transform":"","ocean_menu_typo_transform_tablet":"","ocean_menu_typo_transform_mobile":"","ocean_menu_typo_line_height":0,"ocean_menu_typo_line_height_tablet":0,"ocean_menu_typo_line_height_mobile":0,"ocean_menu_typo_line_height_unit":"","ocean_menu_typo_spacing":0,"ocean_menu_typo_spacing_tablet":0,"ocean_menu_typo_spacing_mobile":0,"ocean_menu_typo_spacing_unit":"","ocean_menu_link_color":"","ocean_menu_link_color_hover":"","ocean_menu_link_color_active":"","ocean_menu_link_background":"","ocean_menu_link_hover_background":"","ocean_menu_link_active_background":"","ocean_menu_social_links_bg":"","ocean_menu_social_hover_links_bg":"","ocean_menu_social_links_color":"","ocean_menu_social_hover_links_color":"","ocean_disable_title":"default","ocean_disable_heading":"default","ocean_post_title":"","ocean_post_subheading":"","ocean_post_title_style":"","ocean_post_title_background_color":"","ocean_post_title_background":0,"ocean_post_title_bg_image_position":"","ocean_post_title_bg_image_attachment":"","ocean_post_title_bg_image_repeat":"","ocean_post_title_bg_image_size":"","ocean_post_title_height":0,"ocean_post_title_bg_overlay":0.5,"ocean_post_title_bg_overlay_color":"","ocean_disable_breadcrumbs":"default","ocean_breadcrumbs_color":"","ocean_breadcrumbs_separator_color":"","ocean_breadcrumbs_links_color":"","ocean_breadcrumbs_links_hover_color":"","ocean_display_footer_widgets":"default","ocean_display_footer_bottom":"default","ocean_custom_footer_template":""},"eaja_categoria":[],"serie":[],"eaja_componente":[],"class_list":["post-497","eaja","type-eaja","status-publish","has-post-thumbnail","hentry","entry","has-media"],"acf":[],"_links":{"self":[{"href":"https:\/\/sme.goiania.go.gov.br\/conexaoescola\/wp-json\/wp\/v2\/eaja\/497","targetHints":{"allow":["GET"]}}],"collection":[{"href":"https:\/\/sme.goiania.go.gov.br\/conexaoescola\/wp-json\/wp\/v2\/eaja"}],"about":[{"href":"https:\/\/sme.goiania.go.gov.br\/conexaoescola\/wp-json\/wp\/v2\/types\/eaja"}],"author":[{"embeddable":true,"href":"https:\/\/sme.goiania.go.gov.br\/conexaoescola\/wp-json\/wp\/v2\/users\/5"}],"wp:featuredmedia":[{"embeddable":true,"href":"https:\/\/sme.goiania.go.gov.br\/conexaoescola\/wp-json\/wp\/v2\/media\/498"}],"wp:attachment":[{"href":"https:\/\/sme.goiania.go.gov.br\/conexaoescola\/wp-json\/wp\/v2\/media?parent=497"}],"wp:term":[{"taxonomy":"eaja_categoria","embeddable":true,"href":"https:\/\/sme.goiania.go.gov.br\/conexaoescola\/wp-json\/wp\/v2\/eaja_categoria?post=497"},{"taxonomy":"serie","embeddable":true,"href":"https:\/\/sme.goiania.go.gov.br\/conexaoescola\/wp-json\/wp\/v2\/serie?post=497"},{"taxonomy":"eaja_componente","embeddable":true,"href":"https:\/\/sme.goiania.go.gov.br\/conexaoescola\/wp-json\/wp\/v2\/eaja_componente?post=497"}],"curies":[{"name":"wp","href":"https:\/\/api.w.org\/{rel}","templated":true}]}}