{"id":4680,"date":"2020-09-21T07:00:00","date_gmt":"2020-09-21T10:00:00","guid":{"rendered":"http:\/\/sme.goiania.go.gov.br\/conexaoescola\/?post_type=eaja&#038;p=4680"},"modified":"2021-11-16T16:05:09","modified_gmt":"2021-11-16T18:05:09","slug":"pedras-nos-rins","status":"publish","type":"eaja","link":"https:\/\/sme.goiania.go.gov.br\/conexaoescola\/eaja\/pedras-nos-rins\/","title":{"rendered":"Ci\u00eancias &#8211; Pedras nos rins!?"},"content":{"rendered":"\n<p class=\"has-drop-cap has-very-dark-gray-color has-cyan-bluish-gray-background-color has-text-color has-background has-medium-font-size\">Ol\u00e1! Voc\u00ea j\u00e1 ouviu falar ou conhece algu\u00e9m que teve \u201cpedras nos rins\u201d? Essas \u201cpedras\u201d s\u00e3o chamadas de c\u00e1lculos renais. Elas s\u00e3o formadas nos rins a partir do ac\u00famulo de diversos elementos como c\u00e1lcio e oxalatos e, muitas vezes, acabam obstruindo os canais urin\u00e1rios. Os c\u00e1lculos renais podem ser de diversos tamanhos, desde pequenos at\u00e9 muito grandes. Podem causar desconforto, dores moderadas ou intensas e at\u00e9 mesmo a perda das fun\u00e7\u00f5es renais. Vamos aprender mais sobre este assunto?!<\/p>\n\n\n\n<hr class=\"wp-block-separator has-text-color has-background has-cyan-bluish-gray-background-color has-cyan-bluish-gray-color\"\/>\n\n\n\n<h2 class=\"wp-block-heading\">Atividade 1<\/h2>\n\n\n\n<p class=\"has-medium-font-size\">Acesse link abaixo e assista ao v\u00eddeo \u201cComo se forma o c\u00e1lculo renal ou pedras nos rins\u201d.<br>Link: <a href=\"https:\/\/www.youtube.com\/watch?v=wsaGlB4AYHI&amp;feature=youtu.be\">https:\/\/www.youtube.com\/watch?v=wsaGlB4AYHI&amp;feature=youtu.be<\/a><\/p>\n\n\n\n<figure class=\"wp-block-embed is-type-video is-provider-youtube wp-block-embed-youtube wp-embed-aspect-4-3 wp-has-aspect-ratio\"><div class=\"wp-block-embed__wrapper\">\n<p class=\"responsive-video-wrap clr\"><iframe title=\"Como se forma o c\u00e1lculo renal ou pedra nos rins? - Educar para Prevenir Funda\u00e7\u00e3o Pr\u00f3-Rim\" width=\"1200\" height=\"900\" src=\"https:\/\/www.youtube.com\/embed\/wsaGlB4AYHI?feature=oembed\" frameborder=\"0\" allow=\"accelerometer; autoplay; clipboard-write; encrypted-media; gyroscope; picture-in-picture\" allowfullscreen><\/iframe><\/p>\n<\/div><figcaption>&#8220;Como se forma o c\u00e1lculo renal ou pedra nos rins? &#8211; Educar para Prevenir Funda\u00e7\u00e3o Pr\u00f3-Rim&#8221; &#8211; Canal: <a href=\"https:\/\/www.youtube.com\/channel\/UC94Q5zMV_lAiCfk8vhC0bpg\">Funda\u00e7\u00e3o Pr\u00f3-Rim<\/a> &#8211; <br>Fonte: <a href=\"https:\/\/www.youtube.com\/watch?v=wsaGlB4AYHI&amp;feature=youtu.be\">https:\/\/www.youtube.com\/watch?v=wsaGlB4AYHI&amp;feature=youtu.be<\/a><\/figcaption><\/figure>\n\n\n\n<hr class=\"wp-block-separator has-text-color has-background has-cyan-bluish-gray-background-color has-cyan-bluish-gray-color\"\/>\n\n\n\n<h2 class=\"wp-block-heading\">Atividade 2<\/h2>\n\n\n\n<p class=\"has-medium-font-size\">O v\u00eddeo traz informa\u00e7\u00f5es sobre os fatores que favorecem o desenvolvimento dos c\u00e1lculos renais: ambientais, incluindo o clima e o ambiente de trabalho, gen\u00e9ticos; h\u00e1bitos alimentares e de ingest\u00e3o de \u00e1gua. Reflita se voc\u00ea est\u00e1 sujeito a um ou mais desses fatores? Na sua fam\u00edlia, algu\u00e9m j\u00e1 desenvolveu c\u00e1lculos renais?<\/p>\n\n\n\n<hr class=\"wp-block-separator has-text-color has-background has-cyan-bluish-gray-background-color has-cyan-bluish-gray-color\"\/>\n\n\n\n<h2 class=\"wp-block-heading\">Atividade 3<\/h2>\n\n\n\n<p class=\"has-medium-font-size\">Nem sempre os tratamentos para os c\u00e1lculos renais s\u00e3o eficazes, pois eles podem voltar a se formar. O melhor mesmo \u00e9 a preven\u00e7\u00e3o. Assim, considerando as quest\u00f5es da atividade 2, pense sobre as atitudes e h\u00e1bitos que podem evitar o desenvolvimento dos c\u00e1lculos renais. Se precisar assista ao v\u00eddeo novamente ou fa\u00e7a novas pesquisas. Anote em seu caderno e depois compartilhe com algu\u00e9m que voc\u00ea conhe\u00e7a e que tenha esse problema.<\/p>\n\n\n\n<hr class=\"wp-block-separator has-text-color has-background has-cyan-bluish-gray-background-color has-cyan-bluish-gray-color\"\/>\n\n\n\n<h2 class=\"wp-block-heading\">Atividade 4<\/h2>\n\n\n\n<p class=\"has-medium-font-size\">Leia a tirinha abaixo.<\/p>\n\n\n\n<figure class=\"wp-block-image size-large\"><img decoding=\"async\" src=\"http:\/\/4.bp.blogspot.com\/_FejkfVV66ok\/TKK9jb2uzCI\/AAAAAAAAFyc\/NSV-CSumXCw\/s2500\/pose+de+modelo.jpg\" alt=\"\"\/><figcaption>Fonte: <a href=\"http:\/\/tirasnacionais.blogspot.com\/2010\/09\/pose-de-modelo.html\">http:\/\/4.bp.blogspot.com\/_FejkfVV66ok\/TKK9jb2uzCI\/AAAAAAAAFyc\/NSV-CSumXCw\/s2500\/pose+de+modelo.jpg<\/a><\/figcaption><\/figure>\n\n\n\n<hr class=\"wp-block-separator has-text-color has-background has-cyan-bluish-gray-background-color has-cyan-bluish-gray-color\"\/>\n\n\n\n<h2 class=\"wp-block-heading\">Atividade 5<\/h2>\n\n\n\n<p class=\"has-medium-font-size\">A tirinha indica a regi\u00e3o onde a personagem est\u00e1 sentindo dor. Em sua opini\u00e3o essa indica\u00e7\u00e3o est\u00e1 correta? Voc\u00ea sabe em que parte do seu corpo est\u00e3o localizados os seus rins? Se tiver d\u00favida, que tal conferir em um livro ou por meio de uma busca na internet?<\/p>\n\n\n\n<p class=\"has-medium-font-size\">Bom trabalho!<\/p>\n\n\n\n<hr class=\"wp-block-separator has-text-color has-background has-cyan-bluish-gray-background-color has-cyan-bluish-gray-color\"\/>\n\n\n\n<figure class=\"wp-block-table alignfull is-style-regular\"><table><tbody><tr><td><strong>Componente<\/strong><\/td><td><strong>Objetivos de Aprendizagem e Desenvolvimento<\/strong><\/td><\/tr><tr><td>Ci\u00eancias &#8211; Sa\u00fade<\/td><td>(EAJACI0714) Explicar a circula\u00e7\u00e3o dos nutrientes e gases no organismo e descrever como os res\u00edduos s\u00e3o eliminados.<\/td><\/tr><\/tbody><\/table><\/figure>\n","protected":false},"author":27,"featured_media":4681,"template":"","meta":{"_acf_changed":false,"ocean_post_layout":"","ocean_both_sidebars_style":"","ocean_both_sidebars_content_width":0,"ocean_both_sidebars_sidebars_width":0,"ocean_sidebar":"","ocean_second_sidebar":"","ocean_disable_margins":"enable","ocean_add_body_class":"","ocean_shortcode_before_top_bar":"","ocean_shortcode_after_top_bar":"","ocean_shortcode_before_header":"","ocean_shortcode_after_header":"","ocean_has_shortcode":"","ocean_shortcode_after_title":"","ocean_shortcode_before_footer_widgets":"","ocean_shortcode_after_footer_widgets":"","ocean_shortcode_before_footer_bottom":"","ocean_shortcode_after_footer_bottom":"","ocean_display_top_bar":"default","ocean_display_header":"default","ocean_header_style":"","ocean_center_header_left_menu":"","ocean_custom_header_template":"","ocean_custom_logo":0,"ocean_custom_retina_logo":0,"ocean_custom_logo_max_width":0,"ocean_custom_logo_tablet_max_width":0,"ocean_custom_logo_mobile_max_width":0,"ocean_custom_logo_max_height":0,"ocean_custom_logo_tablet_max_height":0,"ocean_custom_logo_mobile_max_height":0,"ocean_header_custom_menu":"","ocean_menu_typo_font_family":"","ocean_menu_typo_font_subset":"","ocean_menu_typo_font_size":0,"ocean_menu_typo_font_size_tablet":0,"ocean_menu_typo_font_size_mobile":0,"ocean_menu_typo_font_size_unit":"px","ocean_menu_typo_font_weight":"","ocean_menu_typo_font_weight_tablet":"","ocean_menu_typo_font_weight_mobile":"","ocean_menu_typo_transform":"","ocean_menu_typo_transform_tablet":"","ocean_menu_typo_transform_mobile":"","ocean_menu_typo_line_height":0,"ocean_menu_typo_line_height_tablet":0,"ocean_menu_typo_line_height_mobile":0,"ocean_menu_typo_line_height_unit":"","ocean_menu_typo_spacing":0,"ocean_menu_typo_spacing_tablet":0,"ocean_menu_typo_spacing_mobile":0,"ocean_menu_typo_spacing_unit":"","ocean_menu_link_color":"","ocean_menu_link_color_hover":"","ocean_menu_link_color_active":"","ocean_menu_link_background":"","ocean_menu_link_hover_background":"","ocean_menu_link_active_background":"","ocean_menu_social_links_bg":"","ocean_menu_social_hover_links_bg":"","ocean_menu_social_links_color":"","ocean_menu_social_hover_links_color":"","ocean_disable_title":"default","ocean_disable_heading":"default","ocean_post_title":"","ocean_post_subheading":"","ocean_post_title_style":"","ocean_post_title_background_color":"","ocean_post_title_background":0,"ocean_post_title_bg_image_position":"","ocean_post_title_bg_image_attachment":"","ocean_post_title_bg_image_repeat":"","ocean_post_title_bg_image_size":"","ocean_post_title_height":0,"ocean_post_title_bg_overlay":0.5,"ocean_post_title_bg_overlay_color":"","ocean_disable_breadcrumbs":"default","ocean_breadcrumbs_color":"","ocean_breadcrumbs_separator_color":"","ocean_breadcrumbs_links_color":"","ocean_breadcrumbs_links_hover_color":"","ocean_display_footer_widgets":"default","ocean_display_footer_bottom":"default","ocean_custom_footer_template":""},"eaja_categoria":[69],"serie":[76],"eaja_componente":[82],"class_list":["post-4680","eaja","type-eaja","status-publish","has-post-thumbnail","hentry","eaja_categoria-2o-segmento-7a-e-8a-serie","serie-7a-serie","eaja_componente-ciencias-da-natureza","entry","has-media"],"acf":[],"_links":{"self":[{"href":"https:\/\/sme.goiania.go.gov.br\/conexaoescola\/wp-json\/wp\/v2\/eaja\/4680","targetHints":{"allow":["GET"]}}],"collection":[{"href":"https:\/\/sme.goiania.go.gov.br\/conexaoescola\/wp-json\/wp\/v2\/eaja"}],"about":[{"href":"https:\/\/sme.goiania.go.gov.br\/conexaoescola\/wp-json\/wp\/v2\/types\/eaja"}],"author":[{"embeddable":true,"href":"https:\/\/sme.goiania.go.gov.br\/conexaoescola\/wp-json\/wp\/v2\/users\/27"}],"wp:featuredmedia":[{"embeddable":true,"href":"https:\/\/sme.goiania.go.gov.br\/conexaoescola\/wp-json\/wp\/v2\/media\/4681"}],"wp:attachment":[{"href":"https:\/\/sme.goiania.go.gov.br\/conexaoescola\/wp-json\/wp\/v2\/media?parent=4680"}],"wp:term":[{"taxonomy":"eaja_categoria","embeddable":true,"href":"https:\/\/sme.goiania.go.gov.br\/conexaoescola\/wp-json\/wp\/v2\/eaja_categoria?post=4680"},{"taxonomy":"serie","embeddable":true,"href":"https:\/\/sme.goiania.go.gov.br\/conexaoescola\/wp-json\/wp\/v2\/serie?post=4680"},{"taxonomy":"eaja_componente","embeddable":true,"href":"https:\/\/sme.goiania.go.gov.br\/conexaoescola\/wp-json\/wp\/v2\/eaja_componente?post=4680"}],"curies":[{"name":"wp","href":"https:\/\/api.w.org\/{rel}","templated":true}]}}