{"id":4676,"date":"2020-09-21T07:00:00","date_gmt":"2020-09-21T10:00:00","guid":{"rendered":"http:\/\/sme.goiania.go.gov.br\/conexaoescola\/?post_type=eaja&#038;p=4676"},"modified":"2022-01-13T17:16:22","modified_gmt":"2022-01-13T19:16:22","slug":"tratamento-de-agua-e-saude","status":"publish","type":"eaja","link":"https:\/\/sme.goiania.go.gov.br\/conexaoescola\/eaja\/tratamento-de-agua-e-saude\/","title":{"rendered":"Ci\u00eancias da Natureza: TRATAMENTO DE \u00c1GUA E SA\u00daDE"},"content":{"rendered":"\n<p class=\"has-cyan-bluish-gray-background-color has-background has-medium-font-size\"><strong><em>Ol\u00e1, estudante! Esta proposta de atividade de&nbsp;<span class=\"has-inline-color has-vivid-cyan-blue-color\">Ci\u00eancias da Natureza<\/span>, para a&nbsp;<span class=\"has-inline-color has-vivid-cyan-blue-color\">5\u00aa s\u00e9rie<\/span>&nbsp;da Eja, est\u00e1 dispon\u00edvel para voc\u00ea, aqui no Portal Conex\u00e3o Escola, para que possa aprender mais sobre o tema proposto. Bons estudos!<\/em><\/strong><\/p>\n\n\n\n<p class=\"has-medium-font-size\">\u00c9 de conhecimento de todos que a \u00e1gua \u00e9 um bem indispens\u00e1vel para a vida, pois mant\u00e9m o equil\u00edbrio e o funcionamento do corpo. Voc\u00ea j\u00e1 deve saber, tamb\u00e9m, que usar \u00e1gua de boa qualidade e beber somente \u00e1gua pot\u00e1vel \u00e9 fundamental para a qualidade de vida e sa\u00fade humana. \u00c9 importante, portanto, entender que para termos \u00e1gua de boa qualidade, os servi\u00e7os de saneamento b\u00e1sico s\u00e3o essenciais. Sem \u00e1gua tratada, a popula\u00e7\u00e3o fica exposta a subst\u00e2ncias t\u00f3xicas e a micro-organismos que<br>podem desencadear problemas graves de sa\u00fade. Vamos conversar mais sobre esse tema?<\/p>\n\n\n\n<div class=\"wp-block-image\"><figure class=\"aligncenter size-large\"><img decoding=\"async\" src=\"https:\/\/sme.goiania.go.gov.br\/conexaoescola\/wp-content\/uploads\/2020\/09\/agua-e1600618794781.jpg\" alt=\"\"\/><figcaption>Fonte: <a href=\"https:\/\/www.watereducation.org\/aquafornia-news\/us-drinking-water-widely-contaminated-epa-finds-202-unregulated-chemicals-45-states\" data-type=\"URL\" data-id=\"https:\/\/www.watereducation.org\/aquafornia-news\/us-drinking-water-widely-contaminated-epa-finds-202-unregulated-chemicals-45-states\">watereducation.org<\/a><\/figcaption><\/figure><\/div>\n\n\n\n<h2 class=\"has-vivid-cyan-blue-background-color has-background has-medium-font-size wp-block-heading\"><span class=\"has-inline-color has-black-color\">ATIVIDADE 1<\/span><\/h2>\n\n\n\n<p class=\"has-medium-font-size\">Acesse o link abaixo e assista ao v\u00eddeo do canal \u201cInstituto Trata Brasil\u201d. Discuta com sua fam\u00edlia sobre as consequ\u00eancias da falta de saneamento para a sa\u00fade humana, em especial para as crian\u00e7as:<\/p>\n\n\n\n<figure class=\"wp-block-embed is-type-video is-provider-youtube wp-block-embed-youtube wp-embed-aspect-16-9 wp-has-aspect-ratio\"><div class=\"wp-block-embed__wrapper\">\n<p class=\"responsive-video-wrap clr\"><iframe title=\"Saneamento B\u00e1sico como Sa\u00fade P\u00fablica\" width=\"1200\" height=\"675\" src=\"https:\/\/www.youtube.com\/embed\/JloOHKblzL0?feature=oembed\" frameborder=\"0\" allow=\"accelerometer; autoplay; clipboard-write; encrypted-media; gyroscope; picture-in-picture\" allowfullscreen><\/iframe><\/p>\n<\/div><\/figure>\n\n\n\n<h2 class=\"has-vivid-cyan-blue-background-color has-background has-medium-font-size wp-block-heading\"><span class=\"has-inline-color has-black-color\">ATIVIDADE 2<\/span><\/h2>\n\n\n\n<p class=\"has-medium-font-size\">O v\u00eddeo que voc\u00ea assistiu aponta temas importantes, como o direito \u00e0 sa\u00fade que vai al\u00e9m do atendimento m\u00e9dico. Nesse sentido, o saneamento b\u00e1sico seria uma outra medida. Voc\u00ea sabe o que \u00e9 saneamento b\u00e1sico? Leia o texto indicado, do site &#8220;Trata Brasil&#8221;:<\/p>\n\n\n\n<p class=\"has-medium-font-size\">Link texto: <a href=\"https:\/\/www.tratabrasil.org.br\/pt\/saneamento\/o-que-e-saneamento\">O que \u00e9 Saneamento? &#8211; Trata Brasil<\/a><\/p>\n\n\n\n<p class=\"has-vivid-cyan-blue-background-color has-background has-medium-font-size\"><strong><span class=\"has-inline-color has-black-color\">ATIVIDADE 3<\/span><\/strong><\/p>\n\n\n\n<p class=\"has-medium-font-size\">Voc\u00ea sabe como \u00e9 o processo de tratamento de \u00e1gua na cidade em que voc\u00ea mora?<br>Convide sua fam\u00edlia e assista ao v\u00eddeo do &#8220;Canal Saneago&#8221;: <\/p>\n\n\n\n<figure class=\"wp-block-embed is-type-video is-provider-youtube wp-block-embed-youtube wp-embed-aspect-16-9 wp-has-aspect-ratio\"><div class=\"wp-block-embed__wrapper\">\n<p class=\"responsive-video-wrap clr\"><iframe title=\"Como a \u00e1gua \u00e9 tratada? Veja como \u00e9 feito o tratamento da \u00e1gua da Saneago, da capta\u00e7\u00e3o at\u00e9 sua casa.\" width=\"1200\" height=\"675\" src=\"https:\/\/www.youtube.com\/embed\/bSWnYwfTxVo?feature=oembed\" frameborder=\"0\" allow=\"accelerometer; autoplay; clipboard-write; encrypted-media; gyroscope; picture-in-picture\" allowfullscreen><\/iframe><\/p>\n<\/div><\/figure>\n\n\n\n<h2 class=\"has-vivid-cyan-blue-background-color has-background has-medium-font-size wp-block-heading\"><span class=\"has-inline-color has-black-color\">ATIVIDADE 4<\/span><\/h2>\n\n\n\n<p class=\"has-medium-font-size\">A partir das informa\u00e7\u00f5es dos v\u00eddeos e das discuss\u00f5es realizadas com seus familiares, realize as seguintes atividades no seu caderno de Ci\u00eancias:<\/p>\n\n\n\n<ul class=\"has-medium-font-size wp-block-list\"><li>De acordo com o v\u00eddeo 1, escreva o nome e as informa\u00e7\u00f5es principais das etapas do tratamento de \u00e1gua. Voc\u00ea poder\u00e1 fazer em forma de texto ou esquema.<\/li><li>Escreva um relato sobre a import\u00e2ncia do tratamento de \u00e1gua para a sua sa\u00fade e de sua fam\u00edlia. Comente tamb\u00e9m como est\u00e1 a situa\u00e7\u00e3o do saneamento b\u00e1sico na regi\u00e3o em que voc\u00ea mora e os problemas enfrentados por voc\u00eas e seus vizinhos. <\/li><li>Reflita e responda: quais serias as rela\u00e7\u00f5es entre falta de saneamento b\u00e1sico e a prolifera\u00e7\u00e3o de mosquitos, como o <em>Aedes aegypti<\/em>, que transmite a febre amarela, a dengue, a zika e a chikungunya?<\/li><\/ul>\n\n\n\n<hr class=\"wp-block-separator\"\/>\n\n\n\n<p class=\"has-cyan-bluish-gray-background-color has-background has-medium-font-size\"><strong>Professor, essa aula segue a Matriz Estruturante para a Eaja 2021. Foi elaborada no ano de 2020, com a suspens\u00e3o das aulas presenciais devido a pandemia da Covid-19 e segue as orienta\u00e7\u00f5es de flexibiliza\u00e7\u00e3o curricular para o bi\u00eanio 2020\/2021 (Of\u00edcio Circular 149\/2020 Dirped).<\/strong><\/p>\n\n\n\n<figure class=\"wp-block-table is-style-regular\"><table><tbody><tr><td>Componente Curricular<\/td><td>Objetivos de Aprendizagem e Desenvolvimento<\/td><\/tr><tr><td>Ci\u00eancias da Natureza<\/td><td>(EAJACI0505) Esquematizar e compreender as etapas de tratamento de \u00e1gua e esgoto, os processos de separa\u00e7\u00e3o de misturas envolvidos e discutir sua import\u00e2ncia para a sa\u00fade e qualidade ambiental.<\/td><\/tr><\/tbody><\/table><\/figure>\n","protected":false},"author":27,"featured_media":4677,"template":"","meta":{"_acf_changed":false,"ocean_post_layout":"","ocean_both_sidebars_style":"","ocean_both_sidebars_content_width":0,"ocean_both_sidebars_sidebars_width":0,"ocean_sidebar":"","ocean_second_sidebar":"","ocean_disable_margins":"enable","ocean_add_body_class":"","ocean_shortcode_before_top_bar":"","ocean_shortcode_after_top_bar":"","ocean_shortcode_before_header":"","ocean_shortcode_after_header":"","ocean_has_shortcode":"","ocean_shortcode_after_title":"","ocean_shortcode_before_footer_widgets":"","ocean_shortcode_after_footer_widgets":"","ocean_shortcode_before_footer_bottom":"","ocean_shortcode_after_footer_bottom":"","ocean_display_top_bar":"default","ocean_display_header":"default","ocean_header_style":"","ocean_center_header_left_menu":"","ocean_custom_header_template":"","ocean_custom_logo":0,"ocean_custom_retina_logo":0,"ocean_custom_logo_max_width":0,"ocean_custom_logo_tablet_max_width":0,"ocean_custom_logo_mobile_max_width":0,"ocean_custom_logo_max_height":0,"ocean_custom_logo_tablet_max_height":0,"ocean_custom_logo_mobile_max_height":0,"ocean_header_custom_menu":"","ocean_menu_typo_font_family":"","ocean_menu_typo_font_subset":"","ocean_menu_typo_font_size":0,"ocean_menu_typo_font_size_tablet":0,"ocean_menu_typo_font_size_mobile":0,"ocean_menu_typo_font_size_unit":"px","ocean_menu_typo_font_weight":"","ocean_menu_typo_font_weight_tablet":"","ocean_menu_typo_font_weight_mobile":"","ocean_menu_typo_transform":"","ocean_menu_typo_transform_tablet":"","ocean_menu_typo_transform_mobile":"","ocean_menu_typo_line_height":0,"ocean_menu_typo_line_height_tablet":0,"ocean_menu_typo_line_height_mobile":0,"ocean_menu_typo_line_height_unit":"","ocean_menu_typo_spacing":0,"ocean_menu_typo_spacing_tablet":0,"ocean_menu_typo_spacing_mobile":0,"ocean_menu_typo_spacing_unit":"","ocean_menu_link_color":"","ocean_menu_link_color_hover":"","ocean_menu_link_color_active":"","ocean_menu_link_background":"","ocean_menu_link_hover_background":"","ocean_menu_link_active_background":"","ocean_menu_social_links_bg":"","ocean_menu_social_hover_links_bg":"","ocean_menu_social_links_color":"","ocean_menu_social_hover_links_color":"","ocean_disable_title":"default","ocean_disable_heading":"default","ocean_post_title":"","ocean_post_subheading":"","ocean_post_title_style":"","ocean_post_title_background_color":"","ocean_post_title_background":0,"ocean_post_title_bg_image_position":"","ocean_post_title_bg_image_attachment":"","ocean_post_title_bg_image_repeat":"","ocean_post_title_bg_image_size":"","ocean_post_title_height":0,"ocean_post_title_bg_overlay":0.5,"ocean_post_title_bg_overlay_color":"","ocean_disable_breadcrumbs":"default","ocean_breadcrumbs_color":"","ocean_breadcrumbs_separator_color":"","ocean_breadcrumbs_links_color":"","ocean_breadcrumbs_links_hover_color":"","ocean_display_footer_widgets":"default","ocean_display_footer_bottom":"default","ocean_custom_footer_template":""},"eaja_categoria":[104],"serie":[74],"eaja_componente":[82],"class_list":["post-4676","eaja","type-eaja","status-publish","has-post-thumbnail","hentry","eaja_categoria-2o-segmento-5a-e-6a-serie","serie-5a-serie","eaja_componente-ciencias-da-natureza","entry","has-media"],"acf":[],"_links":{"self":[{"href":"https:\/\/sme.goiania.go.gov.br\/conexaoescola\/wp-json\/wp\/v2\/eaja\/4676","targetHints":{"allow":["GET"]}}],"collection":[{"href":"https:\/\/sme.goiania.go.gov.br\/conexaoescola\/wp-json\/wp\/v2\/eaja"}],"about":[{"href":"https:\/\/sme.goiania.go.gov.br\/conexaoescola\/wp-json\/wp\/v2\/types\/eaja"}],"author":[{"embeddable":true,"href":"https:\/\/sme.goiania.go.gov.br\/conexaoescola\/wp-json\/wp\/v2\/users\/27"}],"wp:featuredmedia":[{"embeddable":true,"href":"https:\/\/sme.goiania.go.gov.br\/conexaoescola\/wp-json\/wp\/v2\/media\/4677"}],"wp:attachment":[{"href":"https:\/\/sme.goiania.go.gov.br\/conexaoescola\/wp-json\/wp\/v2\/media?parent=4676"}],"wp:term":[{"taxonomy":"eaja_categoria","embeddable":true,"href":"https:\/\/sme.goiania.go.gov.br\/conexaoescola\/wp-json\/wp\/v2\/eaja_categoria?post=4676"},{"taxonomy":"serie","embeddable":true,"href":"https:\/\/sme.goiania.go.gov.br\/conexaoescola\/wp-json\/wp\/v2\/serie?post=4676"},{"taxonomy":"eaja_componente","embeddable":true,"href":"https:\/\/sme.goiania.go.gov.br\/conexaoescola\/wp-json\/wp\/v2\/eaja_componente?post=4676"}],"curies":[{"name":"wp","href":"https:\/\/api.w.org\/{rel}","templated":true}]}}