{"id":4622,"date":"2020-09-21T07:00:00","date_gmt":"2020-09-21T10:00:00","guid":{"rendered":"http:\/\/sme.goiania.go.gov.br\/conexaoescola\/?post_type=eaja&#038;p=4622"},"modified":"2022-01-11T16:23:54","modified_gmt":"2022-01-11T18:23:54","slug":"processo-de-imunizacao-passiva-e-ativa","status":"publish","type":"eaja","link":"https:\/\/sme.goiania.go.gov.br\/conexaoescola\/eaja\/processo-de-imunizacao-passiva-e-ativa\/","title":{"rendered":"Ci\u00eancias da Natureza: PROCESSO DE IMUNIZA\u00c7\u00c3O PASSIVA E ATIVA"},"content":{"rendered":"\n<p class=\"has-cyan-bluish-gray-background-color has-background has-medium-font-size\"><strong><em>Ol\u00e1! Esta videoaula foi veiculada na TV no dia 22\/09\/2020 (ter\u00e7a-feira).  Contempla o componente curricular de<span class=\"has-inline-color has-vivid-cyan-blue-color\">\u00a0Ci\u00eancias da Natureza <\/span>e \u00e9 destinada aos estudantes da\u00a0<span class=\"has-inline-color has-vivid-cyan-blue-color\">7\u00aa s\u00e9rie\u00a0<\/span>da Eja.  Aqui no Portal Conex\u00e3o Escola, ela est\u00e1 apresentada em forma de atividade, mas voc\u00ea pode assistir a videoaula quando desejar, acessando link na parte inferior da tela.<\/em><\/strong><\/p>\n\n\n\n<p class=\"has-text-color has-medium-font-size\" style=\"color:#000000\"><strong>A proposta dessa atividade est\u00e1 relacionada ao processo de imuniza\u00e7\u00e3o. Voc\u00ea entender\u00e1 como a vacina\u00e7\u00e3o age no nosso organismo. <\/strong><\/p>\n\n\n\n<div class=\"wp-block-image is-style-rounded\"><figure class=\"aligncenter size-large is-resized\"><img fetchpriority=\"high\" decoding=\"async\" src=\"http:\/\/sme.goiania.go.gov.br\/conexaoescola\/wp-content\/uploads\/2020\/09\/vaccine-4948463_1920-e1600496602400-1024x581.jpg\" alt=\"\" class=\"wp-image-4623\" width=\"497\" height=\"282\" srcset=\"https:\/\/sme.goiania.go.gov.br\/conexaoescola\/wp-content\/uploads\/2020\/09\/vaccine-4948463_1920-e1600496602400-1024x581.jpg 1024w, https:\/\/sme.goiania.go.gov.br\/conexaoescola\/wp-content\/uploads\/2020\/09\/vaccine-4948463_1920-e1600496602400-300x170.jpg 300w, https:\/\/sme.goiania.go.gov.br\/conexaoescola\/wp-content\/uploads\/2020\/09\/vaccine-4948463_1920-e1600496602400-768x436.jpg 768w, https:\/\/sme.goiania.go.gov.br\/conexaoescola\/wp-content\/uploads\/2020\/09\/vaccine-4948463_1920-e1600496602400-1536x872.jpg 1536w, https:\/\/sme.goiania.go.gov.br\/conexaoescola\/wp-content\/uploads\/2020\/09\/vaccine-4948463_1920-e1600496602400.jpg 1920w\" sizes=\"(max-width: 497px) 100vw, 497px\" \/><figcaption>Fonte: Pixabay<\/figcaption><\/figure><\/div>\n\n\n\n<p class=\"has-black-color has-vivid-cyan-blue-background-color has-text-color has-background has-medium-font-size\"><strong>ATIVIDADE 1<\/strong><\/p>\n\n\n\n<p class=\"has-medium-font-size\">Leia o trecho abaixo, do site InfoEscola, e assista \u00e0 videoaula do Professor Bruno Ramello (Canal YES Biologia), sobre imuniza\u00e7\u00e3o:<\/p>\n\n\n\n<figure class=\"wp-block-image size-large is-resized\"><img decoding=\"async\" src=\"https:\/\/sme.goiania.go.gov.br\/conexaoescola\/wp-content\/uploads\/2020\/09\/Imunizacao-e1641399792543-1024x358.png\" alt=\"\" class=\"wp-image-135739\" width=\"840\" height=\"293\" srcset=\"https:\/\/sme.goiania.go.gov.br\/conexaoescola\/wp-content\/uploads\/2020\/09\/Imunizacao-e1641399792543-1024x358.png 1024w, https:\/\/sme.goiania.go.gov.br\/conexaoescola\/wp-content\/uploads\/2020\/09\/Imunizacao-e1641399792543-300x105.png 300w, https:\/\/sme.goiania.go.gov.br\/conexaoescola\/wp-content\/uploads\/2020\/09\/Imunizacao-e1641399792543-768x269.png 768w, https:\/\/sme.goiania.go.gov.br\/conexaoescola\/wp-content\/uploads\/2020\/09\/Imunizacao-e1641399792543.png 1154w\" sizes=\"(max-width: 840px) 100vw, 840px\" \/><figcaption>Dispon\u00edvel em: https:\/\/www.infoescola.com\/saude\/imunizacao\/. Acesso em 14, set. 2020. Infoescola &#8211; Imuniza\u00e7\u00e3o.<br><\/figcaption><\/figure>\n\n\n\n<figure class=\"wp-block-embed is-type-video is-provider-youtube wp-block-embed-youtube wp-embed-aspect-4-3 wp-has-aspect-ratio\"><div class=\"wp-block-embed__wrapper\">\n<p class=\"responsive-video-wrap clr\"><iframe title=\"Tipos de Imunizac\u0327a\u0303o - YES Biologia com Prof. Bruno Ramello\" width=\"1200\" height=\"900\" src=\"https:\/\/www.youtube.com\/embed\/3wq6RYnJo70?feature=oembed\" frameborder=\"0\" allow=\"accelerometer; autoplay; clipboard-write; encrypted-media; gyroscope; picture-in-picture\" allowfullscreen><\/iframe><\/p>\n<\/div><figcaption>\u201cTipos de Imuniza\u00e7\u00e3o com Prof. Bruno Ramello\u201d no canal YES Biologia, no site YouTube.<\/figcaption><\/figure>\n\n\n\n<p class=\"has-vivid-cyan-blue-background-color has-text-color has-background has-medium-font-size\" style=\"color:#000000\"><strong>ATIVIDADE&nbsp;2<\/strong><\/p>\n\n\n\n<p class=\"has-text-color has-medium-font-size\" style=\"color:#050505\">Ap\u00f3s o estudo do texto e v\u00eddeo, converse com seus familiares e amigos sobre como funciona o processo de imuniza\u00e7\u00e3o. Busque verificar o que eles sabem sobre esse assunto, apresentando as novas informa\u00e7\u00f5es que aprendeu.<\/p>\n\n\n\n<ul class=\"has-medium-font-size wp-block-list\"><li>De acordo com o que voc\u00eas debateram, elabore uma mat\u00e9ria jornal\u00edstica, escrita ou em v\u00eddeo. Nela, voc\u00ea apresentar\u00e1 a forma com que os entrevistados e voc\u00ea compreendiam acerca do processo de imuniza\u00e7\u00e3o, apontando como s\u00e3o de fato esses mecanismos. <\/li><\/ul>\n\n\n\n<p class=\"has-vivid-cyan-blue-background-color has-background has-medium-font-size\"><strong>ATIVIDADE 3<\/strong><\/p>\n\n\n\n<p class=\"has-medium-font-size\">Voc\u00ea sabia que nosso pa\u00eds \u00e9 refer\u00eancia mundial no que diz respeito \u00e0 imuniza\u00e7\u00e3o? Para compreender mais sobre esse aspecto, leia atentamente o trecho abaixo, da Secretaria de Estado da Sa\u00fade de Goi\u00e1s, e conhe\u00e7a as vacinas dispon\u00edveis pelo SUS no link indicado a seguir, do Blog Hygia :<\/p>\n\n\n\n<figure class=\"wp-block-image size-large\"><img decoding=\"async\" width=\"1024\" height=\"421\" src=\"https:\/\/sme.goiania.go.gov.br\/conexaoescola\/wp-content\/uploads\/2020\/09\/Vacinacao-no-Brasil-e1641400430318-1024x421.png\" alt=\"\" class=\"wp-image-135741\" srcset=\"https:\/\/sme.goiania.go.gov.br\/conexaoescola\/wp-content\/uploads\/2020\/09\/Vacinacao-no-Brasil-e1641400430318-1024x421.png 1024w, https:\/\/sme.goiania.go.gov.br\/conexaoescola\/wp-content\/uploads\/2020\/09\/Vacinacao-no-Brasil-e1641400430318-300x123.png 300w, https:\/\/sme.goiania.go.gov.br\/conexaoescola\/wp-content\/uploads\/2020\/09\/Vacinacao-no-Brasil-e1641400430318-768x316.png 768w, https:\/\/sme.goiania.go.gov.br\/conexaoescola\/wp-content\/uploads\/2020\/09\/Vacinacao-no-Brasil-e1641400430318.png 1160w\" sizes=\"(max-width: 1024px) 100vw, 1024px\" \/><figcaption>Dispon\u00edvel em: https:\/\/tinyurl.com\/y25hcxu6. Secretaria de Estado da Sa\u00fade de Goi\u00e1s. Acesso em 15, set. 2020.<\/figcaption><\/figure>\n\n\n\n<p class=\"has-medium-font-size\"><strong>Link site:<\/strong> <a href=\"https:\/\/blog.hygia.com.br\/vacinas-disponiveis-no-sus\/\">Vacin<\/a><a rel=\"noreferrer noopener\" href=\"https:\/\/blog.hygia.com.br\/vacinas-disponiveis-no-sus\/\" target=\"_blank\">as dispon\u00edveis no SUS: quais s\u00e3o e por que vacinar (hygia.com.br)<\/a><\/p>\n\n\n\n<p class=\"has-vivid-cyan-blue-background-color has-text-color has-background has-medium-font-size\" style=\"color:#000000\"><strong>ATIVIDADE 4<\/strong><\/p>\n\n\n\n<p class=\"has-text-color has-medium-font-size\" style=\"color:#000000\">Pegue os cart\u00f5es de vacina\u00e7\u00e3o na sua casa e verifique se voc\u00ea e seus familiares est\u00e3o com as vacinas em dia. E em rela\u00e7\u00e3o \u00e0 vacina contra a Covid-19: voc\u00eas j\u00e1 receberam todas as doses?<\/p>\n\n\n\n<hr class=\"wp-block-separator\"\/>\n\n\n\n<p class=\"has-text-align-center has-medium-font-size\"><strong>Fique atento: as vacinas s\u00e3o formas eficazes de conter doen\u00e7as!<\/strong><\/p>\n\n\n\n<hr class=\"wp-block-separator\"\/>\n\n\n\n<p class=\"has-cyan-bluish-gray-background-color has-background has-medium-font-size\"><strong>Professor, essa aula segue a Matriz Estruturante para a Eaja 2021. Foi elaborada no ano de 2020, com a suspens\u00e3o das aulas presenciais devido a pandemia da Covid-19 e segue as orienta\u00e7\u00f5es de flexibiliza\u00e7\u00e3o curricular para o bi\u00eanio 2020\/2021 (Of\u00edcio Circular 149\/2020 Dirped).<\/strong><\/p>\n\n\n\n<figure class=\"wp-block-table\"><table><tbody><tr><td>Componente Curricular<\/td><td>Objetivos de Aprendizagem e Desenvolvimento<\/td><\/tr><tr><td>Ci\u00eancias da Natureza<\/td><td>(EAJACI0618) Explicar o processo de imuniza\u00e7\u00e3o passiva e ativa.<br>(EAJACI0619) Reconhecer a vacina\u00e7\u00e3o como uma pol\u00edtica p\u00fablica para a melhoria da qualidade de vida da popula\u00e7\u00e3o. <\/td><\/tr><tr><td>L\u00edngua Portuguesa<\/td><td>(EAJALP0645) Problematizar a fun\u00e7\u00e3o-sujeito: rep\u00f3rter, \u00e2ncora, analista ou cr\u00edtico.<\/td><\/tr><\/tbody><\/table><\/figure>\n\n\n\n<hr class=\"wp-block-separator\"\/>\n\n\n\n<p class=\"has-text-align-center has-white-color has-black-background-color has-text-color has-background has-medium-font-size\"><strong>ASSISTA AO PROGRAMA CONEX\u00c3O ESCOLA &#8211; EJA &#8211; BLOCO 2 &#8211; 22\/09 <\/strong><\/p>\n\n\n\n<p class=\"has-medium-font-size\">Assista a \u00edntegra do programa Conex\u00e3o Escola com os professores Jefferson Acevedo e Tet\u00ea Ribeiro, veiculado pela TV UFG e TV SAGRES. Tem\u00e1tica dessa semana: A adapta\u00e7\u00e3o dos seres vivos e o processo de imuniza\u00e7\u00e3o (Bloco 2):<\/p>\n\n\n\n<figure class=\"wp-block-embed aligncenter is-type-video is-provider-youtube wp-block-embed-youtube wp-embed-aspect-16-9 wp-has-aspect-ratio\"><div class=\"wp-block-embed__wrapper\">\n<p class=\"responsive-video-wrap clr\"><iframe title=\"A adapta\u00e7\u00e3o dos seres vivos e o processo de imuniza\u00e7\u00e3o - EAJA  - MEIO AMBIENTE SA\u00daDE BLOCO 2 22\/09\" width=\"1200\" height=\"675\" src=\"https:\/\/www.youtube.com\/embed\/Pw7LsKUony8?feature=oembed\" frameborder=\"0\" allow=\"accelerometer; autoplay; clipboard-write; encrypted-media; gyroscope; picture-in-picture\" allowfullscreen><\/iframe><\/p>\n<\/div><\/figure>\n","protected":false},"author":23,"featured_media":4623,"template":"","meta":{"_acf_changed":false,"ocean_post_layout":"","ocean_both_sidebars_style":"","ocean_both_sidebars_content_width":0,"ocean_both_sidebars_sidebars_width":0,"ocean_sidebar":"","ocean_second_sidebar":"","ocean_disable_margins":"enable","ocean_add_body_class":"","ocean_shortcode_before_top_bar":"","ocean_shortcode_after_top_bar":"","ocean_shortcode_before_header":"","ocean_shortcode_after_header":"","ocean_has_shortcode":"","ocean_shortcode_after_title":"","ocean_shortcode_before_footer_widgets":"","ocean_shortcode_after_footer_widgets":"","ocean_shortcode_before_footer_bottom":"","ocean_shortcode_after_footer_bottom":"","ocean_display_top_bar":"default","ocean_display_header":"default","ocean_header_style":"","ocean_center_header_left_menu":"","ocean_custom_header_template":"","ocean_custom_logo":0,"ocean_custom_retina_logo":0,"ocean_custom_logo_max_width":0,"ocean_custom_logo_tablet_max_width":0,"ocean_custom_logo_mobile_max_width":0,"ocean_custom_logo_max_height":0,"ocean_custom_logo_tablet_max_height":0,"ocean_custom_logo_mobile_max_height":0,"ocean_header_custom_menu":"","ocean_menu_typo_font_family":"","ocean_menu_typo_font_subset":"","ocean_menu_typo_font_size":0,"ocean_menu_typo_font_size_tablet":0,"ocean_menu_typo_font_size_mobile":0,"ocean_menu_typo_font_size_unit":"px","ocean_menu_typo_font_weight":"","ocean_menu_typo_font_weight_tablet":"","ocean_menu_typo_font_weight_mobile":"","ocean_menu_typo_transform":"","ocean_menu_typo_transform_tablet":"","ocean_menu_typo_transform_mobile":"","ocean_menu_typo_line_height":0,"ocean_menu_typo_line_height_tablet":0,"ocean_menu_typo_line_height_mobile":0,"ocean_menu_typo_line_height_unit":"","ocean_menu_typo_spacing":0,"ocean_menu_typo_spacing_tablet":0,"ocean_menu_typo_spacing_mobile":0,"ocean_menu_typo_spacing_unit":"","ocean_menu_link_color":"","ocean_menu_link_color_hover":"","ocean_menu_link_color_active":"","ocean_menu_link_background":"","ocean_menu_link_hover_background":"","ocean_menu_link_active_background":"","ocean_menu_social_links_bg":"","ocean_menu_social_hover_links_bg":"","ocean_menu_social_links_color":"","ocean_menu_social_hover_links_color":"","ocean_disable_title":"default","ocean_disable_heading":"default","ocean_post_title":"","ocean_post_subheading":"","ocean_post_title_style":"","ocean_post_title_background_color":"","ocean_post_title_background":0,"ocean_post_title_bg_image_position":"","ocean_post_title_bg_image_attachment":"","ocean_post_title_bg_image_repeat":"","ocean_post_title_bg_image_size":"","ocean_post_title_height":0,"ocean_post_title_bg_overlay":0.5,"ocean_post_title_bg_overlay_color":"","ocean_disable_breadcrumbs":"default","ocean_breadcrumbs_color":"","ocean_breadcrumbs_separator_color":"","ocean_breadcrumbs_links_color":"","ocean_breadcrumbs_links_hover_color":"","ocean_display_footer_widgets":"default","ocean_display_footer_bottom":"default","ocean_custom_footer_template":""},"eaja_categoria":[104],"serie":[76],"eaja_componente":[82],"class_list":["post-4622","eaja","type-eaja","status-publish","has-post-thumbnail","hentry","eaja_categoria-2o-segmento-5a-e-6a-serie","serie-7a-serie","eaja_componente-ciencias-da-natureza","entry","has-media"],"acf":[],"_links":{"self":[{"href":"https:\/\/sme.goiania.go.gov.br\/conexaoescola\/wp-json\/wp\/v2\/eaja\/4622","targetHints":{"allow":["GET"]}}],"collection":[{"href":"https:\/\/sme.goiania.go.gov.br\/conexaoescola\/wp-json\/wp\/v2\/eaja"}],"about":[{"href":"https:\/\/sme.goiania.go.gov.br\/conexaoescola\/wp-json\/wp\/v2\/types\/eaja"}],"author":[{"embeddable":true,"href":"https:\/\/sme.goiania.go.gov.br\/conexaoescola\/wp-json\/wp\/v2\/users\/23"}],"wp:featuredmedia":[{"embeddable":true,"href":"https:\/\/sme.goiania.go.gov.br\/conexaoescola\/wp-json\/wp\/v2\/media\/4623"}],"wp:attachment":[{"href":"https:\/\/sme.goiania.go.gov.br\/conexaoescola\/wp-json\/wp\/v2\/media?parent=4622"}],"wp:term":[{"taxonomy":"eaja_categoria","embeddable":true,"href":"https:\/\/sme.goiania.go.gov.br\/conexaoescola\/wp-json\/wp\/v2\/eaja_categoria?post=4622"},{"taxonomy":"serie","embeddable":true,"href":"https:\/\/sme.goiania.go.gov.br\/conexaoescola\/wp-json\/wp\/v2\/serie?post=4622"},{"taxonomy":"eaja_componente","embeddable":true,"href":"https:\/\/sme.goiania.go.gov.br\/conexaoescola\/wp-json\/wp\/v2\/eaja_componente?post=4622"}],"curies":[{"name":"wp","href":"https:\/\/api.w.org\/{rel}","templated":true}]}}