{"id":4511,"date":"2020-09-21T07:00:00","date_gmt":"2020-09-21T10:00:00","guid":{"rendered":"http:\/\/sme.goiania.go.gov.br\/conexaoescola\/?post_type=eaja&#038;p=4511"},"modified":"2021-10-20T07:34:11","modified_gmt":"2021-10-20T10:34:11","slug":"quanto-barulho","status":"publish","type":"eaja","link":"https:\/\/sme.goiania.go.gov.br\/conexaoescola\/eaja\/quanto-barulho\/","title":{"rendered":"Quanto barulho!"},"content":{"rendered":"\n<p class=\"has-drop-cap has-pale-cyan-blue-background-color has-background has-medium-font-size\">Ol\u00e1! Voc\u00ea sabe o que \u00e9 polui\u00e7\u00e3o sonora? Nem todo barulho \u00e9 polui\u00e7\u00e3o, mas a polui\u00e7\u00e3o sonora afeta a nossa sa\u00fade e o nosso bem-estar. O pior \u00e9 que nem sempre percebemos isso. O assunto \u00e9 muito s\u00e9rio Ent\u00e3o, vamos estudar sobre esse assunto?<\/p>\n\n\n\n<hr class=\"wp-block-separator has-text-color has-background has-vivid-cyan-blue-background-color has-vivid-cyan-blue-color\"\/>\n\n\n\n<p class=\"has-very-light-gray-background-color has-background has-medium-font-size\">Voc\u00ea gosta de m\u00fasica? Gosta de ouvir no \u2018\u00faltimo volume\u2019 ou prefere ouvir uma m\u00fasica mais suave? Voc\u00ea fica irritado com algum tipo de barulho? J\u00e1 ouviu falar em polui\u00e7\u00e3o sonora? Nem todo \u2018barulho\u2019 pode ser considerado \u201cpolui\u00e7\u00e3o\u201d. Para medir a intensidade do som usamos a unidade decib\u00e9is. Os especialistas recomendam que devemos ouvir sons de at\u00e9 50 decib\u00e9is, pois acima desse limite pode causar danos ao nosso sistema auditivo e dependendo da intensidade, at\u00e9 a perda da audi\u00e7\u00e3o. Mas a polui\u00e7\u00e3o sonora, n\u00e3o afeta s\u00f3 nosso sistema auditivo. Seus efeitos podem se manifestar no dia a dia, como ins\u00f4nia, estresse, depress\u00e3o, dores de cabe\u00e7a. Quer saber um pouco mais sobre esse assunto?<\/p>\n\n\n\n<hr class=\"wp-block-separator has-text-color has-background has-vivid-cyan-blue-background-color has-vivid-cyan-blue-color\"\/>\n\n\n\n<p class=\"has-medium-font-size\">Assista ao v\u00eddeo abaixo: \u201cPolui\u00e7\u00e3o sonora causa inc\u00f4modo e faz mal para a sa\u00fade<strong>\u201d.<\/strong><\/p>\n\n\n\n<figure class=\"wp-block-embed is-type-video is-provider-youtube wp-block-embed-youtube wp-embed-aspect-16-9 wp-has-aspect-ratio\"><div class=\"wp-block-embed__wrapper\">\n<p class=\"responsive-video-wrap clr\"><iframe title=\"Polui\u00e7\u00e3o sonora causa inc\u00f4modo e faz mal para a sa\u00fade\" width=\"1200\" height=\"675\" src=\"https:\/\/www.youtube.com\/embed\/KfaF6zm_adQ?start=27&#038;feature=oembed\" frameborder=\"0\" allow=\"accelerometer; autoplay; clipboard-write; encrypted-media; gyroscope; picture-in-picture\" allowfullscreen><\/iframe><\/p>\n<\/div><figcaption>\u201cPolui\u00e7\u00e3o sonora causa inc\u00f4modo e faz mal para a sa\u00fade<strong>\u201d<\/strong> &#8211; Canal: <a href=\"https:\/\/www.youtube.com\/channel\/UC17UUtLJCZu2s14lBxee3Ng\">Jornal da Band<\/a><br>Link: <a href=\"https:\/\/www.youtube.com\/watch?v=KfaF6zm_adQ&amp;t=27s\">https:\/\/www.youtube.com\/watch?v=KfaF6zm_adQ&amp;t=27s<\/a><\/figcaption><\/figure>\n\n\n\n<hr class=\"wp-block-separator has-text-color has-background has-vivid-cyan-blue-background-color has-vivid-cyan-blue-color\"\/>\n\n\n\n<p class=\"has-medium-font-size\">A partir das informa\u00e7\u00f5es dos v\u00eddeos reflita sobre os efeitos da polui\u00e7\u00e3o sonora no seu dia a dia. Em sua opini\u00e3o as pessoas que provocam a polui\u00e7\u00e3o sonora t\u00eam conhecimento sobre os efeitos dessa polui\u00e7\u00e3o na sa\u00fade, delas e das outras pessoas? Voc\u00ea considera que a polui\u00e7\u00e3o sonora tem afetado a sua sa\u00fade ou a sa\u00fade de algu\u00e9m da sua fam\u00edlia? De que maneira?<\/p>\n\n\n\n<p class=\"has-medium-font-size\">Assista ao v\u00eddeo abaixo: \u201cDen\u00fancias da polui\u00e7\u00e3o sonora aumenta na quarentena\u201d.<\/p>\n\n\n\n<figure class=\"wp-block-embed is-type-video is-provider-youtube wp-block-embed-youtube wp-embed-aspect-16-9 wp-has-aspect-ratio\"><div class=\"wp-block-embed__wrapper\">\n<p class=\"responsive-video-wrap clr\"><iframe title=\"TBC 1 | DEN\u00daNCIAS POR POLUI\u00c7\u00c3O SONORA AUMENTA NA QUARENTENA\" width=\"1200\" height=\"675\" src=\"https:\/\/www.youtube.com\/embed\/D9AAz7dWeSA?feature=oembed\" frameborder=\"0\" allow=\"accelerometer; autoplay; clipboard-write; encrypted-media; gyroscope; picture-in-picture\" allowfullscreen><\/iframe><\/p>\n<\/div><figcaption>&#8220;TBC 1 | DEN\u00daNCIAS POR POLUI\u00c7\u00c3O SONORA AUMENTA NA QUARENTENA&#8221; &#8211; Canal: <a href=\"https:\/\/www.youtube.com\/channel\/UCTRp0APA50MmSh9U03MDXSA\">TV Brasil Central<\/a> &#8211; Link: <a href=\"https:\/\/www.youtube.com\/watch?v=D9AAz7dWeSA\">https:\/\/www.youtube.com\/watch?v=D9AAz7dWeSA<\/a><\/figcaption><\/figure>\n\n\n\n<hr class=\"wp-block-separator has-text-color has-background has-vivid-cyan-blue-background-color has-vivid-cyan-blue-color\"\/>\n\n\n\n<p class=\"has-very-light-gray-background-color has-background has-medium-font-size\">Agora, pare por um instante e observe o ambiente a sua volta. No seu ambiente, a polui\u00e7\u00e3o sonora tamb\u00e9m aumentou? Voc\u00ea est\u00e1 ouvindo algum som? Consegue descrev\u00ea-los? S\u00e3o agrad\u00e1veis ou desagrad\u00e1veis? Fa\u00e7a o registro em seu caderno.<\/p>\n\n\n\n<p class=\"has-medium-font-size\">De acordo com as suas observa\u00e7\u00f5es e com os v\u00eddeos assistidos, escreva um texto alertando as pessoas sobre a polui\u00e7\u00e3o sonora. N\u00e3o deixe de indicar quais atitudes elas devem tomar quando se sentirem prejudicadas por esse tipo de polui\u00e7\u00e3o. Bom trabalho!<\/p>\n\n\n\n<hr class=\"wp-block-separator has-text-color has-background has-vivid-cyan-blue-background-color has-vivid-cyan-blue-color\"\/>\n\n\n\n<figure class=\"wp-block-table alignfull\"><table class=\"has-background\" style=\"background-color:#e9fbe5\"><tbody><tr><td>Componente<\/td><td>Objetivos de Aprendizagem e Desenvolvimento<\/td><\/tr><tr><td>Ci\u00eancias<\/td><td>(EAJACI0313) Identificar a percep\u00e7\u00e3o do som relacionando com os cuidados necess\u00e1rios \u00e0 sa\u00fade auditiva.<\/td><\/tr><\/tbody><\/table><\/figure>\n\n\n\n<p class=\"has-text-align-center\">EAJA \u2013 Educa\u00e7\u00e3o Ambiental e Sa\u00fade \u2013 1\u00ba Segmento \u2013 3\u00aa S\u00e9rie<\/p>\n","protected":false},"author":26,"featured_media":4512,"template":"","meta":{"_acf_changed":false,"ocean_post_layout":"","ocean_both_sidebars_style":"","ocean_both_sidebars_content_width":0,"ocean_both_sidebars_sidebars_width":0,"ocean_sidebar":"","ocean_second_sidebar":"","ocean_disable_margins":"enable","ocean_add_body_class":"","ocean_shortcode_before_top_bar":"","ocean_shortcode_after_top_bar":"","ocean_shortcode_before_header":"","ocean_shortcode_after_header":"","ocean_has_shortcode":"","ocean_shortcode_after_title":"","ocean_shortcode_before_footer_widgets":"","ocean_shortcode_after_footer_widgets":"","ocean_shortcode_before_footer_bottom":"","ocean_shortcode_after_footer_bottom":"","ocean_display_top_bar":"default","ocean_display_header":"default","ocean_header_style":"","ocean_center_header_left_menu":"","ocean_custom_header_template":"","ocean_custom_logo":0,"ocean_custom_retina_logo":0,"ocean_custom_logo_max_width":0,"ocean_custom_logo_tablet_max_width":0,"ocean_custom_logo_mobile_max_width":0,"ocean_custom_logo_max_height":0,"ocean_custom_logo_tablet_max_height":0,"ocean_custom_logo_mobile_max_height":0,"ocean_header_custom_menu":"","ocean_menu_typo_font_family":"","ocean_menu_typo_font_subset":"","ocean_menu_typo_font_size":0,"ocean_menu_typo_font_size_tablet":0,"ocean_menu_typo_font_size_mobile":0,"ocean_menu_typo_font_size_unit":"px","ocean_menu_typo_font_weight":"","ocean_menu_typo_font_weight_tablet":"","ocean_menu_typo_font_weight_mobile":"","ocean_menu_typo_transform":"","ocean_menu_typo_transform_tablet":"","ocean_menu_typo_transform_mobile":"","ocean_menu_typo_line_height":0,"ocean_menu_typo_line_height_tablet":0,"ocean_menu_typo_line_height_mobile":0,"ocean_menu_typo_line_height_unit":"","ocean_menu_typo_spacing":0,"ocean_menu_typo_spacing_tablet":0,"ocean_menu_typo_spacing_mobile":0,"ocean_menu_typo_spacing_unit":"","ocean_menu_link_color":"","ocean_menu_link_color_hover":"","ocean_menu_link_color_active":"","ocean_menu_link_background":"","ocean_menu_link_hover_background":"","ocean_menu_link_active_background":"","ocean_menu_social_links_bg":"","ocean_menu_social_hover_links_bg":"","ocean_menu_social_links_color":"","ocean_menu_social_hover_links_color":"","ocean_disable_title":"default","ocean_disable_heading":"default","ocean_post_title":"","ocean_post_subheading":"","ocean_post_title_style":"","ocean_post_title_background_color":"","ocean_post_title_background":0,"ocean_post_title_bg_image_position":"","ocean_post_title_bg_image_attachment":"","ocean_post_title_bg_image_repeat":"","ocean_post_title_bg_image_size":"","ocean_post_title_height":0,"ocean_post_title_bg_overlay":0.5,"ocean_post_title_bg_overlay_color":"","ocean_disable_breadcrumbs":"default","ocean_breadcrumbs_color":"","ocean_breadcrumbs_separator_color":"","ocean_breadcrumbs_links_color":"","ocean_breadcrumbs_links_hover_color":"","ocean_display_footer_widgets":"default","ocean_display_footer_bottom":"default","ocean_custom_footer_template":""},"eaja_categoria":[4],"serie":[72],"eaja_componente":[82],"class_list":["post-4511","eaja","type-eaja","status-publish","has-post-thumbnail","hentry","eaja_categoria-1o-segmento-1a-a-4a-serie","serie-3a-serie","eaja_componente-ciencias-da-natureza","entry","has-media"],"acf":[],"_links":{"self":[{"href":"https:\/\/sme.goiania.go.gov.br\/conexaoescola\/wp-json\/wp\/v2\/eaja\/4511","targetHints":{"allow":["GET"]}}],"collection":[{"href":"https:\/\/sme.goiania.go.gov.br\/conexaoescola\/wp-json\/wp\/v2\/eaja"}],"about":[{"href":"https:\/\/sme.goiania.go.gov.br\/conexaoescola\/wp-json\/wp\/v2\/types\/eaja"}],"author":[{"embeddable":true,"href":"https:\/\/sme.goiania.go.gov.br\/conexaoescola\/wp-json\/wp\/v2\/users\/26"}],"wp:featuredmedia":[{"embeddable":true,"href":"https:\/\/sme.goiania.go.gov.br\/conexaoescola\/wp-json\/wp\/v2\/media\/4512"}],"wp:attachment":[{"href":"https:\/\/sme.goiania.go.gov.br\/conexaoescola\/wp-json\/wp\/v2\/media?parent=4511"}],"wp:term":[{"taxonomy":"eaja_categoria","embeddable":true,"href":"https:\/\/sme.goiania.go.gov.br\/conexaoescola\/wp-json\/wp\/v2\/eaja_categoria?post=4511"},{"taxonomy":"serie","embeddable":true,"href":"https:\/\/sme.goiania.go.gov.br\/conexaoescola\/wp-json\/wp\/v2\/serie?post=4511"},{"taxonomy":"eaja_componente","embeddable":true,"href":"https:\/\/sme.goiania.go.gov.br\/conexaoescola\/wp-json\/wp\/v2\/eaja_componente?post=4511"}],"curies":[{"name":"wp","href":"https:\/\/api.w.org\/{rel}","templated":true}]}}