{"id":4509,"date":"2020-09-21T07:00:00","date_gmt":"2020-09-21T10:00:00","guid":{"rendered":"http:\/\/sme.goiania.go.gov.br\/conexaoescola\/?post_type=eaja&#038;p=4509"},"modified":"2021-10-20T07:33:27","modified_gmt":"2021-10-20T10:33:27","slug":"abelhas-hummm-onde-esta-o-mel","status":"publish","type":"eaja","link":"https:\/\/sme.goiania.go.gov.br\/conexaoescola\/eaja\/abelhas-hummm-onde-esta-o-mel\/","title":{"rendered":"Abelhas!? Hummm, onde est\u00e1 o mel?"},"content":{"rendered":"\n<p class=\"has-drop-cap has-luminous-vivid-orange-background-color has-background has-medium-font-size\">Ol\u00e1! Voc\u00ea sabia que o ser humano n\u00e3o sobreviveria sem os demais elementos da natureza, como ar, \u00e1gua, solo, plantas, animais e outros seres vivos? Essa intera\u00e7\u00e3o entre os seres vivos e o ambiente possibilita as condi\u00e7\u00f5es para a sobreviv\u00eancia de todos. N\u00f3s, seres humanos, interagimos com v\u00e1rias esp\u00e9cies, entre elas, as abelhas. Elas s\u00e3o muito importantes para os agricultores, pois elas carregam o p\u00f3len de uma flor para outra, possibilitando a fecunda\u00e7\u00e3o, a forma\u00e7\u00e3o de sementes e de frutos. Al\u00e9m disso, as abelhas produzem uma iguaria sem igual \u2013 o mel! Al\u00e9m de ser doce e muito gostoso, o mel \u00e9 muito nutritivo e, tamb\u00e9m, \u00e9 usado como rem\u00e9dio natural!<\/p>\n\n\n\n<hr class=\"wp-block-separator has-text-color has-background has-vivid-cyan-blue-background-color has-vivid-cyan-blue-color\"\/>\n\n\n\n<p class=\"has-pale-cyan-blue-background-color has-background has-medium-font-size\">Voc\u00ea gosta de abelhas? J\u00e1 foi ferroado por alguma? E de mel? Certamente voc\u00ea gosta! Mas voc\u00ea sabe quais s\u00e3o os benef\u00edcios desse doce alimento para a sa\u00fade? Consegue imaginar como as abelhas, esses pequenos insetos, conseguem produzir litros e litros de mel? O mel, al\u00e9m de ser um alimento nutritivo, rico em vitaminas e sais minerais. Muitas vezes \u00e9 utilizado como rem\u00e9dio para controlar ou combater infec\u00e7\u00f5es e outros problemas do organismo. Al\u00e9m do mel, as trabalhadoras abelhas tamb\u00e9m produzem pr\u00f3polis e geleia real! Est\u00e1 curioso para saber como elas conseguem fazer isso? Vamos l\u00e1?<\/p>\n\n\n\n<p class=\"has-medium-font-size\">Assista ao v\u00eddeo abaixo: \u201cA import\u00e2ncia das abelhas para a humanidade\u201d. Convide seus familiares para assistir com voc\u00ea.<\/p>\n\n\n\n<figure class=\"wp-block-embed is-type-video is-provider-youtube wp-block-embed-youtube wp-embed-aspect-16-9 wp-has-aspect-ratio\"><div class=\"wp-block-embed__wrapper\">\n<p class=\"responsive-video-wrap clr\"><iframe title=\"A Import\u00e2ncia das Abelhas para a Humanidade\" width=\"1200\" height=\"675\" src=\"https:\/\/www.youtube.com\/embed\/iT52Pd-bStU?feature=oembed\" frameborder=\"0\" allow=\"accelerometer; autoplay; clipboard-write; encrypted-media; gyroscope; picture-in-picture\" allowfullscreen><\/iframe><\/p>\n<\/div><figcaption>&#8220;A Import\u00e2ncia das Abelhas para a Humanidade&#8221; &#8211; Canal: <a href=\"https:\/\/www.youtube.com\/channel\/UCnKF-THIRA3RjThUyDpEQCg\">Apiarios Amorim<\/a> &#8211; <br>Link: https:\/\/www.youtube.com\/watch?v=iT52Pd-bStU&amp;feature=youtu.be&amp;ab_channel=ApiariosAmorim<\/figcaption><\/figure>\n\n\n\n<hr class=\"wp-block-separator has-text-color has-background has-vivid-cyan-blue-background-color has-vivid-cyan-blue-color\"\/>\n\n\n\n<p class=\"has-medium-font-size\">Ap\u00f3s assistir ao v\u00eddeo, reflita com sua fam\u00edlia sobre a import\u00e2ncia das abelhas, n\u00e3o apenas pela fabrica\u00e7\u00e3o do mel, mas principalmente pelo seu papel na fecunda\u00e7\u00e3o das plantas e na preserva\u00e7\u00e3o das esp\u00e9cies. Voc\u00eas sabiam que as abelhas tinham tanta import\u00e2ncia para o meio ambiente? Como seria o mundo sem as abelhas?<\/p>\n\n\n\n<hr class=\"wp-block-separator has-text-color has-background has-vivid-cyan-blue-background-color has-vivid-cyan-blue-color\"\/>\n\n\n\n<p class=\"has-medium-font-size\">Assista ao v\u00eddeo abaixo: \u201cComo \u00e9 feito o mel\u201d.<\/p>\n\n\n\n<figure class=\"wp-block-embed is-type-video is-provider-youtube wp-block-embed-youtube wp-embed-aspect-16-9 wp-has-aspect-ratio\"><div class=\"wp-block-embed__wrapper\">\n<p class=\"responsive-video-wrap clr\"><iframe title=\"COMO \u00c9 FEITO O MEL\" width=\"1200\" height=\"675\" src=\"https:\/\/www.youtube.com\/embed\/PtQAdnmuz4o?feature=oembed\" frameborder=\"0\" allow=\"accelerometer; autoplay; clipboard-write; encrypted-media; gyroscope; picture-in-picture\" allowfullscreen><\/iframe><\/p>\n<\/div><figcaption>&#8220;COMO \u00c9 FEITO O MEL&#8221; &#8211; Canal: Api\u00e1rio Formig\u00e3o Carlos Henrique <br>Link: https:\/\/www.youtube.com\/watch?v=PtQAdnmuz4o&amp;feature=youtu.be&amp;ab_channel=Api%C3%A1rioFormig%C3%A3oCarlosHenrique<\/figcaption><\/figure>\n\n\n\n<hr class=\"wp-block-separator has-text-color has-background has-vivid-cyan-blue-background-color has-vivid-cyan-blue-color\"\/>\n\n\n\n<p class=\"has-medium-font-size\">Ap\u00f3s assistir ao v\u00eddeo, reflita sobre o processo de produ\u00e7\u00e3o do mel. Voc\u00ea e sua fam\u00edlia t\u00eam o h\u00e1bito de consumir mel? J\u00e1 utilizaram o mel como rem\u00e9dio?<\/p>\n\n\n\n<p class=\"has-very-dark-gray-color has-luminous-vivid-amber-background-color has-text-color has-background has-medium-font-size\">Depois de ter assistido aos v\u00eddeos e entendido mais sobre a import\u00e2ncia das abelhas, produza um slogan \u2013 ou seja, uma frase que expresse a import\u00e2ncia das abelhas e a necessidade de protegermos esses insetos, para que n\u00e3o sejam extintos.<\/p>\n\n\n\n<hr class=\"wp-block-separator has-text-color has-background has-vivid-cyan-blue-background-color has-vivid-cyan-blue-color\"\/>\n\n\n\n<figure class=\"wp-block-table alignfull\"><table class=\"has-background\" style=\"background-color:#fcf0ef\"><tbody><tr><td>Componente<\/td><td>Objetivos de Aprendizagem e Desenvolvimento<\/td><\/tr><tr><td>Ci\u00eancias<\/td><td>(EAJACI0209) Identificar e descrever as caracter\u00edsticas de diferentes esp\u00e9cies de plantas e animais, enfatizando o bioma Cerrado.<br>(EAJACI0214) Entender a import\u00e2ncia das plantas para o equil\u00edbrio ambiental e para a promo\u00e7\u00e3o da qualidade de vida.<br><\/td><\/tr><\/tbody><\/table><\/figure>\n\n\n\n<p class=\"has-text-align-center\">EAJA \u2013 Experi\u00eancia e Curiosidade \u2013 1\u00ba Segmento \u2013 2\u00aa S\u00e9rie<\/p>\n","protected":false},"author":26,"featured_media":4510,"template":"","meta":{"_acf_changed":false,"ocean_post_layout":"","ocean_both_sidebars_style":"","ocean_both_sidebars_content_width":0,"ocean_both_sidebars_sidebars_width":0,"ocean_sidebar":"","ocean_second_sidebar":"","ocean_disable_margins":"enable","ocean_add_body_class":"","ocean_shortcode_before_top_bar":"","ocean_shortcode_after_top_bar":"","ocean_shortcode_before_header":"","ocean_shortcode_after_header":"","ocean_has_shortcode":"","ocean_shortcode_after_title":"","ocean_shortcode_before_footer_widgets":"","ocean_shortcode_after_footer_widgets":"","ocean_shortcode_before_footer_bottom":"","ocean_shortcode_after_footer_bottom":"","ocean_display_top_bar":"default","ocean_display_header":"default","ocean_header_style":"","ocean_center_header_left_menu":"","ocean_custom_header_template":"","ocean_custom_logo":0,"ocean_custom_retina_logo":0,"ocean_custom_logo_max_width":0,"ocean_custom_logo_tablet_max_width":0,"ocean_custom_logo_mobile_max_width":0,"ocean_custom_logo_max_height":0,"ocean_custom_logo_tablet_max_height":0,"ocean_custom_logo_mobile_max_height":0,"ocean_header_custom_menu":"","ocean_menu_typo_font_family":"","ocean_menu_typo_font_subset":"","ocean_menu_typo_font_size":0,"ocean_menu_typo_font_size_tablet":0,"ocean_menu_typo_font_size_mobile":0,"ocean_menu_typo_font_size_unit":"px","ocean_menu_typo_font_weight":"","ocean_menu_typo_font_weight_tablet":"","ocean_menu_typo_font_weight_mobile":"","ocean_menu_typo_transform":"","ocean_menu_typo_transform_tablet":"","ocean_menu_typo_transform_mobile":"","ocean_menu_typo_line_height":0,"ocean_menu_typo_line_height_tablet":0,"ocean_menu_typo_line_height_mobile":0,"ocean_menu_typo_line_height_unit":"","ocean_menu_typo_spacing":0,"ocean_menu_typo_spacing_tablet":0,"ocean_menu_typo_spacing_mobile":0,"ocean_menu_typo_spacing_unit":"","ocean_menu_link_color":"","ocean_menu_link_color_hover":"","ocean_menu_link_color_active":"","ocean_menu_link_background":"","ocean_menu_link_hover_background":"","ocean_menu_link_active_background":"","ocean_menu_social_links_bg":"","ocean_menu_social_hover_links_bg":"","ocean_menu_social_links_color":"","ocean_menu_social_hover_links_color":"","ocean_disable_title":"default","ocean_disable_heading":"default","ocean_post_title":"","ocean_post_subheading":"","ocean_post_title_style":"","ocean_post_title_background_color":"","ocean_post_title_background":0,"ocean_post_title_bg_image_position":"","ocean_post_title_bg_image_attachment":"","ocean_post_title_bg_image_repeat":"","ocean_post_title_bg_image_size":"","ocean_post_title_height":0,"ocean_post_title_bg_overlay":0.5,"ocean_post_title_bg_overlay_color":"","ocean_disable_breadcrumbs":"default","ocean_breadcrumbs_color":"","ocean_breadcrumbs_separator_color":"","ocean_breadcrumbs_links_color":"","ocean_breadcrumbs_links_hover_color":"","ocean_display_footer_widgets":"default","ocean_display_footer_bottom":"default","ocean_custom_footer_template":""},"eaja_categoria":[4],"serie":[71],"eaja_componente":[82],"class_list":["post-4509","eaja","type-eaja","status-publish","has-post-thumbnail","hentry","eaja_categoria-1o-segmento-1a-a-4a-serie","serie-2a-serie","eaja_componente-ciencias-da-natureza","entry","has-media"],"acf":[],"_links":{"self":[{"href":"https:\/\/sme.goiania.go.gov.br\/conexaoescola\/wp-json\/wp\/v2\/eaja\/4509","targetHints":{"allow":["GET"]}}],"collection":[{"href":"https:\/\/sme.goiania.go.gov.br\/conexaoescola\/wp-json\/wp\/v2\/eaja"}],"about":[{"href":"https:\/\/sme.goiania.go.gov.br\/conexaoescola\/wp-json\/wp\/v2\/types\/eaja"}],"author":[{"embeddable":true,"href":"https:\/\/sme.goiania.go.gov.br\/conexaoescola\/wp-json\/wp\/v2\/users\/26"}],"wp:featuredmedia":[{"embeddable":true,"href":"https:\/\/sme.goiania.go.gov.br\/conexaoescola\/wp-json\/wp\/v2\/media\/4510"}],"wp:attachment":[{"href":"https:\/\/sme.goiania.go.gov.br\/conexaoescola\/wp-json\/wp\/v2\/media?parent=4509"}],"wp:term":[{"taxonomy":"eaja_categoria","embeddable":true,"href":"https:\/\/sme.goiania.go.gov.br\/conexaoescola\/wp-json\/wp\/v2\/eaja_categoria?post=4509"},{"taxonomy":"serie","embeddable":true,"href":"https:\/\/sme.goiania.go.gov.br\/conexaoescola\/wp-json\/wp\/v2\/serie?post=4509"},{"taxonomy":"eaja_componente","embeddable":true,"href":"https:\/\/sme.goiania.go.gov.br\/conexaoescola\/wp-json\/wp\/v2\/eaja_componente?post=4509"}],"curies":[{"name":"wp","href":"https:\/\/api.w.org\/{rel}","templated":true}]}}