{"id":4454,"date":"2020-09-21T07:00:00","date_gmt":"2020-09-21T10:00:00","guid":{"rendered":"http:\/\/sme.goiania.go.gov.br\/conexaoescola\/?post_type=eaja&#038;p=4454"},"modified":"2021-10-20T07:31:06","modified_gmt":"2021-10-20T10:31:06","slug":"agua-necessidade-x-consumo","status":"publish","type":"eaja","link":"https:\/\/sme.goiania.go.gov.br\/conexaoescola\/eaja\/agua-necessidade-x-consumo\/","title":{"rendered":"\u00c1gua: Necessidade X Consumo"},"content":{"rendered":"\n<p class=\"has-drop-cap has-white-color has-vivid-red-background-color has-text-color has-background has-medium-font-size\">Ol\u00e1!\u00a0Voc\u00ea sabe qual \u00e9 a import\u00e2ncia da \u00e1gua para a nossa vida? Ela est\u00e1 presente em cada c\u00e9lula do corpo humano e \u00e9 necess\u00e1ria para a produ\u00e7\u00e3o de alimentos e outros tipos de bem de consumo. Por isso devemos preservar a \u00e1gua. Voc\u00ea gasta \u00e1gua de forma consciente?<\/p>\n\n\n\n<hr class=\"wp-block-separator has-text-color has-background has-vivid-cyan-blue-background-color has-vivid-cyan-blue-color\"\/>\n\n\n\n<p class=\"has-pale-cyan-blue-background-color has-background has-medium-font-size\">\u00c9 muito importante saber consumir a \u00e1gua adequadamente! Uma torneira que goteja a cada segundo, por exemplo, pode vazar tr\u00eas mil litros em um ano. Um banho de 15 minutos, com o registro meio aberto, consome 135 litros de \u00e1gua. Uma mangueira aberta pelo mesmo tempo pode desperdi\u00e7ar at\u00e9 280 litros.<\/p>\n\n\n\n<hr class=\"wp-block-separator has-text-color has-background has-vivid-cyan-blue-background-color has-vivid-cyan-blue-color\"\/>\n\n\n\n<p class=\"has-medium-font-size\">Observe a imagem abaixo no link abaixo:<\/p>\n\n\n\n<figure class=\"wp-block-image size-large\"><img fetchpriority=\"high\" decoding=\"async\" width=\"1024\" height=\"682\" src=\"http:\/\/sme.goiania.go.gov.br\/conexaoescola\/wp-content\/uploads\/2020\/09\/faucet-1684902_1280-1-1024x682.jpg\" alt=\"\" class=\"wp-image-4468\" srcset=\"https:\/\/sme.goiania.go.gov.br\/conexaoescola\/wp-content\/uploads\/2020\/09\/faucet-1684902_1280-1-1024x682.jpg 1024w, https:\/\/sme.goiania.go.gov.br\/conexaoescola\/wp-content\/uploads\/2020\/09\/faucet-1684902_1280-1-300x200.jpg 300w, https:\/\/sme.goiania.go.gov.br\/conexaoescola\/wp-content\/uploads\/2020\/09\/faucet-1684902_1280-1-768x512.jpg 768w, https:\/\/sme.goiania.go.gov.br\/conexaoescola\/wp-content\/uploads\/2020\/09\/faucet-1684902_1280-1.jpg 1280w\" sizes=\"(max-width: 1024px) 100vw, 1024px\" \/><figcaption>&#8220;Torneira&#8221; &#8211; Cr\u00e9dito: <a href=\"https:\/\/pixabay.com\/pt\/users\/3345408-3345408\/\">3345408<\/a> &#8211; Link: https:\/\/pixabay.com\/pt\/photos\/torneira-fonte-dispensador-de-%C3%A1gua-1684902\/<\/figcaption><\/figure>\n\n\n\n<hr class=\"wp-block-separator has-text-color has-background has-vivid-cyan-blue-background-color has-vivid-cyan-blue-color\"\/>\n\n\n\n<p class=\"has-pale-cyan-blue-background-color has-background has-medium-font-size\">Qual a reflex\u00e3o que ela provoca em voc\u00ea? Ou seja, o que voc\u00ea pensa ao ver essa imagem?<\/p>\n\n\n\n<hr class=\"wp-block-separator has-text-color has-background has-vivid-cyan-blue-background-color has-vivid-cyan-blue-color\"\/>\n\n\n\n<p class=\"has-medium-font-size\">Parte da popula\u00e7\u00e3o de Goi\u00e2nia, ainda n\u00e3o se conscientizou sobre as consequ\u00eancias do desperd\u00edcio de \u00e1gua. Acesse o link abaixo e assista a reportagem.<\/p>\n\n\n\n<p class=\"has-medium-font-size\">Link: <a href=\"http:\/\/g1.globo.com\/goias\/jatv-1edicao\/videos\/t\/edicoes\/v\/telespectador-denuncia-desperdicio-de-agua-na-lavagem-de-calcadas-em-goiania\/6902686\/\">http:\/\/g1.globo.com\/goias\/jatv-1edicao\/videos\/t\/edicoes\/v\/telespectador-denuncia-desperdicio-de-agua-na-lavagem-de-calcadas-em-goiania\/6902686\/<\/a><\/p>\n\n\n\n<p class=\"has-pale-cyan-blue-background-color has-background has-medium-font-size\">Ao observar a imagem e assistir a reportagem, \u00e9 imposs\u00edvel n\u00e3o refletir sobre a quest\u00e3o do desperd\u00edcio e da valoriza\u00e7\u00e3o da \u00e1gua que chega at\u00e9 a nossa casa? Como \u00e9 o seu consumo de \u00e1gua?<\/p>\n\n\n\n<hr class=\"wp-block-separator has-text-color has-background has-vivid-cyan-blue-background-color has-vivid-cyan-blue-color\"\/>\n\n\n\n<p class=\"has-medium-font-size\">Converse com seus familiares e veja como voc\u00ea pode melhorar o uso da \u00e1gua na sua casa, de forma ainda mais consciente. Registre suas ideias em seu caderno ou gravando um \u00e1udio no celular. Se puder envie para seus grupos de relacionamento. Fa\u00e7a a sua parte, economize cada gota!<\/p>\n\n\n\n<hr class=\"wp-block-separator has-text-color has-background has-vivid-cyan-blue-background-color has-vivid-cyan-blue-color\"\/>\n\n\n\n<figure class=\"wp-block-table alignfull\"><table><tbody><tr><td>Componente<\/td><td>Objetivos de Aprendizagem e Desenvolvimento<\/td><\/tr><tr><td>Geografia<\/td><td>&#8211; Conhecer no\u00e7\u00f5es b\u00e1sicas de educa\u00e7\u00e3o ambiental, a partir da observa\u00e7\u00e3o e descri\u00e7\u00e3o das caracter\u00edsticas de seus lugares de viv\u00eancia relacionadas aos fen\u00f4menos da natureza.<\/td><\/tr><\/tbody><\/table><\/figure>\n","protected":false},"author":26,"featured_media":4469,"template":"","meta":{"_acf_changed":false,"ocean_post_layout":"","ocean_both_sidebars_style":"","ocean_both_sidebars_content_width":0,"ocean_both_sidebars_sidebars_width":0,"ocean_sidebar":"","ocean_second_sidebar":"","ocean_disable_margins":"enable","ocean_add_body_class":"","ocean_shortcode_before_top_bar":"","ocean_shortcode_after_top_bar":"","ocean_shortcode_before_header":"","ocean_shortcode_after_header":"","ocean_has_shortcode":"","ocean_shortcode_after_title":"","ocean_shortcode_before_footer_widgets":"","ocean_shortcode_after_footer_widgets":"","ocean_shortcode_before_footer_bottom":"","ocean_shortcode_after_footer_bottom":"","ocean_display_top_bar":"default","ocean_display_header":"default","ocean_header_style":"","ocean_center_header_left_menu":"","ocean_custom_header_template":"","ocean_custom_logo":0,"ocean_custom_retina_logo":0,"ocean_custom_logo_max_width":0,"ocean_custom_logo_tablet_max_width":0,"ocean_custom_logo_mobile_max_width":0,"ocean_custom_logo_max_height":0,"ocean_custom_logo_tablet_max_height":0,"ocean_custom_logo_mobile_max_height":0,"ocean_header_custom_menu":"","ocean_menu_typo_font_family":"","ocean_menu_typo_font_subset":"","ocean_menu_typo_font_size":0,"ocean_menu_typo_font_size_tablet":0,"ocean_menu_typo_font_size_mobile":0,"ocean_menu_typo_font_size_unit":"px","ocean_menu_typo_font_weight":"","ocean_menu_typo_font_weight_tablet":"","ocean_menu_typo_font_weight_mobile":"","ocean_menu_typo_transform":"","ocean_menu_typo_transform_tablet":"","ocean_menu_typo_transform_mobile":"","ocean_menu_typo_line_height":0,"ocean_menu_typo_line_height_tablet":0,"ocean_menu_typo_line_height_mobile":0,"ocean_menu_typo_line_height_unit":"","ocean_menu_typo_spacing":0,"ocean_menu_typo_spacing_tablet":0,"ocean_menu_typo_spacing_mobile":0,"ocean_menu_typo_spacing_unit":"","ocean_menu_link_color":"","ocean_menu_link_color_hover":"","ocean_menu_link_color_active":"","ocean_menu_link_background":"","ocean_menu_link_hover_background":"","ocean_menu_link_active_background":"","ocean_menu_social_links_bg":"","ocean_menu_social_hover_links_bg":"","ocean_menu_social_links_color":"","ocean_menu_social_hover_links_color":"","ocean_disable_title":"default","ocean_disable_heading":"default","ocean_post_title":"","ocean_post_subheading":"","ocean_post_title_style":"","ocean_post_title_background_color":"","ocean_post_title_background":0,"ocean_post_title_bg_image_position":"","ocean_post_title_bg_image_attachment":"","ocean_post_title_bg_image_repeat":"","ocean_post_title_bg_image_size":"","ocean_post_title_height":0,"ocean_post_title_bg_overlay":0.5,"ocean_post_title_bg_overlay_color":"","ocean_disable_breadcrumbs":"default","ocean_breadcrumbs_color":"","ocean_breadcrumbs_separator_color":"","ocean_breadcrumbs_links_color":"","ocean_breadcrumbs_links_hover_color":"","ocean_display_footer_widgets":"default","ocean_display_footer_bottom":"default","ocean_custom_footer_template":""},"eaja_categoria":[4],"serie":[71],"eaja_componente":[80],"class_list":["post-4454","eaja","type-eaja","status-publish","has-post-thumbnail","hentry","eaja_categoria-1o-segmento-1a-a-4a-serie","serie-2a-serie","eaja_componente-geografia","entry","has-media"],"acf":[],"_links":{"self":[{"href":"https:\/\/sme.goiania.go.gov.br\/conexaoescola\/wp-json\/wp\/v2\/eaja\/4454","targetHints":{"allow":["GET"]}}],"collection":[{"href":"https:\/\/sme.goiania.go.gov.br\/conexaoescola\/wp-json\/wp\/v2\/eaja"}],"about":[{"href":"https:\/\/sme.goiania.go.gov.br\/conexaoescola\/wp-json\/wp\/v2\/types\/eaja"}],"author":[{"embeddable":true,"href":"https:\/\/sme.goiania.go.gov.br\/conexaoescola\/wp-json\/wp\/v2\/users\/26"}],"wp:featuredmedia":[{"embeddable":true,"href":"https:\/\/sme.goiania.go.gov.br\/conexaoescola\/wp-json\/wp\/v2\/media\/4469"}],"wp:attachment":[{"href":"https:\/\/sme.goiania.go.gov.br\/conexaoescola\/wp-json\/wp\/v2\/media?parent=4454"}],"wp:term":[{"taxonomy":"eaja_categoria","embeddable":true,"href":"https:\/\/sme.goiania.go.gov.br\/conexaoescola\/wp-json\/wp\/v2\/eaja_categoria?post=4454"},{"taxonomy":"serie","embeddable":true,"href":"https:\/\/sme.goiania.go.gov.br\/conexaoescola\/wp-json\/wp\/v2\/serie?post=4454"},{"taxonomy":"eaja_componente","embeddable":true,"href":"https:\/\/sme.goiania.go.gov.br\/conexaoescola\/wp-json\/wp\/v2\/eaja_componente?post=4454"}],"curies":[{"name":"wp","href":"https:\/\/api.w.org\/{rel}","templated":true}]}}