{"id":4082,"date":"2020-09-14T07:00:00","date_gmt":"2020-09-14T10:00:00","guid":{"rendered":"http:\/\/sme.goiania.go.gov.br\/conexaoescola\/?post_type=eaja&#038;p=4082"},"modified":"2021-11-09T11:45:39","modified_gmt":"2021-11-09T13:45:39","slug":"comparacao-de-precos-de-um-mesmo-produto-em-embalagens-diferentes","status":"publish","type":"eaja","link":"https:\/\/sme.goiania.go.gov.br\/conexaoescola\/eaja\/comparacao-de-precos-de-um-mesmo-produto-em-embalagens-diferentes\/","title":{"rendered":"Compara\u00e7\u00e3o de pre\u00e7os de um mesmo produto em embalagens diferentes"},"content":{"rendered":"\n<p class=\"has-medium-font-size\">Ol\u00e1!!! Bem vindo ou bem vinda \u00e0 esta atividade!!! <\/p>\n\n\n\n<p class=\"has-medium-font-size\">Nesta atividade conversaremos sobre a import\u00e2ncia da compara\u00e7\u00e3o de pre\u00e7os de um mesmo produto em embalagens diferente nas compras de supermercado.&nbsp;<\/p>\n\n\n\n<p class=\"has-medium-font-size\">Voc\u00ea j\u00e1 deve saber que a economia dom\u00e9stica&nbsp;\u00e9 muito importante para o or\u00e7amento familiar. Ela tamb\u00e9m \u00e9 a chave para a constru\u00e7\u00e3o de um bom patrim\u00f4nio. Mesmo que muitas pessoas consideram imposs\u00edvel economizar, mudan\u00e7as simples no estilo de vida podem fazer a diferen\u00e7a.&nbsp;<\/p>\n\n\n\n<p class=\"has-medium-font-size\">A ida ao supermercado pode ser um grande vil\u00e3o no seu or\u00e7amento. Algumas atitudes podem ajudar a diminuir os gastos com esse item.<\/p>\n\n\n\n<p class=\"has-background has-medium-font-size\" style=\"background-color:#b7fc8d\">Veja algumas dicas:<\/p>\n\n\n\n<figure class=\"wp-block-image size-large\"><img fetchpriority=\"high\" decoding=\"async\" width=\"618\" height=\"462\" src=\"http:\/\/sme.goiania.go.gov.br\/conexaoescola\/wp-content\/uploads\/2020\/08\/Supermercado-OFF-1-e1598912406889.png\" alt=\"\" class=\"wp-image-4083\" srcset=\"https:\/\/sme.goiania.go.gov.br\/conexaoescola\/wp-content\/uploads\/2020\/08\/Supermercado-OFF-1-e1598912406889.png 618w, https:\/\/sme.goiania.go.gov.br\/conexaoescola\/wp-content\/uploads\/2020\/08\/Supermercado-OFF-1-e1598912406889-300x224.png 300w\" sizes=\"(max-width: 618px) 100vw, 618px\" \/><\/figure>\n\n\n\n<hr class=\"wp-block-separator\"\/>\n\n\n\n<p class=\"has-medium-font-size\">Acredito que voc\u00ea<strong> <\/strong>j\u00e1 conhecia essas dicas, mas n\u00e3o custa repetir n\u00e9?!<\/p>\n\n\n\n<p class=\"has-medium-font-size\">A pesquisa de pre\u00e7os vai al\u00e9m da compara\u00e7\u00e3o de valores dos itens voc\u00ea deseja comprar em supermercados diferentes ou optar por marcas mais baratas. <\/p>\n\n\n\n<p class=\"has-background has-medium-font-size\" style=\"background-color:#b7fc8d\">A pesquisa de pre\u00e7os tamb\u00e9m est\u00e1 relacionada a comparar o pre\u00e7o de produto da mesma marca, mas em embalagens com capacidade diferentes.&nbsp;<\/p>\n\n\n\n<p class=\"has-medium-font-size\">Esse tipo de atitude nas compras, podem gerar uma grande economia.<\/p>\n\n\n\n<p class=\"has-medium-font-size\">Veja esse exemplo:<\/p>\n\n\n\n<div class=\"wp-block-image\"><figure class=\"aligncenter size-large is-resized\"><img decoding=\"async\" src=\"http:\/\/sme.goiania.go.gov.br\/conexaoescola\/wp-content\/uploads\/2020\/09\/Problema-OFF-2-e1598982560510.png\" alt=\"\" class=\"wp-image-4099\" width=\"580\" height=\"440\" srcset=\"https:\/\/sme.goiania.go.gov.br\/conexaoescola\/wp-content\/uploads\/2020\/09\/Problema-OFF-2-e1598982560510.png 609w, https:\/\/sme.goiania.go.gov.br\/conexaoescola\/wp-content\/uploads\/2020\/09\/Problema-OFF-2-e1598982560510-300x228.png 300w\" sizes=\"(max-width: 580px) 100vw, 580px\" \/><\/figure><\/div>\n\n\n\n<p class=\"has-background has-medium-font-size\" style=\"background-color:#b7fc8d\">Observe os pre\u00e7os encontrados das garrafas de \u00e1gua:<\/p>\n\n\n\n<div class=\"wp-block-image\"><figure class=\"aligncenter size-large\"><img decoding=\"async\" width=\"402\" height=\"475\" src=\"http:\/\/sme.goiania.go.gov.br\/conexaoescola\/wp-content\/uploads\/2020\/09\/AGUA-MINERAL-OFF-3-e1598982697884.png\" alt=\"\" class=\"wp-image-4100\" srcset=\"https:\/\/sme.goiania.go.gov.br\/conexaoescola\/wp-content\/uploads\/2020\/09\/AGUA-MINERAL-OFF-3-e1598982697884.png 402w, https:\/\/sme.goiania.go.gov.br\/conexaoescola\/wp-content\/uploads\/2020\/09\/AGUA-MINERAL-OFF-3-e1598982697884-254x300.png 254w\" sizes=\"(max-width: 402px) 100vw, 402px\" \/><\/figure><\/div>\n\n\n\n<p class=\"has-background has-medium-font-size\" style=\"background-color:#b7fc8d\">Analise os valores:<\/p>\n\n\n\n<div class=\"wp-block-image\"><figure class=\"alignleft size-large is-resized\"><img loading=\"lazy\" decoding=\"async\" src=\"http:\/\/sme.goiania.go.gov.br\/conexaoescola\/wp-content\/uploads\/2020\/09\/Compara\u00e7\u00e3o-OFF-4-e1598982809331.png\" alt=\"\" class=\"wp-image-4101\" width=\"409\" height=\"307\" srcset=\"https:\/\/sme.goiania.go.gov.br\/conexaoescola\/wp-content\/uploads\/2020\/09\/Compara\u00e7\u00e3o-OFF-4-e1598982809331.png 618w, https:\/\/sme.goiania.go.gov.br\/conexaoescola\/wp-content\/uploads\/2020\/09\/Compara\u00e7\u00e3o-OFF-4-e1598982809331-300x225.png 300w\" sizes=\"(max-width: 409px) 100vw, 409px\" \/><\/figure><\/div>\n\n\n\n<p class=\"has-medium-font-size\">Como Maria precisa de 6 litos (l) de \u00e1gua mineral, ent\u00e3o ela ter\u00e1 que levar mais de uma garrafa.&nbsp;<\/p>\n\n\n\n<p class=\"has-medium-font-size\">Se Maria optar em levar a \u00e1gua na embalagem de 2 l, ent\u00e3o ela precisar\u00e1 de 3 garrafas, como cada garrafa custa R$ 4,50 devemos multiplicar por 3. Portanto, Maria desembolsar\u00e1 R$ 13,50.<\/p>\n\n\n\n<p class=\"has-medium-font-size\">Se Maria optar em levar a \u00e1gua na embalagem de 1,5 l, ent\u00e3o ela precisar\u00e1 4 de garrafas, como cada garrafa custa R$ 3,80, devemos multiplicar por 4. Ent\u00e3o, Maria vai gastar R$ 15,20.<\/p>\n\n\n\n<p class=\"has-text-align-center has-background has-medium-font-size\" style=\"background-color:#b7fc8d\">Conclus\u00e3o: comprar a \u00e1gua mineral em embalagem de 2 litros gera economia de R$ 1,70.<\/p>\n\n\n\n<hr class=\"wp-block-separator\"\/>\n\n\n\n<p class=\"has-medium-font-size\">Percebeu que a escolha correta da embalagem gerou economia. E assim funciona com v\u00e1rios produtos. Imagine em uma compra mensal, quanto se deve economizar com a escolha da embalagem correta.<\/p>\n\n\n\n<p class=\"has-medium-font-size\">Assistir ao v\u00eddeo do professor Marcelo que traz uma compara\u00e7\u00e3o de um mesmo produto vendido em embalagens diferentes, um produto muito comum nas nossas casas.<\/p>\n\n\n\n<figure class=\"wp-block-embed is-type-video is-provider-youtube wp-block-embed-youtube wp-embed-aspect-16-9 wp-has-aspect-ratio\"><div class=\"wp-block-embed__wrapper\">\n<p class=\"responsive-video-wrap clr\"><iframe title=\"Qual o produto mais barato proporcionalmente?\" width=\"1200\" height=\"675\" src=\"https:\/\/www.youtube.com\/embed\/mn_SYS2XhFo?feature=oembed\" frameborder=\"0\" allow=\"accelerometer; autoplay; encrypted-media; gyroscope; picture-in-picture\" allowfullscreen><\/iframe><\/p>\n<\/div><figcaption>&#8220;Qual o produto mais barato proporcionalmente?&#8221; &#8211; Canal: Marcelo Santos matem\u00e1tica &#8211; Link: <a href=\"https:\/\/www.youtube.com\/watch?v=mn_SYS2XhFo\">https:\/\/www.youtube.com\/watch?v=mn_SYS2XhFo<\/a> <br><\/figcaption><\/figure>\n\n\n\n<hr class=\"wp-block-separator\"\/>\n\n\n\n<p class=\"has-medium-font-size\">Hummmm, ent\u00e3o nem sempre a embalagem maior fica mais barata? Por isso \u00e9 t\u00e3o importante fazer os c\u00e1lculos.<\/p>\n\n\n\n<p class=\"has-medium-font-size\">O exemplo que assistimos, apresentou um produto vendido em quilo (kg) e gramas (g) . Que s\u00e3o medidas de massa.<\/p>\n\n\n\n<p class=\"has-medium-font-size\">Agora assista ao v\u00eddeo que apresenta um outro exemplo, com medida de capacidade.<\/p>\n\n\n\n<figure class=\"wp-block-embed is-type-video is-provider-youtube wp-block-embed-youtube wp-embed-aspect-16-9 wp-has-aspect-ratio\"><div class=\"wp-block-embed__wrapper\">\n<p class=\"responsive-video-wrap clr\"><iframe title=\"Qual o produto mais barato proporcionalmente? Exemplo 2.\" width=\"1200\" height=\"675\" src=\"https:\/\/www.youtube.com\/embed\/44ntS0JP86I?feature=oembed\" frameborder=\"0\" allow=\"accelerometer; autoplay; encrypted-media; gyroscope; picture-in-picture\" allowfullscreen><\/iframe><\/p>\n<\/div><figcaption>&#8220;Qual o produto mais barato proporcionalmente? Exemplo 2.&#8221; &#8211; Canal: Marcelo Santos Matem\u00e1tica &#8211; Link: <a href=\"https:\/\/www.youtube.com\/watch?v=44ntS0JP86I\">https:\/\/www.youtube.com\/watch?v=44ntS0JP86I<\/a><\/figcaption><\/figure>\n\n\n\n<hr class=\"wp-block-separator\"\/>\n\n\n\n<p class=\"has-medium-font-size\">Ent\u00e3o, n\u00e3o se esque\u00e7a de sempre fazer as contas no supermercado, use a calculadora do seu celular, como fez o professor Marcelo.<\/p>\n\n\n\n<p class=\"has-medium-font-size\">Assista a integra desse conte\u00fado no v\u00eddeo abaixo:<\/p>\n\n\n\n<figure class=\"wp-block-embed is-type-video is-provider-youtube wp-block-embed-youtube wp-embed-aspect-16-9 wp-has-aspect-ratio\"><div class=\"wp-block-embed__wrapper\">\n<p class=\"responsive-video-wrap clr\"><iframe title=\"Sistema Monet\u00e1rio Brasileiro, conhecer para administrar - EAJA - ED. FINANCEIRA BLOCO 2 14-09\" width=\"1200\" height=\"675\" src=\"https:\/\/www.youtube.com\/embed\/NMVbodNa300?feature=oembed\" frameborder=\"0\" allow=\"accelerometer; autoplay; encrypted-media; gyroscope; picture-in-picture\" allowfullscreen><\/iframe><\/p>\n<\/div><\/figure>\n\n\n\n<hr class=\"wp-block-separator\"\/>\n\n\n\n<figure class=\"wp-block-table alignfull\"><table><tbody><tr><td><strong>Componente Curricular<\/strong><\/td><td><strong>Objetivo de Aprendizagem e Desenvolvimento<\/strong><\/td><\/tr><tr><td>Matem\u00e1tica<\/td><td>(EAJAMA0517) Interpretar, resolver e elaborar situa\u00e7\u00f5es-problema com n\u00fameros racionais na representa\u00e7\u00e3o decimal, envolvendo as quatro opera\u00e7\u00f5es fundamentais e a potencia\u00e7\u00e3o&nbsp;<br>(EAJAMA0518) Interpretar, resolver e elaborar situa\u00e7\u00f5es-problema que envolvam c\u00e1lculos com n\u00fameros racionais, com compreens\u00e3o dos processos neles envolvidos.<br>(EAJAMA0533) Identificar e relacionar as unidades de medida de mesma natureza, utilizando-as na resolu\u00e7\u00e3o de situa\u00e7\u00f5es-problema de seu cotidiano<\/td><\/tr><\/tbody><\/table><\/figure>\n\n\n\n<hr class=\"wp-block-separator\"\/>\n\n\n\n<p class=\"has-text-align-center\">EAJA &#8211; Educa\u00e7\u00e3o Financeira e Empreendedorismo &#8211; 5\u00aa serie<\/p>\n","protected":false},"author":22,"featured_media":4102,"template":"","meta":{"_acf_changed":false,"ocean_post_layout":"","ocean_both_sidebars_style":"","ocean_both_sidebars_content_width":0,"ocean_both_sidebars_sidebars_width":0,"ocean_sidebar":"","ocean_second_sidebar":"","ocean_disable_margins":"enable","ocean_add_body_class":"","ocean_shortcode_before_top_bar":"","ocean_shortcode_after_top_bar":"","ocean_shortcode_before_header":"","ocean_shortcode_after_header":"","ocean_has_shortcode":"","ocean_shortcode_after_title":"","ocean_shortcode_before_footer_widgets":"","ocean_shortcode_after_footer_widgets":"","ocean_shortcode_before_footer_bottom":"","ocean_shortcode_after_footer_bottom":"","ocean_display_top_bar":"default","ocean_display_header":"default","ocean_header_style":"","ocean_center_header_left_menu":"","ocean_custom_header_template":"","ocean_custom_logo":0,"ocean_custom_retina_logo":0,"ocean_custom_logo_max_width":0,"ocean_custom_logo_tablet_max_width":0,"ocean_custom_logo_mobile_max_width":0,"ocean_custom_logo_max_height":0,"ocean_custom_logo_tablet_max_height":0,"ocean_custom_logo_mobile_max_height":0,"ocean_header_custom_menu":"","ocean_menu_typo_font_family":"","ocean_menu_typo_font_subset":"","ocean_menu_typo_font_size":0,"ocean_menu_typo_font_size_tablet":0,"ocean_menu_typo_font_size_mobile":0,"ocean_menu_typo_font_size_unit":"px","ocean_menu_typo_font_weight":"","ocean_menu_typo_font_weight_tablet":"","ocean_menu_typo_font_weight_mobile":"","ocean_menu_typo_transform":"","ocean_menu_typo_transform_tablet":"","ocean_menu_typo_transform_mobile":"","ocean_menu_typo_line_height":0,"ocean_menu_typo_line_height_tablet":0,"ocean_menu_typo_line_height_mobile":0,"ocean_menu_typo_line_height_unit":"","ocean_menu_typo_spacing":0,"ocean_menu_typo_spacing_tablet":0,"ocean_menu_typo_spacing_mobile":0,"ocean_menu_typo_spacing_unit":"","ocean_menu_link_color":"","ocean_menu_link_color_hover":"","ocean_menu_link_color_active":"","ocean_menu_link_background":"","ocean_menu_link_hover_background":"","ocean_menu_link_active_background":"","ocean_menu_social_links_bg":"","ocean_menu_social_hover_links_bg":"","ocean_menu_social_links_color":"","ocean_menu_social_hover_links_color":"","ocean_disable_title":"default","ocean_disable_heading":"default","ocean_post_title":"","ocean_post_subheading":"","ocean_post_title_style":"","ocean_post_title_background_color":"","ocean_post_title_background":0,"ocean_post_title_bg_image_position":"","ocean_post_title_bg_image_attachment":"","ocean_post_title_bg_image_repeat":"","ocean_post_title_bg_image_size":"","ocean_post_title_height":0,"ocean_post_title_bg_overlay":0.5,"ocean_post_title_bg_overlay_color":"","ocean_disable_breadcrumbs":"default","ocean_breadcrumbs_color":"","ocean_breadcrumbs_separator_color":"","ocean_breadcrumbs_links_color":"","ocean_breadcrumbs_links_hover_color":"","ocean_display_footer_widgets":"default","ocean_display_footer_bottom":"default","ocean_custom_footer_template":""},"eaja_categoria":[104],"serie":[74],"eaja_componente":[78],"class_list":["post-4082","eaja","type-eaja","status-publish","has-post-thumbnail","hentry","eaja_categoria-2o-segmento-5a-e-6a-serie","serie-5a-serie","eaja_componente-matematica","entry","has-media"],"acf":[],"_links":{"self":[{"href":"https:\/\/sme.goiania.go.gov.br\/conexaoescola\/wp-json\/wp\/v2\/eaja\/4082","targetHints":{"allow":["GET"]}}],"collection":[{"href":"https:\/\/sme.goiania.go.gov.br\/conexaoescola\/wp-json\/wp\/v2\/eaja"}],"about":[{"href":"https:\/\/sme.goiania.go.gov.br\/conexaoescola\/wp-json\/wp\/v2\/types\/eaja"}],"author":[{"embeddable":true,"href":"https:\/\/sme.goiania.go.gov.br\/conexaoescola\/wp-json\/wp\/v2\/users\/22"}],"wp:featuredmedia":[{"embeddable":true,"href":"https:\/\/sme.goiania.go.gov.br\/conexaoescola\/wp-json\/wp\/v2\/media\/4102"}],"wp:attachment":[{"href":"https:\/\/sme.goiania.go.gov.br\/conexaoescola\/wp-json\/wp\/v2\/media?parent=4082"}],"wp:term":[{"taxonomy":"eaja_categoria","embeddable":true,"href":"https:\/\/sme.goiania.go.gov.br\/conexaoescola\/wp-json\/wp\/v2\/eaja_categoria?post=4082"},{"taxonomy":"serie","embeddable":true,"href":"https:\/\/sme.goiania.go.gov.br\/conexaoescola\/wp-json\/wp\/v2\/serie?post=4082"},{"taxonomy":"eaja_componente","embeddable":true,"href":"https:\/\/sme.goiania.go.gov.br\/conexaoescola\/wp-json\/wp\/v2\/eaja_componente?post=4082"}],"curies":[{"name":"wp","href":"https:\/\/api.w.org\/{rel}","templated":true}]}}