{"id":37882,"date":"2020-10-19T07:01:00","date_gmt":"2020-10-19T10:01:00","guid":{"rendered":"http:\/\/sme.goiania.go.gov.br\/conexaoescola\/?post_type=eaja&#038;p=37882"},"modified":"2021-11-16T15:32:05","modified_gmt":"2021-11-16T17:32:05","slug":"entendendo-a-diversidade","status":"publish","type":"eaja","link":"https:\/\/sme.goiania.go.gov.br\/conexaoescola\/eaja\/entendendo-a-diversidade\/","title":{"rendered":"L\u00edngua Portuguesa &#8211; Entendendo a Diversidade"},"content":{"rendered":"\n<p class=\"has-medium-font-size\">Ol\u00e1! Observe esta imagem (imagem como texto &#8211; Texto 1) com bastante aten\u00e7\u00e3o.<\/p>\n\n\n\n<figure class=\"wp-block-image size-large\"><img decoding=\"async\" src=\"http:\/\/portaldoprofessor.mec.gov.br\/storage\/discovirtual\/galerias\/imagem\/0000000538\/0000004960.jpg\" alt=\"\"\/><figcaption>Dispon\u00edvel em: <a href=\"http:\/\/portaldoprofessor.mec.gov.br\/storage\/discovirtual\/galerias\/imagem\/0000000538\/0000004960.jpg\" target=\"_blank\" rel=\"noreferrer noopener\">http:\/\/portaldoprofessor.mec.gov.br\/storage\/discovirtual\/galerias\/imagem\/0000000538\/0000004960.jpg<\/a><\/figcaption><\/figure>\n\n\n\n<hr class=\"wp-block-separator\"\/>\n\n\n\n<h2 class=\"wp-block-heading\">Atividade 1<\/h2>\n\n\n\n<p class=\"has-medium-font-size\">Ap\u00f3s a observa\u00e7\u00e3o da imagem, leia as perguntas abaixo e reflita\/pense calmamente:<\/p>\n\n\n\n<ol class=\"wp-block-list\" type=\"1\"><li>O que voc\u00ea observou na imagem? O que chama aten\u00e7\u00e3o na figura?<\/li><li>Todas as pessoas presentes na imagem s\u00e3o iguais?<\/li><li>Quais diferen\u00e7as podem ser observadas?<\/li><li>Voc\u00ea j\u00e1 imaginou como seria o mundo se todos n\u00f3s fossemos iguais?<\/li><li>Em algum momento voc\u00ea j\u00e1 ouviu o termo \u201cDiversidade\u201d? O que entende por isso?<\/li><\/ol>\n\n\n\n<p class=\"has-medium-font-size\">Os questionamentos acima s\u00e3o para informar a voc\u00ea que o tema da nossa aula \u00e9 <strong>Diversidade<\/strong>!<\/p>\n\n\n\n<hr class=\"wp-block-separator\"\/>\n\n\n\n<h2 class=\"wp-block-heading\">Atividade 2<\/h2>\n\n\n\n<p class=\"has-medium-font-size\">Leia o texto 2 \u201cA diversidades cultural no Brasil\u201d:<\/p>\n\n\n\n<figure class=\"wp-block-image size-large\"><img decoding=\"async\" src=\"http:\/\/portaldoprofessor.mec.gov.br\/storage\/discovirtual\/galerias\/imagem\/0000000538\/0000004961.jpg\" alt=\"\"\/><figcaption>Dispon\u00edvel em: <a href=\"http:\/\/portaldoprofessor.mec.gov.br\/storage\/discovirtual\/galerias\/imagem\/0000000538\/0000004961.jpg\" target=\"_blank\" rel=\"noreferrer noopener\">http:\/\/portaldoprofessor.mec.gov.br\/storage\/discovirtual\/galerias\/imagem\/0000000538\/0000004961.jpg<\/a><\/figcaption><\/figure>\n\n\n\n<hr class=\"wp-block-separator\"\/>\n\n\n\n<h2 class=\"wp-block-heading\">Atividade 3<\/h2>\n\n\n\n<figure class=\"wp-block-image size-large\"><img decoding=\"async\" src=\"https:\/\/images-na.ssl-images-amazon.com\/images\/I\/615cili+21L._SX258_BO1,204,203,200_.jpg\" alt=\"ORELHAS DE BORBOLETA | Amazon.com.br\"\/><figcaption>Dispon\u00edvel em: <a href=\"https:\/\/images-na.ssl-images-amazon.com\/images\/I\/615cili+21L.SX258_BO1,204,203,200.jpg\" target=\"_blank\" rel=\"noreferrer noopener\">https:\/\/images-na.ssl-images-amazon.com\/images\/I\/615cili+21L.<em>SX258_BO1,204,203,200<\/em>.jpg<\/a><\/figcaption><\/figure>\n\n\n\n<p class=\"has-medium-font-size\">Esta \u00e9 a capa do livro \u201cOrelhas de Borboleta\u201d, de <a href=\"https:\/\/www.google.com.br\/search?hl=pt-BR&amp;tbo=p&amp;tbm=bks&amp;q=inauthor:%22Luisa+Aguilar%22\">Luisa Aguilar<\/a>, Kalandraka Editora, Portugal, 2011 &#8211;&nbsp;32 p\u00e1ginas.<\/p>\n\n\n\n<p class=\"has-medium-font-size\">Ter as orelhas grandes, o cabelo rebelde, ser alto ou baixo, magro ou rechonchudo&#8230; at\u00e9 a mais insignificante caracter\u00edstica pode ser motivo de tro\u00e7a entre as crian\u00e7as. Por isso \u00e9 necess\u00e1rio um livro que demonstre a todos, tanto \u00e0queles que fazem como \u00e0queles que recebem algum coment\u00e1rio depreciativo, que esse tipo de comportamento \u00e9 reprov\u00e1vel. E especialmente para os que s\u00e3o apontados pelos outros, a mensagem que lhes transmite este conto \u00e9 que convertam em positivo aquilo que para outros \u00e9 motivo de gozo. Porque se devem valorizar as caracter\u00edsticas que nos diferenciam dos outros para nos distinguirem como seres especiais e \u00fanicos. Porque reconhecer e inclusive reivindicar a diferen\u00e7a nos fortalece, aceitando-nos como somos e refor\u00e7ando a nossa personalidade. Esse \u00e9 o primeiro passo para aprendermos a rir-nos de n\u00f3s pr\u00f3prios&#8230; Luisa Aguilar mostra uma grande sensibilidade neste texto singelo e cheio de for\u00e7a liter\u00e1ria, que transporta o leitor para um mundo de formas, cores, emo\u00e7\u00f5es e sentimentos. A figura materna destaca-se como referente vital da protagonista, que responde aos coment\u00e1rios das outras crian\u00e7as seguindo as indica\u00e7\u00f5es da sua m\u00e3e: aquilo que para os outros \u00e9 um defeito, para a Mara \u00e9 uma vantagem de que os outros carecem.<\/p>\n\n\n\n<p class=\"has-medium-font-size\">Agora convide a sua fam\u00edlia para voc\u00eas ouvirem juntos a hist\u00f3ria contada neste cl\u00e1ssico livro: \u201cOrelhas de Borboleta\u201d:<\/p>\n\n\n\n<figure class=\"wp-block-embed is-type-video is-provider-youtube wp-block-embed-youtube wp-embed-aspect-16-9 wp-has-aspect-ratio\"><div class=\"wp-block-embed__wrapper\">\n<p class=\"responsive-video-wrap clr\"><iframe title=\"Orelhas de Borboleta - Historinhas para Acordar\" width=\"1200\" height=\"675\" src=\"https:\/\/www.youtube.com\/embed\/WeyOV8rhaTo?feature=oembed\" frameborder=\"0\" allow=\"accelerometer; autoplay; clipboard-write; encrypted-media; gyroscope; picture-in-picture\" allowfullscreen><\/iframe><\/p>\n<\/div><figcaption>&#8220;Orelhas de Borboleta &#8211; Historinhas para Acordar&#8221; &#8211; Canal: <a href=\"https:\/\/www.youtube.com\/channel\/UC60XaIz3DrwVjT8LTU4iedQ\">Historinhas para Acordar<\/a> &#8211;<br>Link: <a rel=\"noreferrer noopener\" href=\"https:\/\/www.youtube.com\/watch?v=WeyOV8rhaTo\" target=\"_blank\">https:\/\/www.youtube.com\/watch?v=WeyOV8rhaTo<\/a><\/figcaption><\/figure>\n\n\n\n<hr class=\"wp-block-separator\"\/>\n\n\n\n<h2 class=\"wp-block-heading\">Atividade 4<\/h2>\n\n\n\n<p class=\"has-medium-font-size\">Assista o v\u00eddeo abaixo:<\/p>\n\n\n\n<figure class=\"wp-block-embed is-type-video is-provider-youtube wp-block-embed-youtube wp-embed-aspect-16-9 wp-has-aspect-ratio\"><div class=\"wp-block-embed__wrapper\">\n<p class=\"responsive-video-wrap clr\"><iframe title=\"O respeito \u00e0s diversidades\" width=\"1200\" height=\"675\" src=\"https:\/\/www.youtube.com\/embed\/ZJKqEpbxiYg?feature=oembed\" frameborder=\"0\" allow=\"accelerometer; autoplay; clipboard-write; encrypted-media; gyroscope; picture-in-picture\" allowfullscreen><\/iframe><\/p>\n<\/div><figcaption>&#8220;O respeito \u00e0s diversidades&#8221;- Canal: <a href=\"https:\/\/www.youtube.com\/channel\/UCXj2oSzwg6G0iBjKg33joMQ\">Khan Academy Brasil<\/a> &#8211;<br>Link: <a rel=\"noreferrer noopener\" href=\"https:\/\/www.youtube.com\/watch?v=ZJKqEpbxiYg\" target=\"_blank\">https:\/\/www.youtube.com\/watch?v=ZJKqEpbxiYg<\/a><\/figcaption><\/figure>\n\n\n\n<hr class=\"wp-block-separator\"\/>\n\n\n\n<h2 class=\"wp-block-heading\">Atividade 5<\/h2>\n\n\n\n<p class=\"has-medium-font-size\">De acordo com os textos lidos, a m\u00fasica e os v\u00eddeos responda o que voc\u00ea entendeu sobre Diversidade. Pode contar o que aprendeu para a sua fam\u00edlia ou gravar um \u00e1udio, um v\u00eddeo, ou ainda, escrever no seu caderno. Fique \u00e0 vontade!<\/p>\n\n\n\n<hr class=\"wp-block-separator\"\/>\n\n\n\n<p class=\"has-very-light-gray-color has-vivid-cyan-blue-background-color has-text-color has-background has-medium-font-size\">Saiba Mais | Refer\u00eancias<\/p>\n\n\n\n<figure class=\"wp-block-embed-wordpress wp-block-embed is-type-wp-embed is-provider-mais-diversidade\"><div class=\"wp-block-embed__wrapper\">\n<div class=\"oceanwp-oembed-wrap clr\"><blockquote class=\"wp-embedded-content\" data-secret=\"YsTr3bykTx\"><a href=\"https:\/\/maisdiversidade.com.br\/nao-somos-todos-iguais-e-isso-e-otimo\/\">N\u00e3o somos todos iguais. E isso \u00e9 \u00f3timo.<\/a><\/blockquote><iframe class=\"wp-embedded-content\" sandbox=\"allow-scripts\" security=\"restricted\" style=\"position: absolute; clip: rect(1px, 1px, 1px, 1px);\" title=\"&#8220;N\u00e3o somos todos iguais. E isso \u00e9 \u00f3timo.&#8221; &#8212; Mais Diversidade\" src=\"https:\/\/maisdiversidade.com.br\/nao-somos-todos-iguais-e-isso-e-otimo\/embed\/#?secret=YsTr3bykTx\" data-secret=\"YsTr3bykTx\" width=\"600\" height=\"338\" frameborder=\"0\" marginwidth=\"0\" marginheight=\"0\" scrolling=\"no\"><\/iframe><\/div>\n<\/div><figcaption>Dispon\u00edvel em: <a href=\"https:\/\/maisdiversidade.com.br\/nao-somos-todos-iguais-e-isso-e-otimo\/\" target=\"_blank\" rel=\"noreferrer noopener\">https:\/\/maisdiversidade.com.br\/nao-somos-todos-iguais-e-isso-e-otimo\/<\/a><\/figcaption><\/figure>\n\n\n\n<hr class=\"wp-block-separator\"\/>\n\n\n\n<figure class=\"wp-block-table alignfull is-style-regular\"><table><tbody><tr><td><strong>Componente(s) Curricular(res)<\/strong><\/td><td>L\u00edngua Portuguesa\/Arte\/Educa\u00e7\u00e3o F\u00edsica<\/td><\/tr><tr><td><strong>Objetivos de Aprendizagem e Desenvolvimento<\/strong><\/td><td>EAJALP0811) Identificar as m\u00faltiplas vertentes de identidades, de sociedades e de culturas presentes em textos liter\u00e1rios, bem como a autoria e o contexto social e hist\u00f3rico de sua produ\u00e7\u00e3o. (EAJA LP0812) Realizar leitura de textos dos g\u00eaneros resenha cr\u00edtica e sinopse. (EAJALP0830) Planejar, produzir e revisar resenha cr\u00edtica e sinopse de texto art\u00edstico-liter\u00e1rio. EAJAAR0734 Ampliar a percep\u00e7\u00e3o do sujeito seja consigo, com o outro, com o p\u00fablico, com os objetos, a natureza, os movimentos do cotidiano e a produ\u00e7\u00e3o humana, no di\u00e1logo com o mundo da Arte. EAJAED0735 Dialogar sobre as quest\u00f5es geracionais, de sa\u00fade, de preconceitos, de modismos, de inclus\u00e3o\/exclus\u00e3o, de g\u00eanero presentes nas lutas, propondo compreens\u00e3o e supera\u00e7\u00e3o dos mesmos.<\/td><\/tr><tr><td><strong>Professor<\/strong><\/td><td>Arivaldo Alves Vila Real<\/td><\/tr><tr><td><strong>Institui\u00e7\u00e3o Educacional<\/strong><\/td><td>Escola Municipal Maria Ara\u00fajo de Freitas<\/td><\/tr><tr><td><strong>CRE<\/strong><\/td><td>Maria Thom\u00e9 Neto<\/td><\/tr><\/tbody><\/table><\/figure>\n\n\n\n<hr class=\"wp-block-separator\"\/>\n\n\n\n<p class=\"has-text-align-center has-medium-font-size\">EAJA \u2013 Experi\u00eancias e Curiosidades \u2013 2\u00b0 Segmento \u2013 7\u00aa a 8\u00aa s\u00e9ries<\/p>\n","protected":false},"author":27,"featured_media":37883,"template":"","meta":{"_acf_changed":false,"ocean_post_layout":"","ocean_both_sidebars_style":"","ocean_both_sidebars_content_width":0,"ocean_both_sidebars_sidebars_width":0,"ocean_sidebar":"","ocean_second_sidebar":"","ocean_disable_margins":"enable","ocean_add_body_class":"","ocean_shortcode_before_top_bar":"","ocean_shortcode_after_top_bar":"","ocean_shortcode_before_header":"","ocean_shortcode_after_header":"","ocean_has_shortcode":"","ocean_shortcode_after_title":"","ocean_shortcode_before_footer_widgets":"","ocean_shortcode_after_footer_widgets":"","ocean_shortcode_before_footer_bottom":"","ocean_shortcode_after_footer_bottom":"","ocean_display_top_bar":"default","ocean_display_header":"default","ocean_header_style":"","ocean_center_header_left_menu":"","ocean_custom_header_template":"","ocean_custom_logo":0,"ocean_custom_retina_logo":0,"ocean_custom_logo_max_width":0,"ocean_custom_logo_tablet_max_width":0,"ocean_custom_logo_mobile_max_width":0,"ocean_custom_logo_max_height":0,"ocean_custom_logo_tablet_max_height":0,"ocean_custom_logo_mobile_max_height":0,"ocean_header_custom_menu":"","ocean_menu_typo_font_family":"","ocean_menu_typo_font_subset":"","ocean_menu_typo_font_size":0,"ocean_menu_typo_font_size_tablet":0,"ocean_menu_typo_font_size_mobile":0,"ocean_menu_typo_font_size_unit":"px","ocean_menu_typo_font_weight":"","ocean_menu_typo_font_weight_tablet":"","ocean_menu_typo_font_weight_mobile":"","ocean_menu_typo_transform":"","ocean_menu_typo_transform_tablet":"","ocean_menu_typo_transform_mobile":"","ocean_menu_typo_line_height":0,"ocean_menu_typo_line_height_tablet":0,"ocean_menu_typo_line_height_mobile":0,"ocean_menu_typo_line_height_unit":"","ocean_menu_typo_spacing":0,"ocean_menu_typo_spacing_tablet":0,"ocean_menu_typo_spacing_mobile":0,"ocean_menu_typo_spacing_unit":"","ocean_menu_link_color":"","ocean_menu_link_color_hover":"","ocean_menu_link_color_active":"","ocean_menu_link_background":"","ocean_menu_link_hover_background":"","ocean_menu_link_active_background":"","ocean_menu_social_links_bg":"","ocean_menu_social_hover_links_bg":"","ocean_menu_social_links_color":"","ocean_menu_social_hover_links_color":"","ocean_disable_title":"default","ocean_disable_heading":"default","ocean_post_title":"","ocean_post_subheading":"","ocean_post_title_style":"","ocean_post_title_background_color":"","ocean_post_title_background":0,"ocean_post_title_bg_image_position":"","ocean_post_title_bg_image_attachment":"","ocean_post_title_bg_image_repeat":"","ocean_post_title_bg_image_size":"","ocean_post_title_height":0,"ocean_post_title_bg_overlay":0.5,"ocean_post_title_bg_overlay_color":"","ocean_disable_breadcrumbs":"default","ocean_breadcrumbs_color":"","ocean_breadcrumbs_separator_color":"","ocean_breadcrumbs_links_color":"","ocean_breadcrumbs_links_hover_color":"","ocean_display_footer_widgets":"default","ocean_display_footer_bottom":"default","ocean_custom_footer_template":""},"eaja_categoria":[69],"serie":[76],"eaja_componente":[77],"class_list":["post-37882","eaja","type-eaja","status-publish","has-post-thumbnail","hentry","eaja_categoria-2o-segmento-7a-e-8a-serie","serie-7a-serie","eaja_componente-lingua-portuguesa","entry","has-media"],"acf":[],"_links":{"self":[{"href":"https:\/\/sme.goiania.go.gov.br\/conexaoescola\/wp-json\/wp\/v2\/eaja\/37882","targetHints":{"allow":["GET"]}}],"collection":[{"href":"https:\/\/sme.goiania.go.gov.br\/conexaoescola\/wp-json\/wp\/v2\/eaja"}],"about":[{"href":"https:\/\/sme.goiania.go.gov.br\/conexaoescola\/wp-json\/wp\/v2\/types\/eaja"}],"author":[{"embeddable":true,"href":"https:\/\/sme.goiania.go.gov.br\/conexaoescola\/wp-json\/wp\/v2\/users\/27"}],"wp:featuredmedia":[{"embeddable":true,"href":"https:\/\/sme.goiania.go.gov.br\/conexaoescola\/wp-json\/wp\/v2\/media\/37883"}],"wp:attachment":[{"href":"https:\/\/sme.goiania.go.gov.br\/conexaoescola\/wp-json\/wp\/v2\/media?parent=37882"}],"wp:term":[{"taxonomy":"eaja_categoria","embeddable":true,"href":"https:\/\/sme.goiania.go.gov.br\/conexaoescola\/wp-json\/wp\/v2\/eaja_categoria?post=37882"},{"taxonomy":"serie","embeddable":true,"href":"https:\/\/sme.goiania.go.gov.br\/conexaoescola\/wp-json\/wp\/v2\/serie?post=37882"},{"taxonomy":"eaja_componente","embeddable":true,"href":"https:\/\/sme.goiania.go.gov.br\/conexaoescola\/wp-json\/wp\/v2\/eaja_componente?post=37882"}],"curies":[{"name":"wp","href":"https:\/\/api.w.org\/{rel}","templated":true}]}}