{"id":37874,"date":"2020-10-19T07:01:00","date_gmt":"2020-10-19T10:01:00","guid":{"rendered":"http:\/\/sme.goiania.go.gov.br\/conexaoescola\/?post_type=eaja&#038;p=37874"},"modified":"2021-11-16T15:34:28","modified_gmt":"2021-11-16T17:34:28","slug":"plano-de-negocios","status":"publish","type":"eaja","link":"https:\/\/sme.goiania.go.gov.br\/conexaoescola\/eaja\/plano-de-negocios\/","title":{"rendered":"Matem\u00e1tica &#8211; Plano de Neg\u00f3cios"},"content":{"rendered":"\n<p class=\"has-medium-font-size\">Voc\u00ea sabia que o empreendedorismo nunca esteve t\u00e3o presente na vida dos brasileiros? Nos dias de hoje, \u00e9 muito comum conhecer algu\u00e9m que quer abrir uma empresa, ou ainda pode ser que voc\u00ea seja esta pr\u00f3pria pessoa? Um levantamento realizado pela ABF \u2013 Associa\u00e7\u00e3o Brasileira de Franquias, indica que a taxa de fechamento entre franquias foi de apenas 2,9%, com a menor taxa de mortalidade entre as empresas. Por\u00e9m \u00e9 necess\u00e1rio o empreendedor ficar atento aos cinco principais motivos de fechamento de franquias. Vamos estudar mais sobre esse assunto?<\/p>\n\n\n\n<hr class=\"wp-block-separator\"\/>\n\n\n\n<h2 class=\"wp-block-heading\"><strong>Atividade 1<\/strong><\/h2>\n\n\n\n<p class=\"has-medium-font-size\">Acesse o link e assista ao v\u00eddeo \u201cComo elaborar um plano de neg\u00f3cio\u201d, do Sebrae. Convide seus amigos para assistir com voc\u00ea e procurem dialogar se voc\u00eas j\u00e1 sabiam pra que serve um plano de neg\u00f3cios e se j\u00e1 elaboraram algum.<\/p>\n\n\n\n<figure class=\"wp-block-embed is-type-video is-provider-youtube wp-block-embed-youtube wp-embed-aspect-16-9 wp-has-aspect-ratio\"><div class=\"wp-block-embed__wrapper\">\n<p class=\"responsive-video-wrap clr\"><iframe title=\"Como elaborar um plano de neg\u00f3cio\" width=\"1200\" height=\"675\" src=\"https:\/\/www.youtube.com\/embed\/V3u2Tu6t1UU?feature=oembed\" frameborder=\"0\" allow=\"accelerometer; autoplay; clipboard-write; encrypted-media; gyroscope; picture-in-picture\" allowfullscreen><\/iframe><\/p>\n<\/div><figcaption>&#8220;Como elaborar um plano de neg\u00f3cio&#8221; &#8211; Canal: Sebrae &#8211; <br>Link: <a rel=\"noreferrer noopener\" href=\"https:\/\/www.youtube.com\/watch?v=V3u2Tu6t1UU\" target=\"_blank\">https:\/\/www.youtube.com\/watch?v=V3u2Tu6t1UU<\/a><\/figcaption><\/figure>\n\n\n\n<hr class=\"wp-block-separator\"\/>\n\n\n\n<h2 class=\"wp-block-heading\"><strong>Atividade 2<\/strong><\/h2>\n\n\n\n<p class=\"has-medium-font-size\">O Plano de neg\u00f3cio \u00e9 o documento que descreve todos os objetivos de neg\u00f3cio e, cada fase a ser elaborada para que estes objetivos sejam alcan\u00e7ados. Para que o empreendimento tenha sucesso, h\u00e1 necessidade de analisar a viabilidade esperada do neg\u00f3cio, se precavendo de poss\u00edveis riscos e incertezas, considerando que, quanto maiores forem os detalhes das informa\u00e7\u00f5es obtidas no plano de neg\u00f3cio, maiores s\u00e3o as chances de acertos no futuro empreendimento. Nesse sentido, elabore um pequeno texto e descreva qual neg\u00f3cio j\u00e1 pensou em abrir, quais seriam seus objetivos, quais produtos ou servi\u00e7os pensou em comercializar, quais os riscos e incertezas desse neg\u00f3cio, se ele \u00e9 vi\u00e1vel, enfim, exponha todas as suas expectativas em rela\u00e7\u00e3o ao neg\u00f3cio que voc\u00ea j\u00e1 possui ou que tenha o sonho de abrir.<\/p>\n\n\n\n<hr class=\"wp-block-separator\"\/>\n\n\n\n<h2 class=\"wp-block-heading\"><strong>Atividade 3<\/strong><\/h2>\n\n\n\n<p class=\"has-medium-font-size\">&nbsp;A figura a seguir, mostra os elementos gerais que um plano de neg\u00f3cios deve conter. Nesse sentido, de acordo com o neg\u00f3cio que voc\u00ea deseja abrir, relatado na atividade anterior, procure responder os itens da figura a seguir, elaborando assim, de forma geral, seu plano de neg\u00f3cio.<\/p>\n\n\n\n<figure class=\"wp-block-image size-large\"><img decoding=\"async\" src=\"https:\/\/image.slidesharecdn.com\/noesgeraisdeplanodenegcios-140623202655-phpapp01\/95\/noes-gerais-de-plano-de-negcios-11-638.jpg?cb=1403555273\" alt=\"\"\/><figcaption>Dispon\u00edvel em: <a href=\"https:\/\/image.slidesharecdn.com\/noesgeraisdeplanodenegcios-140623202655-phpapp01\/95\/noes-gerais-de-plano-de-negcios-11-638.jpg?cb=1403555273\" target=\"_blank\" rel=\"noreferrer noopener\">https:\/\/image.slidesharecdn.com\/noesgeraisdeplanodenegcios-140623202655-phpapp01\/95\/noes-gerais-de-plano-de-negcios-11-638.jpg?cb=1403555273<\/a><\/figcaption><\/figure>\n\n\n\n<hr class=\"wp-block-separator\"\/>\n\n\n\n<h2 class=\"wp-block-heading\"><strong>Atividade 4<\/strong><\/h2>\n\n\n\n<p class=\"has-medium-font-size\"><strong> <\/strong>Franquia ou franchising \u00e9 uma estrat\u00e9gia utilizada em administra\u00e7\u00e3o que tem, como prop\u00f3sito, um sistema de venda de licen\u00e7a na qual o franqueador (o detentor da marca) cede, ao franqueado (o autorizado a explorar a marca), o direito de uso da sua marca, em troca de parte do lucro que ela ir\u00e1 gerar. O gr\u00e1fico a seguir \u00e9 de uma pesquisa feita pela ABF (portal da franchising) em 2018 que mostra quais as 5 principais causas de fechamento de franquias no Brasil. Ap\u00f3s fazer uma an\u00e1lise desse gr\u00e1fico, responda aos itens a seguir:<\/p>\n\n\n\n<figure class=\"wp-block-image size-large\"><img decoding=\"async\" src=\"https:\/\/www.portaldofranchising.com.br\/wp-content\/uploads\/2018\/02\/grafico.jpg\" alt=\"\"\/><figcaption>Dispon\u00edvel em: <a href=\"https:\/\/www.portaldofranchising.com.br\/wp-content\/uploads\/2018\/02\/grafico.jpg\" target=\"_blank\" rel=\"noreferrer noopener\">https:\/\/www.portaldofranchising.com.br\/wp-content\/uploads\/2018\/02\/grafico.jpg<\/a><\/figcaption><\/figure>\n\n\n\n<p class=\"has-medium-font-size\">a) De acordo com o gr\u00e1fico, a localiza\u00e7\u00e3o \u00e9 o principal motivo de fechamento das franquias no Brasil. Qual foi esse percentual? Porque a localiza\u00e7\u00e3o influencia tanto nesse fechamento?<\/p>\n\n\n\n<p class=\"has-medium-font-size\">b) O que voc\u00ea entende por capital de giro? Porque ele \u00e9 t\u00e3o importante para as empresas?<\/p>\n\n\n\n<p class=\"has-medium-font-size\">c) Qual \u00e9 o terceiro motivo de fechamento? Porque ele pode ser crucial para a continuidade de uma empresa?<\/p>\n\n\n\n<p class=\"has-medium-font-size\">d) Porque a concorr\u00eancia, ao contr\u00e1rio que muitos pensam, n\u00e3o \u00e9 o maior motivo de fechamento de franquias?<\/p>\n\n\n\n<hr class=\"wp-block-separator\"\/>\n\n\n\n<figure class=\"wp-block-table alignfull is-style-regular\"><table><tbody><tr><td><strong>Componente<\/strong><\/td><td>Matem\u00e1tica<\/td><\/tr><tr><td><strong>Objetivos de Aprendizagem e Desenvolvimento<\/strong><\/td><td>(EAJAMA0705) Interpretar e resolver situa\u00e7\u00f5es-problema que envolvam porcentagens, no contexto da educa\u00e7\u00e3o financeira. (EAJAMA0728) Identificar os diferentes tipos de gr\u00e1fico e avaliar a adequa\u00e7\u00e3o destes, para representar um conjunto de dados de uma pesquisa significativa.<\/td><\/tr><\/tbody><\/table><\/figure>\n\n\n\n<hr class=\"wp-block-separator\"\/>\n\n\n\n<p class=\"has-text-align-center has-medium-font-size\">EAJA \u2013Educa\u00e7\u00e3o Financeira e Empreendedorismo \u2013 2\u00b0 Segmento \u2013 7\u00aa a 8\u00aa s\u00e9ries<\/p>\n","protected":false},"author":27,"featured_media":37875,"template":"","meta":{"_acf_changed":false,"ocean_post_layout":"","ocean_both_sidebars_style":"","ocean_both_sidebars_content_width":0,"ocean_both_sidebars_sidebars_width":0,"ocean_sidebar":"","ocean_second_sidebar":"","ocean_disable_margins":"enable","ocean_add_body_class":"","ocean_shortcode_before_top_bar":"","ocean_shortcode_after_top_bar":"","ocean_shortcode_before_header":"","ocean_shortcode_after_header":"","ocean_has_shortcode":"","ocean_shortcode_after_title":"","ocean_shortcode_before_footer_widgets":"","ocean_shortcode_after_footer_widgets":"","ocean_shortcode_before_footer_bottom":"","ocean_shortcode_after_footer_bottom":"","ocean_display_top_bar":"default","ocean_display_header":"default","ocean_header_style":"","ocean_center_header_left_menu":"","ocean_custom_header_template":"","ocean_custom_logo":0,"ocean_custom_retina_logo":0,"ocean_custom_logo_max_width":0,"ocean_custom_logo_tablet_max_width":0,"ocean_custom_logo_mobile_max_width":0,"ocean_custom_logo_max_height":0,"ocean_custom_logo_tablet_max_height":0,"ocean_custom_logo_mobile_max_height":0,"ocean_header_custom_menu":"","ocean_menu_typo_font_family":"","ocean_menu_typo_font_subset":"","ocean_menu_typo_font_size":0,"ocean_menu_typo_font_size_tablet":0,"ocean_menu_typo_font_size_mobile":0,"ocean_menu_typo_font_size_unit":"px","ocean_menu_typo_font_weight":"","ocean_menu_typo_font_weight_tablet":"","ocean_menu_typo_font_weight_mobile":"","ocean_menu_typo_transform":"","ocean_menu_typo_transform_tablet":"","ocean_menu_typo_transform_mobile":"","ocean_menu_typo_line_height":0,"ocean_menu_typo_line_height_tablet":0,"ocean_menu_typo_line_height_mobile":0,"ocean_menu_typo_line_height_unit":"","ocean_menu_typo_spacing":0,"ocean_menu_typo_spacing_tablet":0,"ocean_menu_typo_spacing_mobile":0,"ocean_menu_typo_spacing_unit":"","ocean_menu_link_color":"","ocean_menu_link_color_hover":"","ocean_menu_link_color_active":"","ocean_menu_link_background":"","ocean_menu_link_hover_background":"","ocean_menu_link_active_background":"","ocean_menu_social_links_bg":"","ocean_menu_social_hover_links_bg":"","ocean_menu_social_links_color":"","ocean_menu_social_hover_links_color":"","ocean_disable_title":"default","ocean_disable_heading":"default","ocean_post_title":"","ocean_post_subheading":"","ocean_post_title_style":"","ocean_post_title_background_color":"","ocean_post_title_background":0,"ocean_post_title_bg_image_position":"","ocean_post_title_bg_image_attachment":"","ocean_post_title_bg_image_repeat":"","ocean_post_title_bg_image_size":"","ocean_post_title_height":0,"ocean_post_title_bg_overlay":0.5,"ocean_post_title_bg_overlay_color":"","ocean_disable_breadcrumbs":"default","ocean_breadcrumbs_color":"","ocean_breadcrumbs_separator_color":"","ocean_breadcrumbs_links_color":"","ocean_breadcrumbs_links_hover_color":"","ocean_display_footer_widgets":"default","ocean_display_footer_bottom":"default","ocean_custom_footer_template":""},"eaja_categoria":[69],"serie":[76],"eaja_componente":[78],"class_list":["post-37874","eaja","type-eaja","status-publish","has-post-thumbnail","hentry","eaja_categoria-2o-segmento-7a-e-8a-serie","serie-7a-serie","eaja_componente-matematica","entry","has-media"],"acf":[],"_links":{"self":[{"href":"https:\/\/sme.goiania.go.gov.br\/conexaoescola\/wp-json\/wp\/v2\/eaja\/37874","targetHints":{"allow":["GET"]}}],"collection":[{"href":"https:\/\/sme.goiania.go.gov.br\/conexaoescola\/wp-json\/wp\/v2\/eaja"}],"about":[{"href":"https:\/\/sme.goiania.go.gov.br\/conexaoescola\/wp-json\/wp\/v2\/types\/eaja"}],"author":[{"embeddable":true,"href":"https:\/\/sme.goiania.go.gov.br\/conexaoescola\/wp-json\/wp\/v2\/users\/27"}],"wp:featuredmedia":[{"embeddable":true,"href":"https:\/\/sme.goiania.go.gov.br\/conexaoescola\/wp-json\/wp\/v2\/media\/37875"}],"wp:attachment":[{"href":"https:\/\/sme.goiania.go.gov.br\/conexaoescola\/wp-json\/wp\/v2\/media?parent=37874"}],"wp:term":[{"taxonomy":"eaja_categoria","embeddable":true,"href":"https:\/\/sme.goiania.go.gov.br\/conexaoescola\/wp-json\/wp\/v2\/eaja_categoria?post=37874"},{"taxonomy":"serie","embeddable":true,"href":"https:\/\/sme.goiania.go.gov.br\/conexaoescola\/wp-json\/wp\/v2\/serie?post=37874"},{"taxonomy":"eaja_componente","embeddable":true,"href":"https:\/\/sme.goiania.go.gov.br\/conexaoescola\/wp-json\/wp\/v2\/eaja_componente?post=37874"}],"curies":[{"name":"wp","href":"https:\/\/api.w.org\/{rel}","templated":true}]}}