{"id":37872,"date":"2020-10-19T07:00:00","date_gmt":"2020-10-19T10:00:00","guid":{"rendered":"http:\/\/sme.goiania.go.gov.br\/conexaoescola\/?post_type=eaja&#038;p=37872"},"modified":"2021-11-16T15:50:15","modified_gmt":"2021-11-16T17:50:15","slug":"a-porcentagem-na-preservacao-do-cerrado","status":"publish","type":"eaja","link":"https:\/\/sme.goiania.go.gov.br\/conexaoescola\/eaja\/a-porcentagem-na-preservacao-do-cerrado\/","title":{"rendered":"Ci\u00eancias &#8211; A Porcentagem na Preserva\u00e7\u00e3o do Cerrado"},"content":{"rendered":"\n<p class=\"has-medium-font-size\">Ol\u00e1! Sabemos da import\u00e2ncia de preservar o meio ambiente. Podemos utilizar as porcentagens para nos auxiliarem na manuten\u00e7\u00e3o e preserva\u00e7\u00e3o do meio ambiente.<\/p>\n\n\n\n<p class=\"has-medium-font-size\">Na aula de hoje vamos observar a utiliza\u00e7\u00e3o da porcentagem para quantificar com mais precis\u00e3o o desmatamento do nosso cerrado.<\/p>\n\n\n\n<hr class=\"wp-block-separator\"\/>\n\n\n\n<h2 class=\"wp-block-heading\"><strong>Atividade <\/strong>1<\/h2>\n\n\n\n<p class=\"has-medium-font-size\">Leia o texto: <a href=\"https:\/\/epoca.globo.com\/tudo-sobre\/noticia\/2017\/05\/desmatamento-do-cerrado.html\">Desmatamento do Cerrado<\/a><\/p>\n\n\n\n<p class=\"has-text-align-center has-medium-font-size\"><em><strong>Em menos de 50 anos, quase 50% da vegeta\u00e7\u00e3o original desapareceu. E 30% da \u00e1rea virou pasto. Isso amea\u00e7a sobretudo o ciclo de chuvas e o carregamento dos rios do pa\u00eds<\/strong><\/em><\/p>\n\n\n\n<p class=\"has-medium-font-size\">Enquanto os olhos nacionais e internacionais est\u00e3o voltados para a Floresta Amaz\u00f4nica, a diversificada vegeta\u00e7\u00e3o do Cerrado (que vai de campos naturais at\u00e9 \u2013 acredite \u2013 forma\u00e7\u00f5es florestais) vem sendo varrida do mapa. O desmatamento no Cerrado ganhou f\u00f4lego na d\u00e9cada de 1970, estimulado por projetos do governo que favoreciam a ocupa\u00e7\u00e3o da regi\u00e3o. Plana e f\u00e1cil de irrigar, a \u00e1rea era ideal para a expans\u00e3o da agropecu\u00e1ria. Hoje, o Cerrado \u00e9 o bioma brasileiro que concentra o maior rebanho bovino (cerca de 36% de todo o gado) e onde mais se produz soja (mais de 63% de todo o gr\u00e3o brasileiro). Em menos de 50 anos, quase 50% da vegeta\u00e7\u00e3o original desapareceu. E 30% da \u00e1rea virou pasto: \u201cFoi um processo de desmatamento muito r\u00e1pido, sem precedentes\u201d, diz Laerte Ferreira, da Universidade Federal de Goi\u00e1s (UFG). E o desmatamento continua at\u00e9 hoje. Enquanto o ritmo do desmatamento na Floresta Amaz\u00f4nica caiu nos \u00faltimos dez anos \u2013 conquista comemorada internacionalmente pelo pa\u00eds \u2013,&nbsp;<a href=\"http:\/\/epoca.globo.com\/colunas-e-blogs\/blog-do-planeta\/amazonia\/noticia\/2015\/07\/teriamos-evitado-o-desmatamento-da-amazonia-se-tivessemos-olhado-para-o-cerrado.html\">a devasta\u00e7\u00e3o do Cerrado se manteve no mesmo ritmo.&nbsp;<\/a>Nos \u00faltimos dez anos, o Cerrado perdeu 50.000 quil\u00f4metros quadrados, mais que o estado do Rio de Janeiro. A&nbsp;<a href=\"http:\/\/epoca.globo.com\/colunas-e-blogs\/blog-do-planeta\/noticia\/2014\/10\/bdesmatamento-do-cerradob-o-novo-vilao-ambiental-do-brasil.html\">maior fronteira de desmatamento do Brasil<\/a>&nbsp;hoje \u00e9 a expans\u00e3o da soja na regi\u00e3o do Cerrado chamada Matopiba (\u00e1reas dos estados do Maranh\u00e3o, Tocantins, Piau\u00ed e da Bahia). Entre 2015 e 2016, o desmatamento l\u00e1 foi de 2.000 quil\u00f4metros quadrados, quatro vezes mais que no Arco do Desmatamento, \u00e1rea mais vulner\u00e1vel da Amaz\u00f4nia Legal.<\/p>\n\n\n\n<p class=\"has-medium-font-size\">Texto completo dispon\u00edvel em:<\/p>\n\n\n\n<p class=\"has-text-align-center has-vivid-purple-color has-very-light-gray-background-color has-text-color has-background has-medium-font-size\"><a href=\"https:\/\/epoca.globo.com\/tudo-sobre\/noticia\/2017\/05\/desmatamento-do-cerrado.html\" target=\"_blank\" rel=\"noreferrer noopener\">https:\/\/epoca.globo.com\/tudo-sobre\/noticia\/2017\/05\/desmatamento-do-cerrado.html<\/a><\/p>\n\n\n\n<hr class=\"wp-block-separator\"\/>\n\n\n\n<h2 class=\"wp-block-heading\"><strong>Atividade <\/strong>2<\/h2>\n\n\n\n<p class=\"has-medium-font-size\">Acesse o link abaixo e assista o v\u00eddeo: Desmatamento do cerrado brasileiro superou em 52% o da Amaz\u00f4nia<\/p>\n\n\n\n<figure class=\"wp-block-embed is-type-video is-provider-youtube wp-block-embed-youtube wp-embed-aspect-16-9 wp-has-aspect-ratio\"><div class=\"wp-block-embed__wrapper\">\n<p class=\"responsive-video-wrap clr\"><iframe title=\"Desmatamento do cerrado brasileiro superou em 52% o da Amaz\u00f4nia\" width=\"1200\" height=\"675\" src=\"https:\/\/www.youtube.com\/embed\/7XfaltsQ9gs?feature=oembed\" frameborder=\"0\" allow=\"accelerometer; autoplay; clipboard-write; encrypted-media; gyroscope; picture-in-picture\" allowfullscreen><\/iframe><\/p>\n<\/div><figcaption>&#8220;Desmatamento do cerrado brasileiro superou em 52% o da Amaz\u00f4nia&#8221; &#8211; Canal: Tv Brasil &#8211;<br>Link: <a rel=\"noreferrer noopener\" href=\"https:\/\/www.youtube.com\/watch?v=7XfaltsQ9gs\" target=\"_blank\">https:\/\/www.youtube.com\/watch?v=7XfaltsQ9gs<\/a><\/figcaption><\/figure>\n\n\n\n<hr class=\"wp-block-separator\"\/>\n\n\n\n<h2 class=\"wp-block-heading\"><strong>Atividade <\/strong>3<\/h2>\n\n\n\n<p class=\"has-medium-font-size\">No texto e no v\u00eddeo apresentado, observamos a presen\u00e7a de n\u00fameros escritos na forma percentual (%) e deparamos com a\u00e7\u00f5es realizadas para fins comerciais que est\u00e3o prejudicando o cerrado.<\/p>\n\n\n\n<p class=\"has-medium-font-size\">Ap\u00f3s an\u00e1lise, responda no caderno:<\/p>\n\n\n\n<p class=\"has-medium-font-size\">a) Quais n\u00fameros, escritos na forma percentual, representam partes maiores que a metade?<\/p>\n\n\n\n<p class=\"has-medium-font-size\">b) No texto temos a afirma\u00e7\u00e3o: <em>Em menos de 50 anos, quase 50% da vegeta\u00e7\u00e3o original desapareceu. E 30% da \u00e1rea virou pasto. Isso amea\u00e7a sobretudo o ciclo de chuvas e o carregamento dos rios do pa\u00eds.<\/em> O percentual da \u00e1rea do cerrado que virou pasto, \u00e9 maior ou menor que a metade?<\/p>\n\n\n\n<p class=\"has-medium-font-size\">c) Ap\u00f3s a an\u00e1lise, escreva sua percep\u00e7\u00e3o e diagn\u00f3stico acerca das altera\u00e7\u00f5es no cerrado e consequentemente, sua import\u00e2ncia para o planeta.<\/p>\n\n\n\n<hr class=\"wp-block-separator\"\/>\n\n\n\n<p class=\"has-very-light-gray-color has-vivid-cyan-blue-background-color has-text-color has-background has-medium-font-size\">Saiba Mais | Refer\u00eancias:<\/p>\n\n\n\n<p class=\"has-medium-font-size\">Porcentagem:<\/p>\n\n\n\n<p class=\"has-text-align-center has-vivid-purple-color has-very-light-gray-background-color has-text-color has-background has-medium-font-size\"><a href=\"https:\/\/brasilescola.uol.com.br\/matematica\/porcentagem.htm\">https:\/\/brasilescola.uol.com.br\/matematica\/porcentagem.htm<\/a><\/p>\n\n\n\n<p class=\"has-medium-font-size\">Cerrado: Ber\u00e7o das \u00e1guas, da vida e da savana com maior biodiversidade no mundo<\/p>\n\n\n\n<p class=\"has-medium-font-size\">Edi\u00e7\u00e3o: J\u00e9ferson Rodrigues e&nbsp;<a rel=\"noreferrer noopener\" href=\"https:\/\/medium.com\/u\/326cc48ee150?source=post_page-----549cc38a479b----------------------\" target=\"_blank\">Rico Machado<\/a><\/p>\n\n\n\n<figure class=\"wp-block-embed is-type-video is-provider-youtube wp-block-embed-youtube wp-embed-aspect-16-9 wp-has-aspect-ratio\"><div class=\"wp-block-embed__wrapper\">\n<p class=\"responsive-video-wrap clr\"><iframe title=\"Voc\u00ea conhece o Cerrado?\" width=\"1200\" height=\"675\" src=\"https:\/\/www.youtube.com\/embed\/orGhCBbK4Iw?feature=oembed\" frameborder=\"0\" allow=\"accelerometer; autoplay; clipboard-write; encrypted-media; gyroscope; picture-in-picture\" allowfullscreen><\/iframe><\/p>\n<\/div><figcaption>&#8220;Voc\u00ea conhece o Cerrado?&#8221; &#8211; Canal: WWF-Brasil &#8211; <br>Link: <a rel=\"noreferrer noopener\" href=\"https:\/\/www.youtube.com\/watch?v=orGhCBbK4Iw&amp;feature=youtu.be\" target=\"_blank\">https:\/\/www.youtube.com\/watch?v=orGhCBbK4Iw&amp;feature=youtu.be<\/a><\/figcaption><\/figure>\n\n\n\n<hr class=\"wp-block-separator\"\/>\n\n\n\n<figure class=\"wp-block-table alignfull is-style-regular\"><table><tbody><tr><td><strong>Componente(s) Curricular(res)<\/strong><\/td><td>Matem\u00e1tica e Ci\u00eancias da Natureza<\/td><\/tr><tr><td><strong>Objetivos de Aprendizagem e Desenvolvimento<\/strong><\/td><td>(EAJAMA0602) Interpretar, resolver e elaborar situa\u00e7\u00f5es-problema que envolvam porcentagens, como os que lidam com acr\u00e9scimos e decr\u00e9scimos simples, utilizando a proporcionalidade. &nbsp; (EAJACI0603) Analisar a varia\u00e7\u00e3o clim\u00e1tica, ao longo da hist\u00f3ria, e diagnosticar as altera\u00e7\u00f5es no aquecimento global da Terra. &nbsp;<\/td><\/tr><tr><td><strong>Professor<\/strong><\/td><td>Gethsemani Saraiva de Goiaz J\u00fanior &nbsp;&nbsp;&nbsp;<\/td><\/tr><tr><td><strong>Institui\u00e7\u00e3o Educacional<\/strong><\/td><td>Escola Municipal Maria Ara\u00fajo de Freitas<\/td><\/tr><tr><td><strong>CRE<\/strong><\/td><td>Maria Thom\u00e9 Neto<\/td><\/tr><\/tbody><\/table><\/figure>\n\n\n\n<hr class=\"wp-block-separator\"\/>\n\n\n\n<p class=\"has-text-align-center has-medium-font-size\">EAJA \u2013Educa\u00e7\u00e3o Financeira e Empreendedorismo \u2013 2\u00b0 Segmento \u2013 5\u00aa a 6\u00aa s\u00e9ries<\/p>\n","protected":false},"author":27,"featured_media":37873,"template":"","meta":{"_acf_changed":false,"ocean_post_layout":"","ocean_both_sidebars_style":"","ocean_both_sidebars_content_width":0,"ocean_both_sidebars_sidebars_width":0,"ocean_sidebar":"","ocean_second_sidebar":"","ocean_disable_margins":"enable","ocean_add_body_class":"","ocean_shortcode_before_top_bar":"","ocean_shortcode_after_top_bar":"","ocean_shortcode_before_header":"","ocean_shortcode_after_header":"","ocean_has_shortcode":"","ocean_shortcode_after_title":"","ocean_shortcode_before_footer_widgets":"","ocean_shortcode_after_footer_widgets":"","ocean_shortcode_before_footer_bottom":"","ocean_shortcode_after_footer_bottom":"","ocean_display_top_bar":"default","ocean_display_header":"default","ocean_header_style":"","ocean_center_header_left_menu":"","ocean_custom_header_template":"","ocean_custom_logo":0,"ocean_custom_retina_logo":0,"ocean_custom_logo_max_width":0,"ocean_custom_logo_tablet_max_width":0,"ocean_custom_logo_mobile_max_width":0,"ocean_custom_logo_max_height":0,"ocean_custom_logo_tablet_max_height":0,"ocean_custom_logo_mobile_max_height":0,"ocean_header_custom_menu":"","ocean_menu_typo_font_family":"","ocean_menu_typo_font_subset":"","ocean_menu_typo_font_size":0,"ocean_menu_typo_font_size_tablet":0,"ocean_menu_typo_font_size_mobile":0,"ocean_menu_typo_font_size_unit":"px","ocean_menu_typo_font_weight":"","ocean_menu_typo_font_weight_tablet":"","ocean_menu_typo_font_weight_mobile":"","ocean_menu_typo_transform":"","ocean_menu_typo_transform_tablet":"","ocean_menu_typo_transform_mobile":"","ocean_menu_typo_line_height":0,"ocean_menu_typo_line_height_tablet":0,"ocean_menu_typo_line_height_mobile":0,"ocean_menu_typo_line_height_unit":"","ocean_menu_typo_spacing":0,"ocean_menu_typo_spacing_tablet":0,"ocean_menu_typo_spacing_mobile":0,"ocean_menu_typo_spacing_unit":"","ocean_menu_link_color":"","ocean_menu_link_color_hover":"","ocean_menu_link_color_active":"","ocean_menu_link_background":"","ocean_menu_link_hover_background":"","ocean_menu_link_active_background":"","ocean_menu_social_links_bg":"","ocean_menu_social_hover_links_bg":"","ocean_menu_social_links_color":"","ocean_menu_social_hover_links_color":"","ocean_disable_title":"default","ocean_disable_heading":"default","ocean_post_title":"","ocean_post_subheading":"","ocean_post_title_style":"","ocean_post_title_background_color":"","ocean_post_title_background":0,"ocean_post_title_bg_image_position":"","ocean_post_title_bg_image_attachment":"","ocean_post_title_bg_image_repeat":"","ocean_post_title_bg_image_size":"","ocean_post_title_height":0,"ocean_post_title_bg_overlay":0.5,"ocean_post_title_bg_overlay_color":"","ocean_disable_breadcrumbs":"default","ocean_breadcrumbs_color":"","ocean_breadcrumbs_separator_color":"","ocean_breadcrumbs_links_color":"","ocean_breadcrumbs_links_hover_color":"","ocean_display_footer_widgets":"default","ocean_display_footer_bottom":"default","ocean_custom_footer_template":""},"eaja_categoria":[104],"serie":[75],"eaja_componente":[82],"class_list":["post-37872","eaja","type-eaja","status-publish","has-post-thumbnail","hentry","eaja_categoria-2o-segmento-5a-e-6a-serie","serie-6a-serie","eaja_componente-ciencias-da-natureza","entry","has-media"],"acf":[],"_links":{"self":[{"href":"https:\/\/sme.goiania.go.gov.br\/conexaoescola\/wp-json\/wp\/v2\/eaja\/37872","targetHints":{"allow":["GET"]}}],"collection":[{"href":"https:\/\/sme.goiania.go.gov.br\/conexaoescola\/wp-json\/wp\/v2\/eaja"}],"about":[{"href":"https:\/\/sme.goiania.go.gov.br\/conexaoescola\/wp-json\/wp\/v2\/types\/eaja"}],"author":[{"embeddable":true,"href":"https:\/\/sme.goiania.go.gov.br\/conexaoescola\/wp-json\/wp\/v2\/users\/27"}],"wp:featuredmedia":[{"embeddable":true,"href":"https:\/\/sme.goiania.go.gov.br\/conexaoescola\/wp-json\/wp\/v2\/media\/37873"}],"wp:attachment":[{"href":"https:\/\/sme.goiania.go.gov.br\/conexaoescola\/wp-json\/wp\/v2\/media?parent=37872"}],"wp:term":[{"taxonomy":"eaja_categoria","embeddable":true,"href":"https:\/\/sme.goiania.go.gov.br\/conexaoescola\/wp-json\/wp\/v2\/eaja_categoria?post=37872"},{"taxonomy":"serie","embeddable":true,"href":"https:\/\/sme.goiania.go.gov.br\/conexaoescola\/wp-json\/wp\/v2\/serie?post=37872"},{"taxonomy":"eaja_componente","embeddable":true,"href":"https:\/\/sme.goiania.go.gov.br\/conexaoescola\/wp-json\/wp\/v2\/eaja_componente?post=37872"}],"curies":[{"name":"wp","href":"https:\/\/api.w.org\/{rel}","templated":true}]}}