{"id":37869,"date":"2020-10-19T07:00:00","date_gmt":"2020-10-19T10:00:00","guid":{"rendered":"http:\/\/sme.goiania.go.gov.br\/conexaoescola\/?post_type=eaja&#038;p=37869"},"modified":"2023-10-08T10:35:04","modified_gmt":"2023-10-08T13:35:04","slug":"quem-disse-que-homem-nao-danca","status":"publish","type":"eaja","link":"https:\/\/sme.goiania.go.gov.br\/conexaoescola\/eaja\/quem-disse-que-homem-nao-danca\/","title":{"rendered":"Educa\u00e7\u00e3o F\u00edsica: QUEM DISSE QUE HOMEM N\u00c3O DAN\u00c7A?!"},"content":{"rendered":"\n<p class=\"has-cyan-bluish-gray-background-color has-background has-medium-font-size\"><strong>Ol\u00e1! Esta aula de&nbsp;<span class=\"has-inline-color has-vivid-cyan-blue-color\">EDUCA\u00c7\u00c3O F\u00cdSICA&nbsp;<\/span>\u00e9 destinada aos estudantes da&nbsp;&nbsp;<span class=\"has-inline-color has-vivid-cyan-blue-color\">8\u00aa S\u00c9RIE<\/span>&nbsp;da Eja.<\/strong><\/p>\n\n\n\n<p class=\"has-pale-cyan-blue-background-color has-background has-medium-font-size\">Esta aula foi veiculada na TV. No Portal Conex\u00e3o Escola, ela est\u00e1 apresentada em uma forma de atividade, mas voc\u00ea pode assistir a videoaula quando desejar, acessando o link na parte inferior da tela. Aproveite, assista e compartilhe! Vamos l\u00e1?<\/p>\n\n\n\n<p class=\"has-medium-font-size\"><strong>Nesta atividade de hoje iremos falar sobre &nbsp;os estere\u00f3tipos e preconceitos que envolvem a dan\u00e7a.<\/strong><\/p>\n\n\n<div class=\"wp-block-image\">\n<figure class=\"aligncenter size-large is-resized\"><img fetchpriority=\"high\" decoding=\"async\" src=\"https:\/\/sme.goiania.go.gov.br\/conexaoescola\/wp-content\/uploads\/2020\/10\/bale-homem-e1603033806630-1024x735.jpg\" alt=\"\" class=\"wp-image-37870\" width=\"492\" height=\"352\" srcset=\"https:\/\/sme.goiania.go.gov.br\/conexaoescola\/wp-content\/uploads\/2020\/10\/bale-homem-e1603033806630-1024x735.jpg 1024w, https:\/\/sme.goiania.go.gov.br\/conexaoescola\/wp-content\/uploads\/2020\/10\/bale-homem-e1603033806630-300x215.jpg 300w, https:\/\/sme.goiania.go.gov.br\/conexaoescola\/wp-content\/uploads\/2020\/10\/bale-homem-e1603033806630-1536x1103.jpg 1536w, https:\/\/sme.goiania.go.gov.br\/conexaoescola\/wp-content\/uploads\/2020\/10\/bale-homem-e1603033806630.jpg 1920w\" sizes=\"(max-width: 492px) 100vw, 492px\" \/><\/figure><\/div>\n\n\n<hr class=\"wp-block-separator has-css-opacity\"\/>\n\n\n\n<p class=\"has-medium-font-size\">A dan\u00e7a \u00e9 a arte do movimento e express\u00e3o do corpo, muitas vezes em sincronia com ritmos musicais. Infelizmente, ainda persistem estere\u00f3tipos e preconceitos em rela\u00e7\u00e3o a essa forma de express\u00e3o corporal, uma vez que, socialmente, a dan\u00e7a costuma ser associada ao universo feminino. Essas cren\u00e7as est\u00e3o enraizadas em estere\u00f3tipos que a sociedade criou para classificar e padronizar comportamentos femininos e masculinos. No entanto, isso \u00e9 um equ\u00edvoco. A dan\u00e7a \u00e9 uma arte universal, desprovida de g\u00eanero, e qualquer pessoa tem o direito de explorar e praticar o estilo de dan\u00e7a que escolher.<\/p>\n\n\n\n<p class=\"has-medium-font-size\">O ballet \u00e9 um estilo de dan\u00e7a que frequentemente enfrenta preconceito de g\u00eanero. Muitas pessoas ainda associam o ballet como algo exclusivamente feminino, devido \u00e0 sua natureza suave e delicada. Esse estigma entra em conflito com o estere\u00f3tipo tradicional de masculinidade. No entanto, \u00e9 importante lembrar que o ballet foi originalmente criado por homens. Sua origem remonta \u00e0 corte europeia por volta de 1400, quando somente homens eram permitidos como dan\u00e7arinos. Naquela \u00e9poca, saber dan\u00e7ar ballet era um sinal de elevado status social e educa\u00e7\u00e3o refinada. Somente em 1681 as mulheres foram inclu\u00eddas no ballet, mais de 200 anos depois de sua cria\u00e7\u00e3o.<\/p>\n\n\n\n<p class=\"has-vivid-cyan-blue-background-color has-background has-medium-font-size\"><strong>ATIVIDADE 1<\/strong><\/p>\n\n\n\n<p class=\"has-medium-font-size\">Assista ao v\u00eddeo abaixo, do Professor Eurim Pablo, professor daqui, da nossa Rede Municipal de Ensino de Goi\u00e2nia<strong>, <\/strong>que traz algumas reflex\u00f5es sobre o preconceito e estere\u00f3tipo que permeiam a realidade do homem que dan\u00e7a.<\/p>\n\n\n\n<figure class=\"wp-block-embed is-type-video is-provider-youtube wp-block-embed-youtube wp-embed-aspect-16-9 wp-has-aspect-ratio\"><div class=\"wp-block-embed__wrapper\">\n<p class=\"responsive-video-wrap clr\"><iframe title=\"Preconceito e estere\u00f3tipos na dan\u00e7a. Um breve estudo de caso.\" width=\"1200\" height=\"675\" src=\"https:\/\/www.youtube.com\/embed\/xHpWuXngo7M?feature=oembed\" frameborder=\"0\" allow=\"accelerometer; autoplay; clipboard-write; encrypted-media; gyroscope; picture-in-picture; web-share\" allowfullscreen><\/iframe><\/p>\n<\/div><figcaption class=\"wp-element-caption\">&#8220;Preconceito e estere\u00f3tipos na dan\u00e7a&#8221; &#8211; Canal: Eurim Pablo Borges Pinho &#8211; Link: https:\/\/www.youtube.com\/watch?v=xHpWuXngo7M&amp;feature=youtu.be<\/figcaption><\/figure>\n\n\n\n<p class=\"has-medium-font-size\">&nbsp;O que achou da fala do Professor Eurim? Reflita sobre o assunto.<\/p>\n\n\n\n<p class=\"has-vivid-cyan-blue-background-color has-background has-medium-font-size\"><strong>ATIVIDADE 1<\/strong><\/p>\n\n\n\n<p class=\"has-medium-font-size\">Assista o v\u00eddeo abaixo e aprecie uma apresenta\u00e7\u00e3o de Duo Contempor\u00e2neo com os bailarinos Tatiana M\u00e1rcia e Gerlan Veiga.<\/p>\n\n\n\n<figure class=\"wp-block-embed is-type-video is-provider-youtube wp-block-embed-youtube wp-embed-aspect-16-9 wp-has-aspect-ratio\"><div class=\"wp-block-embed__wrapper\">\n<p class=\"responsive-video-wrap clr\"><iframe title=\"Duo Contempor\u00e2neo O Guarda Costas\" width=\"1200\" height=\"675\" src=\"https:\/\/www.youtube.com\/embed\/1RhPY-mECZ8?feature=oembed\" frameborder=\"0\" allow=\"accelerometer; autoplay; clipboard-write; encrypted-media; gyroscope; picture-in-picture; web-share\" allowfullscreen><\/iframe><\/p>\n<\/div><figcaption class=\"wp-element-caption\">&#8220;Duo Contempor\u00e2neo O Guarda Costas&#8221; &#8211; Canal: Tatiana&#8217;s Ballet &#8211; Link: https:\/\/www.youtube.com\/watch?v=1RhPY-mECZ8&amp;feature=youtu.be<\/figcaption><\/figure>\n\n\n\n<p class=\"has-medium-font-size\"> O que voc\u00ea achou da apresenta\u00e7\u00e3o? Qual a sua<strong>&nbsp;<\/strong>opini\u00e3o sobre o homem que dan\u00e7a?  Voc\u00ea acha que a m\u00eddia influ\u00eancia de algum modo (positivo ou negativo) a presen\u00e7a de homens na dan\u00e7a? Converse com seus familiares sobre esse assunto, e escreva em seu caderno, um texto sobre o assunto. N\u00e3o esque\u00e7a de deixar claro sua opini\u00e3o com justificativas que endossam seu ponto de vista.<\/p>\n\n\n\n<p class=\"has-vivid-cyan-blue-background-color has-background has-medium-font-size\"><strong>ATIVIDADE 2<\/strong><\/p>\n\n\n\n<p class=\"has-medium-font-size\">Assistia o v\u00eddeo abaixo, que traz uma mat\u00e9ria exibida pela Record Tv Goi\u00e1s, que mostra a trajet\u00f3ria de um bailarino goiano que, hoje, brilha na Europa.<\/p>\n\n\n\n<figure class=\"wp-block-embed is-type-video is-provider-youtube wp-block-embed-youtube wp-embed-aspect-16-9 wp-has-aspect-ratio\"><div class=\"wp-block-embed__wrapper\">\n<p class=\"responsive-video-wrap clr\"><iframe title=\"DAN\u00c7A: BAILARINO GOIANO BRILHA NA EUROPA\" width=\"1200\" height=\"675\" src=\"https:\/\/www.youtube.com\/embed\/tiHuveZSgUc?feature=oembed\" frameborder=\"0\" allow=\"accelerometer; autoplay; clipboard-write; encrypted-media; gyroscope; picture-in-picture; web-share\" allowfullscreen><\/iframe><\/p>\n<\/div><figcaption class=\"wp-element-caption\">&#8220;Dan\u00e7a: bailarino goiano brilha na Europa&#8221; &#8211; Canal: Record Tv Goi\u00e1s &#8211; Link: https:\/\/www.youtube.com\/watch?v=tiHuveZSgUc<\/figcaption><\/figure>\n\n\n\n<hr class=\"wp-block-separator has-css-opacity\"\/>\n\n\n\n<p class=\"has-text-align-center has-medium-font-size\"><strong>Chegamos ao final das atividades do dia! Espero que voc\u00eas tenham entendido que a dan\u00e7a \u00e9 para todos. Dancem sempre que puderem, criando ou imitando passos, o importante \u00e9 mexer o corpo. Se voc\u00ea n\u00e3o quiser dan\u00e7ar algum estilo de dan\u00e7a, como o ballet, ok, n\u00e3o tem problema, mas sempre respeite o direito do outro.<\/strong> <strong>Lembrem-se que ballet ou qualquer outra modalidade de dan\u00e7a, n\u00e3o tem nada a ver com g\u00eanero, sexualidade, etnia ou nacionalidade, \u00e9 uma arte universal, que pode ser praticada e apreciada por qualquer um.<\/strong><\/p>\n\n\n\n<hr class=\"wp-block-separator has-css-opacity\"\/>\n\n\n\n<p class=\"has-cyan-bluish-gray-background-color has-background has-medium-font-size\"><strong>Professor, essa aula segue a Matriz Estruturante para a Eaja 2021. Foi elaborada no ano de 2020, com a suspens\u00e3o das aulas presenciais devido a pandemia da Covid-19 e segue as orienta\u00e7\u00f5es de flexibiliza\u00e7\u00e3o curricular para o bi\u00eanio 2020\/2021 (Of\u00edcio Circular 149\/2020 Dirped).<\/strong><\/p>\n\n\n\n<figure class=\"wp-block-table is-style-regular\"><table><tbody><tr><td>Componentes Curriculares<\/td><td>Objetivos de Aprendizagem e Desenvolvimento<\/td><\/tr><tr><td>Educa\u00e7\u00e3o F\u00edsica <\/td><td>(EAJAEF0804) Avaliar a influ\u00eancia midi\u00e1tica nas manifesta\u00e7\u00f5es art\u00edsticas e nas dan\u00e7as, e como estas refletem significados diferentes na sociedade.<br>(EAJAEF0807) Dialogar sobre as quest\u00f5es geracionais, de sa\u00fade, de preconceitos, de modismos, de inclus\u00e3o\/exclus\u00e3o, de g\u00eanero e viol\u00eancia presente na dan\u00e7a, propondo compreens\u00e3o e supera\u00e7\u00e3o dos mesmos.<\/td><\/tr><\/tbody><\/table><\/figure>\n\n\n\n<hr class=\"wp-block-separator has-css-opacity\"\/>\n\n\n\n<p class=\"has-medium-font-size\">Assista a \u00edntegra do Programa Conex\u00e3o Escola Tv, veiculado pela TV UFG e TV Sagres<\/p>\n\n\n\n<figure class=\"wp-block-embed is-type-video is-provider-youtube wp-block-embed-youtube wp-embed-aspect-16-9 wp-has-aspect-ratio\"><div class=\"wp-block-embed__wrapper\">\n<p class=\"responsive-video-wrap clr\"><iframe title=\"Quem disse que homem n\u00e3o dan\u00e7a?! - EAJA - 22\/10 - Bloco 2\" width=\"1200\" height=\"675\" src=\"https:\/\/www.youtube.com\/embed\/rCdi1fhOVig?feature=oembed\" frameborder=\"0\" allow=\"accelerometer; autoplay; clipboard-write; encrypted-media; gyroscope; picture-in-picture; web-share\" allowfullscreen><\/iframe><\/p>\n<\/div><\/figure>\n","protected":false},"author":17,"featured_media":37870,"template":"","meta":{"_acf_changed":false,"ocean_post_layout":"","ocean_both_sidebars_style":"","ocean_both_sidebars_content_width":0,"ocean_both_sidebars_sidebars_width":0,"ocean_sidebar":"","ocean_second_sidebar":"","ocean_disable_margins":"enable","ocean_add_body_class":"","ocean_shortcode_before_top_bar":"","ocean_shortcode_after_top_bar":"","ocean_shortcode_before_header":"","ocean_shortcode_after_header":"","ocean_has_shortcode":"","ocean_shortcode_after_title":"","ocean_shortcode_before_footer_widgets":"","ocean_shortcode_after_footer_widgets":"","ocean_shortcode_before_footer_bottom":"","ocean_shortcode_after_footer_bottom":"","ocean_display_top_bar":"default","ocean_display_header":"default","ocean_header_style":"","ocean_center_header_left_menu":"","ocean_custom_header_template":"","ocean_custom_logo":0,"ocean_custom_retina_logo":0,"ocean_custom_logo_max_width":0,"ocean_custom_logo_tablet_max_width":0,"ocean_custom_logo_mobile_max_width":0,"ocean_custom_logo_max_height":0,"ocean_custom_logo_tablet_max_height":0,"ocean_custom_logo_mobile_max_height":0,"ocean_header_custom_menu":"","ocean_menu_typo_font_family":"","ocean_menu_typo_font_subset":"","ocean_menu_typo_font_size":0,"ocean_menu_typo_font_size_tablet":0,"ocean_menu_typo_font_size_mobile":0,"ocean_menu_typo_font_size_unit":"px","ocean_menu_typo_font_weight":"","ocean_menu_typo_font_weight_tablet":"","ocean_menu_typo_font_weight_mobile":"","ocean_menu_typo_transform":"","ocean_menu_typo_transform_tablet":"","ocean_menu_typo_transform_mobile":"","ocean_menu_typo_line_height":0,"ocean_menu_typo_line_height_tablet":0,"ocean_menu_typo_line_height_mobile":0,"ocean_menu_typo_line_height_unit":"","ocean_menu_typo_spacing":0,"ocean_menu_typo_spacing_tablet":0,"ocean_menu_typo_spacing_mobile":0,"ocean_menu_typo_spacing_unit":"","ocean_menu_link_color":"","ocean_menu_link_color_hover":"","ocean_menu_link_color_active":"","ocean_menu_link_background":"","ocean_menu_link_hover_background":"","ocean_menu_link_active_background":"","ocean_menu_social_links_bg":"","ocean_menu_social_hover_links_bg":"","ocean_menu_social_links_color":"","ocean_menu_social_hover_links_color":"","ocean_disable_title":"default","ocean_disable_heading":"default","ocean_post_title":"","ocean_post_subheading":"","ocean_post_title_style":"","ocean_post_title_background_color":"","ocean_post_title_background":0,"ocean_post_title_bg_image_position":"","ocean_post_title_bg_image_attachment":"","ocean_post_title_bg_image_repeat":"","ocean_post_title_bg_image_size":"","ocean_post_title_height":0,"ocean_post_title_bg_overlay":0.5,"ocean_post_title_bg_overlay_color":"","ocean_disable_breadcrumbs":"default","ocean_breadcrumbs_color":"","ocean_breadcrumbs_separator_color":"","ocean_breadcrumbs_links_color":"","ocean_breadcrumbs_links_hover_color":"","ocean_display_footer_widgets":"default","ocean_display_footer_bottom":"default","ocean_custom_footer_template":""},"eaja_categoria":[69],"serie":[100],"eaja_componente":[81],"class_list":["post-37869","eaja","type-eaja","status-publish","has-post-thumbnail","hentry","eaja_categoria-2o-segmento-7a-e-8a-serie","serie-8a-serie","eaja_componente-educacao-fisica","entry","has-media"],"acf":[],"_links":{"self":[{"href":"https:\/\/sme.goiania.go.gov.br\/conexaoescola\/wp-json\/wp\/v2\/eaja\/37869","targetHints":{"allow":["GET"]}}],"collection":[{"href":"https:\/\/sme.goiania.go.gov.br\/conexaoescola\/wp-json\/wp\/v2\/eaja"}],"about":[{"href":"https:\/\/sme.goiania.go.gov.br\/conexaoescola\/wp-json\/wp\/v2\/types\/eaja"}],"author":[{"embeddable":true,"href":"https:\/\/sme.goiania.go.gov.br\/conexaoescola\/wp-json\/wp\/v2\/users\/17"}],"wp:featuredmedia":[{"embeddable":true,"href":"https:\/\/sme.goiania.go.gov.br\/conexaoescola\/wp-json\/wp\/v2\/media\/37870"}],"wp:attachment":[{"href":"https:\/\/sme.goiania.go.gov.br\/conexaoescola\/wp-json\/wp\/v2\/media?parent=37869"}],"wp:term":[{"taxonomy":"eaja_categoria","embeddable":true,"href":"https:\/\/sme.goiania.go.gov.br\/conexaoescola\/wp-json\/wp\/v2\/eaja_categoria?post=37869"},{"taxonomy":"serie","embeddable":true,"href":"https:\/\/sme.goiania.go.gov.br\/conexaoescola\/wp-json\/wp\/v2\/serie?post=37869"},{"taxonomy":"eaja_componente","embeddable":true,"href":"https:\/\/sme.goiania.go.gov.br\/conexaoescola\/wp-json\/wp\/v2\/eaja_componente?post=37869"}],"curies":[{"name":"wp","href":"https:\/\/api.w.org\/{rel}","templated":true}]}}