{"id":37865,"date":"2020-10-19T07:01:00","date_gmt":"2020-10-19T10:01:00","guid":{"rendered":"http:\/\/sme.goiania.go.gov.br\/conexaoescola\/?post_type=eaja&#038;p=37865"},"modified":"2020-10-19T12:39:10","modified_gmt":"2020-10-19T15:39:10","slug":"sistema-nervoso","status":"publish","type":"eaja","link":"https:\/\/sme.goiania.go.gov.br\/conexaoescola\/eaja\/sistema-nervoso\/","title":{"rendered":"Sistema nervoso"},"content":{"rendered":"\n<p style=\"background-color:#fcf7ea\" class=\"has-background has-medium-font-size\"><em>Ol\u00e1, estudante!<\/em><br><em>Esta aula foi veiculada na TV no dia 19\/10, ter\u00e7a-feira, contemplando o eixo Educa\u00e7\u00e3o Ambiental e Sa\u00fade. Aqui no Portal Conex\u00e3o Escola, ela est\u00e1 apresentada em forma de atividade, mas voc\u00ea pode assistir a videoaula quando desejar, acessando link na parte inferior da tela<\/em>.<\/p>\n\n\n\n<p style=\"background-color:#f0e6f8;color:#51049a;font-size:23px\" class=\"has-text-color has-background has-text-align-center\"><strong>A proposta dessa atividade \u00e9 entender como funciona o sistema nervoso e suas fun\u00e7\u00f5es.<\/strong><\/p>\n\n\n\n<figure class=\"wp-block-image size-large is-style-rounded\"><img decoding=\"async\" src=\"http:\/\/sme.goiania.go.gov.br\/conexaoescola\/wp-content\/uploads\/2020\/10\/nerve-cell-2213009_1920-e1602898943393-1024x576.jpg\" alt=\"\" class=\"wp-image-37864\"\/><figcaption>Sistema nervoso. Fonte: pixabay<\/figcaption><\/figure>\n\n\n\n<hr class=\"wp-block-separator is-style-wide\"\/>\n\n\n\n<p style=\"color:#4d078f;font-size:24px\" class=\"has-text-color has-text-align-center\"><strong>O sistema nervoso&nbsp;<\/strong><\/p>\n\n\n\n<p style=\"color:#080808\" class=\"has-text-color has-medium-font-size\">O sistema nervoso \u00e9 respons\u00e1vel por receber, processar e criar respostas por meio de est\u00edmulos que o nosso corpo recebe ou \u00e9 submetido. \u00c9 gra\u00e7as a esse sistema que o nosso corpo consegue sentir e reagir a diferentes altera\u00e7\u00f5es que ocorrem ao nosso redor e no interior do nosso corpo. O sistema nervoso pode ser dividido em duas partes:&nbsp;&nbsp;<br>&#8211; Sistema nervoso central: formado pelo enc\u00e9falo e medula espinhal.<br>&#8211; Sistema nervoso perif\u00e9rico: formado pelos nervos, g\u00e2nglios e termina\u00e7\u00f5es nervosas.<br>O sistema nervoso \u00e9 composto por um tecido especial que se chama tecido nervoso, esse tecido \u00e9 composto por alguns tipos de c\u00e9lulas, chamadas neur\u00f4nios, c\u00e9lulas da glia. Os neur\u00f4nios s\u00e3o respons\u00e1veis pela propaga\u00e7\u00e3o do impulso nervoso e apresentam como partes b\u00e1sicas o corpo celular, onde est\u00e1 localizado o n\u00facleo, e dois tipos de prolongamentos, os ax\u00f4nios e os dendritos.&nbsp;<br>De acordo com a fun\u00e7\u00e3o desempenhada, os neur\u00f4nios podem ser classificados em dois grupos b\u00e1sicos: sensitivos ou aferentes esses grupos proporcionam impulsos para o sistema nervoso e motores ou eferentes que proporcionam impulsos para outras partes, como m\u00fasculos e gl\u00e2ndulas. O grupo de c\u00e9lulas chamado c\u00e9lulas da glia est\u00e1 relacionado com v\u00e1rias fun\u00e7\u00f5es, tais como nutri\u00e7\u00e3o e regula\u00e7\u00e3o do funcionamento dos neur\u00f4nios. C\u00e9lulas ependim\u00e1rias, astr\u00f3citos, oligodendr\u00f3citos, microglia e c\u00e9lulas de Schwann s\u00e3o c\u00e9lulas da glia.<\/p>\n\n\n\n<p class=\"has-text-align-right\">Professora Selma Viana. Ci\u00eancias. Governo de S\u00e3o Paulo. DER-GNO.&nbsp; Dispon\u00edvel em: &lt;https:\/\/bityli.com\/yLMCx&gt;. Acesso em 28 de setembro de 2020. Texto adaptado para fins pedag\u00f3gicos.&nbsp;<\/p>\n\n\n\n<p class=\"has-text-color has-background has-text-align-center has-medium-font-size has-very-light-gray-color has-vivid-purple-background-color\"><strong>Assista a videoaula da Professora Rafaela Lima sobre o Sistema Nervoso<\/strong><\/p>\n\n\n\n<figure class=\"wp-block-embed-youtube aligncenter wp-block-embed is-type-video is-provider-youtube wp-embed-aspect-16-9 wp-has-aspect-ratio\"><div class=\"wp-block-embed__wrapper\">\n<p class=\"responsive-video-wrap clr\"><iframe title=\"Aula Sistema Nervoso Central - Ensino fundamental\" width=\"1200\" height=\"675\" src=\"https:\/\/www.youtube.com\/embed\/Nko5Ap2ESVo?feature=oembed\" frameborder=\"0\" allow=\"accelerometer; autoplay; clipboard-write; encrypted-media; gyroscope; picture-in-picture\" allowfullscreen><\/iframe><\/p>\n<\/div><figcaption>Sistema Nervoso Central &#8211; Canal Mais Ci\u00eancias &#8211; Professora Rafaela Lima<\/figcaption><\/figure>\n\n\n\n<p class=\"has-text-color has-background has-medium-font-size has-vivid-red-color has-very-light-gray-background-color\"><strong>Atividade<\/strong><\/p>\n\n\n\n<p style=\"color:#050505\" class=\"has-text-color has-medium-font-size\">Quest\u00e3o 1 <br>Explique a funcionalidade do sistema nervoso para o nosso corpo.<\/p>\n\n\n\n<hr class=\"wp-block-separator\"\/>\n\n\n\n<p style=\"font-size:24px\" class=\"has-text-color has-text-align-center has-vivid-purple-color\"><strong>O sistema nervoso central e perif\u00e9rico&nbsp;<\/strong><\/p>\n\n\n\n<p style=\"background-color:#f6edff\" class=\"has-background has-medium-font-size\">De acordo com a Professora Vanessa Santos do Site Brasil Escola, o nosso sistema nervoso \u00e9 dividido em Sistema nervoso central e sistema nervoso perif\u00e9rico, dessa forma ela explica a diferen\u00e7a entre essas duas partes do sistema nervoso:&nbsp;&nbsp;<\/p>\n\n\n\n<p style=\"background-color:#fcefef\" class=\"has-background has-medium-font-size\"><strong>&#8211; O sistema nervoso central<\/strong><br>O sistema nervoso central \u00e9 a parte do sistema nervoso que garante a recep\u00e7\u00e3o e a interpreta\u00e7\u00e3o dos est\u00edmulos, podendo ser considerado o centro de processamento de informa\u00e7\u00f5es do nosso corpo. Os constituintes do sistema nervoso central s\u00e3o a medula espinhal e o enc\u00e9falo.<br>A medula espinhal, tamb\u00e9m chamada medula espinal, \u00e9 uma estrutura em formato cil\u00edndrico que est\u00e1 localizada no interior da coluna vertebral.&nbsp; A medula espinhal est\u00e1 relacionada com o ato reflexo, que se caracteriza por ser uma resposta r\u00e1pida e involunt\u00e1ria diante de algum est\u00edmulo, como tirar a m\u00e3o ao encostar em uma chapa quente. O ato reflexo \u00e9 constitu\u00eddo basicamente por dois tipos de neur\u00f4nios, um aferente e um eferente.&nbsp;<br>O enc\u00e9falo est\u00e1 localizado dentro da caixa craniana e apresenta v\u00e1rias partes. S\u00e3o elas: Tronco encef\u00e1lico: \u00e9 formado pelo mesenc\u00e9falo, ponte e bulbo; Cerebelo: est\u00e1 relacionado, principalmente, com a coordena\u00e7\u00e3o de movimentos e o equil\u00edbrio do nosso corpo; Dienc\u00e9falo: \u00e9 constitu\u00eddo pelo t\u00e1lamo, hipot\u00e1lamo e epit\u00e1lamo; C\u00e9rebro: \u00e9 a por\u00e7\u00e3o mais desenvolvida do nosso enc\u00e9falo e \u00e9 dividida em duas por\u00e7\u00f5es: os hemisf\u00e9rio esquerdo e direito.<\/p>\n\n\n\n<p style=\"background-color:#fcefef\" class=\"has-background has-medium-font-size\"><strong>&#8211; O sistema nervoso perif\u00e9rico<\/strong><br>O sistema nervoso perif\u00e9rico garante a transmiss\u00e3o das informa\u00e7\u00f5es dos \u00f3rg\u00e3os sensoriais para o sistema nervoso e deste para os m\u00fasculos, as gl\u00e2ndulas e as c\u00e9lulas end\u00f3crinas. Os neur\u00f4nios respons\u00e1veis por levar informa\u00e7\u00e3o ao sistema nervoso central s\u00e3o chamados aferentes, e aqueles que levam as instru\u00e7\u00f5es \u00e0s estruturas, ap\u00f3s o processamento do est\u00edmulo no sistema nervoso central, s\u00e3o chamados eferentes. O sistema nervoso aut\u00f4nomo \u00e9 um componente do sistema nervoso perif\u00e9rico que atua regulando algumas fun\u00e7\u00f5es involunt\u00e1rias do nosso corpo, tais como a\u00e7\u00f5es desempenhadas pelos sistemas respirat\u00f3rio, digest\u00f3rio, end\u00f3crino e cardiovascular.<\/p>\n\n\n\n<p style=\"font-size:15px\" class=\"has-text-align-right\">SANTOS, Vanessa Sardinha dos. &#8220;Sistema nervoso&#8221;; <em>Brasil Escola<\/em>. Dispon\u00edvel em: https:\/\/brasilescola.uol.com.br\/biologia\/sistema-nervoso.htm. Acesso em 28 de setembro de 2020. Texto adaptado para fins pedag\u00f3gicos.&nbsp;<\/p>\n\n\n\n<p class=\"has-text-color has-background has-medium-font-size has-vivid-red-color has-very-light-gray-background-color\"><strong>Atividade<\/strong><\/p>\n\n\n\n<p class=\"has-medium-font-size\">Quest\u00e3o 2 <br>Explique as caracter\u00edsticas do: sistema nervoso central, medula espinhal e do enc\u00e9falo.<\/p>\n\n\n\n<p class=\"has-medium-font-size\">Quest\u00e3o 3 <br>Cite algumas diferen\u00e7as entre o sistema nervoso central e o sistema nervoso perif\u00e9rico.&nbsp;<\/p>\n\n\n\n<p class=\"has-medium-font-size\">Quest\u00e3o 4 <br>Converse com amigos e familiares e questione se algu\u00e9m j\u00e1 teve alguma doen\u00e7a ou problema envolvendo o sistema nervoso, em caso positivo, escreva um texto transcrevendo o relato:<\/p>\n\n\n\n<hr class=\"wp-block-separator\"\/>\n\n\n\n<p class=\"has-text-align-center has-medium-font-size\"><em>Em breve: Assista ao Programa Conex\u00e3o Escola \u2013 Sistema nervoso \u2013 Bloco <\/em>2<\/p>\n\n\n\n<hr class=\"wp-block-separator\"\/>\n\n\n\n<figure class=\"wp-block-table is-style-stripes\"><table><tbody><tr><td>Refer\u00eancias:<\/td><td>SANTOS, Vanessa Sardinha dos. &#8220;Sistema nervoso&#8221;; <em>Brasil Escola<\/em>. Dispon\u00edvel em: https:\/\/brasilescola.uol.com.br\/biologia\/sistema-nervoso.htm. Acesso em 28 de setembro de 2020. Texto adaptado para fins pedag\u00f3gicos.&nbsp;<br>Professora Selma Viana. Ci\u00eancias. Governo de S\u00e3o Paulo. DER-GNO.&nbsp; Dispon\u00edvel em: &lt;https:\/\/bityli.com\/yLMCx&gt;. Acesso em 28 de setembro de 2020. Texto adaptado para fins pedag\u00f3gico<\/td><\/tr><tr><td>Componente Curricular:<\/td><td>Ci\u00eancias Naturais&nbsp;<\/td><\/tr><tr><td>Objetivos de Aprendizagem e Desenvolvimento:<\/td><td>(EAJACI0519) Descrever a estrutura do sistema nervoso e justificar as rela\u00e7\u00f5es existentes entre \u00e0s coordena\u00e7\u00f5es motoras e sensoriais.<\/td><\/tr><\/tbody><\/table><\/figure>\n","protected":false},"author":23,"featured_media":37864,"template":"","meta":{"_acf_changed":false,"ocean_post_layout":"","ocean_both_sidebars_style":"","ocean_both_sidebars_content_width":0,"ocean_both_sidebars_sidebars_width":0,"ocean_sidebar":"","ocean_second_sidebar":"","ocean_disable_margins":"enable","ocean_add_body_class":"","ocean_shortcode_before_top_bar":"","ocean_shortcode_after_top_bar":"","ocean_shortcode_before_header":"","ocean_shortcode_after_header":"","ocean_has_shortcode":"","ocean_shortcode_after_title":"","ocean_shortcode_before_footer_widgets":"","ocean_shortcode_after_footer_widgets":"","ocean_shortcode_before_footer_bottom":"","ocean_shortcode_after_footer_bottom":"","ocean_display_top_bar":"default","ocean_display_header":"default","ocean_header_style":"","ocean_center_header_left_menu":"","ocean_custom_header_template":"","ocean_custom_logo":0,"ocean_custom_retina_logo":0,"ocean_custom_logo_max_width":0,"ocean_custom_logo_tablet_max_width":0,"ocean_custom_logo_mobile_max_width":0,"ocean_custom_logo_max_height":0,"ocean_custom_logo_tablet_max_height":0,"ocean_custom_logo_mobile_max_height":0,"ocean_header_custom_menu":"","ocean_menu_typo_font_family":"","ocean_menu_typo_font_subset":"","ocean_menu_typo_font_size":0,"ocean_menu_typo_font_size_tablet":0,"ocean_menu_typo_font_size_mobile":0,"ocean_menu_typo_font_size_unit":"px","ocean_menu_typo_font_weight":"","ocean_menu_typo_font_weight_tablet":"","ocean_menu_typo_font_weight_mobile":"","ocean_menu_typo_transform":"","ocean_menu_typo_transform_tablet":"","ocean_menu_typo_transform_mobile":"","ocean_menu_typo_line_height":0,"ocean_menu_typo_line_height_tablet":0,"ocean_menu_typo_line_height_mobile":0,"ocean_menu_typo_line_height_unit":"","ocean_menu_typo_spacing":0,"ocean_menu_typo_spacing_tablet":0,"ocean_menu_typo_spacing_mobile":0,"ocean_menu_typo_spacing_unit":"","ocean_menu_link_color":"","ocean_menu_link_color_hover":"","ocean_menu_link_color_active":"","ocean_menu_link_background":"","ocean_menu_link_hover_background":"","ocean_menu_link_active_background":"","ocean_menu_social_links_bg":"","ocean_menu_social_hover_links_bg":"","ocean_menu_social_links_color":"","ocean_menu_social_hover_links_color":"","ocean_disable_title":"default","ocean_disable_heading":"default","ocean_post_title":"","ocean_post_subheading":"","ocean_post_title_style":"","ocean_post_title_background_color":"","ocean_post_title_background":0,"ocean_post_title_bg_image_position":"","ocean_post_title_bg_image_attachment":"","ocean_post_title_bg_image_repeat":"","ocean_post_title_bg_image_size":"","ocean_post_title_height":0,"ocean_post_title_bg_overlay":0.5,"ocean_post_title_bg_overlay_color":"","ocean_disable_breadcrumbs":"default","ocean_breadcrumbs_color":"","ocean_breadcrumbs_separator_color":"","ocean_breadcrumbs_links_color":"","ocean_breadcrumbs_links_hover_color":"","ocean_display_footer_widgets":"default","ocean_display_footer_bottom":"default","ocean_custom_footer_template":""},"eaja_categoria":[],"serie":[],"eaja_componente":[],"class_list":["post-37865","eaja","type-eaja","status-publish","has-post-thumbnail","hentry","entry","has-media"],"acf":[],"_links":{"self":[{"href":"https:\/\/sme.goiania.go.gov.br\/conexaoescola\/wp-json\/wp\/v2\/eaja\/37865","targetHints":{"allow":["GET"]}}],"collection":[{"href":"https:\/\/sme.goiania.go.gov.br\/conexaoescola\/wp-json\/wp\/v2\/eaja"}],"about":[{"href":"https:\/\/sme.goiania.go.gov.br\/conexaoescola\/wp-json\/wp\/v2\/types\/eaja"}],"author":[{"embeddable":true,"href":"https:\/\/sme.goiania.go.gov.br\/conexaoescola\/wp-json\/wp\/v2\/users\/23"}],"wp:featuredmedia":[{"embeddable":true,"href":"https:\/\/sme.goiania.go.gov.br\/conexaoescola\/wp-json\/wp\/v2\/media\/37864"}],"wp:attachment":[{"href":"https:\/\/sme.goiania.go.gov.br\/conexaoescola\/wp-json\/wp\/v2\/media?parent=37865"}],"wp:term":[{"taxonomy":"eaja_categoria","embeddable":true,"href":"https:\/\/sme.goiania.go.gov.br\/conexaoescola\/wp-json\/wp\/v2\/eaja_categoria?post=37865"},{"taxonomy":"serie","embeddable":true,"href":"https:\/\/sme.goiania.go.gov.br\/conexaoescola\/wp-json\/wp\/v2\/serie?post=37865"},{"taxonomy":"eaja_componente","embeddable":true,"href":"https:\/\/sme.goiania.go.gov.br\/conexaoescola\/wp-json\/wp\/v2\/eaja_componente?post=37865"}],"curies":[{"name":"wp","href":"https:\/\/api.w.org\/{rel}","templated":true}]}}