{"id":37699,"date":"2020-10-19T07:00:00","date_gmt":"2020-10-19T10:00:00","guid":{"rendered":"http:\/\/sme.goiania.go.gov.br\/conexaoescola\/?post_type=eaja&#038;p=37699"},"modified":"2021-10-19T09:37:35","modified_gmt":"2021-10-19T12:37:35","slug":"cora-coralina","status":"publish","type":"eaja","link":"https:\/\/sme.goiania.go.gov.br\/conexaoescola\/eaja\/cora-coralina\/","title":{"rendered":"Cora Coralina"},"content":{"rendered":"\n<p class=\"has-medium-font-size\">Ol\u00e1! Voc\u00ea j\u00e1 ouviu falar no nome Cora Coralina?&nbsp;<\/p>\n\n\n\n<p class=\"has-medium-font-size\">Pois bem, Cora Coralina foi uma poetisa goiana que publicou o seu primeiro livro aos 75 anos de idade. Mesmo tendo cursado somente at\u00e9 a terceira s\u00e9rie do ensino prim\u00e1rio e tendo que trabalhar como doceira para ajudar no sustento da fam\u00edlia, Cora tornou-se uma das mais conhecidas escritoras brasileiras. Vamos conhecer mais sobre a vida e a obra de Cora Coralina?<\/p>\n\n\n\n<hr class=\"wp-block-separator has-text-color has-background has-vivid-purple-background-color has-vivid-purple-color\"\/>\n\n\n\n<h2 class=\"has-white-color has-vivid-red-background-color has-text-color has-background wp-block-heading\"><strong>ATIVIDADE 1<\/strong><\/h2>\n\n\n\n<p class=\"has-medium-font-size\">Vamos ouvir o poema \u201cSaber Viver\u201d, de Cora Coralina, recitado por Juca de Oliveira. Clique no link abaixo e aproveite!<\/p>\n\n\n\n<figure class=\"wp-block-embed is-type-video is-provider-youtube wp-block-embed-youtube wp-embed-aspect-4-3 wp-has-aspect-ratio\"><div class=\"wp-block-embed__wrapper\">\n<p class=\"responsive-video-wrap clr\"><iframe title=\"Cora Coralina saber viver\" width=\"1200\" height=\"900\" src=\"https:\/\/www.youtube.com\/embed\/iWF9-5J4ldo?feature=oembed\" frameborder=\"0\" allow=\"accelerometer; autoplay; clipboard-write; encrypted-media; gyroscope; picture-in-picture\" allowfullscreen><\/iframe><\/p>\n<\/div><figcaption>&#8220;Cora Coralina saber viver&#8221; &#8211; Canal: <a href=\"https:\/\/www.youtube.com\/channel\/UC9X7qXtJKKYx2f47FW8GeWQ\">fernandespierre<\/a> &#8211; Link: https:\/\/www.youtube.com\/watch?v=iWF9-5J4ldo<\/figcaption><\/figure>\n\n\n\n<hr class=\"wp-block-separator has-text-color has-background has-vivid-purple-background-color has-vivid-purple-color\"\/>\n\n\n\n<h2 class=\"has-luminous-vivid-amber-background-color has-background wp-block-heading\"><strong>ATIVIDADE 2<\/strong><\/h2>\n\n\n\n<p class=\"has-medium-font-size\">Gostou do poema acima? Agora, que tal conhecer um pouco mais sobre Cora Coralina? Clique no link abaixo e assista a um pequeno document\u00e1rio!<\/p>\n\n\n\n<figure class=\"wp-block-embed is-type-video is-provider-youtube wp-block-embed-youtube wp-embed-aspect-16-9 wp-has-aspect-ratio\"><div class=\"wp-block-embed__wrapper\">\n<p class=\"responsive-video-wrap clr\"><iframe title=\"Cora Coralina \u2022 Todas as Vidas Dentro de Mim\" width=\"1200\" height=\"675\" src=\"https:\/\/www.youtube.com\/embed\/zSECOdMGHzM?feature=oembed\" frameborder=\"0\" allow=\"accelerometer; autoplay; clipboard-write; encrypted-media; gyroscope; picture-in-picture\" allowfullscreen><\/iframe><\/p>\n<\/div><figcaption>&#8220;Cora Coralina \u2022 Todas as Vidas Dentro de Mim&#8221; &#8211; Canal: <a href=\"https:\/\/www.youtube.com\/channel\/UCLtgh-Q-yHkYjeiY7NSPieA\">Territ\u00f3rio Conhecimento<\/a><br>Link: https:\/\/www.youtube.com\/watch?v=zSECOdMGHzM<\/figcaption><\/figure>\n\n\n\n<hr class=\"wp-block-separator has-text-color has-background has-vivid-purple-background-color has-vivid-purple-color\"\/>\n\n\n\n<h2 class=\"has-pale-cyan-blue-background-color has-background wp-block-heading\"><strong>ATIVIDADE 3<\/strong><\/h2>\n\n\n\n<p class=\"has-medium-font-size\">Que tal ler alguns dos principais poemas de Cora Coralina e refletir sobre a din\u00e2mica da vida? Pe\u00e7a ajuda a um familiar, se necess\u00e1rio.<\/p>\n\n\n\n<p class=\"has-medium-font-size\"><strong>Assim Eu Vejo a Vida<\/strong><\/p>\n\n\n\n<p class=\"has-medium-font-size\">A vida tem duas faces:<br>Positiva e negativa<br>O passado foi duro<br>mas deixou o seu legado<br>Saber viver \u00e9 a grande sabedoria<br>Que eu possa dignificar<br>Minha condi\u00e7\u00e3o de mulher,<br>Aceitar suas limita\u00e7\u00f5es<br>E me fazer pedra de seguran\u00e7a<br>dos valores que v\u00e3o desmoronando.<br>Nasci em tempos rudes<br>Aceitei contradi\u00e7\u00f5es<br>lutas e pedras<br>como li\u00e7\u00f5es de vida<br>e delas me sirvo<br>Aprendi a viver.<\/p>\n\n\n\n<p class=\"has-medium-font-size\"><strong>Aninha e Suas Pedras<\/strong><\/p>\n\n\n\n<p class=\"has-medium-font-size\">N\u00e3o te deixes destruir\u2026<br>Ajuntando novas pedras<br>e construindo novos poemas.<br>Recria tua vida, sempre, sempre.<br>Remove pedras e planta roseiras e faz doces. Recome\u00e7a.<br>Faz de tua vida mesquinha<br>um poema.<br>E viver\u00e1s no cora\u00e7\u00e3o dos jovens<br>e na mem\u00f3ria das gera\u00e7\u00f5es que h\u00e3o de vir.<br>Esta fonte \u00e9 para uso de todos os sedentos.<br>Toma a tua parte.<br>Vem a estas p\u00e1ginas<br>e n\u00e3o entraves seu uso<br>aos que t\u00eam sede.<\/p>\n\n\n\n<p class=\"has-medium-font-size\">Dispon\u00edvel em:<\/p>\n\n\n\n<p class=\"has-very-dark-gray-color has-pale-pink-background-color has-text-color has-background has-medium-font-size\"><a href=\"https:\/\/www.culturagenial.com\/cora-coralina-poemas-essenciais\/\">https:\/\/www.culturagenial.com\/cora-coralina-poemas-essenciais\/<\/a><\/p>\n\n\n\n<hr class=\"wp-block-separator has-text-color has-background has-vivid-purple-background-color has-vivid-purple-color\"\/>\n\n\n\n<p class=\"has-medium-font-size\"><strong>SAIBA MAIS:<\/strong><\/p>\n\n\n\n<p class=\"has-medium-font-size\">Conhe\u00e7a o Museu Casa de Cora Coralina atrav\u00e9s de uma visita virtual:<\/p>\n\n\n\n<figure class=\"wp-block-embed is-type-wp-embed is-provider-era-virtual-visitas-virtuais-a-museus-e-patrimonios-culturais wp-block-embed-era-virtual-visitas-virtuais-a-museus-e-patrimonios-culturais\"><div class=\"wp-block-embed__wrapper\">\n<div class=\"oceanwp-oembed-wrap clr\"><blockquote class=\"wp-embedded-content\" data-secret=\"pyW0Iy3s9e\"><a href=\"https:\/\/www.eravirtual.org\/casa-de-cora-coralina\/\">Casa de Cora Coralina<\/a><\/blockquote><iframe class=\"wp-embedded-content\" sandbox=\"allow-scripts\" security=\"restricted\" style=\"position: absolute; clip: rect(1px, 1px, 1px, 1px);\" title=\"&#8220;Casa de Cora Coralina&#8221; &#8212; Era Virtual - Visitas Virtuais a Museus e Patrim\u00f4nios Culturais\" src=\"https:\/\/www.eravirtual.org\/casa-de-cora-coralina\/embed\/#?secret=pyW0Iy3s9e\" data-secret=\"pyW0Iy3s9e\" width=\"600\" height=\"338\" frameborder=\"0\" marginwidth=\"0\" marginheight=\"0\" scrolling=\"no\"><\/iframe><\/div>\n<\/div><\/figure>\n\n\n\n<hr class=\"wp-block-separator has-text-color has-background has-vivid-purple-background-color has-vivid-purple-color\"\/>\n\n\n\n<figure class=\"wp-block-table alignfull\"><table class=\"has-background\" style=\"background-color:#fcf0ef\"><tbody><tr><td>Componente(s) Curricular(res)<\/td><td>L\u00edngua Portuguesa<\/td><\/tr><tr><td>Objetivos de Aprendizagem e Desenvolvimento<\/td><td>(EAJALP0405) Apreciar textos da tradi\u00e7\u00e3o oral (cantigas regionais e nacionais, poemas, letras de m\u00fasicas etc.).<\/td><\/tr><\/tbody><\/table><\/figure>\n\n\n\n<hr class=\"wp-block-separator has-text-color has-background has-vivid-purple-background-color has-vivid-purple-color\"\/>\n\n\n\n<figure class=\"wp-block-table alignfull\"><table class=\"has-background\" style=\"background-color:#f3f4f5\"><tbody><tr><td>Professoras:<\/td><td>Katheryne Rezende Chaves<br>Zulma Jaime de Melo<\/td><\/tr><tr><td>Institui\u00e7\u00e3o Educacional:<\/td><td>Escola Municipal Professora Leon\u00edsia Naves de Almeida<\/td><\/tr><\/tbody><\/table><\/figure>\n\n\n\n<hr class=\"wp-block-separator has-text-color has-background has-vivid-purple-background-color has-vivid-purple-color\"\/>\n\n\n\n<p class=\"has-text-align-center has-medium-font-size\">EAJA &#8211; \u00c9tica e Cidadania &#8211; 1\u00ba Segmento &#8211; 4\u00aa S\u00e9rie<\/p>\n","protected":false},"author":26,"featured_media":37700,"template":"","meta":{"_acf_changed":false,"ocean_post_layout":"","ocean_both_sidebars_style":"","ocean_both_sidebars_content_width":0,"ocean_both_sidebars_sidebars_width":0,"ocean_sidebar":"","ocean_second_sidebar":"","ocean_disable_margins":"enable","ocean_add_body_class":"","ocean_shortcode_before_top_bar":"","ocean_shortcode_after_top_bar":"","ocean_shortcode_before_header":"","ocean_shortcode_after_header":"","ocean_has_shortcode":"","ocean_shortcode_after_title":"","ocean_shortcode_before_footer_widgets":"","ocean_shortcode_after_footer_widgets":"","ocean_shortcode_before_footer_bottom":"","ocean_shortcode_after_footer_bottom":"","ocean_display_top_bar":"default","ocean_display_header":"default","ocean_header_style":"","ocean_center_header_left_menu":"","ocean_custom_header_template":"","ocean_custom_logo":0,"ocean_custom_retina_logo":0,"ocean_custom_logo_max_width":0,"ocean_custom_logo_tablet_max_width":0,"ocean_custom_logo_mobile_max_width":0,"ocean_custom_logo_max_height":0,"ocean_custom_logo_tablet_max_height":0,"ocean_custom_logo_mobile_max_height":0,"ocean_header_custom_menu":"","ocean_menu_typo_font_family":"","ocean_menu_typo_font_subset":"","ocean_menu_typo_font_size":0,"ocean_menu_typo_font_size_tablet":0,"ocean_menu_typo_font_size_mobile":0,"ocean_menu_typo_font_size_unit":"px","ocean_menu_typo_font_weight":"","ocean_menu_typo_font_weight_tablet":"","ocean_menu_typo_font_weight_mobile":"","ocean_menu_typo_transform":"","ocean_menu_typo_transform_tablet":"","ocean_menu_typo_transform_mobile":"","ocean_menu_typo_line_height":0,"ocean_menu_typo_line_height_tablet":0,"ocean_menu_typo_line_height_mobile":0,"ocean_menu_typo_line_height_unit":"","ocean_menu_typo_spacing":0,"ocean_menu_typo_spacing_tablet":0,"ocean_menu_typo_spacing_mobile":0,"ocean_menu_typo_spacing_unit":"","ocean_menu_link_color":"","ocean_menu_link_color_hover":"","ocean_menu_link_color_active":"","ocean_menu_link_background":"","ocean_menu_link_hover_background":"","ocean_menu_link_active_background":"","ocean_menu_social_links_bg":"","ocean_menu_social_hover_links_bg":"","ocean_menu_social_links_color":"","ocean_menu_social_hover_links_color":"","ocean_disable_title":"default","ocean_disable_heading":"default","ocean_post_title":"","ocean_post_subheading":"","ocean_post_title_style":"","ocean_post_title_background_color":"","ocean_post_title_background":0,"ocean_post_title_bg_image_position":"","ocean_post_title_bg_image_attachment":"","ocean_post_title_bg_image_repeat":"","ocean_post_title_bg_image_size":"","ocean_post_title_height":0,"ocean_post_title_bg_overlay":0.5,"ocean_post_title_bg_overlay_color":"","ocean_disable_breadcrumbs":"default","ocean_breadcrumbs_color":"","ocean_breadcrumbs_separator_color":"","ocean_breadcrumbs_links_color":"","ocean_breadcrumbs_links_hover_color":"","ocean_display_footer_widgets":"default","ocean_display_footer_bottom":"default","ocean_custom_footer_template":""},"eaja_categoria":[4],"serie":[73],"eaja_componente":[77],"class_list":["post-37699","eaja","type-eaja","status-publish","has-post-thumbnail","hentry","eaja_categoria-1o-segmento-1a-a-4a-serie","serie-4a-serie","eaja_componente-lingua-portuguesa","entry","has-media"],"acf":[],"_links":{"self":[{"href":"https:\/\/sme.goiania.go.gov.br\/conexaoescola\/wp-json\/wp\/v2\/eaja\/37699","targetHints":{"allow":["GET"]}}],"collection":[{"href":"https:\/\/sme.goiania.go.gov.br\/conexaoescola\/wp-json\/wp\/v2\/eaja"}],"about":[{"href":"https:\/\/sme.goiania.go.gov.br\/conexaoescola\/wp-json\/wp\/v2\/types\/eaja"}],"author":[{"embeddable":true,"href":"https:\/\/sme.goiania.go.gov.br\/conexaoescola\/wp-json\/wp\/v2\/users\/26"}],"wp:featuredmedia":[{"embeddable":true,"href":"https:\/\/sme.goiania.go.gov.br\/conexaoescola\/wp-json\/wp\/v2\/media\/37700"}],"wp:attachment":[{"href":"https:\/\/sme.goiania.go.gov.br\/conexaoescola\/wp-json\/wp\/v2\/media?parent=37699"}],"wp:term":[{"taxonomy":"eaja_categoria","embeddable":true,"href":"https:\/\/sme.goiania.go.gov.br\/conexaoescola\/wp-json\/wp\/v2\/eaja_categoria?post=37699"},{"taxonomy":"serie","embeddable":true,"href":"https:\/\/sme.goiania.go.gov.br\/conexaoescola\/wp-json\/wp\/v2\/serie?post=37699"},{"taxonomy":"eaja_componente","embeddable":true,"href":"https:\/\/sme.goiania.go.gov.br\/conexaoescola\/wp-json\/wp\/v2\/eaja_componente?post=37699"}],"curies":[{"name":"wp","href":"https:\/\/api.w.org\/{rel}","templated":true}]}}