{"id":37692,"date":"2020-10-19T07:00:00","date_gmt":"2020-10-19T10:00:00","guid":{"rendered":"http:\/\/sme.goiania.go.gov.br\/conexaoescola\/?post_type=eaja&#038;p=37692"},"modified":"2021-10-19T09:35:51","modified_gmt":"2021-10-19T12:35:51","slug":"em-epoca-da-covid19-nao-se-esqueca-do-aedes-aegypti","status":"publish","type":"eaja","link":"https:\/\/sme.goiania.go.gov.br\/conexaoescola\/eaja\/em-epoca-da-covid19-nao-se-esqueca-do-aedes-aegypti\/","title":{"rendered":"Em \u00e9poca da Covid19, n\u00e3o se esque\u00e7a do aedes aegypti"},"content":{"rendered":"\n<p class=\"has-medium-font-size\">Ol\u00e1 alunos, voc\u00eas devem estar tomando os cuidados necess\u00e1rios para prevenir contra o v\u00edrus da Covid19, por\u00e9m, n\u00e3o podemos nos esquecer da dengue, zika e chikungunya. Como voc\u00eas est\u00e3o cuidando de suas casas contra o mosquito aedes aegypti? E seus vizinhos? Vamos neste estudo ler, ouvir, assistir v\u00eddeo e refletir sobre o assunto.<\/p>\n\n\n\n<p class=\"has-medium-font-size\">As doen\u00e7as transmitidas pelo aedes aegypti, continuam sendo um grande desafio para nossa sociedade. Apesar de estarmos vivendo um momento de pandemia (Covid19), n\u00e3o podemos deixar de tomar os devidos cuidados com as doen\u00e7as existentes em nossa sociedade e que ainda vem fazendo in\u00fameras v\u00edtimas anualmente. Para refletirmos sobre o tema, realizem as atividades propostas.<\/p>\n\n\n\n<hr class=\"wp-block-separator has-text-color has-background has-vivid-purple-background-color has-vivid-purple-color\"\/>\n\n\n\n<h2 class=\"has-pale-pink-background-color has-background wp-block-heading\"><strong>ATIVIDADE 1<\/strong><\/h2>\n\n\n\n<p class=\"has-medium-font-size\">Leia o trecho da reportagem a seguir sobre o assunto, e escute o \u00e1udio para mais informa\u00e7\u00f5es.<\/p>\n\n\n\n<p class=\"has-luminous-vivid-amber-background-color has-background has-medium-font-size\">Casos de dengue explodem em 2020<\/p>\n\n\n\n<p class=\"has-medium-font-size\"><small>22\/06\/2020, 18h50<\/small><\/p>\n\n\n\n<p class=\"has-medium-font-size\">O aumento no n\u00famero de casos de dengue no Brasil ultrapassou os 500 mil este ano. S\u00f3 no DF, os casos aumentaram quase 30% em rela\u00e7\u00e3o ao mesmo per\u00edodo do ano passado. A doen\u00e7a, que \u00e9 transmitida pelo mosquito Aedes aegypti, apresenta sintomas como febre, dor no corpo e n\u00e1useas, segundo a m\u00e9dica Let\u00edcia Wutke. Para evitar a prolifera\u00e7\u00e3o do mosquito \u00e9 importante que a popula\u00e7\u00e3o tome algumas medidas preventivas. Mais informa\u00e7\u00f5es na reportagem de L\u00edvia Torres, da R\u00e1dio Senado.<\/p>\n\n\n\n<p class=\"has-medium-font-size\">Fonte: Ag\u00eancia Senado<\/p>\n\n\n\n<figure><iframe width=\"100%\" height=\"300\" src=\"https:\/\/w.soundcloud.com\/player\/?url=https%3A\/\/api.soundcloud.com\/tracks\/910929337&amp;color=%23ff5500&amp;auto_play=false&amp;hide_related=false&amp;show_comments=true&amp;show_user=true&amp;show_reposts=false&amp;show_teaser=true&amp;visual=true\"><\/iframe><\/figure>\n\n\n\n<hr class=\"wp-block-separator has-text-color has-background has-vivid-green-cyan-background-color has-vivid-green-cyan-color\"\/>\n\n\n\n<h2 class=\"has-luminous-vivid-amber-background-color has-background wp-block-heading\"><strong>ATIVIDADE 2<\/strong><\/h2>\n\n\n\n<p class=\"has-medium-font-size\">Assistir ao v\u00eddeo sobre as pesquisas e estudos que a Fiocruz vem realizando no combate ao mosquito aedes aegypti.<\/p>\n\n\n\n<figure class=\"wp-block-embed is-type-video is-provider-youtube wp-block-embed-youtube wp-embed-aspect-4-3 wp-has-aspect-ratio\"><div class=\"wp-block-embed__wrapper\">\n<p class=\"responsive-video-wrap clr\"><iframe title=\"Fiocruz desenvolve tecnologia para combater o Aedes aegypti\" width=\"1200\" height=\"900\" src=\"https:\/\/www.youtube.com\/embed\/qQXAzPgjJqc?feature=oembed\" frameborder=\"0\" allow=\"accelerometer; autoplay; clipboard-write; encrypted-media; gyroscope; picture-in-picture\" allowfullscreen><\/iframe><\/p>\n<\/div><figcaption>&#8220;Fiocruz desenvolve tecnologia para combater o Aedes aegypti&#8221; &#8211; Canal: <a href=\"https:\/\/www.youtube.com\/channel\/UCjjYaSHsZSUNTSwUV8OfOrA\">Planalto<\/a><br>Link: https:\/\/www.youtube.com\/watch?v=qQXAzPgjJqc<\/figcaption><\/figure>\n\n\n\n<hr class=\"wp-block-separator has-text-color has-background has-luminous-vivid-amber-background-color has-luminous-vivid-amber-color\"\/>\n\n\n\n<h2 class=\"has-pale-cyan-blue-background-color has-background wp-block-heading\"><strong>ATIVIDADE 3<\/strong><\/h2>\n\n\n\n<p class=\"has-medium-font-size\">1- Escreva em seu caderno, quais a\u00e7\u00f5es voc\u00ea j\u00e1 realizou ou realiza para evitar a prolifera\u00e7\u00e3o do mosquito aedes aegypti em sua casa.<\/p>\n\n\n\n<p class=\"has-medium-font-size\">2- O que achou da atitude da prefeitura em abrir im\u00f3veis fechados para identificar e eliminar poss\u00edveis criadouros do mosquito aedes aegypti?<\/p>\n\n\n\n<p class=\"has-medium-font-size\">3- Quais outras a\u00e7\u00f5es voc\u00ea proporia se fosse o um Agente respons\u00e1vel pela sa\u00fade p\u00fablica dos cidad\u00e3os da cidade?<\/p>\n\n\n\n<p class=\"has-medium-font-size\">4- Voc\u00ea j\u00e1 tinha lido ou ouvido sobre os estudos que os cientistas da Fiocruz vem desenvolvendo para o combate ao aedes aegypti?&nbsp;<\/p>\n\n\n\n<p class=\"has-medium-font-size\">5- Em sua opini\u00e3o, o estudo cient\u00edfico pode realmente ajudar no combate ao mosquito aedes aegypti? Justifique.<\/p>\n\n\n\n<hr class=\"wp-block-separator has-text-color has-background has-vivid-red-background-color has-vivid-red-color\"\/>\n\n\n\n<figure class=\"wp-block-table alignfull\"><table class=\"has-background\" style=\"background-color:#e7f5fe\"><tbody><tr><td>Componente(s) Curricular(res)<\/td><td>Ci\u00eancias da natureza e l\u00edngua portuguesa<\/td><\/tr><tr><td>Objetivos de Aprendizagem e Desenvolvimento<\/td><td>(EAJACI0411) Apropriar-se de h\u00e1bitos de higiene, saneamento b\u00e1sico e vacina\u00e7\u00e3o na preven\u00e7\u00e3o de doen\u00e7as causadas por microrganismos.<\/td><\/tr><\/tbody><\/table><\/figure>\n\n\n\n<hr class=\"wp-block-separator has-text-color has-background has-vivid-purple-background-color has-vivid-purple-color\"\/>\n\n\n\n<figure class=\"wp-block-table alignfull\"><table class=\"has-background\" style=\"background-color:#fcf0ef\"><tbody><tr><td>Professor:<\/td><td>Carlos Ulisses Rodrigues de Araujo<\/td><\/tr><tr><td>Institui\u00e7\u00e3o Educacional:<\/td><td>E.M. Steph\u00e2nia Alves Bispo<\/td><\/tr><\/tbody><\/table><\/figure>\n\n\n\n<hr class=\"wp-block-separator has-text-color has-background has-pale-cyan-blue-background-color has-pale-cyan-blue-color\"\/>\n\n\n\n<p class=\"has-text-align-center has-medium-font-size\">EAJA &#8211; Educa\u00e7\u00e3o Ambiental e Sa\u00fade &#8211; 1\u00ba Segmento &#8211; 4\u00aa S\u00e9rie<\/p>\n","protected":false},"author":26,"featured_media":37697,"template":"","meta":{"_acf_changed":false,"ocean_post_layout":"","ocean_both_sidebars_style":"","ocean_both_sidebars_content_width":0,"ocean_both_sidebars_sidebars_width":0,"ocean_sidebar":"","ocean_second_sidebar":"","ocean_disable_margins":"enable","ocean_add_body_class":"","ocean_shortcode_before_top_bar":"","ocean_shortcode_after_top_bar":"","ocean_shortcode_before_header":"","ocean_shortcode_after_header":"","ocean_has_shortcode":"","ocean_shortcode_after_title":"","ocean_shortcode_before_footer_widgets":"","ocean_shortcode_after_footer_widgets":"","ocean_shortcode_before_footer_bottom":"","ocean_shortcode_after_footer_bottom":"","ocean_display_top_bar":"default","ocean_display_header":"default","ocean_header_style":"","ocean_center_header_left_menu":"","ocean_custom_header_template":"","ocean_custom_logo":0,"ocean_custom_retina_logo":0,"ocean_custom_logo_max_width":0,"ocean_custom_logo_tablet_max_width":0,"ocean_custom_logo_mobile_max_width":0,"ocean_custom_logo_max_height":0,"ocean_custom_logo_tablet_max_height":0,"ocean_custom_logo_mobile_max_height":0,"ocean_header_custom_menu":"","ocean_menu_typo_font_family":"","ocean_menu_typo_font_subset":"","ocean_menu_typo_font_size":0,"ocean_menu_typo_font_size_tablet":0,"ocean_menu_typo_font_size_mobile":0,"ocean_menu_typo_font_size_unit":"px","ocean_menu_typo_font_weight":"","ocean_menu_typo_font_weight_tablet":"","ocean_menu_typo_font_weight_mobile":"","ocean_menu_typo_transform":"","ocean_menu_typo_transform_tablet":"","ocean_menu_typo_transform_mobile":"","ocean_menu_typo_line_height":0,"ocean_menu_typo_line_height_tablet":0,"ocean_menu_typo_line_height_mobile":0,"ocean_menu_typo_line_height_unit":"","ocean_menu_typo_spacing":0,"ocean_menu_typo_spacing_tablet":0,"ocean_menu_typo_spacing_mobile":0,"ocean_menu_typo_spacing_unit":"","ocean_menu_link_color":"","ocean_menu_link_color_hover":"","ocean_menu_link_color_active":"","ocean_menu_link_background":"","ocean_menu_link_hover_background":"","ocean_menu_link_active_background":"","ocean_menu_social_links_bg":"","ocean_menu_social_hover_links_bg":"","ocean_menu_social_links_color":"","ocean_menu_social_hover_links_color":"","ocean_disable_title":"default","ocean_disable_heading":"default","ocean_post_title":"","ocean_post_subheading":"","ocean_post_title_style":"","ocean_post_title_background_color":"","ocean_post_title_background":0,"ocean_post_title_bg_image_position":"","ocean_post_title_bg_image_attachment":"","ocean_post_title_bg_image_repeat":"","ocean_post_title_bg_image_size":"","ocean_post_title_height":0,"ocean_post_title_bg_overlay":0.5,"ocean_post_title_bg_overlay_color":"","ocean_disable_breadcrumbs":"default","ocean_breadcrumbs_color":"","ocean_breadcrumbs_separator_color":"","ocean_breadcrumbs_links_color":"","ocean_breadcrumbs_links_hover_color":"","ocean_display_footer_widgets":"default","ocean_display_footer_bottom":"default","ocean_custom_footer_template":""},"eaja_categoria":[4],"serie":[73],"eaja_componente":[82,77],"class_list":["post-37692","eaja","type-eaja","status-publish","has-post-thumbnail","hentry","eaja_categoria-1o-segmento-1a-a-4a-serie","serie-4a-serie","eaja_componente-ciencias-da-natureza","eaja_componente-lingua-portuguesa","entry","has-media"],"acf":[],"_links":{"self":[{"href":"https:\/\/sme.goiania.go.gov.br\/conexaoescola\/wp-json\/wp\/v2\/eaja\/37692","targetHints":{"allow":["GET"]}}],"collection":[{"href":"https:\/\/sme.goiania.go.gov.br\/conexaoescola\/wp-json\/wp\/v2\/eaja"}],"about":[{"href":"https:\/\/sme.goiania.go.gov.br\/conexaoescola\/wp-json\/wp\/v2\/types\/eaja"}],"author":[{"embeddable":true,"href":"https:\/\/sme.goiania.go.gov.br\/conexaoescola\/wp-json\/wp\/v2\/users\/26"}],"wp:featuredmedia":[{"embeddable":true,"href":"https:\/\/sme.goiania.go.gov.br\/conexaoescola\/wp-json\/wp\/v2\/media\/37697"}],"wp:attachment":[{"href":"https:\/\/sme.goiania.go.gov.br\/conexaoescola\/wp-json\/wp\/v2\/media?parent=37692"}],"wp:term":[{"taxonomy":"eaja_categoria","embeddable":true,"href":"https:\/\/sme.goiania.go.gov.br\/conexaoescola\/wp-json\/wp\/v2\/eaja_categoria?post=37692"},{"taxonomy":"serie","embeddable":true,"href":"https:\/\/sme.goiania.go.gov.br\/conexaoescola\/wp-json\/wp\/v2\/serie?post=37692"},{"taxonomy":"eaja_componente","embeddable":true,"href":"https:\/\/sme.goiania.go.gov.br\/conexaoescola\/wp-json\/wp\/v2\/eaja_componente?post=37692"}],"curies":[{"name":"wp","href":"https:\/\/api.w.org\/{rel}","templated":true}]}}