{"id":32554,"date":"2020-10-19T07:00:00","date_gmt":"2020-10-19T10:00:00","guid":{"rendered":"http:\/\/sme.goiania.go.gov.br\/conexaoescola\/?post_type=eaja&#038;p=32554"},"modified":"2021-11-16T15:49:19","modified_gmt":"2021-11-16T17:49:19","slug":"saneamento-basico-e-saude-publica","status":"publish","type":"eaja","link":"https:\/\/sme.goiania.go.gov.br\/conexaoescola\/eaja\/saneamento-basico-e-saude-publica\/","title":{"rendered":"Ci\u00eancias &#8211; Saneamento b\u00e1sico e sa\u00fade p\u00fablica"},"content":{"rendered":"\n<p class=\"has-medium-font-size\">Ol\u00e1, tudo bem? Nosso objetivo de hoje \u00e9 compreender o que \u00e9 o saneamento b\u00e1sico e o como ele interfere nas condi\u00e7\u00f5es de sa\u00fade e bem-estar da comunidade.<\/p>\n\n\n\n<hr class=\"wp-block-separator\"\/>\n\n\n\n<h2 class=\"wp-block-heading\"><strong>Atividade 1<\/strong><\/h2>\n\n\n\n<h3 class=\"wp-block-heading\">Vamos ler o texto: O que \u00e9 saneamento b\u00e1sico?<\/h3>\n\n\n\n<p class=\"has-medium-font-size\">Quando falamos em saneamento b\u00e1sico, logo imaginamos o abastecimento de \u00e1gua e o esgotamento sanit\u00e1rio. Entretanto, o saneamento b\u00e1sico inclui uma s\u00e9rie de outros servi\u00e7os fundamentais para a qualidade de vida de uma popula\u00e7\u00e3o.<\/p>\n\n\n\n<p class=\"has-medium-font-size\">De acordo com a&nbsp;Lei 11.445\/07<strong>,<\/strong>&nbsp;podemos definir como saneamento b\u00e1sico o&nbsp;<em>conjunto de servi\u00e7os, infraestruturas e instala\u00e7\u00f5es operacionais de abastecimento de \u00e1gua pot\u00e1vel, esgotamento sanit\u00e1rio, limpeza urbana e manejo de res\u00edduos s\u00f3lidos e drenagem e manejo das \u00e1guas pluviais urbanas.<\/em><\/p>\n\n\n\n<p class=\"has-medium-font-size\">Para que uma&nbsp;\u00e1gua de qualidade&nbsp;chegue \u00e0 casa dos moradores de uma determinada popula\u00e7\u00e3o, ela deve ser captada e tratada para que se torne pot\u00e1vel. Todos os processos necess\u00e1rios para enviar \u00e1gua de qualidade \u00e0 popula\u00e7\u00e3o incluem-se no saneamento b\u00e1sico.<\/p>\n\n\n\n<p class=\"has-medium-font-size\">O saneamento b\u00e1sico tamb\u00e9m se preocupa com os despejos de uma comunidade. Sendo assim, \u00e9 fundamental que exista um sistema de&nbsp;esgotos<strong> <\/strong>eficiente&nbsp;para evitar a prolifera\u00e7\u00e3o de doen\u00e7as e de contamina\u00e7\u00e3o da \u00e1gua que est\u00e1 sendo consumida.<\/p>\n\n\n\n<p class=\"has-medium-font-size\">Para muitos, a&nbsp;limpeza urbana e o manejo de res\u00edduos s\u00f3lidos&nbsp;n\u00e3o se enquadram em saneamento b\u00e1sico. Entretanto, eles s\u00e3o fundamentais para se manter um ambiente saud\u00e1vel. \u00c9 essencial que exista em toda cidade um programa de coleta, tratamento e destina\u00e7\u00e3o adequada do lixo produzido pela popula\u00e7\u00e3o, bem como os lixos encontrados nas vias p\u00fablicas.<\/p>\n\n\n\n<p class=\"has-medium-font-size\">\u00c9 comum que muitas cidades n\u00e3o tenham um programa eficaz de&nbsp;drenagem e<strong> <\/strong>manejo de \u00e1guas pluviais urbanas.&nbsp;Todavia, \u00e9 um item important\u00edssimo do saneamento b\u00e1sico, pois o sistema de drenagem evita, por exemplo, as enchentes e alagamentos, que s\u00e3o respons\u00e1veis pela transmiss\u00e3o de in\u00fameras doen\u00e7as, como a leptospirose.<\/p>\n\n\n\n<p class=\"has-medium-font-size\">Sendo assim, de acordo com a lei, podemos concluir que saneamento b\u00e1sico \u00e9 um termo muito mais amplo e que todas essas atividades est\u00e3o relacionadas com um objetivo principal: promover a sa\u00fade da popula\u00e7\u00e3o.<\/p>\n\n\n\n<p class=\"has-medium-font-size\">Quando nos preocupamos com a qualidade da \u00e1gua que \u00e9 distribu\u00edda, com o tratamento correto do esgoto e o manejo adequado do lixo e das \u00e1guas pluviais, estamos evitando a prolifera\u00e7\u00e3o de diversas doen\u00e7as, garantindo, assim, uma melhor qualidade de vida.<\/p>\n\n\n\n<p class=\"has-medium-font-size\">Al\u00e9m de garantir uma melhoria na condi\u00e7\u00e3o de vida da popula\u00e7\u00e3o, o saneamento b\u00e1sico de qualidade ajuda indiretamente o meio ambiente. Ao dar um destino adequado ao esgoto e aos res\u00edduos s\u00f3lidos, evitamos a polui\u00e7\u00e3o de rios e lagos, por exemplo.<\/p>\n\n\n\n<p class=\"has-medium-font-size\">SANTOS, Vanessa Sardinha dos. &#8220;O que \u00e9 saneamento b\u00e1sico?&#8221;;&nbsp;<em>Brasil Escola<\/em>. Dispon\u00edvel em: https:\/\/brasilescola.uol.com.br\/o-que-e\/biologia\/o-que-e-saneamento-basico.htm. Acesso em 01 de julho de 2020.<\/p>\n\n\n\n<p class=\"has-text-align-center has-vivid-purple-color has-very-light-gray-background-color has-text-color has-background has-medium-font-size\">Fonte: <a href=\"https:\/\/brasilescola.uol.com.br\/o-que-e\/biologia\/o-que-e-saneamento-basico.htm\" target=\"_blank\" rel=\"noreferrer noopener\">https:\/\/brasilescola.uol.com.br\/o-que-e\/biologia\/o-que-e-saneamento-basico.htm<\/a><\/p>\n\n\n\n<p class=\"has-medium-font-size\">Ap\u00f3s a leitura do texto \u00e9 importante relacionarmos o saneamento b\u00e1sico a quatro pilares. S\u00e3o eles: \u00e1gua, esgoto, res\u00edduos s\u00f3lidos e drenagem pluvial (\u00e1gua da chuva).<\/p>\n\n\n\n<hr class=\"wp-block-separator\"\/>\n\n\n\n<h2 class=\"wp-block-heading\"><strong>Atividade 2<\/strong><\/h2>\n\n\n\n<p class=\"has-medium-font-size\">Vo\u00e7\u00ea j\u00e1 percebeu que as pessoas podem ficar doentes devido \u00e0 \u00e1gua que bebem ou por ter contato com esgoto?<\/p>\n\n\n\n<p class=\"has-medium-font-size\">Assista ao v\u00eddeo: \u201cSaneamento b\u00e1sico como sa\u00fade p\u00fablica\u201d. Ele esclarecer\u00e1 a rela\u00e7\u00e3o entre saneamento b\u00e1sico e o aparecimento de doen\u00e7as nas pessoas.<\/p>\n\n\n\n<p class=\"has-medium-font-size\">Dispon\u00edvel em: <\/p>\n\n\n\n<figure class=\"wp-block-embed is-type-video is-provider-youtube wp-block-embed-youtube wp-embed-aspect-16-9 wp-has-aspect-ratio\"><div class=\"wp-block-embed__wrapper\">\n<p class=\"responsive-video-wrap clr\"><iframe title=\"Saneamento B\u00e1sico como Sa\u00fade P\u00fablica\" width=\"1200\" height=\"675\" src=\"https:\/\/www.youtube.com\/embed\/JloOHKblzL0?feature=oembed\" frameborder=\"0\" allow=\"accelerometer; autoplay; clipboard-write; encrypted-media; gyroscope; picture-in-picture\" allowfullscreen><\/iframe><\/p>\n<\/div><figcaption>&#8220;Saneamento B\u00e1sico como Sa\u00fade P\u00fablica&#8221; &#8211; Canal: <a href=\"https:\/\/www.youtube.com\/channel\/UC-5yZUbpmxSwvDMijIbdy4w\">Instituto Trata Brasil<\/a> &#8211;<br>Link: <a rel=\"noreferrer noopener\" href=\"https:\/\/www.youtube.com\/watch?v=JloOHKblzL0\" target=\"_blank\">https:\/\/www.youtube.com\/watch?v=JloOHKblzL0<\/a><\/figcaption><\/figure>\n\n\n\n<p class=\"has-medium-font-size\">Ap\u00f3s assistir ao v\u00eddeo tente responder as seguintes quest\u00f5es, se for necess\u00e1rio, assista ao v\u00eddeo novamente.<\/p>\n\n\n\n<p class=\"has-medium-font-size\">a) Cite 2 doen\u00e7as relacionadas \u00e0 falta de saneamento b\u00e1sico.<\/p>\n\n\n\n<p class=\"has-medium-font-size\">b) No seu bairro tem rede de \u00e1gua e rede de esgoto?<\/p>\n\n\n\n<p class=\"has-medium-font-size\">c) No seu bairro tem coleta de lixo (res\u00edduos s\u00f3lidos)?<\/p>\n\n\n\n<p class=\"has-medium-font-size\">d) No seu bairro tem drenagem da \u00e1gua da chuva (boca de lobo)?<\/p>\n\n\n\n<hr class=\"wp-block-separator\"\/>\n\n\n\n<h2 class=\"wp-block-heading\"><strong>Atividade 3<\/strong><\/h2>\n\n\n\n<p class=\"has-medium-font-size\">Segundo informa\u00e7\u00f5es do Senado Federal \u201cMais de 100 milh\u00f5es de pessoas n\u00e3o t\u00eam acesso \u00e0 coleta de esgoto no Brasil e 35 milh\u00f5es n\u00e3o recebem \u00e1gua pot\u00e1vel em casa. Autoridades sanit\u00e1rias explicam que a aus\u00eancia de servi\u00e7os de saneamento b\u00e1sico contribui para a prolifera\u00e7\u00e3o de doen\u00e7as como a covid-19.\u201d<\/p>\n\n\n\n<p class=\"has-medium-font-size\">O Senado aprovou em 24 de Junho de 2020 um projeto de lei que&nbsp;muda regras para o fornecimento de \u00e1gua e de esgoto, al\u00e9m de prorrogar o prazo para o fim dos lix\u00f5es. Para virar lei, a proposta depende da san\u00e7\u00e3o do presidente da Rep\u00fablica.&nbsp;<\/p>\n\n\n\n<p class=\"has-medium-font-size\">Para saber mais sobre esse projeto de leiassista ao v\u00eddeo: \u201cNovo marco legal do saneamento b\u00e1sico aguarda san\u00e7\u00e3o presidencial\u201d. Dispon\u00edvel em: <\/p>\n\n\n\n<figure class=\"wp-block-embed is-type-video is-provider-youtube wp-block-embed-youtube wp-embed-aspect-16-9 wp-has-aspect-ratio\"><div class=\"wp-block-embed__wrapper\">\n<p class=\"responsive-video-wrap clr\"><iframe title=\"Novo marco legal do saneamento b\u00e1sico aguarda san\u00e7\u00e3o presidencial\" width=\"1200\" height=\"675\" src=\"https:\/\/www.youtube.com\/embed\/IvlaS2vmvd4?feature=oembed\" frameborder=\"0\" allow=\"accelerometer; autoplay; clipboard-write; encrypted-media; gyroscope; picture-in-picture\" allowfullscreen><\/iframe><\/p>\n<\/div><figcaption>&#8220;Novo marco legal do saneamento b\u00e1sico aguarda san\u00e7\u00e3o presidencial&#8221; &#8211; Canal: TV Senado &#8211;<br>Link: <a rel=\"noreferrer noopener\" href=\"https:\/\/www.youtube.com\/watch?v=IvlaS2vmvd4&amp;feature=youtu.be\" target=\"_blank\">https:\/\/www.youtube.com\/watch?v=IvlaS2vmvd4&amp;feature=youtu.be<\/a><\/figcaption><\/figure>\n\n\n\n<p class=\"has-medium-font-size\">Ap\u00f3s assistir ao v\u00eddeo reflita sobre a situa\u00e7\u00e3o atual da sua regi\u00e3o no que se refere ao saneamento b\u00e1sico e ao que o projeto de lei pode trazer de benef\u00edcios futuros \u00e0 sua comunidade.<\/p>\n\n\n\n<hr class=\"wp-block-separator\"\/>\n\n\n\n<p class=\"has-very-light-gray-color has-vivid-cyan-blue-background-color has-text-color has-background has-medium-font-size\">Saiba Mais | Refer\u00eancias:<\/p>\n\n\n\n<p class=\"has-medium-font-size\">Assista ao v\u00eddeo: \u201cSaneamento b\u00e1sico, o que \u00e9?\u201d. Dispon\u00edvel em: <\/p>\n\n\n\n<p class=\"has-text-align-center has-vivid-purple-color has-very-light-gray-background-color has-text-color has-background has-medium-font-size\"><a rel=\"noreferrer noopener\" href=\"https:\/\/www.youtube.com\/watch?v=1ilYoKWh8dk\" target=\"_blank\">https:\/\/www.youtube.com\/watch?v=1ilYoKWh8dk<\/a><\/p>\n\n\n\n<p class=\"has-medium-font-size\">Assista ao v\u00eddeo: \u201cSaneamento B\u00e1sico \u2013 defini\u00e7\u00e3o e import\u00e2ncia\u201d. Dispon\u00edvel em: <\/p>\n\n\n\n<p class=\"has-text-align-center has-vivid-purple-color has-very-light-gray-background-color has-text-color has-background has-medium-font-size\"><a href=\"https:\/\/www.youtube.com\/watch?v=e5bm2t3Li44\" target=\"_blank\" rel=\"noreferrer noopener\">https:\/\/www.youtube.com\/watch?v=e5bm2t3Li44<\/a><\/p>\n\n\n\n<p class=\"has-medium-font-size\">Visite o site <strong>Senado Not\u00edcias<\/strong> e leia a mat\u00e9ria sobre o novo marco legal do saneamento b\u00e1sico.<\/p>\n\n\n\n<p class=\"has-text-align-center has-vivid-purple-color has-very-light-gray-background-color has-text-color has-background has-medium-font-size\"><a rel=\"noreferrer noopener\" href=\"https:\/\/www12.senado.leg.br\/noticias\/materias\/2020\/06\/24\/senado-aprova-novo-marco-legal-do-saneamento-basico\" target=\"_blank\">https:\/\/www12.senado.leg.br\/noticias\/materias\/2020\/06\/24\/senado-aprova-novo-marco-legal-do-saneamento-basico<\/a><\/p>\n\n\n\n<hr class=\"wp-block-separator\"\/>\n\n\n\n<figure class=\"wp-block-table alignfull is-style-regular\"><table><tbody><tr><td>Componente(s) Curricular(res)<\/td><td>Ci\u00eancias da natureza<\/td><\/tr><tr><td>Objetivos de Aprendizagem e Desenvolvimento<\/td><td>(EAJACI0615) Relacionar a qualidade do meio ambiente com a sa\u00fade e o bem estar da comunidade<\/td><\/tr><tr><td>Professor<\/td><td>Roberta Ferreira de Oliveira<\/td><\/tr><tr><td>Institui\u00e7\u00e3o Educacional<\/td><td>Escola Municipal Recanto do Bosque<\/td><\/tr><tr><td>CRE<\/td><td>Maria Helena Batista Bretas<\/td><\/tr><\/tbody><\/table><\/figure>\n\n\n\n<hr class=\"wp-block-separator\"\/>\n\n\n\n<p class=\"has-text-align-center has-medium-font-size\">EAJA \u2013Educa\u00e7\u00e3o Ambiental e Sa\u00fade \u2013 2\u00b0 Segmento \u2013 5\u00aa a 6\u00aa s\u00e9ries<\/p>\n","protected":false},"author":27,"featured_media":32560,"template":"","meta":{"_acf_changed":false,"ocean_post_layout":"","ocean_both_sidebars_style":"","ocean_both_sidebars_content_width":0,"ocean_both_sidebars_sidebars_width":0,"ocean_sidebar":"","ocean_second_sidebar":"","ocean_disable_margins":"enable","ocean_add_body_class":"","ocean_shortcode_before_top_bar":"","ocean_shortcode_after_top_bar":"","ocean_shortcode_before_header":"","ocean_shortcode_after_header":"","ocean_has_shortcode":"","ocean_shortcode_after_title":"","ocean_shortcode_before_footer_widgets":"","ocean_shortcode_after_footer_widgets":"","ocean_shortcode_before_footer_bottom":"","ocean_shortcode_after_footer_bottom":"","ocean_display_top_bar":"default","ocean_display_header":"default","ocean_header_style":"","ocean_center_header_left_menu":"","ocean_custom_header_template":"","ocean_custom_logo":0,"ocean_custom_retina_logo":0,"ocean_custom_logo_max_width":0,"ocean_custom_logo_tablet_max_width":0,"ocean_custom_logo_mobile_max_width":0,"ocean_custom_logo_max_height":0,"ocean_custom_logo_tablet_max_height":0,"ocean_custom_logo_mobile_max_height":0,"ocean_header_custom_menu":"","ocean_menu_typo_font_family":"","ocean_menu_typo_font_subset":"","ocean_menu_typo_font_size":0,"ocean_menu_typo_font_size_tablet":0,"ocean_menu_typo_font_size_mobile":0,"ocean_menu_typo_font_size_unit":"px","ocean_menu_typo_font_weight":"","ocean_menu_typo_font_weight_tablet":"","ocean_menu_typo_font_weight_mobile":"","ocean_menu_typo_transform":"","ocean_menu_typo_transform_tablet":"","ocean_menu_typo_transform_mobile":"","ocean_menu_typo_line_height":0,"ocean_menu_typo_line_height_tablet":0,"ocean_menu_typo_line_height_mobile":0,"ocean_menu_typo_line_height_unit":"","ocean_menu_typo_spacing":0,"ocean_menu_typo_spacing_tablet":0,"ocean_menu_typo_spacing_mobile":0,"ocean_menu_typo_spacing_unit":"","ocean_menu_link_color":"","ocean_menu_link_color_hover":"","ocean_menu_link_color_active":"","ocean_menu_link_background":"","ocean_menu_link_hover_background":"","ocean_menu_link_active_background":"","ocean_menu_social_links_bg":"","ocean_menu_social_hover_links_bg":"","ocean_menu_social_links_color":"","ocean_menu_social_hover_links_color":"","ocean_disable_title":"default","ocean_disable_heading":"default","ocean_post_title":"","ocean_post_subheading":"","ocean_post_title_style":"","ocean_post_title_background_color":"","ocean_post_title_background":0,"ocean_post_title_bg_image_position":"","ocean_post_title_bg_image_attachment":"","ocean_post_title_bg_image_repeat":"","ocean_post_title_bg_image_size":"","ocean_post_title_height":0,"ocean_post_title_bg_overlay":0.5,"ocean_post_title_bg_overlay_color":"","ocean_disable_breadcrumbs":"default","ocean_breadcrumbs_color":"","ocean_breadcrumbs_separator_color":"","ocean_breadcrumbs_links_color":"","ocean_breadcrumbs_links_hover_color":"","ocean_display_footer_widgets":"default","ocean_display_footer_bottom":"default","ocean_custom_footer_template":""},"eaja_categoria":[104],"serie":[75],"eaja_componente":[82],"class_list":["post-32554","eaja","type-eaja","status-publish","has-post-thumbnail","hentry","eaja_categoria-2o-segmento-5a-e-6a-serie","serie-6a-serie","eaja_componente-ciencias-da-natureza","entry","has-media"],"acf":[],"_links":{"self":[{"href":"https:\/\/sme.goiania.go.gov.br\/conexaoescola\/wp-json\/wp\/v2\/eaja\/32554","targetHints":{"allow":["GET"]}}],"collection":[{"href":"https:\/\/sme.goiania.go.gov.br\/conexaoescola\/wp-json\/wp\/v2\/eaja"}],"about":[{"href":"https:\/\/sme.goiania.go.gov.br\/conexaoescola\/wp-json\/wp\/v2\/types\/eaja"}],"author":[{"embeddable":true,"href":"https:\/\/sme.goiania.go.gov.br\/conexaoescola\/wp-json\/wp\/v2\/users\/27"}],"wp:featuredmedia":[{"embeddable":true,"href":"https:\/\/sme.goiania.go.gov.br\/conexaoescola\/wp-json\/wp\/v2\/media\/32560"}],"wp:attachment":[{"href":"https:\/\/sme.goiania.go.gov.br\/conexaoescola\/wp-json\/wp\/v2\/media?parent=32554"}],"wp:term":[{"taxonomy":"eaja_categoria","embeddable":true,"href":"https:\/\/sme.goiania.go.gov.br\/conexaoescola\/wp-json\/wp\/v2\/eaja_categoria?post=32554"},{"taxonomy":"serie","embeddable":true,"href":"https:\/\/sme.goiania.go.gov.br\/conexaoescola\/wp-json\/wp\/v2\/serie?post=32554"},{"taxonomy":"eaja_componente","embeddable":true,"href":"https:\/\/sme.goiania.go.gov.br\/conexaoescola\/wp-json\/wp\/v2\/eaja_componente?post=32554"}],"curies":[{"name":"wp","href":"https:\/\/api.w.org\/{rel}","templated":true}]}}