{"id":29661,"date":"2020-10-12T07:00:00","date_gmt":"2020-10-12T10:00:00","guid":{"rendered":"http:\/\/sme.goiania.go.gov.br\/conexaoescola\/?post_type=eaja&#038;p=29661"},"modified":"2021-12-23T21:38:38","modified_gmt":"2021-12-23T23:38:38","slug":"relacao-das-condicoes-sociais-com-a-saude-do-estudante-trabalhador","status":"publish","type":"eaja","link":"https:\/\/sme.goiania.go.gov.br\/conexaoescola\/eaja\/relacao-das-condicoes-sociais-com-a-saude-do-estudante-trabalhador\/","title":{"rendered":"Educa\u00e7\u00e3o F\u00edsica: CONDI\u00c7\u00d5ES SOCIAIS X SA\u00daDE"},"content":{"rendered":"\n<p class=\"has-cyan-bluish-gray-background-color has-background has-medium-font-size\"><strong>Ol\u00e1! Esta aula de\u00a0<span class=\"has-inline-color has-vivid-cyan-blue-color\">EDUCA\u00c7\u00c3O F\u00cdSICA<\/span>\u00a0\u00e9 destinada aos estudantes da\u00a0\u00a0<span class=\"has-inline-color has-vivid-cyan-blue-color\">6\u00aa S\u00c9RIE\u00a0<\/span>da Eja.<\/strong><\/p>\n\n\n\n<p class=\"has-medium-font-size\"><strong>Muito tem se falado na m\u00eddia, nas redes sociais sobre a pr\u00e1tica de exerc\u00edcios f\u00edsicos para a manuten\u00e7\u00e3o da sa\u00fade nesse per\u00edodo de pandemia e isolamento social. Mas ser\u00e1 que o exerc\u00edcio f\u00edsico por si s\u00f3 tem o poder de garantir a manuten\u00e7\u00e3o da sa\u00fade? Quais s\u00e3o os fatores que influenciam em nossa sa\u00fade? Afinal o que \u00e9 ter sa\u00fade? A partir dessas quest\u00f5es, vamos refletir sobre como essa tem\u00e1tica se manifesta no nosso cotidiano. <\/strong><\/p>\n\n\n\n<div class=\"wp-block-image\"><figure class=\"aligncenter size-full is-resized\"><img fetchpriority=\"high\" decoding=\"async\" src=\"https:\/\/sme.goiania.go.gov.br\/conexaoescola\/wp-content\/uploads\/2020\/09\/educa\u00e7\u00e3o-financeira-660x330-1-e1601386051776.jpg\" alt=\"\" class=\"wp-image-5497\" width=\"429\" height=\"216\" srcset=\"https:\/\/sme.goiania.go.gov.br\/conexaoescola\/wp-content\/uploads\/2020\/09\/educa\u00e7\u00e3o-financeira-660x330-1-e1601386051776.jpg 660w, https:\/\/sme.goiania.go.gov.br\/conexaoescola\/wp-content\/uploads\/2020\/09\/educa\u00e7\u00e3o-financeira-660x330-1-e1601386051776-300x150.jpg 300w\" sizes=\"(max-width: 429px) 100vw, 429px\" \/><\/figure><\/div>\n\n\n\n<hr class=\"wp-block-separator\"\/>\n\n\n\n<h2 class=\"has-vivid-cyan-blue-background-color has-background has-medium-font-size wp-block-heading\"><strong>ATIVIDADE 1<\/strong><\/h2>\n\n\n\n<p class=\"has-medium-font-size\"> Assista ao v\u00eddeo \u201cDeterminantes Sociais da Sa\u00fade\u201d do canal oficial \u201cConex\u00e3o SUS\u201d :<\/p>\n\n\n\n<figure class=\"wp-block-embed is-type-video is-provider-youtube wp-block-embed-youtube wp-embed-aspect-16-9 wp-has-aspect-ratio\"><div class=\"wp-block-embed__wrapper\">\n<p class=\"responsive-video-wrap clr\"><iframe title=\"Determinantes Sociais da Sa\u00fade\" width=\"1200\" height=\"675\" src=\"https:\/\/www.youtube.com\/embed\/2JJNDeUkVtI?feature=oembed\" frameborder=\"0\" allow=\"accelerometer; autoplay; clipboard-write; encrypted-media; gyroscope; picture-in-picture\" allowfullscreen><\/iframe><\/p>\n<\/div><figcaption>&#8220;Determinantes Sociais da Sa\u00fade&#8221; &#8211; Canal: Conex\u00e3o SUS &#8211;<br>Link: <a rel=\"noreferrer noopener\" href=\"https:\/\/www.youtube.com\/watch?v=2JJNDeUkVtI\" target=\"_blank\">https:\/\/www.youtube.com\/watch?v=2JJNDeUkVtI<\/a><\/figcaption><\/figure>\n\n\n\n<p class=\"has-medium-font-size\">Responda em seu caderno o que \u00e9 a \u201ccausa das causas\u201d das doen\u00e7as mencionada no v\u00eddeo.<\/p>\n\n\n\n<h2 class=\"has-vivid-cyan-blue-background-color has-background has-medium-font-size wp-block-heading\"><strong>ATIVIDADE  2<\/strong><\/h2>\n\n\n\n<p class=\"has-medium-font-size\"> Observe a imagem abaixo:<\/p>\n\n\n\n<div class=\"wp-block-image\"><figure class=\"aligncenter size-full is-resized\"><img decoding=\"async\" src=\"https:\/\/sme.goiania.go.gov.br\/conexaoescola\/wp-content\/uploads\/2020\/10\/determinantes-e1635986624167.jpg\" alt=\"\" class=\"wp-image-133458\" width=\"676\" height=\"472\"\/><figcaption>Dispon\u00edvel em: <a href=\"http:\/\/www.ccs.saude.gov.br\/sus\/images\/determinantes.jpg\">determinantes.jpg (940\u00d7659) (saude.gov.br)<\/a><\/figcaption><\/figure><\/div>\n\n\n\n<p class=\"has-medium-font-size\">Agora, responda em seu caderno: <\/p>\n\n\n\n<ul class=\"has-medium-font-size wp-block-list\"><li>Em quais itens representados na imagem voc\u00ea acha que entram os exerc\u00edcios f\u00edsicos voltados para a promo\u00e7\u00e3o da sa\u00fade?<\/li><li>Atrav\u00e9s da imagem, voc\u00ea acha que fazer exerc\u00edcios f\u00edsicos regularmente \u00e9 importante para ter sa\u00fade?<\/li><\/ul>\n\n\n\n<h2 class=\"has-vivid-cyan-blue-background-color has-background has-medium-font-size wp-block-heading\"><strong>ATIVIDADE 3<\/strong><\/h2>\n\n\n\n<p class=\"has-medium-font-size\"> \u00c9 curioso como, em geral, nos meios de comunica\u00e7\u00e3o de massa (TV, revistas, r\u00e1dios, jornais, <em>youtubers<\/em>, etc.) ter sa\u00fade parece ser apenas uma quest\u00e3o de escolha, de postura, de comportamento individual, n\u00e3o \u00e9 verdade?! Quantas vezes vemos e ouvimos que para se ter sa\u00fade, basta ter for\u00e7a de vontade para mudar os pr\u00f3prios h\u00e1bitos e se exercitar? No entanto, o v\u00eddeo e a imagem aqui apresentados, que s\u00e3o todas do Minist\u00e9rio da Sa\u00fade, nos apresenta uma vis\u00e3o mais ampliada acerca do que \u00e9 ter sa\u00fade, e do que \u00e9 preciso para se dizer que se tem sa\u00fade. Pense na sua rotina, todas as suas tarefas di\u00e1rias, responsabilidades&#8230; pense tamb\u00e9m nas condi\u00e7\u00f5es de vida, no lugar que voc\u00ea mora, na sua comunidade, na sua cidade. Ser\u00e1 que as condi\u00e7\u00f5es de se ter sa\u00fade s\u00e3o as mesmas para todos os sujeitos da sociedade? O que faz a diferen\u00e7a para se ter uma boa condi\u00e7\u00e3o de sa\u00fade depende apenas do comportamento de cada de cada pessoa? Al\u00e9m do comportamento individual (da vontade de cada pessoa), o que mais \u00e9 necess\u00e1rio para que as pessoas tenham sa\u00fade?<\/p>\n\n\n\n<p class=\"has-medium-font-size\">Por fim, escreva em seu caderno um pequeno texto de cerca de dois par\u00e1grafos relacionando o conceito de sa\u00fade apresentado no v\u00eddeo da atividade 1 e na imagem da atividade 2 com a sua rotina e suas condi\u00e7\u00f5es de vida. Construa seu texto tentando responder a seguinte quest\u00e3o: Fazer exerc\u00edcios f\u00edsicos regularmente \u00e9 suficiente para ter sa\u00fade? Se n\u00e3o for, o que mais \u00e9 preciso?<\/p>\n\n\n\n<hr class=\"wp-block-separator\"\/>\n\n\n\n<p class=\"has-very-light-gray-color has-vivid-purple-background-color has-text-color has-background has-medium-font-size\">Saiba Mais\/Refer\u00eancias:<\/p>\n\n\n\n<p class=\"has-medium-font-size\">Nesse curto v\u00eddeo o pesquisador e professor Alberto Pellegrini, da Escola Nacional de Sa\u00fade P\u00fablica Sergio Arouca detalha um pouco mais sobre os determinantes sociais da sa\u00fade, o papel dos governos e quais devem ser as diretrizes das pessoas e da sociedade para alcan\u00e7armos todos uma melhor condi\u00e7\u00e3o de sa\u00fade.<\/p>\n\n\n\n<figure class=\"wp-block-embed is-type-video is-provider-youtube wp-block-embed-youtube wp-embed-aspect-16-9 wp-has-aspect-ratio\"><div class=\"wp-block-embed__wrapper\">\n<p class=\"responsive-video-wrap clr\"><iframe title=\"DETERMINANTES SOCIAIS DA SA\u00daDE\" width=\"1200\" height=\"675\" src=\"https:\/\/www.youtube.com\/embed\/ii-fbpUy4iE?feature=oembed\" frameborder=\"0\" allow=\"accelerometer; autoplay; clipboard-write; encrypted-media; gyroscope; picture-in-picture\" allowfullscreen><\/iframe><\/p>\n<\/div><figcaption>&#8220;DETERMINANTES SOCIAIS DA SA\u00daDE&#8221; &#8211; Canal: <a href=\"https:\/\/www.youtube.com\/channel\/UCvg7ROLoJDNkPi1zWthXOUw\">VIDEOSAUDE REGIONAL UFES\/ES<\/a><br>Link: <a rel=\"noreferrer noopener\" href=\"https:\/\/www.youtube.com\/watch?v=ii-fbpUy4iE\" target=\"_blank\">https:\/\/www.youtube.com\/watch?v=ii-fbpUy4iE<\/a><\/figcaption><\/figure>\n\n\n\n<hr class=\"wp-block-separator\"\/>\n\n\n\n<p class=\"has-cyan-bluish-gray-background-color has-background has-medium-font-size\"> <strong>Professor, essa aula segue a Matriz Estruturante para a Eaja 2021. Foi elaborada no ano de 2020, com a suspens\u00e3o das aulas presenciais devido \u00e0 pandemia da Covid-19 e segue as orienta\u00e7\u00f5es de flexibiliza\u00e7\u00e3o curricular para o bi\u00eanio 2020\/2021 (Of\u00edcio Circular 149\/2020 Dirped).<\/strong> <\/p>\n\n\n\n<figure class=\"wp-block-table\"><table><tbody><tr><td>Componente Curricular<\/td><td>Objetivos de Aprendizagem e Desenvolvimento<\/td><\/tr><tr><td>Educa\u00e7\u00e3o F\u00edsica<\/td><td> (EAJAEF0608) Analisar a sa\u00fade enquanto uma quest\u00e3o econ\u00f4mica, pol\u00edtica\u00a0e social. <\/td><\/tr><\/tbody><\/table><\/figure>\n\n\n\n<hr class=\"wp-block-separator\"\/>\n\n\n\n<figure class=\"wp-block-table alignfull is-style-regular\"><table><tbody><tr><td>Professor<\/td><td>Bruna de Paula Cruvinel<\/td><\/tr><tr><td>Institui\u00e7\u00e3o Educacional<\/td><td>E.M. Brice Francisco Cordeiro\/E.M. Donata Monteiro da Motta<\/td><\/tr><tr><td>CRE<\/td><td>Maria Helena Bretas<\/td><\/tr><\/tbody><\/table><\/figure>\n\n\n\n<hr class=\"wp-block-separator\"\/>\n","protected":false},"author":27,"featured_media":5497,"template":"","meta":{"_acf_changed":false,"ocean_post_layout":"","ocean_both_sidebars_style":"","ocean_both_sidebars_content_width":0,"ocean_both_sidebars_sidebars_width":0,"ocean_sidebar":"","ocean_second_sidebar":"","ocean_disable_margins":"enable","ocean_add_body_class":"","ocean_shortcode_before_top_bar":"","ocean_shortcode_after_top_bar":"","ocean_shortcode_before_header":"","ocean_shortcode_after_header":"","ocean_has_shortcode":"","ocean_shortcode_after_title":"","ocean_shortcode_before_footer_widgets":"","ocean_shortcode_after_footer_widgets":"","ocean_shortcode_before_footer_bottom":"","ocean_shortcode_after_footer_bottom":"","ocean_display_top_bar":"default","ocean_display_header":"default","ocean_header_style":"","ocean_center_header_left_menu":"","ocean_custom_header_template":"","ocean_custom_logo":0,"ocean_custom_retina_logo":0,"ocean_custom_logo_max_width":0,"ocean_custom_logo_tablet_max_width":0,"ocean_custom_logo_mobile_max_width":0,"ocean_custom_logo_max_height":0,"ocean_custom_logo_tablet_max_height":0,"ocean_custom_logo_mobile_max_height":0,"ocean_header_custom_menu":"","ocean_menu_typo_font_family":"","ocean_menu_typo_font_subset":"","ocean_menu_typo_font_size":0,"ocean_menu_typo_font_size_tablet":0,"ocean_menu_typo_font_size_mobile":0,"ocean_menu_typo_font_size_unit":"px","ocean_menu_typo_font_weight":"","ocean_menu_typo_font_weight_tablet":"","ocean_menu_typo_font_weight_mobile":"","ocean_menu_typo_transform":"","ocean_menu_typo_transform_tablet":"","ocean_menu_typo_transform_mobile":"","ocean_menu_typo_line_height":0,"ocean_menu_typo_line_height_tablet":0,"ocean_menu_typo_line_height_mobile":0,"ocean_menu_typo_line_height_unit":"","ocean_menu_typo_spacing":0,"ocean_menu_typo_spacing_tablet":0,"ocean_menu_typo_spacing_mobile":0,"ocean_menu_typo_spacing_unit":"","ocean_menu_link_color":"","ocean_menu_link_color_hover":"","ocean_menu_link_color_active":"","ocean_menu_link_background":"","ocean_menu_link_hover_background":"","ocean_menu_link_active_background":"","ocean_menu_social_links_bg":"","ocean_menu_social_hover_links_bg":"","ocean_menu_social_links_color":"","ocean_menu_social_hover_links_color":"","ocean_disable_title":"default","ocean_disable_heading":"default","ocean_post_title":"","ocean_post_subheading":"","ocean_post_title_style":"","ocean_post_title_background_color":"","ocean_post_title_background":0,"ocean_post_title_bg_image_position":"","ocean_post_title_bg_image_attachment":"","ocean_post_title_bg_image_repeat":"","ocean_post_title_bg_image_size":"","ocean_post_title_height":0,"ocean_post_title_bg_overlay":0.5,"ocean_post_title_bg_overlay_color":"","ocean_disable_breadcrumbs":"default","ocean_breadcrumbs_color":"","ocean_breadcrumbs_separator_color":"","ocean_breadcrumbs_links_color":"","ocean_breadcrumbs_links_hover_color":"","ocean_display_footer_widgets":"default","ocean_display_footer_bottom":"default","ocean_custom_footer_template":""},"eaja_categoria":[104],"serie":[75],"eaja_componente":[81],"class_list":["post-29661","eaja","type-eaja","status-publish","has-post-thumbnail","hentry","eaja_categoria-2o-segmento-5a-e-6a-serie","serie-6a-serie","eaja_componente-educacao-fisica","entry","has-media"],"acf":[],"_links":{"self":[{"href":"https:\/\/sme.goiania.go.gov.br\/conexaoescola\/wp-json\/wp\/v2\/eaja\/29661","targetHints":{"allow":["GET"]}}],"collection":[{"href":"https:\/\/sme.goiania.go.gov.br\/conexaoescola\/wp-json\/wp\/v2\/eaja"}],"about":[{"href":"https:\/\/sme.goiania.go.gov.br\/conexaoescola\/wp-json\/wp\/v2\/types\/eaja"}],"author":[{"embeddable":true,"href":"https:\/\/sme.goiania.go.gov.br\/conexaoescola\/wp-json\/wp\/v2\/users\/27"}],"wp:featuredmedia":[{"embeddable":true,"href":"https:\/\/sme.goiania.go.gov.br\/conexaoescola\/wp-json\/wp\/v2\/media\/5497"}],"wp:attachment":[{"href":"https:\/\/sme.goiania.go.gov.br\/conexaoescola\/wp-json\/wp\/v2\/media?parent=29661"}],"wp:term":[{"taxonomy":"eaja_categoria","embeddable":true,"href":"https:\/\/sme.goiania.go.gov.br\/conexaoescola\/wp-json\/wp\/v2\/eaja_categoria?post=29661"},{"taxonomy":"serie","embeddable":true,"href":"https:\/\/sme.goiania.go.gov.br\/conexaoescola\/wp-json\/wp\/v2\/serie?post=29661"},{"taxonomy":"eaja_componente","embeddable":true,"href":"https:\/\/sme.goiania.go.gov.br\/conexaoescola\/wp-json\/wp\/v2\/eaja_componente?post=29661"}],"curies":[{"name":"wp","href":"https:\/\/api.w.org\/{rel}","templated":true}]}}