{"id":29632,"date":"2020-10-12T07:00:00","date_gmt":"2020-10-12T10:00:00","guid":{"rendered":"http:\/\/sme.goiania.go.gov.br\/conexaoescola\/?post_type=eaja&#038;p=29632"},"modified":"2021-10-19T10:02:17","modified_gmt":"2021-10-19T13:02:17","slug":"reciclando-decorando-a-casa-e-aumentando-a-renda","status":"publish","type":"eaja","link":"https:\/\/sme.goiania.go.gov.br\/conexaoescola\/eaja\/reciclando-decorando-a-casa-e-aumentando-a-renda\/","title":{"rendered":"Reciclando: Decorando a Casa e Aumentando a Renda"},"content":{"rendered":"\n<p class=\"has-drop-cap has-pale-pink-background-color has-background has-medium-font-size\">Ol\u00e1!! Voc\u00ea conhece os benef\u00edcios da reciclagem? Reciclar \u00e9 uma forma consciente de ajudar na preserva\u00e7\u00e3o do meio ambiente, pois fazemos o reaproveitamento de embalagens, pap\u00e9is, pl\u00e1sticos e tantos outros produtos que contaminam o solo. Mas porque al\u00e9m de ajudar o meio ambiente, n\u00e3o aproveitar dessa oportunidade para deixar ambientes da nossa casa mais bonitos e quem sabe at\u00e9 fazer uma renda extra, sem muito custo. Vamos ver como isso pode funcionar?<\/p>\n\n\n\n<p class=\"has-pale-cyan-blue-background-color has-background has-medium-font-size\">A reciclagem \u00e9 um processo que al\u00e9m de ajudar o meio ambiente pode contribuir para criar decora\u00e7\u00e3o para o nosso lar. Nesta atividade vamos ver como a reciclagem pode nos auxiliar na decora\u00e7\u00e3o da casa, otimizar espa\u00e7os e at\u00e9 mesmo gerar uma renda extra.<\/p>\n\n\n\n<hr class=\"wp-block-separator has-text-color has-background has-vivid-red-background-color has-vivid-red-color\"\/>\n\n\n\n<h2 class=\"has-luminous-vivid-amber-background-color has-background wp-block-heading\"><strong>ATIVIDADE 1<\/strong><\/h2>\n\n\n\n<p class=\"has-medium-font-size\">A reciclagem al\u00e9m de ser uma possibilidade para ganhar dinheiro, tamb\u00e9m pode ser uma chance para ajudar a ganhar espa\u00e7o na casa ou deix\u00e1-la mais bonita e alegre. Veja as sugest\u00f5es a seguir:<\/p>\n\n\n\n<figure class=\"wp-block-embed alignfull is-type-wp-embed is-provider-artesanato-e-reciclagem-pensei-diferente wp-block-embed-artesanato-e-reciclagem-pensei-diferente\"><div class=\"wp-block-embed__wrapper\">\n<div class=\"oceanwp-oembed-wrap clr\"><blockquote class=\"wp-embedded-content\" data-secret=\"4rxpVygZUp\"><a href=\"https:\/\/www.artesanatoereciclagem.com.br\/12279-ideias-artesanais-com-caixas-de-leite.html\">Ideias artesanais com caixas de leite<\/a><\/blockquote><iframe class=\"wp-embedded-content\" sandbox=\"allow-scripts\" security=\"restricted\" style=\"position: absolute; clip: rect(1px, 1px, 1px, 1px);\" title=\"&#8220;Ideias artesanais com caixas de leite&#8221; &#8212; Artesanato e Reciclagem: Pensei Diferente!\" src=\"https:\/\/www.artesanatoereciclagem.com.br\/12279-ideias-artesanais-com-caixas-de-leite.html\/embed#?secret=4rxpVygZUp\" data-secret=\"4rxpVygZUp\" width=\"600\" height=\"338\" frameborder=\"0\" marginwidth=\"0\" marginheight=\"0\" scrolling=\"no\"><\/iframe><\/div>\n<\/div><\/figure>\n\n\n\n<figure class=\"wp-block-embed alignfull is-type-wp-embed is-provider-decor-facil wp-block-embed-decor-facil\"><div class=\"wp-block-embed__wrapper\">\n<div class=\"oceanwp-oembed-wrap clr\"><blockquote class=\"wp-embedded-content\" data-secret=\"CnHC2olRum\"><a href=\"https:\/\/www.decorfacil.com\/artesanato-com-caixa-de-sapato\/\">Artesanato com caixa de sapato e papel\u00e3o: 70 fotos lindas<\/a><\/blockquote><iframe class=\"wp-embedded-content\" sandbox=\"allow-scripts\" security=\"restricted\" style=\"position: absolute; clip: rect(1px, 1px, 1px, 1px);\" title=\"&#8220;Artesanato com caixa de sapato e papel\u00e3o: 70 fotos lindas&#8221; &#8212; Decor F\u00e1cil\" src=\"https:\/\/www.decorfacil.com\/artesanato-com-caixa-de-sapato\/embed\/#?secret=CnHC2olRum\" data-secret=\"CnHC2olRum\" width=\"600\" height=\"338\" frameborder=\"0\" marginwidth=\"0\" marginheight=\"0\" scrolling=\"no\"><\/iframe><\/div>\n<\/div><\/figure>\n\n\n\n<hr class=\"wp-block-separator has-text-color has-background has-luminous-vivid-amber-background-color has-luminous-vivid-amber-color\"\/>\n\n\n\n<h2 class=\"has-pale-pink-background-color has-background wp-block-heading\"><strong>ATIVIDADE 2<\/strong><\/h2>\n\n\n\n<p class=\"has-medium-font-size\">Voc\u00ea sabia que a geometria est\u00e1 em boa parte das coisas do nosso dia-a-dia? Veja a reportagem \u201cFiguras geom\u00e9tricas na arquitetura, na moda e no design\u201d da Revista Casa<\/p>\n\n\n\n<p class=\"has-very-dark-gray-color has-vivid-green-cyan-background-color has-text-color has-background has-medium-font-size\"><a href=\"https:\/\/casa.abril.com.br\/moveis-acessorios\/figuras-geometricas-na-arquitetura-na-moda-e-no-design\/\">https:\/\/casa.abril.com.br\/moveis-acessorios\/figuras-geometricas-na-arquitetura-na-moda-e-no-design\/<\/a><\/p>\n\n\n\n<h2 class=\"has-light-green-cyan-background-color has-background wp-block-heading\"><strong>ATIVIDADE 3<\/strong><\/h2>\n\n\n\n<p class=\"has-medium-font-size\">Acesse a imagem no link a seguir e conhe\u00e7a algumas formas geom\u00e9tricas e como elas s\u00e3o encontradas no nosso dia-a-dia.<\/p>\n\n\n\n<figure class=\"wp-block-image size-large\"><img fetchpriority=\"high\" decoding=\"async\" width=\"479\" height=\"403\" src=\"http:\/\/sme.goiania.go.gov.br\/conexaoescola\/wp-content\/uploads\/2020\/10\/sc3b3lidos-geomc3a9tricos-cotidiano-e1602185492270.png\" alt=\"\" class=\"wp-image-29635\" srcset=\"https:\/\/sme.goiania.go.gov.br\/conexaoescola\/wp-content\/uploads\/2020\/10\/sc3b3lidos-geomc3a9tricos-cotidiano-e1602185492270.png 479w, https:\/\/sme.goiania.go.gov.br\/conexaoescola\/wp-content\/uploads\/2020\/10\/sc3b3lidos-geomc3a9tricos-cotidiano-e1602185492270-300x252.png 300w\" sizes=\"(max-width: 479px) 100vw, 479px\" \/><figcaption>Link: <a href=\"https:\/\/esquadraodoconhecimento.files.wordpress.com\/2011\/12\/sc3b3lidos-geomc3a9tricos-cotidiano.png\">https:\/\/esquadraodoconhecimento.files.wordpress.com\/2011\/12\/sc3b3lidos-geomc3a9tricos-cotidiano.png<\/a><\/figcaption><\/figure>\n\n\n\n<hr class=\"wp-block-separator has-text-color has-background has-vivid-green-cyan-background-color has-vivid-green-cyan-color\"\/>\n\n\n\n<h2 class=\"has-black-color has-vivid-cyan-blue-background-color has-text-color has-background wp-block-heading\"><strong>ATIVIDADE 4<\/strong><\/h2>\n\n\n\n<p class=\"has-medium-font-size\">Observe sua casa, seus m\u00f3veis, seus objetos, voc\u00ea consegue perceber semelhan\u00e7as entre algum objeto e os s\u00f3lidos geom\u00e9tricos? Anote em seu caderno o que voc\u00ea encontrou (objeto e qual s\u00f3lido geom\u00e9trico ele representa)<\/p>\n\n\n\n<p class=\"has-medium-font-size\">Esses s\u00f3lidos s\u00e3o formados que voc\u00ea encontrou, s\u00e3o formados por quais figuras geom\u00e9tricas planas?<\/p>\n\n\n\n<h2 class=\"has-vivid-green-cyan-background-color has-background wp-block-heading\"><strong>ATIVIDADE 5<\/strong><\/h2>\n\n\n\n<p class=\"has-medium-font-size\">Assista ao v\u00eddeo \u201cArtesanato com Caixas de leite\u201d e, se poss\u00edvel, fa\u00e7a voc\u00ea tamb\u00e9m algum artesanato utilizando material reciclado:<\/p>\n\n\n\n<figure class=\"wp-block-embed is-type-video is-provider-youtube wp-block-embed-youtube wp-embed-aspect-16-9 wp-has-aspect-ratio\"><div class=\"wp-block-embed__wrapper\">\n<p class=\"responsive-video-wrap clr\"><iframe title=\"Artesanato com caixas de leite\" width=\"1200\" height=\"675\" src=\"https:\/\/www.youtube.com\/embed\/mEtfcNYnUlk?feature=oembed\" frameborder=\"0\" allow=\"accelerometer; autoplay; clipboard-write; encrypted-media; gyroscope; picture-in-picture\" allowfullscreen><\/iframe><\/p>\n<\/div><figcaption>&#8220;Artesanato com caixas de leite&#8221; &#8211; Canal: <a href=\"https:\/\/www.youtube.com\/channel\/UCY2KH_MqN0HUihndkcG8JdQ\">Epagri V\u00eddeos<\/a> &#8211; <br>Link: https:\/\/www.youtube.com\/watch?v=mEtfcNYnUlk<\/figcaption><\/figure>\n\n\n\n<hr class=\"wp-block-separator has-text-color has-background has-vivid-purple-background-color has-vivid-purple-color\"\/>\n\n\n\n<figure class=\"wp-block-table alignfull\"><table class=\"has-background\" style=\"background-color:#fcf0ef\"><tbody><tr><td><strong>Componentes:<\/strong><\/td><td><strong>Objetivos de Aprendizagem e Desenvolvimento<\/strong><\/td><\/tr><tr><td>Matem\u00e1tica<\/td><td>(EAJAMA0217) Descrever caracter\u00edsticas de algumas figuras geom\u00e9tricas espaciais presentes em objetos e\/ou em suas representa\u00e7\u00f5es geom\u00e9tricas.<br>(EAJAMA0218) Relacionar figuras geom\u00e9tricas espaciais com suas planifica\u00e7\u00f5es e explorar o significado de planifica\u00e7\u00e3o de uma figura espacial.<\/td><\/tr><\/tbody><\/table><\/figure>\n\n\n\n<hr class=\"wp-block-separator has-text-color has-background has-luminous-vivid-amber-background-color has-luminous-vivid-amber-color\"\/>\n\n\n\n<p class=\"has-text-align-center has-medium-font-size\">EAJA &#8211; Educa\u00e7\u00e3o Financeira e Empreendedorismo &#8211; 1\u00ba Segmento &#8211; 2\u00aa S\u00e9rie<\/p>\n","protected":false},"author":26,"featured_media":29640,"template":"","meta":{"_acf_changed":false,"ocean_post_layout":"","ocean_both_sidebars_style":"","ocean_both_sidebars_content_width":0,"ocean_both_sidebars_sidebars_width":0,"ocean_sidebar":"","ocean_second_sidebar":"","ocean_disable_margins":"enable","ocean_add_body_class":"","ocean_shortcode_before_top_bar":"","ocean_shortcode_after_top_bar":"","ocean_shortcode_before_header":"","ocean_shortcode_after_header":"","ocean_has_shortcode":"","ocean_shortcode_after_title":"","ocean_shortcode_before_footer_widgets":"","ocean_shortcode_after_footer_widgets":"","ocean_shortcode_before_footer_bottom":"","ocean_shortcode_after_footer_bottom":"","ocean_display_top_bar":"default","ocean_display_header":"default","ocean_header_style":"","ocean_center_header_left_menu":"","ocean_custom_header_template":"","ocean_custom_logo":0,"ocean_custom_retina_logo":0,"ocean_custom_logo_max_width":0,"ocean_custom_logo_tablet_max_width":0,"ocean_custom_logo_mobile_max_width":0,"ocean_custom_logo_max_height":0,"ocean_custom_logo_tablet_max_height":0,"ocean_custom_logo_mobile_max_height":0,"ocean_header_custom_menu":"","ocean_menu_typo_font_family":"","ocean_menu_typo_font_subset":"","ocean_menu_typo_font_size":0,"ocean_menu_typo_font_size_tablet":0,"ocean_menu_typo_font_size_mobile":0,"ocean_menu_typo_font_size_unit":"px","ocean_menu_typo_font_weight":"","ocean_menu_typo_font_weight_tablet":"","ocean_menu_typo_font_weight_mobile":"","ocean_menu_typo_transform":"","ocean_menu_typo_transform_tablet":"","ocean_menu_typo_transform_mobile":"","ocean_menu_typo_line_height":0,"ocean_menu_typo_line_height_tablet":0,"ocean_menu_typo_line_height_mobile":0,"ocean_menu_typo_line_height_unit":"","ocean_menu_typo_spacing":0,"ocean_menu_typo_spacing_tablet":0,"ocean_menu_typo_spacing_mobile":0,"ocean_menu_typo_spacing_unit":"","ocean_menu_link_color":"","ocean_menu_link_color_hover":"","ocean_menu_link_color_active":"","ocean_menu_link_background":"","ocean_menu_link_hover_background":"","ocean_menu_link_active_background":"","ocean_menu_social_links_bg":"","ocean_menu_social_hover_links_bg":"","ocean_menu_social_links_color":"","ocean_menu_social_hover_links_color":"","ocean_disable_title":"default","ocean_disable_heading":"default","ocean_post_title":"","ocean_post_subheading":"","ocean_post_title_style":"","ocean_post_title_background_color":"","ocean_post_title_background":0,"ocean_post_title_bg_image_position":"","ocean_post_title_bg_image_attachment":"","ocean_post_title_bg_image_repeat":"","ocean_post_title_bg_image_size":"","ocean_post_title_height":0,"ocean_post_title_bg_overlay":0.5,"ocean_post_title_bg_overlay_color":"","ocean_disable_breadcrumbs":"default","ocean_breadcrumbs_color":"","ocean_breadcrumbs_separator_color":"","ocean_breadcrumbs_links_color":"","ocean_breadcrumbs_links_hover_color":"","ocean_display_footer_widgets":"default","ocean_display_footer_bottom":"default","ocean_custom_footer_template":""},"eaja_categoria":[4],"serie":[71],"eaja_componente":[78],"class_list":["post-29632","eaja","type-eaja","status-publish","has-post-thumbnail","hentry","eaja_categoria-1o-segmento-1a-a-4a-serie","serie-2a-serie","eaja_componente-matematica","entry","has-media"],"acf":[],"_links":{"self":[{"href":"https:\/\/sme.goiania.go.gov.br\/conexaoescola\/wp-json\/wp\/v2\/eaja\/29632","targetHints":{"allow":["GET"]}}],"collection":[{"href":"https:\/\/sme.goiania.go.gov.br\/conexaoescola\/wp-json\/wp\/v2\/eaja"}],"about":[{"href":"https:\/\/sme.goiania.go.gov.br\/conexaoescola\/wp-json\/wp\/v2\/types\/eaja"}],"author":[{"embeddable":true,"href":"https:\/\/sme.goiania.go.gov.br\/conexaoescola\/wp-json\/wp\/v2\/users\/26"}],"wp:featuredmedia":[{"embeddable":true,"href":"https:\/\/sme.goiania.go.gov.br\/conexaoescola\/wp-json\/wp\/v2\/media\/29640"}],"wp:attachment":[{"href":"https:\/\/sme.goiania.go.gov.br\/conexaoescola\/wp-json\/wp\/v2\/media?parent=29632"}],"wp:term":[{"taxonomy":"eaja_categoria","embeddable":true,"href":"https:\/\/sme.goiania.go.gov.br\/conexaoescola\/wp-json\/wp\/v2\/eaja_categoria?post=29632"},{"taxonomy":"serie","embeddable":true,"href":"https:\/\/sme.goiania.go.gov.br\/conexaoescola\/wp-json\/wp\/v2\/serie?post=29632"},{"taxonomy":"eaja_componente","embeddable":true,"href":"https:\/\/sme.goiania.go.gov.br\/conexaoescola\/wp-json\/wp\/v2\/eaja_componente?post=29632"}],"curies":[{"name":"wp","href":"https:\/\/api.w.org\/{rel}","templated":true}]}}