{"id":29592,"date":"2020-10-12T07:00:00","date_gmt":"2020-10-12T10:00:00","guid":{"rendered":"http:\/\/sme.goiania.go.gov.br\/conexaoescola\/?post_type=eaja&#038;p=29592"},"modified":"2021-10-19T09:59:28","modified_gmt":"2021-10-19T12:59:28","slug":"pandemia-corona-virus","status":"publish","type":"eaja","link":"https:\/\/sme.goiania.go.gov.br\/conexaoescola\/eaja\/pandemia-corona-virus\/","title":{"rendered":"Pandemia\/Corona v\u00edrus"},"content":{"rendered":"\n<p class=\"has-drop-cap has-luminous-vivid-amber-background-color has-background has-medium-font-size\">Ol\u00e1! Estamos vivendo mais um marco hist\u00f3rico mundial, registrado antes com outros tipos de doen\u00e7as, disseminadas entre os seres humanos. Mas voc\u00ea saberia dizer o significado da palavra pandemia? Pois bem, toda palavra tem o seu sin\u00f4nimo, significa algo, ou alguma coisa, e seus atributos. Podemos encontrar mais de um significado para as palavras. E para organizar todas as informa\u00e7\u00f5es sobre uma determinada palavra utilizamos o g\u00eanero textual verbetes de enciclop\u00e9dia, dentre outros. Vamos ent\u00e3o aprender como fazer um verbete sobre essa palavra?<\/p>\n\n\n\n<hr class=\"wp-block-separator has-text-color has-background has-vivid-cyan-blue-background-color has-vivid-cyan-blue-color\"\/>\n\n\n\n<p class=\"has-light-green-cyan-background-color has-background has-medium-font-size\">A sociedade do Brasil e do mundo, tem acompanhado por meio das multim\u00eddias sociais, o assunto triste e lament\u00e1vel do momento. Uma pandemia, com resultados tr\u00e1gicos, levando milhares de pessoas ao sofrimento e perdas. Causando reflex\u00f5es e mudan\u00e7as de h\u00e1bitos entre os cidad\u00e3os.<\/p>\n\n\n\n<h2 class=\"has-pale-cyan-blue-background-color has-background wp-block-heading\"><strong>ATIVIDADE 1<\/strong><\/h2>\n\n\n\n<p class=\"has-medium-font-size\">Assista o v\u00eddeo  abaixo: Defini\u00e7\u00f5es e conceitos de pandemia. Fa\u00e7a uma lista dos significados sobre pandemia de acordo com as informa\u00e7\u00f5es do v\u00eddeo, e tamb\u00e9m em dicion\u00e1rios online e impressos.<\/p>\n\n\n\n<figure class=\"wp-block-embed is-type-video is-provider-youtube wp-block-embed-youtube wp-embed-aspect-16-9 wp-has-aspect-ratio\"><div class=\"wp-block-embed__wrapper\">\n<p class=\"responsive-video-wrap clr\"><iframe title=\"UFSC Explica  - Pandemias\" width=\"1200\" height=\"675\" src=\"https:\/\/www.youtube.com\/embed\/RG4UB2Q8rEM?feature=oembed\" frameborder=\"0\" allow=\"accelerometer; autoplay; clipboard-write; encrypted-media; gyroscope; picture-in-picture\" allowfullscreen><\/iframe><\/p>\n<\/div><figcaption>&#8220;UFSC Explica &#8211; Pandemias&#8221; &#8211; Canal: <a href=\"https:\/\/www.youtube.com\/channel\/UCEjx8yNNgDlgPx9pCDbvz3A\">UFSC<\/a> &#8211; Link: https:\/\/www.youtube.com\/watch?v=RG4UB2Q8rEM<\/figcaption><\/figure>\n\n\n\n<p class=\"has-medium-font-size\">Um v\u00edrus chamado Corona v\u00edrus (COVID \u2013 19), ilustrado na figura 1, altamente contagioso, \u00e9 preciso focar os cuidados, a aten\u00e7\u00e3o nas medidas de preven\u00e7\u00e3o.<\/p>\n\n\n\n<figure class=\"wp-block-image\"><img decoding=\"async\" src=\"https:\/\/lh4.googleusercontent.com\/X2uGVE8i9Piia6-Wxxov3EZdU_unlYP2LxZ9kIZzlImnCFRxKGkAj-7QiLv8OOfzcx7TGhKwS8zrbZZNwCLdCOKnD-BMPBzrc4RmU7wCF68XH2Ok0eLCT9HYWtZbXfz7sauYAo4\" alt=\"\"\/><figcaption>Figura 1 &#8211; Link: https:\/\/www.telessaude.unifesp.br\/index.php\/dno\/clipping<\/figcaption><\/figure>\n\n\n\n<hr class=\"wp-block-separator has-text-color has-background has-vivid-purple-background-color has-vivid-purple-color\"\/>\n\n\n\n<h2 class=\"has-light-green-cyan-background-color has-background wp-block-heading\"><strong>ATIVIDADE 2<\/strong><\/h2>\n\n\n\n<p class=\"has-medium-font-size\">Assista aos dois v\u00eddeos abaixo: origem do v\u00edrus e sintomas da COVID-19. Logo ap\u00f3s elabore cinco perguntas sobre o Corona v\u00edrus.<\/p>\n\n\n\n<figure class=\"wp-block-embed is-type-video is-provider-youtube wp-block-embed-youtube wp-embed-aspect-16-9 wp-has-aspect-ratio\"><div class=\"wp-block-embed__wrapper\">\n<p class=\"responsive-video-wrap clr\"><iframe title=\"COVID-19: O QUE \u00c9 O CORONAV\u00cdRUS E COMO ELE SURGIU | SCHWARZA\" width=\"1200\" height=\"675\" src=\"https:\/\/www.youtube.com\/embed\/V15mqi3dWF4?feature=oembed\" frameborder=\"0\" allow=\"accelerometer; autoplay; clipboard-write; encrypted-media; gyroscope; picture-in-picture\" allowfullscreen><\/iframe><\/p>\n<\/div><figcaption>&#8220;COVID-19: O QUE \u00c9 O CORONAV\u00cdRUS E COMO ELE SURGIU | SCHWARZA&#8221; &#8211; Canal: UOL &#8211; <br>Link: https:\/\/www.youtube.com\/watch?v=V15mqi3dWF4<\/figcaption><\/figure>\n\n\n\n<figure class=\"wp-block-embed is-type-video is-provider-youtube wp-block-embed-youtube wp-embed-aspect-16-9 wp-has-aspect-ratio\"><div class=\"wp-block-embed__wrapper\">\n<p class=\"responsive-video-wrap clr\"><iframe title=\"Como s\u00e3o os sintomas da COVID-19? #FiqueEmCasa\" width=\"1200\" height=\"675\" src=\"https:\/\/www.youtube.com\/embed\/X_HC8aCrHdA?feature=oembed\" frameborder=\"0\" allow=\"accelerometer; autoplay; clipboard-write; encrypted-media; gyroscope; picture-in-picture\" allowfullscreen><\/iframe><\/p>\n<\/div><figcaption>&#8220;Como s\u00e3o os sintomas da COVID-19?&#8221; &#8211; Canal: <a href=\"https:\/\/www.youtube.com\/channel\/UCSTlOTcyUmzvhQi6F8lFi5w\">Atila Iamarino<\/a> &#8211; <br>Link: https:\/\/www.youtube.com\/watch?v=X_HC8aCrHdA<\/figcaption><\/figure>\n\n\n\n<hr class=\"wp-block-separator has-text-color has-background has-vivid-purple-background-color has-vivid-purple-color\"\/>\n\n\n\n<h2 class=\"has-white-color has-vivid-red-background-color has-text-color has-background wp-block-heading\"><strong>ATIVIDADE 3<\/strong><\/h2>\n\n\n\n<p class=\"has-medium-font-size\">Assista aos dois v\u00eddeos : Defini\u00e7\u00e3o de verbetes e enciclop\u00e9dia e exemplo. Construa um verbete de enciclop\u00e9dia.<\/p>\n\n\n\n<figure class=\"wp-block-embed is-type-video is-provider-youtube wp-block-embed-youtube wp-embed-aspect-16-9 wp-has-aspect-ratio\"><div class=\"wp-block-embed__wrapper\">\n<p class=\"responsive-video-wrap clr\"><iframe title=\"O que \u00e9 verbete?\" width=\"1200\" height=\"675\" src=\"https:\/\/www.youtube.com\/embed\/TQaXGaTND9o?feature=oembed\" frameborder=\"0\" allow=\"accelerometer; autoplay; clipboard-write; encrypted-media; gyroscope; picture-in-picture\" allowfullscreen><\/iframe><\/p>\n<\/div><figcaption>&#8220;O que \u00e9 verbete?&#8221; &#8211; Canal: <a href=\"https:\/\/www.youtube.com\/channel\/UCiN-3T6l2C6fujDE6Ii43dg\">Ronaldo Costa<\/a> &#8211; Link: https:\/\/www.youtube.com\/watch?v=TQaXGaTND9o<\/figcaption><\/figure>\n\n\n\n<figure class=\"wp-block-embed is-type-video is-provider-youtube wp-block-embed-youtube wp-embed-aspect-16-9 wp-has-aspect-ratio\"><div class=\"wp-block-embed__wrapper\">\n<p class=\"responsive-video-wrap clr\"><iframe title=\"Verbete - You Dicion\u00e1rio - Dicion\u00e1rio da L\u00edngua Portuguesa\" width=\"1200\" height=\"675\" src=\"https:\/\/www.youtube.com\/embed\/PE1jI64EtFI?feature=oembed\" frameborder=\"0\" allow=\"accelerometer; autoplay; clipboard-write; encrypted-media; gyroscope; picture-in-picture\" allowfullscreen><\/iframe><\/p>\n<\/div><figcaption>&#8220;Verbete &#8211; You Dicion\u00e1rio &#8211; Dicion\u00e1rio da L\u00edngua Portuguesa&#8221; &#8211; Canal: <a href=\"https:\/\/www.youtube.com\/channel\/UCQzsYQjFoLXmKI-h992s74g\">You Dicion\u00e1rio<\/a> &#8211; <br>Link: https:\/\/www.youtube.com\/watch?v=PE1jI64EtFI<\/figcaption><\/figure>\n\n\n\n<p class=\"has-medium-font-size\"><strong>SAIBA MAIS: <\/strong><\/p>\n\n\n\n<p class=\"has-medium-font-size\">Para conhecer outras formas de aumentar o sistema imunol\u00f3gico assista as orienta\u00e7\u00f5es do Dr. Renato barra abaixo.<\/p>\n\n\n\n<figure class=\"wp-block-embed is-type-video is-provider-youtube wp-block-embed-youtube wp-embed-aspect-16-9 wp-has-aspect-ratio\"><div class=\"wp-block-embed__wrapper\">\n<p class=\"responsive-video-wrap clr\"><iframe title=\"5 Dicas para Aumentar a Imunidade na Quarentena | IMEB\" width=\"1200\" height=\"675\" src=\"https:\/\/www.youtube.com\/embed\/i4i1kWh-5k0?feature=oembed\" frameborder=\"0\" allow=\"accelerometer; autoplay; clipboard-write; encrypted-media; gyroscope; picture-in-picture\" allowfullscreen><\/iframe><\/p>\n<\/div><figcaption>&#8220;5 Dicas para Aumentar a Imunidade na Quarentena | IMEB&#8221; &#8211; Canal: <a href=\"https:\/\/www.youtube.com\/channel\/UCVxAirLqIXKP2ttE2-5DZ3Q\">Cl\u00ednica IMEB<\/a> &#8211; <br>Link: https:\/\/www.youtube.com\/watch?v=i4i1kWh-5k0<\/figcaption><\/figure>\n\n\n\n<hr class=\"wp-block-separator has-text-color has-background has-vivid-purple-background-color has-vivid-purple-color\"\/>\n\n\n\n<figure class=\"wp-block-table alignfull\"><table class=\"has-background\" style=\"background-color:#e7f5fe\"><tbody><tr><td>Componente(s) Curricular(res)<\/td><td>L\u00edngua Portuguesa<\/td><\/tr><tr><td>Objetivos de Aprendizagem e Desenvolvimento<\/td><td>(EAJALP0437) Planejar e produzir verbetes de enciclop\u00e9dia (digital e\/ou impresso).<\/td><\/tr><\/tbody><\/table><\/figure>\n\n\n\n<hr class=\"wp-block-separator has-text-color has-background has-vivid-purple-background-color has-vivid-purple-color\"\/>\n\n\n\n<figure class=\"wp-block-table alignfull\"><table class=\"has-background\" style=\"background-color:#f3f4f5\"><tbody><tr><td>Professor:<\/td><td>Antonieta Ramos da Silva, Graciete Costa S. de Almeida e Silvana Dias S. Figueredo<\/td><\/tr><tr><td>Institui\u00e7\u00e3o Educacional:<\/td><td>Escola M. Brice Francisco CordeiroEscola M. Donata Monteiro da Motta<\/td><\/tr><\/tbody><\/table><\/figure>\n\n\n\n<hr class=\"wp-block-separator has-text-color has-background has-vivid-purple-background-color has-vivid-purple-color\"\/>\n\n\n\n<p class=\"has-text-align-center has-medium-font-size\">EAJA &#8211; Educa\u00e7\u00e3o Ambiental e Sa\u00fade &#8211; 1\u00ba Segmento &#8211; 4\u00aa S\u00e9rie<\/p>\n","protected":false},"author":26,"featured_media":29595,"template":"","meta":{"_acf_changed":false,"ocean_post_layout":"","ocean_both_sidebars_style":"","ocean_both_sidebars_content_width":0,"ocean_both_sidebars_sidebars_width":0,"ocean_sidebar":"","ocean_second_sidebar":"","ocean_disable_margins":"enable","ocean_add_body_class":"","ocean_shortcode_before_top_bar":"","ocean_shortcode_after_top_bar":"","ocean_shortcode_before_header":"","ocean_shortcode_after_header":"","ocean_has_shortcode":"","ocean_shortcode_after_title":"","ocean_shortcode_before_footer_widgets":"","ocean_shortcode_after_footer_widgets":"","ocean_shortcode_before_footer_bottom":"","ocean_shortcode_after_footer_bottom":"","ocean_display_top_bar":"default","ocean_display_header":"default","ocean_header_style":"","ocean_center_header_left_menu":"","ocean_custom_header_template":"","ocean_custom_logo":0,"ocean_custom_retina_logo":0,"ocean_custom_logo_max_width":0,"ocean_custom_logo_tablet_max_width":0,"ocean_custom_logo_mobile_max_width":0,"ocean_custom_logo_max_height":0,"ocean_custom_logo_tablet_max_height":0,"ocean_custom_logo_mobile_max_height":0,"ocean_header_custom_menu":"","ocean_menu_typo_font_family":"","ocean_menu_typo_font_subset":"","ocean_menu_typo_font_size":0,"ocean_menu_typo_font_size_tablet":0,"ocean_menu_typo_font_size_mobile":0,"ocean_menu_typo_font_size_unit":"px","ocean_menu_typo_font_weight":"","ocean_menu_typo_font_weight_tablet":"","ocean_menu_typo_font_weight_mobile":"","ocean_menu_typo_transform":"","ocean_menu_typo_transform_tablet":"","ocean_menu_typo_transform_mobile":"","ocean_menu_typo_line_height":0,"ocean_menu_typo_line_height_tablet":0,"ocean_menu_typo_line_height_mobile":0,"ocean_menu_typo_line_height_unit":"","ocean_menu_typo_spacing":0,"ocean_menu_typo_spacing_tablet":0,"ocean_menu_typo_spacing_mobile":0,"ocean_menu_typo_spacing_unit":"","ocean_menu_link_color":"","ocean_menu_link_color_hover":"","ocean_menu_link_color_active":"","ocean_menu_link_background":"","ocean_menu_link_hover_background":"","ocean_menu_link_active_background":"","ocean_menu_social_links_bg":"","ocean_menu_social_hover_links_bg":"","ocean_menu_social_links_color":"","ocean_menu_social_hover_links_color":"","ocean_disable_title":"default","ocean_disable_heading":"default","ocean_post_title":"","ocean_post_subheading":"","ocean_post_title_style":"","ocean_post_title_background_color":"","ocean_post_title_background":0,"ocean_post_title_bg_image_position":"","ocean_post_title_bg_image_attachment":"","ocean_post_title_bg_image_repeat":"","ocean_post_title_bg_image_size":"","ocean_post_title_height":0,"ocean_post_title_bg_overlay":0.5,"ocean_post_title_bg_overlay_color":"","ocean_disable_breadcrumbs":"default","ocean_breadcrumbs_color":"","ocean_breadcrumbs_separator_color":"","ocean_breadcrumbs_links_color":"","ocean_breadcrumbs_links_hover_color":"","ocean_display_footer_widgets":"default","ocean_display_footer_bottom":"default","ocean_custom_footer_template":""},"eaja_categoria":[4],"serie":[73],"eaja_componente":[77],"class_list":["post-29592","eaja","type-eaja","status-publish","has-post-thumbnail","hentry","eaja_categoria-1o-segmento-1a-a-4a-serie","serie-4a-serie","eaja_componente-lingua-portuguesa","entry","has-media"],"acf":[],"_links":{"self":[{"href":"https:\/\/sme.goiania.go.gov.br\/conexaoescola\/wp-json\/wp\/v2\/eaja\/29592","targetHints":{"allow":["GET"]}}],"collection":[{"href":"https:\/\/sme.goiania.go.gov.br\/conexaoescola\/wp-json\/wp\/v2\/eaja"}],"about":[{"href":"https:\/\/sme.goiania.go.gov.br\/conexaoescola\/wp-json\/wp\/v2\/types\/eaja"}],"author":[{"embeddable":true,"href":"https:\/\/sme.goiania.go.gov.br\/conexaoescola\/wp-json\/wp\/v2\/users\/26"}],"wp:featuredmedia":[{"embeddable":true,"href":"https:\/\/sme.goiania.go.gov.br\/conexaoescola\/wp-json\/wp\/v2\/media\/29595"}],"wp:attachment":[{"href":"https:\/\/sme.goiania.go.gov.br\/conexaoescola\/wp-json\/wp\/v2\/media?parent=29592"}],"wp:term":[{"taxonomy":"eaja_categoria","embeddable":true,"href":"https:\/\/sme.goiania.go.gov.br\/conexaoescola\/wp-json\/wp\/v2\/eaja_categoria?post=29592"},{"taxonomy":"serie","embeddable":true,"href":"https:\/\/sme.goiania.go.gov.br\/conexaoescola\/wp-json\/wp\/v2\/serie?post=29592"},{"taxonomy":"eaja_componente","embeddable":true,"href":"https:\/\/sme.goiania.go.gov.br\/conexaoescola\/wp-json\/wp\/v2\/eaja_componente?post=29592"}],"curies":[{"name":"wp","href":"https:\/\/api.w.org\/{rel}","templated":true}]}}