{"id":29573,"date":"2020-10-12T07:00:00","date_gmt":"2020-10-12T10:00:00","guid":{"rendered":"http:\/\/sme.goiania.go.gov.br\/conexaoescola\/?post_type=eaja&#038;p=29573"},"modified":"2020-11-05T12:34:33","modified_gmt":"2020-11-05T14:34:33","slug":"fato-ou-opiniao","status":"publish","type":"eaja","link":"https:\/\/sme.goiania.go.gov.br\/conexaoescola\/eaja\/fato-ou-opiniao\/","title":{"rendered":"Fato ou opini\u00e3o?"},"content":{"rendered":"\n<p class=\"has-medium-font-size\">Ol\u00e1, pessoal!<\/p>\n\n\n\n<p class=\"has-medium-font-size\">O assunto de hoje \u00e9 muito legal, ou ao menos essa \u00e9 a minha opini\u00e3o. Ser\u00e1 que \u00e9 a sua tamb\u00e9m? Vamos saber logo logo. Fique atento ao v\u00eddeo que vai assistir agora para saber qual o assunto e se voc\u00ea tamb\u00e9m acha que ele \u00e9 muito legal, assim como eu. Vamos l\u00e1?&nbsp;<\/p>\n\n\n\n<p class=\"has-medium-font-size\">Assista ao v\u00eddeo clicando no link abaixo.<\/p>\n\n\n\n<hr class=\"wp-block-separator\"\/>\n\n\n\n<p><a href=\"https:\/\/www.youtube.com\/watch?v=IEPv0weuDxw&amp;feature=youtu.be \">https:\/\/www.youtube.com\/watch?v=IEPv0weuDxw&amp;feature=youtu.be <\/a>&#8211; V\u00eddeo: Voc\u00ea sabe diferenciar fato de opini\u00e3o?&nbsp; &#8211; 6&#8242;<\/p>\n\n\n\n<hr class=\"wp-block-separator\"\/>\n\n\n\n<p class=\"has-medium-font-size\">Descobriu o tema de hoje? Isso mesmo, vamos falar sobre o que \u00e9 fato e o que \u00e9 opini\u00e3o.<\/p>\n\n\n\n<p class=\"has-medium-font-size\">Vamos fazer um desafio? Vou falar algumas afirma\u00e7\u00f5es, e voc\u00eas me dizem se o que eu falei \u00e9 um fato ou uma opini\u00e3o, vamos l\u00e1?&nbsp;<\/p>\n\n\n\n<p class=\"has-medium-font-size\">A COVID-19 \u00e9 o nome da doen\u00e7a causada pelo coronav\u00edrus\u2026.. Isso mesmo \u00e9 um fato!!!&nbsp;<\/p>\n\n\n\n<p class=\"has-medium-font-size\">O brigadeiro \u00e9 o melhor doce do mundo\u2026.. sim, essa \u00e9 a minha opini\u00e3o, e qual \u00e9 a sua? Brigadeiro tamb\u00e9m???&nbsp;<\/p>\n\n\n\n<p class=\"has-medium-font-size\">A copa do mundo acontece de 4 em 4 anos. A pr\u00f3xima ser\u00e1 em 2022\u2026. Um fato\u2026\u2026 ser\u00e1 que dessa vez o Brasil leva?? Vamos torcer!&nbsp;<\/p>\n\n\n\n<p class=\"has-medium-font-size\">Jogar xadrez \u00e9 mais legal que jogar futebol\u2026.. Uma opini\u00e3o, ali\u00e1s eu adoro jogar e assistir partidas de xadrez, e voc\u00eas? Qual esporte mais gostam de praticar e de assistir?&nbsp;<\/p>\n\n\n\n<p class=\"has-medium-font-size\">Mas ser\u00e1 que s\u00f3 podemos colocar ou fatos ou opini\u00f5es em textos? Ou podemos ter uma opini\u00e3o a partir de um fato?&#8230;. No v\u00eddeo a seguir vamos identificar fatos e opini\u00f5es em um texto biogr\u00e1fico\u2026 Voc\u00eas sabem o que \u00e9 uma biografia?&nbsp;<\/p>\n\n\n\n<p class=\"has-medium-font-size\">De um modo geral as biografias contam a vida de algu\u00e9m. \u00c9 um g\u00eanero liter\u00e1rio em que o autor do texto narra a hist\u00f3ria da vida de uma pessoa e dependendo de quem \u00e9 a pessoa sua biografia inclui aspectos da sua obra, como por exemplo a Biografia da Carmem Miranda, que vamos conhecer um pouquinho nesse v\u00eddeo. Acesse o link abaixo e assista ao v\u00eddeo.<\/p>\n\n\n\n<hr class=\"wp-block-separator\"\/>\n\n\n\n<p><a href=\"http:\/\/multirio.rio.rj.gov.br\/index.php\/estude\/60-cursos\/15205-fato-ou-opini%C3%A3o\">https:\/\/www.youtube.com\/watch?v=fdHA2rhDasU&amp;feature=youtu.be<\/a>  &#8211; <strong>Fato ou opini\u00e3o? &nbsp; &#8211; 9&#8217;18<\/strong><\/p>\n\n\n\n<hr class=\"wp-block-separator\"\/>\n\n\n\n<p class=\"has-medium-font-size\">Gostaram? Como \u00e9 bom saber mais sobre a Carmem Miranda, ouvir suas m\u00fasicas e tamb\u00e9m dar a minha opini\u00e3o sobre elas. <\/p>\n\n\n\n<p class=\"has-medium-font-size\">Mas para voc\u00ea ficar craque em colocar suas opini\u00f5es, vamos praticar um pouco? Na aula que assistimos com a biografia da Carmen Miranda, aprendemos que ao dar uma opini\u00e3o, normalmente, usamos adjetivos que qualificam\u2026Mas o que s\u00e3o adjetivos? E como eles qualificam?&nbsp;<\/p>\n\n\n\n<p class=\"has-medium-font-size\">Adjetivo \u00e9 a palavra que expressa uma qualidade ou um caracter\u00edstica do substantivo &#8211; de quem ou do que&nbsp; estamos falando. Por exemplo:&nbsp;<\/p>\n\n\n\n<p class=\"has-medium-font-size\">Meu cachorro \u00e9 divertido, agrad\u00e1vel e alegre&#8230;<\/p>\n\n\n\n<ul class=\"wp-block-list\"><li>Minha melhor amiga \u00e9 simp\u00e1tica, sincera, criativa e curiosa<\/li><li>O super homem \u00e9 corajoso,&nbsp; forte , franco e valente<\/li><li>Minha professora \u00e9 inteligente, organizada e paciente.&nbsp;<\/li><\/ul>\n\n\n\n<p class=\"has-medium-font-size\">Viram que os adjetivos qualificam os nomes, ou seja, quando adjetivamos, expressamos nossa opini\u00e3o. Agora que voc\u00ea j\u00e1 sabe o que \u00e9 fato e opini\u00e3o, vamos \u00e0 atividade?<\/p>\n\n\n\n<hr class=\"wp-block-separator\"\/>\n\n\n\n<p class=\"has-drop-cap has-medium-font-size\">Atividade:<\/p>\n\n\n\n<p class=\"has-medium-font-size\">Que tal fazer fazer jogo sobre fatos e opini\u00e3o com as pessoas a\u00ed da sua casa?&nbsp;<\/p>\n\n\n\n<p class=\"has-medium-font-size\">Para isso, voc\u00ea vai precisar fazer uma pesquisa sobre algo que goste muito, como por exemplo, futebol, super her\u00f3is, um artista que seja muito querido seu, ou mesmo sobre esse coronav\u00edrus.&nbsp;<\/p>\n\n\n\n<p class=\"has-medium-font-size\">Depois, separe tiras de papel e escreva em cada uma delas fatos sobre o que pesquisou em e algumas opini\u00f5es sobre essa pesquisa.&nbsp;<\/p>\n\n\n\n<p class=\"has-medium-font-size\">Depois \u00e9 s\u00f3 juntar todo mundo e explicar como se joga: voc\u00ea sorteia um papel, l\u00ea o que est\u00e1 escrito e as pessoas dizem se \u00e9 fato ou opini\u00e3o. Quem acertar ganha um ponto. No final, \u00e9 s\u00f3 ver quem fez mais pontos! \u00a0<\/p>\n\n\n\n<hr class=\"wp-block-separator\"\/>\n\n\n\n<p>Este programa foi exibido na TV. Assista-o na \u00edntegra:<\/p>\n\n\n\n<figure class=\"wp-block-embed-youtube wp-block-embed is-type-video is-provider-youtube wp-embed-aspect-16-9 wp-has-aspect-ratio\"><div class=\"wp-block-embed__wrapper\">\n<p class=\"responsive-video-wrap clr\"><iframe title=\"Fato ou opini\u00e3o? - EAJA - \u00c9tica e Cidadania - 14\/10 - Bloco 1\" width=\"1200\" height=\"675\" src=\"https:\/\/www.youtube.com\/embed\/DoWWCx1KTpQ?feature=oembed\" frameborder=\"0\" allow=\"accelerometer; autoplay; clipboard-write; encrypted-media; gyroscope; picture-in-picture\" allowfullscreen><\/iframe><\/p>\n<\/div><figcaption>BLOCO I<\/figcaption><\/figure>\n\n\n\n<hr class=\"wp-block-separator\"\/>\n\n\n\n<figure class=\"wp-block-embed-youtube wp-block-embed is-type-video is-provider-youtube wp-embed-aspect-16-9 wp-has-aspect-ratio\"><div class=\"wp-block-embed__wrapper\">\n<p class=\"responsive-video-wrap clr\"><iframe title=\"Fato ou opini\u00e3o? - EAJA - \u00c9tica e Cidadania - 14\/10 - Bloco 2\" width=\"1200\" height=\"675\" src=\"https:\/\/www.youtube.com\/embed\/mSnSBDmRb84?feature=oembed\" frameborder=\"0\" allow=\"accelerometer; autoplay; clipboard-write; encrypted-media; gyroscope; picture-in-picture\" allowfullscreen><\/iframe><\/p>\n<\/div><figcaption>BLOCO II<\/figcaption><\/figure>\n\n\n\n<hr class=\"wp-block-separator\"\/>\n\n\n\n<figure class=\"wp-block-table\"><table><tbody><tr><td>Hist\u00f3ria<\/td><td>(EAJAHI0209) Identificar objetos e documentos pessoais que remetam \u00e0 pr\u00f3pria experi\u00eancia no \u00e2mbito da fam\u00edlia e\/ou comunidade, discutindo as raz\u00f5es pelas quais alguns objetos s\u00e3o preservados e outros s\u00e3o descartados.<\/td><\/tr><tr><td>L\u00edngua Portuguesa<\/td><td><br> (EAJALP0705) Discernir fato e opini\u00e3o em textos jornal\u00edsticos.<br>(EAJALP0702) Identificar o fato central, os principais temas e opini\u00f5es expostos nas not\u00edcias, nas reportagens, nas entrevistas, entre outros.<br>(EAJALP0761) Analisar os modalizadores discursivos nos textos noticiosos e argumentativos: modos verbais, verbos auxiliares, adjetivos, adv\u00e9rbios, locu\u00e7\u00f5es adjetivas, locu\u00e7\u00f5es adverbiais<br><\/td><\/tr><\/tbody><\/table><figcaption>Objetivos de Aprendizagem e Desenvolvimento<\/figcaption><\/figure>\n\n\n\n<hr class=\"wp-block-separator\"\/>\n","protected":false},"author":18,"featured_media":29576,"template":"","meta":{"_acf_changed":false,"ocean_post_layout":"","ocean_both_sidebars_style":"","ocean_both_sidebars_content_width":0,"ocean_both_sidebars_sidebars_width":0,"ocean_sidebar":"","ocean_second_sidebar":"","ocean_disable_margins":"enable","ocean_add_body_class":"","ocean_shortcode_before_top_bar":"","ocean_shortcode_after_top_bar":"","ocean_shortcode_before_header":"","ocean_shortcode_after_header":"","ocean_has_shortcode":"","ocean_shortcode_after_title":"","ocean_shortcode_before_footer_widgets":"","ocean_shortcode_after_footer_widgets":"","ocean_shortcode_before_footer_bottom":"","ocean_shortcode_after_footer_bottom":"","ocean_display_top_bar":"default","ocean_display_header":"default","ocean_header_style":"","ocean_center_header_left_menu":"","ocean_custom_header_template":"","ocean_custom_logo":0,"ocean_custom_retina_logo":0,"ocean_custom_logo_max_width":0,"ocean_custom_logo_tablet_max_width":0,"ocean_custom_logo_mobile_max_width":0,"ocean_custom_logo_max_height":0,"ocean_custom_logo_tablet_max_height":0,"ocean_custom_logo_mobile_max_height":0,"ocean_header_custom_menu":"","ocean_menu_typo_font_family":"","ocean_menu_typo_font_subset":"","ocean_menu_typo_font_size":0,"ocean_menu_typo_font_size_tablet":0,"ocean_menu_typo_font_size_mobile":0,"ocean_menu_typo_font_size_unit":"px","ocean_menu_typo_font_weight":"","ocean_menu_typo_font_weight_tablet":"","ocean_menu_typo_font_weight_mobile":"","ocean_menu_typo_transform":"","ocean_menu_typo_transform_tablet":"","ocean_menu_typo_transform_mobile":"","ocean_menu_typo_line_height":0,"ocean_menu_typo_line_height_tablet":0,"ocean_menu_typo_line_height_mobile":0,"ocean_menu_typo_line_height_unit":"","ocean_menu_typo_spacing":0,"ocean_menu_typo_spacing_tablet":0,"ocean_menu_typo_spacing_mobile":0,"ocean_menu_typo_spacing_unit":"","ocean_menu_link_color":"","ocean_menu_link_color_hover":"","ocean_menu_link_color_active":"","ocean_menu_link_background":"","ocean_menu_link_hover_background":"","ocean_menu_link_active_background":"","ocean_menu_social_links_bg":"","ocean_menu_social_hover_links_bg":"","ocean_menu_social_links_color":"","ocean_menu_social_hover_links_color":"","ocean_disable_title":"default","ocean_disable_heading":"default","ocean_post_title":"","ocean_post_subheading":"","ocean_post_title_style":"","ocean_post_title_background_color":"","ocean_post_title_background":0,"ocean_post_title_bg_image_position":"","ocean_post_title_bg_image_attachment":"","ocean_post_title_bg_image_repeat":"","ocean_post_title_bg_image_size":"","ocean_post_title_height":0,"ocean_post_title_bg_overlay":0.5,"ocean_post_title_bg_overlay_color":"","ocean_disable_breadcrumbs":"default","ocean_breadcrumbs_color":"","ocean_breadcrumbs_separator_color":"","ocean_breadcrumbs_links_color":"","ocean_breadcrumbs_links_hover_color":"","ocean_display_footer_widgets":"default","ocean_display_footer_bottom":"default","ocean_custom_footer_template":""},"eaja_categoria":[],"serie":[],"eaja_componente":[],"class_list":["post-29573","eaja","type-eaja","status-publish","has-post-thumbnail","hentry","entry","has-media"],"acf":[],"_links":{"self":[{"href":"https:\/\/sme.goiania.go.gov.br\/conexaoescola\/wp-json\/wp\/v2\/eaja\/29573","targetHints":{"allow":["GET"]}}],"collection":[{"href":"https:\/\/sme.goiania.go.gov.br\/conexaoescola\/wp-json\/wp\/v2\/eaja"}],"about":[{"href":"https:\/\/sme.goiania.go.gov.br\/conexaoescola\/wp-json\/wp\/v2\/types\/eaja"}],"author":[{"embeddable":true,"href":"https:\/\/sme.goiania.go.gov.br\/conexaoescola\/wp-json\/wp\/v2\/users\/18"}],"wp:featuredmedia":[{"embeddable":true,"href":"https:\/\/sme.goiania.go.gov.br\/conexaoescola\/wp-json\/wp\/v2\/media\/29576"}],"wp:attachment":[{"href":"https:\/\/sme.goiania.go.gov.br\/conexaoescola\/wp-json\/wp\/v2\/media?parent=29573"}],"wp:term":[{"taxonomy":"eaja_categoria","embeddable":true,"href":"https:\/\/sme.goiania.go.gov.br\/conexaoescola\/wp-json\/wp\/v2\/eaja_categoria?post=29573"},{"taxonomy":"serie","embeddable":true,"href":"https:\/\/sme.goiania.go.gov.br\/conexaoescola\/wp-json\/wp\/v2\/serie?post=29573"},{"taxonomy":"eaja_componente","embeddable":true,"href":"https:\/\/sme.goiania.go.gov.br\/conexaoescola\/wp-json\/wp\/v2\/eaja_componente?post=29573"}],"curies":[{"name":"wp","href":"https:\/\/api.w.org\/{rel}","templated":true}]}}