{"id":25936,"date":"2020-10-12T07:00:00","date_gmt":"2020-10-12T10:00:00","guid":{"rendered":"http:\/\/sme.goiania.go.gov.br\/conexaoescola\/?post_type=eaja&#038;p=25936"},"modified":"2020-10-07T17:02:48","modified_gmt":"2020-10-07T20:02:48","slug":"o-ato-institucional-no-5","status":"publish","type":"eaja","link":"https:\/\/sme.goiania.go.gov.br\/conexaoescola\/eaja\/o-ato-institucional-no-5\/","title":{"rendered":"O Ato Institucional n\u00ba 5"},"content":{"rendered":"\n<p class=\"has-medium-font-size\">Ol\u00e1! O <strong>Ato Institucional n\u00ba 5<\/strong> (<strong>AI-5<\/strong>) tornou-se o maior s\u00edmbolo da repress\u00e3o durante o <a href=\"https:\/\/www.infoescola.com\/historia-do-brasil\/regime-militar\/\">regime militar<\/a>. Chamado de \u201cgolpe dentro do golpe\u201d pelo jornal Correio da Manh\u00e3, esse decreto marca o per\u00edodo denominado \u201c<a href=\"https:\/\/www.infoescola.com\/historia\/anos-de-chumbo\/\">anos de chumbo<\/a>\u201d, que vai do <a href=\"https:\/\/www.infoescola.com\/historia\/governo-de-costa-e-silva\/\">governo de Costa e Silva<\/a> at\u00e9 o fim do <a href=\"https:\/\/www.infoescola.com\/historia-do-brasil\/governo-de-emilio-medici\/\">Governo M\u00e9dici<\/a>.<\/p>\n\n\n\n<p class=\"has-medium-font-size\">Em um contexto de <a href=\"https:\/\/www.infoescola.com\/historia\/greves-operarias\/\">greves oper\u00e1rias<\/a> \u2013 como as ocorridas em Contagem (MG) e Osasco (SP) \u2013 em virtude da pol\u00edtica de arrocho salarial \u2013 e de manifesta\u00e7\u00f5es estudantis \u2013 como a <a href=\"https:\/\/www.infoescola.com\/historia-do-brasil\/passeata-dos-cem-mil\/\">Passeata dos Cem Mil<\/a> \u2013, Costa e Silva passou a enfrentar enorme press\u00e3o para o endurecimento do regime. A linha-dura acreditava ser necess\u00e1rio conter esses movimentos, visto por eles como sinais de avan\u00e7o do <a href=\"https:\/\/www.infoescola.com\/politica\/comunismo\/\">comunismo<\/a> no pa\u00eds. O surgimento de movimentos de <a href=\"https:\/\/www.infoescola.com\/sociedade\/guerrilha-urbana\/\">guerrilha urbana<\/a> e rural nos primeiros anos da ditadura tamb\u00e9m foram fatores motivadores para a edi\u00e7\u00e3o do AI-5.<\/p>\n\n\n\n<p class=\"has-medium-font-size\">Entretanto, o estopim para a edi\u00e7\u00e3o do decreto ocorreu especificamente em 13 de dezembro de 1968 e est\u00e1 relacionado a um acontecimento espec\u00edfico, ocorrido um dia antes. No contexto das manifesta\u00e7\u00f5es estudantis devido \u00e0 morte do estudante \u00c9dson Lu\u00eds Souto durante uma manifesta\u00e7\u00e3o contra o atraso das obras no restaurante estudantil Calabou\u00e7o (RJ), a Pol\u00edcia Militar (PM) invadiu a Universidade de Bras\u00edlia (UNB). Em rea\u00e7\u00e3o, o deputado M\u00e1rcio Moreira Alves, do MDB, discursou no Congresso sugerindo \u00e0 popula\u00e7\u00e3o o boicote ao desfile de 7 de setembro e que as mulheres n\u00e3o namorassem oficiais que fossem coniventes com a viol\u00eancia operada pelos militares. Ofendidos, os militares precisavam suspender a imunidade parlamentar do deputado para process\u00e1-lo, o que foi negado pelo Congresso em 12 de dezembro de 1968. No dia seguinte, foi editado o AI-5, que passou por cima da <a href=\"https:\/\/www.infoescola.com\/historia-do-brasil\/constituicao-de-1967\/\">Constitui\u00e7\u00e3o elaborada pelos pr\u00f3prios militares<\/a> e deu amplos poderes ao <a href=\"https:\/\/www.infoescola.com\/direito\/poder-executivo\/\">Executivo<\/a> para perseguir e punir seus opositores retirando-lhes qualquer garantia constitucional.<\/p>\n\n\n\n<p class=\"has-medium-font-size\">Compreender os efeitos do AI-5 \u00e9 de fundamental import\u00e2ncia para o desenvolvimento da cidadania para que a sedu\u00e7\u00e3o ao retorno a regimes autorit\u00e1rios n\u00e3o ameace as institui\u00e7\u00f5es democr\u00e1ticas que foram constru\u00eddas com muito sacrif\u00edcio.<\/p>\n\n\n\n<hr class=\"wp-block-separator\"\/>\n\n\n\n<h2 class=\"wp-block-heading\"><strong>Atividade 1<\/strong><\/h2>\n\n\n\n<p class=\"has-medium-font-size\">Entenda o que foi a ditadura militar no Brasil<\/p>\n\n\n\n<figure class=\"wp-block-embed-youtube wp-block-embed is-type-video is-provider-youtube wp-embed-aspect-16-9 wp-has-aspect-ratio\"><div class=\"wp-block-embed__wrapper\">\n<p class=\"responsive-video-wrap clr\"><iframe title=\"DITADURA \/ REGIME MILITAR - Resumo Desenhado\" width=\"1200\" height=\"675\" src=\"https:\/\/www.youtube.com\/embed\/93PBy0aZDf0?feature=oembed\" frameborder=\"0\" allow=\"accelerometer; autoplay; clipboard-write; encrypted-media; gyroscope; picture-in-picture\" allowfullscreen><\/iframe><\/p>\n<\/div><figcaption>&#8220;DITADURA \/ REGIME MILITAR &#8211; Resumo Desenhado&#8221; &#8211; Canal: <a href=\"https:\/\/www.youtube.com\/channel\/UCgWcsJMjLeNGLIYlnidkgbQ\">HISTORIAR-TE<\/a> &#8211; <br>Link: <a rel=\"noreferrer noopener\" href=\"https:\/\/www.youtube.com\/watch?v=93PBy0aZDf0\" target=\"_blank\">https:\/\/www.youtube.com\/watch?v=93PBy0aZDf0<\/a><\/figcaption><\/figure>\n\n\n\n<hr class=\"wp-block-separator\"\/>\n\n\n\n<h2 class=\"wp-block-heading\"><strong>Atividade 2<\/strong><\/h2>\n\n\n\n<p class=\"has-medium-font-size\">Acesse o v\u00eddeo a seguir e entenda o que foi o AI-5<\/p>\n\n\n\n<figure class=\"wp-block-embed-youtube wp-block-embed is-type-video is-provider-youtube wp-embed-aspect-16-9 wp-has-aspect-ratio\"><div class=\"wp-block-embed__wrapper\">\n<p class=\"responsive-video-wrap clr\"><iframe title=\"AI 5  - Brasil Escola\" width=\"1200\" height=\"675\" src=\"https:\/\/www.youtube.com\/embed\/Go3TsP4l7II?feature=oembed\" frameborder=\"0\" allow=\"accelerometer; autoplay; clipboard-write; encrypted-media; gyroscope; picture-in-picture\" allowfullscreen><\/iframe><\/p>\n<\/div><figcaption>&#8220;AI 5 &#8211; Brasil Escola&#8221; &#8211; Canal: Brasil Escola &#8211; <br>Link: <a rel=\"noreferrer noopener\" href=\"https:\/\/www.youtube.com\/watch?v=Go3TsP4l7II\" target=\"_blank\">https:\/\/www.youtube.com\/watch?v=Go3TsP4l7II<\/a><\/figcaption><\/figure>\n\n\n\n<hr class=\"wp-block-separator\"\/>\n\n\n\n<h2 class=\"wp-block-heading\"><strong>Atividade 3<\/strong><\/h2>\n\n\n\n<p class=\"has-medium-font-size\">Compreenda a import\u00e2ncia dos Direitos Humanos<\/p>\n\n\n\n<figure class=\"wp-block-embed-youtube wp-block-embed is-type-video is-provider-youtube wp-embed-aspect-16-9 wp-has-aspect-ratio\"><div class=\"wp-block-embed__wrapper\">\n<p class=\"responsive-video-wrap clr\"><iframe title=\"O que s\u00e3o direitos humanos | Glenda Mezarobba\" width=\"1200\" height=\"675\" src=\"https:\/\/www.youtube.com\/embed\/fMBNL4HFEOQ?feature=oembed\" frameborder=\"0\" allow=\"accelerometer; autoplay; clipboard-write; encrypted-media; gyroscope; picture-in-picture\" allowfullscreen><\/iframe><\/p>\n<\/div><figcaption>&#8220;O que s\u00e3o direitos humanos | Glenda Mezarobba&#8221; &#8211; Canal: Casa do Saber &#8211;<br>Link: <a rel=\"noreferrer noopener\" href=\"https:\/\/www.youtube.com\/watch?v=fMBNL4HFEOQ\" target=\"_blank\">https:\/\/www.youtube.com\/watch?v=fMBNL4HFEOQ<\/a><\/figcaption><\/figure>\n\n\n\n<hr class=\"wp-block-separator\"\/>\n\n\n\n<p class=\"has-text-color has-background has-medium-font-size has-very-light-gray-color has-vivid-green-cyan-background-color\">Saiba Mais | Refer\u00eancias:<\/p>\n\n\n\n<p class=\"has-medium-font-size\">Assista ao document\u00e1rio que analisa a resist\u00eancia dos advogados durante os anos de chumbo.<\/p>\n\n\n\n<p class=\"has-medium-font-size\">T\u00edtulo: <strong>Os Advogados contra a Ditadura: Por uma quest\u00e3o de Justi\u00e7a<\/strong><\/p>\n\n\n\n<figure class=\"wp-block-embed-youtube wp-block-embed is-type-video is-provider-youtube wp-embed-aspect-16-9 wp-has-aspect-ratio\"><div class=\"wp-block-embed__wrapper\">\n<p class=\"responsive-video-wrap clr\"><iframe title=\"Filme: Os Advogados contra a Ditadura: Por uma quest\u00e3o de Justi\u00e7a\" width=\"1200\" height=\"675\" src=\"https:\/\/www.youtube.com\/embed\/fhRJxeFfbYM?feature=oembed\" frameborder=\"0\" allow=\"accelerometer; autoplay; clipboard-write; encrypted-media; gyroscope; picture-in-picture\" allowfullscreen><\/iframe><\/p>\n<\/div><figcaption>&#8220;Filme: Os Advogados contra a Ditadura: Por uma quest\u00e3o de Justi\u00e7a&#8221; &#8211; Canal: <a href=\"https:\/\/www.youtube.com\/channel\/UCDey6VruQbsEEQ5TgvxHHKw\">Minist\u00e9rio da Justi\u00e7a e Seguran\u00e7a P\u00fablica<\/a> &#8211;<br>Link: <a rel=\"noreferrer noopener\" href=\"https:\/\/www.youtube.com\/watch?v=fhRJxeFfbYM\" target=\"_blank\">https:\/\/www.youtube.com\/watch?v=fhRJxeFfbYM<\/a><\/figcaption><\/figure>\n\n\n\n<p class=\"has-medium-font-size\">Conhe\u00e7a os Presidentes do regime civil e militar no Brasil<\/p>\n\n\n\n<p class=\"has-medium-font-size\">Assista aos v\u00eddeos a seguir:<\/p>\n\n\n\n<p class=\"has-medium-font-size\"><strong>Conhecendo os Presidentes &#8211; Ep. 24: Artur da Costa e Silva<\/strong><\/p>\n\n\n\n<figure class=\"wp-block-embed-youtube wp-block-embed is-type-video is-provider-youtube wp-embed-aspect-4-3 wp-has-aspect-ratio\"><div class=\"wp-block-embed__wrapper\">\n<p class=\"responsive-video-wrap clr\"><iframe title=\"Conhecendo os Presidentes - Ep. 24: Artur da Costa e Silva\" width=\"1200\" height=\"900\" src=\"https:\/\/www.youtube.com\/embed\/FmeDdsduFJY?feature=oembed\" frameborder=\"0\" allow=\"accelerometer; autoplay; clipboard-write; encrypted-media; gyroscope; picture-in-picture\" allowfullscreen><\/iframe><\/p>\n<\/div><figcaption>&#8220;Conhecendo os Presidentes &#8211; Ep. 24: Artur da Costa e Silva&#8221; &#8211; Canal Futura &#8211;<br>Link: <a rel=\"noreferrer noopener\" href=\"https:\/\/www.youtube.com\/watch?v=FmeDdsduFJY\" target=\"_blank\">https:\/\/www.youtube.com\/watch?v=FmeDdsduFJY<\/a><\/figcaption><\/figure>\n\n\n\n<p class=\"has-medium-font-size\"><strong>Conhecendo os Presidentes &#8211; Ep. 25: Em\u00edlio M\u00e9dici<\/strong><\/p>\n\n\n\n<figure class=\"wp-block-embed-youtube wp-block-embed is-type-video is-provider-youtube wp-embed-aspect-4-3 wp-has-aspect-ratio\"><div class=\"wp-block-embed__wrapper\">\n<p class=\"responsive-video-wrap clr\"><iframe title=\"Conhecendo os Presidentes - Ep. 25: Em\u00edlio M\u00e9dici\" width=\"1200\" height=\"900\" src=\"https:\/\/www.youtube.com\/embed\/spHG9s1-sMg?feature=oembed\" frameborder=\"0\" allow=\"accelerometer; autoplay; clipboard-write; encrypted-media; gyroscope; picture-in-picture\" allowfullscreen><\/iframe><\/p>\n<\/div><figcaption>&#8220;Conhecendo os Presidentes &#8211; Ep. 25: Em\u00edlio M\u00e9dici&#8221; &#8211; Canal: Canal Futura &#8211;<br>Link: <a rel=\"noreferrer noopener\" href=\"https:\/\/www.youtube.com\/watch?v=spHG9s1-sMg\" target=\"_blank\">https:\/\/www.youtube.com\/watch?v=spHG9s1-sMg<\/a><\/figcaption><\/figure>\n\n\n\n<hr class=\"wp-block-separator\"\/>\n\n\n\n<figure class=\"wp-block-table alignfull is-style-regular\"><table><tbody><tr><td>Componente(s) Curricular(res)<\/td><td>Hist\u00f3ria<\/td><\/tr><tr><td>Objetivos de Aprendizagem e Desenvolvimento<\/td><td>(EF09HI19) Identificar e compreender o processo que resultou na ditadura civil-militar no Brasil e discutir a emerg\u00eancia de quest\u00f5es relacionadas \u00e0 mem\u00f3ria e \u00e0 justi\u00e7a sobre os casos de viola\u00e7\u00e3o dos direitos humanos. <a href=\"javascript:__doPostBack('ctl00$ctl00$cphFuncionalidade$cphCampos$treeView','sHabilidades%5C%5C57030616')\">(EF09HI20) Discutir os processos de resist\u00eancia e as propostas de reorganiza\u00e7\u00e3o da sociedade brasileira durante a ditadura civil-militar.<\/a><\/td><\/tr><tr><td>Professor<\/td><td>Reginaldo Lima de Aquino<\/td><\/tr><tr><td>Coordenador(a) Curador (a)<\/td><td>Elaine Ferreira Paranhos e Irene de Assis<\/td><\/tr><tr><td>Institui\u00e7\u00e3o Educacional<\/td><td>Escola Municipal Jo\u00e3o Braz\/ E. M. Prof\u00aa Cleonice Monteiro Wolney (Coletivo \u00danico)<\/td><\/tr><tr><td>CRE<\/td><td>BRETAS<\/td><\/tr><\/tbody><\/table><\/figure>\n\n\n\n<hr class=\"wp-block-separator\"\/>\n\n\n\n<p class=\"has-text-align-center has-medium-font-size\">EAJA \u2013 \u00c9tica e Cidadania \u2013 2\u00b0 Segmento \u2013 7\u00aa a 8\u00aa s\u00e9ries<\/p>\n","protected":false},"author":27,"featured_media":25977,"template":"","meta":{"_acf_changed":false,"ocean_post_layout":"","ocean_both_sidebars_style":"","ocean_both_sidebars_content_width":0,"ocean_both_sidebars_sidebars_width":0,"ocean_sidebar":"","ocean_second_sidebar":"","ocean_disable_margins":"enable","ocean_add_body_class":"","ocean_shortcode_before_top_bar":"","ocean_shortcode_after_top_bar":"","ocean_shortcode_before_header":"","ocean_shortcode_after_header":"","ocean_has_shortcode":"","ocean_shortcode_after_title":"","ocean_shortcode_before_footer_widgets":"","ocean_shortcode_after_footer_widgets":"","ocean_shortcode_before_footer_bottom":"","ocean_shortcode_after_footer_bottom":"","ocean_display_top_bar":"default","ocean_display_header":"default","ocean_header_style":"","ocean_center_header_left_menu":"","ocean_custom_header_template":"","ocean_custom_logo":0,"ocean_custom_retina_logo":0,"ocean_custom_logo_max_width":0,"ocean_custom_logo_tablet_max_width":0,"ocean_custom_logo_mobile_max_width":0,"ocean_custom_logo_max_height":0,"ocean_custom_logo_tablet_max_height":0,"ocean_custom_logo_mobile_max_height":0,"ocean_header_custom_menu":"","ocean_menu_typo_font_family":"","ocean_menu_typo_font_subset":"","ocean_menu_typo_font_size":0,"ocean_menu_typo_font_size_tablet":0,"ocean_menu_typo_font_size_mobile":0,"ocean_menu_typo_font_size_unit":"px","ocean_menu_typo_font_weight":"","ocean_menu_typo_font_weight_tablet":"","ocean_menu_typo_font_weight_mobile":"","ocean_menu_typo_transform":"","ocean_menu_typo_transform_tablet":"","ocean_menu_typo_transform_mobile":"","ocean_menu_typo_line_height":0,"ocean_menu_typo_line_height_tablet":0,"ocean_menu_typo_line_height_mobile":0,"ocean_menu_typo_line_height_unit":"","ocean_menu_typo_spacing":0,"ocean_menu_typo_spacing_tablet":0,"ocean_menu_typo_spacing_mobile":0,"ocean_menu_typo_spacing_unit":"","ocean_menu_link_color":"","ocean_menu_link_color_hover":"","ocean_menu_link_color_active":"","ocean_menu_link_background":"","ocean_menu_link_hover_background":"","ocean_menu_link_active_background":"","ocean_menu_social_links_bg":"","ocean_menu_social_hover_links_bg":"","ocean_menu_social_links_color":"","ocean_menu_social_hover_links_color":"","ocean_disable_title":"default","ocean_disable_heading":"default","ocean_post_title":"","ocean_post_subheading":"","ocean_post_title_style":"","ocean_post_title_background_color":"","ocean_post_title_background":0,"ocean_post_title_bg_image_position":"","ocean_post_title_bg_image_attachment":"","ocean_post_title_bg_image_repeat":"","ocean_post_title_bg_image_size":"","ocean_post_title_height":0,"ocean_post_title_bg_overlay":0.5,"ocean_post_title_bg_overlay_color":"","ocean_disable_breadcrumbs":"default","ocean_breadcrumbs_color":"","ocean_breadcrumbs_separator_color":"","ocean_breadcrumbs_links_color":"","ocean_breadcrumbs_links_hover_color":"","ocean_display_footer_widgets":"default","ocean_display_footer_bottom":"default","ocean_custom_footer_template":""},"eaja_categoria":[],"serie":[],"eaja_componente":[],"class_list":["post-25936","eaja","type-eaja","status-publish","has-post-thumbnail","hentry","entry","has-media"],"acf":[],"_links":{"self":[{"href":"https:\/\/sme.goiania.go.gov.br\/conexaoescola\/wp-json\/wp\/v2\/eaja\/25936","targetHints":{"allow":["GET"]}}],"collection":[{"href":"https:\/\/sme.goiania.go.gov.br\/conexaoescola\/wp-json\/wp\/v2\/eaja"}],"about":[{"href":"https:\/\/sme.goiania.go.gov.br\/conexaoescola\/wp-json\/wp\/v2\/types\/eaja"}],"author":[{"embeddable":true,"href":"https:\/\/sme.goiania.go.gov.br\/conexaoescola\/wp-json\/wp\/v2\/users\/27"}],"wp:featuredmedia":[{"embeddable":true,"href":"https:\/\/sme.goiania.go.gov.br\/conexaoescola\/wp-json\/wp\/v2\/media\/25977"}],"wp:attachment":[{"href":"https:\/\/sme.goiania.go.gov.br\/conexaoescola\/wp-json\/wp\/v2\/media?parent=25936"}],"wp:term":[{"taxonomy":"eaja_categoria","embeddable":true,"href":"https:\/\/sme.goiania.go.gov.br\/conexaoescola\/wp-json\/wp\/v2\/eaja_categoria?post=25936"},{"taxonomy":"serie","embeddable":true,"href":"https:\/\/sme.goiania.go.gov.br\/conexaoescola\/wp-json\/wp\/v2\/serie?post=25936"},{"taxonomy":"eaja_componente","embeddable":true,"href":"https:\/\/sme.goiania.go.gov.br\/conexaoescola\/wp-json\/wp\/v2\/eaja_componente?post=25936"}],"curies":[{"name":"wp","href":"https:\/\/api.w.org\/{rel}","templated":true}]}}