{"id":2270,"date":"2020-06-01T14:34:00","date_gmt":"2020-06-01T17:34:00","guid":{"rendered":"http:\/\/sme.goiania.go.gov.br\/conexaoescola\/?post_type=eaja&#038;p=2270"},"modified":"2021-11-17T12:39:14","modified_gmt":"2021-11-17T14:39:14","slug":"exodo-rural-e-migracao","status":"publish","type":"eaja","link":"https:\/\/sme.goiania.go.gov.br\/conexaoescola\/eaja\/exodo-rural-e-migracao\/","title":{"rendered":"\u00caxodo Rural e Migra\u00e7\u00e3o"},"content":{"rendered":"\n<figure class=\"wp-block-embed is-type-video is-provider-youtube wp-block-embed-youtube wp-embed-aspect-16-9 wp-has-aspect-ratio\"><div class=\"wp-block-embed__wrapper\">\n<p class=\"responsive-video-wrap clr\"><iframe title=\"\u00caxodo Rural e Migra\u00e7\u00e3o | EAJA - 1\u00ba Segmento | \u00c9tica e Cidadania\" width=\"1200\" height=\"675\" src=\"https:\/\/www.youtube.com\/embed\/6G-0tjEnOh4?feature=oembed\" frameborder=\"0\" allow=\"accelerometer; autoplay; clipboard-write; encrypted-media; gyroscope; picture-in-picture\" allowfullscreen><\/iframe><\/p>\n<\/div><figcaption>Fonte: Youtube, &#8220;Migra\u00e7\u00e3o e \u00caxodo Rural &#8211; EAJA &#8211; \u00c9tica e Cidadania &#8211; 4\u00aa S\u00e9rie&#8221; do canal Portal Conex\u00e3o Escola<\/figcaption><\/figure>\n\n\n\n<p class=\"has-drop-cap has-vivid-green-cyan-background-color has-background has-medium-font-size\">Grande parte das fam\u00edlias que vivem em nossa cidade \u00e9 migrante, isto \u00e9, veio de outros lugares do Brasil para nossa regi\u00e3o. Al\u00e9m disso, o \u00eaxodo rural, processo de sa\u00edda da zona rural para cidade, \u00e9 um fen\u00f4meno que se acentuou no Brasil a partir do ano 1960, do s\u00e9culo passado. A mecaniza\u00e7\u00e3o da agricultura tirou o homem do campo e criou um processo acelerado de crescimento das grandes cidades, formando bols\u00f5es de pobreza nos centros urbanos.<\/p>\n\n\n\n<figure class=\"wp-block-image size-large\"><img decoding=\"async\" src=\"http:\/\/www.comciencia.br\/wp-content\/uploads\/2018\/11\/jacoblawrence_-672x372.jpg\" alt=\"\"\/><figcaption><a href=\"http:\/\/www.comciencia.br\/category\/artigo\/\" target=\"_blank\" rel=\"noreferrer noopener\">ARTIGO<\/a>,&nbsp;<a href=\"http:\/\/www.comciencia.br\/category\/_dossie-203\/\" target=\"_blank\" rel=\"noreferrer noopener\">_DOSSI\u00ca 203<\/a> &#8211; BRASIL, PA\u00cdS DE EXPULS\u00c3O? DESEMPREGO E EMIGRA\u00c7\u00c3O NO BRASIL &#8211; &nbsp;<em><strong>ComCi\u00eancia<\/strong><\/em> &#8211; Link:<a href=\"http:\/\/www.comciencia.br\/brasil-pais-de-expulsao-desemprego-e-emigracao-no-brasil\/\" target=\"_blank\" rel=\"noreferrer noopener\">http:\/\/www.comciencia.br\/brasil-pais-de-expulsao-desemprego-e-emigracao-no-brasil\/<\/a><\/figcaption><\/figure>\n\n\n\n<hr class=\"wp-block-separator\"\/>\n\n\n\n<h1 class=\"has-luminous-vivid-amber-background-color has-background wp-block-heading\">Atividade 1<\/h1>\n\n\n\n<p class=\"has-medium-font-size\">Acesse o link a seguir e assista ao v\u00eddeo com sua fam\u00edlia:<\/p>\n\n\n\n<figure class=\"wp-block-embed is-type-video is-provider-youtube wp-block-embed-youtube wp-embed-aspect-4-3 wp-has-aspect-ratio\"><div class=\"wp-block-embed__wrapper\">\n<p class=\"responsive-video-wrap clr\"><iframe title=\"Jair Rodrigues     Disparada wmv\" width=\"1200\" height=\"900\" src=\"https:\/\/www.youtube.com\/embed\/5wgG7jbA9-w?feature=oembed\" frameborder=\"0\" allow=\"accelerometer; autoplay; clipboard-write; encrypted-media; gyroscope; picture-in-picture\" allowfullscreen><\/iframe><\/p>\n<\/div><figcaption>&#8220;Jair Rodrigues Disparada wmv&#8221; &#8211; Mauricio batista de queiroz &#8211; Link: <a rel=\"noreferrer noopener\" href=\"https:\/\/www.youtube.com\/watch?v=5wgG7jbA9-w\" target=\"_blank\">https:\/\/www.youtube.com\/watch?v=5wgG7jbA9-w<\/a><\/figcaption><\/figure>\n\n\n\n<hr class=\"wp-block-separator\"\/>\n\n\n\n<h1 class=\"has-black-color has-vivid-cyan-blue-background-color has-text-color has-background wp-block-heading\">Atividade 2<\/h1>\n\n\n\n<p class=\"has-medium-font-size\">Ap\u00f3s ouvir essa m\u00fasica, reflita:<\/p>\n\n\n\n<ul class=\"has-blush-light-purple-gradient-background has-background has-medium-font-size wp-block-list\"><li>Voc\u00ea se identifica com a hist\u00f3ria dessa m\u00fasica? Por qu\u00ea?<\/li><li>Voc\u00ea ou sua fam\u00edlia veio da zona rural para cidade? Por qu\u00ea?<\/li><li>Quais s\u00e3o as dificuldades que uma fam\u00edlia, saindo da zona rural, enfrenta em uma grande cidade, hoje em dia?<\/li><\/ul>\n\n\n\n<hr class=\"wp-block-separator\"\/>\n\n\n\n<h1 class=\"has-black-color has-luminous-vivid-orange-background-color has-text-color has-background wp-block-heading\">Atividade 3<\/h1>\n\n\n\n<p class=\"has-medium-font-size\">Atualmente, muitas fam\u00edlias saem, principalmente, de estados do Nordeste e do Norte do Brasil e mudam para as grandes cidades do Sudeste e Centro-Oeste. Reflita com os seus familiares sobre a quest\u00e3o a seguir:<\/p>\n\n\n\n<ul class=\"has-medium-font-size wp-block-list\"><li>Por que essas fam\u00edlias deixam a sua terra e aventuraram em outras regi\u00f5es distantes? (Voc\u00ea pode fazer uma pesquisa na internet sobre o tema).<\/li><\/ul>\n\n\n\n<hr class=\"wp-block-separator\"\/>\n\n\n\n<h1 class=\"has-white-color has-vivid-purple-background-color has-text-color has-background wp-block-heading\">Atividade 4<\/h1>\n\n\n\n<p class=\"has-medium-font-size\">Observe o modelo de manchete abaixo:<\/p>\n\n\n\n<div class=\"wp-block-image\"><figure class=\"aligncenter size-large is-resized\"><img fetchpriority=\"high\" decoding=\"async\" src=\"https:\/\/www.unicamp.br\/unicamp\/sites\/default\/files\/styles\/capa_jornal\/public\/ju_capa_9.jpg?itok=QSK3-pk5\" alt=\"\" width=\"494\" height=\"785\"\/><figcaption>Unicamp &#8211; <a rel=\"noreferrer noopener\" href=\"https:\/\/www.unicamp.br\/unicamp\/ju\" target=\"_blank\">Jornal da Unicamp<\/a> &#8211; Link: <a href=\"https:\/\/www.unicamp.br\/unicamp\/ju\/657\/freio-no-exodo-rural\" target=\"_blank\" rel=\"noreferrer noopener\">https:\/\/www.unicamp.br\/unicamp\/ju\/657\/freio-no-exodo-rural<\/a><\/figcaption><\/figure><\/div>\n\n\n\n<p class=\"has-medium-font-size\">Pesquise, na internet ou converse com algu\u00e9m, sobre como elaborar uma not\u00edcia. O que \u00e9 uma manchete? Quais s\u00e3o as caracter\u00edsticas desse tipo de texto?<\/p>\n\n\n\n<hr class=\"wp-block-separator\"\/>\n\n\n\n<h1 class=\"has-light-green-cyan-background-color has-background wp-block-heading\">Atividade 5<\/h1>\n\n\n\n<p class=\"has-medium-font-size\">Elabore uma not\u00edcia para o jornal da Escola, contando a hist\u00f3ria de uma fam\u00edlia que deixou a zona rural e mudou para uma grande cidade. N\u00e3o deixe de elaborar uma manchete para a sua not\u00edcia.<br><\/p>\n\n\n\n<hr class=\"wp-block-separator\"\/>\n\n\n\n<figure class=\"wp-block-table alignfull\"><table><tbody><tr><td><strong>Componentes:<\/strong><\/td><td><strong>Objetivos de Aprendizagem e Desenvolvimento<\/strong>:<\/td><\/tr><tr><td>Hist\u00f3ria<\/td><td>(EAJAHI0410) Compreender e relacionar os processos de ocupa\u00e7\u00e3o do campo e das cidades e como eles interferem na organiza\u00e7\u00e3o social, pol\u00edtica e econ\u00f4mica.<br>(EAJAHI0411) Contextualizar os fen\u00f4menos hist\u00f3ricos que se relacionam ao \u00eaxodo rural.<br>(EAJAHI0412) Identificar as transforma\u00e7\u00f5es ocorridas nos processos de deslocamento de pessoas e mercadorias, analisando as formas de adapta\u00e7\u00e3o ou de marginaliza\u00e7\u00e3o<\/td><\/tr><tr><td>L\u00edngua Portuguesa<\/td><td>(EAJALP0415) Identificar, em not\u00edcias, fatos, participantes, local e momento\/tempo da ocorr\u00eancia.<br>(EAJALP0441) Produzir not\u00edcias sobre fatos ocorridos no universo escolar.<br>(EAJALP0442) Expressar pontos de vista sobre temas relacionados \u00e0 viv\u00eancias na escola e\/ou na comunidade.<\/td><\/tr><\/tbody><\/table><\/figure>\n\n\n\n<p><\/p>\n","protected":false},"author":12,"featured_media":2288,"template":"","meta":{"_acf_changed":false,"ocean_post_layout":"","ocean_both_sidebars_style":"","ocean_both_sidebars_content_width":0,"ocean_both_sidebars_sidebars_width":0,"ocean_sidebar":"","ocean_second_sidebar":"","ocean_disable_margins":"enable","ocean_add_body_class":"","ocean_shortcode_before_top_bar":"","ocean_shortcode_after_top_bar":"","ocean_shortcode_before_header":"","ocean_shortcode_after_header":"","ocean_has_shortcode":"","ocean_shortcode_after_title":"","ocean_shortcode_before_footer_widgets":"","ocean_shortcode_after_footer_widgets":"","ocean_shortcode_before_footer_bottom":"","ocean_shortcode_after_footer_bottom":"","ocean_display_top_bar":"default","ocean_display_header":"default","ocean_header_style":"","ocean_center_header_left_menu":"","ocean_custom_header_template":"","ocean_custom_logo":0,"ocean_custom_retina_logo":0,"ocean_custom_logo_max_width":0,"ocean_custom_logo_tablet_max_width":0,"ocean_custom_logo_mobile_max_width":0,"ocean_custom_logo_max_height":0,"ocean_custom_logo_tablet_max_height":0,"ocean_custom_logo_mobile_max_height":0,"ocean_header_custom_menu":"","ocean_menu_typo_font_family":"","ocean_menu_typo_font_subset":"","ocean_menu_typo_font_size":0,"ocean_menu_typo_font_size_tablet":0,"ocean_menu_typo_font_size_mobile":0,"ocean_menu_typo_font_size_unit":"px","ocean_menu_typo_font_weight":"","ocean_menu_typo_font_weight_tablet":"","ocean_menu_typo_font_weight_mobile":"","ocean_menu_typo_transform":"","ocean_menu_typo_transform_tablet":"","ocean_menu_typo_transform_mobile":"","ocean_menu_typo_line_height":0,"ocean_menu_typo_line_height_tablet":0,"ocean_menu_typo_line_height_mobile":0,"ocean_menu_typo_line_height_unit":"","ocean_menu_typo_spacing":0,"ocean_menu_typo_spacing_tablet":0,"ocean_menu_typo_spacing_mobile":0,"ocean_menu_typo_spacing_unit":"","ocean_menu_link_color":"","ocean_menu_link_color_hover":"","ocean_menu_link_color_active":"","ocean_menu_link_background":"","ocean_menu_link_hover_background":"","ocean_menu_link_active_background":"","ocean_menu_social_links_bg":"","ocean_menu_social_hover_links_bg":"","ocean_menu_social_links_color":"","ocean_menu_social_hover_links_color":"","ocean_disable_title":"default","ocean_disable_heading":"default","ocean_post_title":"","ocean_post_subheading":"","ocean_post_title_style":"","ocean_post_title_background_color":"","ocean_post_title_background":0,"ocean_post_title_bg_image_position":"","ocean_post_title_bg_image_attachment":"","ocean_post_title_bg_image_repeat":"","ocean_post_title_bg_image_size":"","ocean_post_title_height":0,"ocean_post_title_bg_overlay":0.5,"ocean_post_title_bg_overlay_color":"","ocean_disable_breadcrumbs":"default","ocean_breadcrumbs_color":"","ocean_breadcrumbs_separator_color":"","ocean_breadcrumbs_links_color":"","ocean_breadcrumbs_links_hover_color":"","ocean_display_footer_widgets":"default","ocean_display_footer_bottom":"default","ocean_custom_footer_template":""},"eaja_categoria":[4],"serie":[73],"eaja_componente":[79,77],"class_list":["post-2270","eaja","type-eaja","status-publish","has-post-thumbnail","hentry","eaja_categoria-1o-segmento-1a-a-4a-serie","serie-4a-serie","eaja_componente-historia","eaja_componente-lingua-portuguesa","entry","has-media"],"acf":[],"_links":{"self":[{"href":"https:\/\/sme.goiania.go.gov.br\/conexaoescola\/wp-json\/wp\/v2\/eaja\/2270","targetHints":{"allow":["GET"]}}],"collection":[{"href":"https:\/\/sme.goiania.go.gov.br\/conexaoescola\/wp-json\/wp\/v2\/eaja"}],"about":[{"href":"https:\/\/sme.goiania.go.gov.br\/conexaoescola\/wp-json\/wp\/v2\/types\/eaja"}],"author":[{"embeddable":true,"href":"https:\/\/sme.goiania.go.gov.br\/conexaoescola\/wp-json\/wp\/v2\/users\/12"}],"wp:featuredmedia":[{"embeddable":true,"href":"https:\/\/sme.goiania.go.gov.br\/conexaoescola\/wp-json\/wp\/v2\/media\/2288"}],"wp:attachment":[{"href":"https:\/\/sme.goiania.go.gov.br\/conexaoescola\/wp-json\/wp\/v2\/media?parent=2270"}],"wp:term":[{"taxonomy":"eaja_categoria","embeddable":true,"href":"https:\/\/sme.goiania.go.gov.br\/conexaoescola\/wp-json\/wp\/v2\/eaja_categoria?post=2270"},{"taxonomy":"serie","embeddable":true,"href":"https:\/\/sme.goiania.go.gov.br\/conexaoescola\/wp-json\/wp\/v2\/serie?post=2270"},{"taxonomy":"eaja_componente","embeddable":true,"href":"https:\/\/sme.goiania.go.gov.br\/conexaoescola\/wp-json\/wp\/v2\/eaja_componente?post=2270"}],"curies":[{"name":"wp","href":"https:\/\/api.w.org\/{rel}","templated":true}]}}