{"id":191815,"date":"2025-01-17T15:11:54","date_gmt":"2025-01-17T18:11:54","guid":{"rendered":"https:\/\/sme.goiania.go.gov.br\/conexaoescola\/?post_type=eaja&#038;p=191815"},"modified":"2025-01-17T15:18:08","modified_gmt":"2025-01-17T18:18:08","slug":"lingua-portuguesa-o-chamado-das-pedras-cora-coralina","status":"publish","type":"eaja","link":"https:\/\/sme.goiania.go.gov.br\/conexaoescola\/eaja\/lingua-portuguesa-o-chamado-das-pedras-cora-coralina\/","title":{"rendered":"L\u00edngua Portuguesa &#8211; O chamado das pedras &#8211; Cora Coralina"},"content":{"rendered":"\n<p class=\"has-text-align-center has-black-color has-text-color has-background has-link-color has-medium-font-size wp-elements-00d1bbea89d7bb2cadb8a13a8e9edd3c\" style=\"background-color:#f78da873\">Esta proposta de atividade de\u00a0<strong>L\u00edngua Portuguesa<\/strong>\u00a0\u00e9 destinada aos estudantes do\u00a0<strong>4\u00ba Per\u00edodo<\/strong>\u00a0da Educa\u00e7\u00e3o de Jovens e Adultos \u2013 EJA.<\/p>\n\n\n\n<div class=\"wp-block-buttons is-content-justification-center is-layout-flex wp-container-core-buttons-is-layout-16018d1d wp-block-buttons-is-layout-flex\">\n<div class=\"wp-block-button has-custom-font-size has-medium-font-size\"><a class=\"wp-block-button__link has-white-color has-black-background-color has-text-color has-background has-link-color wp-element-button\" href=\"https:\/\/drive.google.com\/uc?export=download&amp;id=1eMohLzaRjUKZc2d-lII9PtbJxKbDD4O1\">BAIXE A ATIVIDADE<\/a><\/div>\n\n\n\n<div class=\"wp-block-button has-custom-font-size has-medium-font-size\"><a class=\"wp-block-button__link has-black-background-color has-background wp-element-button\" href=\"https:\/\/drive.google.com\/uc?export=download&amp;id=1LrIaYzu08AFSjSresEYvVUnSs5-jyRGz\">BAIXE OS SLIDES<\/a><\/div>\n\n\n\n<div class=\"wp-block-button has-custom-font-size has-medium-font-size\"><a class=\"wp-block-button__link has-black-background-color has-background wp-element-button\" href=\"https:\/\/drive.google.com\/uc?export=download&amp;id=1_nrNuTJJahhcC7wY7cEJnP9jKY53-EJu\">BAIXE O TEXTO<\/a><\/div>\n<\/div>\n\n\n\n<hr class=\"wp-block-separator has-alpha-channel-opacity\"\/>\n\n\n\n<figure class=\"wp-block-image size-full is-style-rounded\"><img fetchpriority=\"high\" decoding=\"async\" width=\"1524\" height=\"873\" src=\"https:\/\/sme.goiania.go.gov.br\/conexaoescola\/wp-content\/uploads\/2025\/01\/Imagem1-3.png\" alt=\"\" class=\"wp-image-191816\" style=\"aspect-ratio:3\/2;object-fit:cover\" srcset=\"https:\/\/sme.goiania.go.gov.br\/conexaoescola\/wp-content\/uploads\/2025\/01\/Imagem1-3.png 1524w, https:\/\/sme.goiania.go.gov.br\/conexaoescola\/wp-content\/uploads\/2025\/01\/Imagem1-3-300x172.png 300w, https:\/\/sme.goiania.go.gov.br\/conexaoescola\/wp-content\/uploads\/2025\/01\/Imagem1-3-1024x587.png 1024w, https:\/\/sme.goiania.go.gov.br\/conexaoescola\/wp-content\/uploads\/2025\/01\/Imagem1-3-768x440.png 768w\" sizes=\"(max-width: 1524px) 100vw, 1524px\" \/><figcaption class=\"wp-element-caption\">FONTE: Chatgpt.com Dispon\u00edvel em: &lt;<a href=\"https:\/\/chatgpt.com\/g\/g-pmuQfob8d-image-generator\/c\/677ecdd1-aadc-8001-8cbf-9e15f96c8ed3\">https:\/\/chatgpt.com\/g\/g-pmuQfob8d-image-generator\/c\/677ecdd1-aadc-8001-8cbf-9e15f96c8ed3<\/a>> Acesso em 18\/12\/2024.<\/figcaption><\/figure>\n\n\n\n<p class=\"has-text-align-center has-black-color has-light-green-cyan-background-color has-text-color has-background has-link-color has-medium-font-size wp-elements-1d2f6601987f231be181153369102d44\"><strong>O CHAMADO DAS PEDRAS &#8211; CORA CORALINA<\/strong><\/p>\n\n\n\n<p class=\"has-black-color has-text-color has-link-color has-medium-font-size wp-elements-0244f600bedfc6e6a518ccf17159bfa8\">\u00c9 muito comum na literatura a tem\u00e1tica do regresso a terra natal, muitos artistas de maneira comovida retratam esse retorno ao local de nascimento, suas origens, seus pertences e fam\u00edliares. Para Cora Coralina essa retrata\u00e7\u00e3o vem adornada com recursos sonoros, em que as palavras enfatizam a\u00e7\u00f5es pelas quais passam o eu l\u00edrico ao retornar ao seu espa\u00e7o de origem, pedras, sinos, aves e rio conferem de forma saudosa onomatopeias que marcam o encontro do eu l\u00edrico com o seu passado, com suas origens, com o seu recanto.<\/p>\n\n\n\n<p class=\"has-black-color has-text-color has-link-color has-medium-font-size wp-elements-7499b43c079b346b9cb73d829596b3fe\">Confira um trecho do consagrado poema \u201cO chamado das pedras\u201d de Cora Coralina que faz uso de recursos estil\u00edsticos que  transfiguraram o retorno da pr\u00f3pria poetisa a Cidade de Goi\u00e1s no ano de 1956, ap\u00f3s 45 anos vivendo no estado de S\u00e3o Paulo.<\/p>\n\n\n\n<p class=\"has-black-color has-text-color has-link-color has-medium-font-size wp-elements-15166efb7c6d53e0c7c0577c94eb7df8\">(&#8230;)<\/p>\n\n\n\n<p class=\"has-black-color has-text-color has-link-color has-medium-font-size wp-elements-ac23e93c6cb38142cbf14b0abc220b17\">Sozinha\u2026<\/p>\n\n\n\n<p class=\"has-black-color has-text-color has-link-color has-medium-font-size wp-elements-a3918e9be97fc99d0731509de84dcaf8\">Na estrada deserta,<\/p>\n\n\n\n<p class=\"has-black-color has-text-color has-link-color has-medium-font-size wp-elements-74b3eb65eea2060f590d941b86c9c711\">sempre a procurar<\/p>\n\n\n\n<p class=\"has-black-color has-text-color has-link-color has-medium-font-size wp-elements-c3b137a90ea67a91f49f0976ec2fa113\">o perdido tempo<\/p>\n\n\n\n<p class=\"has-black-color has-text-color has-link-color has-medium-font-size wp-elements-6d9cfd92a6ecb0068f2263017b867e13\">que ficou pra tr\u00e1s.<\/p>\n\n\n\n<p class=\"has-black-color has-text-color has-link-color has-medium-font-size wp-elements-c1b4f71c9d7dc0fcebd70d3bafcfaed4\">Do perdido tempo.<\/p>\n\n\n\n<p class=\"has-black-color has-text-color has-link-color has-medium-font-size wp-elements-2b130cb44888d616ad2de640c4cb4693\">Do passado tempo<\/p>\n\n\n\n<p class=\"has-black-color has-text-color has-link-color has-medium-font-size wp-elements-fd8dde2a56586724f4489c1079ae45cf\">escuto a voz das pedras:<\/p>\n\n\n\n<p class=\"has-black-color has-text-color has-link-color has-medium-font-size wp-elements-ffba1ea671fd4692708c62e80ee7f2d1\">Volta\u2026 Volta\u2026 Volta\u2026<\/p>\n\n\n\n<p class=\"has-black-color has-text-color has-link-color has-medium-font-size wp-elements-56a7b2debe0ce6d411dc0a9ec93912c4\">E os morros abriam para mim<\/p>\n\n\n\n<p class=\"has-black-color has-text-color has-link-color has-medium-font-size wp-elements-f0390e133b3e64fd9ad81437bd20d60d\">imensos bra\u00e7os vegetais.<\/p>\n\n\n\n<p class=\"has-black-color has-text-color has-link-color has-medium-font-size wp-elements-27e8e755df1d7eae40392f9ed1d2f05b\">E os sinos das igrejas<\/p>\n\n\n\n<p class=\"has-black-color has-text-color has-link-color has-medium-font-size wp-elements-99a91a0676c8c14d4a2537b1d452a8c1\">que ouvia na dist\u00e2ncia<\/p>\n\n\n\n<p class=\"has-black-color has-text-color has-link-color has-medium-font-size wp-elements-88f72b6788999528b87f253f76e38cda\">Diziam: Vem\u2026 Vem\u2026 Vem\u2026<\/p>\n\n\n\n<figure class=\"wp-block-image size-full is-resized is-style-rounded\"><img decoding=\"async\" width=\"627\" height=\"543\" src=\"https:\/\/sme.goiania.go.gov.br\/conexaoescola\/wp-content\/uploads\/2025\/01\/Imagem2-3.png\" alt=\"\" class=\"wp-image-191817\" style=\"width:839px;height:auto\" srcset=\"https:\/\/sme.goiania.go.gov.br\/conexaoescola\/wp-content\/uploads\/2025\/01\/Imagem2-3.png 627w, https:\/\/sme.goiania.go.gov.br\/conexaoescola\/wp-content\/uploads\/2025\/01\/Imagem2-3-300x260.png 300w\" sizes=\"(max-width: 627px) 100vw, 627px\" \/><figcaption class=\"wp-element-caption\">FONTE: Pixabay.com Dispon\u00edvel em: &lt;<a href=\"https:\/\/pixabay.com\/pt\/photos\/pombos-turcos-pombos-pombinhos-par-811661\/\">https:\/\/pixabay.com\/pt\/photos\/pombos-turcos-pombos-pombinhos-par-811661\/<\/a>> Acesso em 18\/12\/2024.<\/figcaption><\/figure>\n\n\n\n<p class=\"has-black-color has-text-color has-link-color has-medium-font-size wp-elements-1ef1db0169a091e86f2b6ca01daf404c\">E as rolinhas fogo-pagou<\/p>\n\n\n\n<p class=\"has-black-color has-text-color has-link-color has-medium-font-size wp-elements-4cd713ae54a8bec577564d3110bff9ed\">das velhas cumeeiras:<\/p>\n\n\n\n<p class=\"has-black-color has-text-color has-link-color has-medium-font-size wp-elements-6e578afa6c05f1325571e24e46a95d97\">Porque n\u00e3o voltou\u2026<\/p>\n\n\n\n<p class=\"has-black-color has-text-color has-link-color has-medium-font-size wp-elements-6e578afa6c05f1325571e24e46a95d97\">Porque n\u00e3o voltou\u2026<\/p>\n\n\n\n<p class=\"has-black-color has-text-color has-link-color has-medium-font-size wp-elements-a2ad6d43f650973c4efac5a0380408e5\">E a \u00e1gua do rio que corria<\/p>\n\n\n\n<p class=\"has-black-color has-text-color has-link-color has-medium-font-size wp-elements-57892c498614e66f1c008779186bb725\">chamava\u2026 chamava\u2026<\/p>\n\n\n\n<p class=\"has-black-color has-text-color has-link-color has-medium-font-size wp-elements-786da9030e30f3c054d7490c53d3a760\">Vestida de cabelos brancos<\/p>\n\n\n\n<p class=\"has-black-color has-text-color has-link-color has-medium-font-size wp-elements-9e069c04207a076c3f242d905e40c94c\">Voltei sozinha \u00e0 velha casa, deserta.<\/p>\n\n\n\n<figure class=\"wp-block-image size-large is-resized\"><img decoding=\"async\" width=\"1024\" height=\"841\" src=\"https:\/\/sme.goiania.go.gov.br\/conexaoescola\/wp-content\/uploads\/2025\/01\/Imagem3-1024x841.png\" alt=\"\" class=\"wp-image-191821\" style=\"width:838px;height:auto\" srcset=\"https:\/\/sme.goiania.go.gov.br\/conexaoescola\/wp-content\/uploads\/2025\/01\/Imagem3-1024x841.png 1024w, https:\/\/sme.goiania.go.gov.br\/conexaoescola\/wp-content\/uploads\/2025\/01\/Imagem3-300x246.png 300w, https:\/\/sme.goiania.go.gov.br\/conexaoescola\/wp-content\/uploads\/2025\/01\/Imagem3-768x631.png 768w, https:\/\/sme.goiania.go.gov.br\/conexaoescola\/wp-content\/uploads\/2025\/01\/Imagem3.png 1210w\" sizes=\"(max-width: 1024px) 100vw, 1024px\" \/><figcaption class=\"wp-element-caption\">FONTE: Chatgpt.com Dispon\u00edvel em: &lt;<a href=\"https:\/\/pixabay.com\/pt\/illustrations\/ai-gerado-b%C3%ADblia-lendo-ler-estude-8814683\/\">https:\/\/pixabay.com\/pt\/illustrations\/ai-gerado-b%C3%ADblia-lendo-ler-estude-8814683\/<\/a>> Acesso em 18\/12\/2024.<\/figcaption><\/figure>\n\n\n\n<p class=\"has-black-color has-text-color has-link-color has-medium-font-size wp-elements-f045131e974fc5af55033cb815ce69d5\">Estruturado em versos livres, sem m\u00e9trica ou rima fixa. Essa liberdade formal intensifica o car\u00e1ter pessoal e introspectivo da narrativa. A fragmenta\u00e7\u00e3o dos versos, muitas vezes curtos, transmite a sensa\u00e7\u00e3o de hesita\u00e7\u00e3o e ang\u00fastia.<\/p>\n\n\n\n<p class=\"has-black-color has-text-color has-link-color has-medium-font-size wp-elements-46bf85879c5131768ae0cd9164deb5d2\">\u00a0H\u00e1 no poema constru\u00e7\u00f5es imag\u00e9ticas quem simbolismos que intensificam a carga emocional, como \u201cA estrada deserta\u201d que representa a vida sem companhia ou prop\u00f3sito claro. \u201cA luz apagada\u201d que simboliza a perda de esperan\u00e7a ou dire\u00e7\u00e3o. \u201cA candeia de azeite\u201d que remete a um tempo antigo, \u00e0 simplicidade e \u00e0 conex\u00e3o com o passado.<\/p>\n\n\n\n<p class=\"has-black-color has-text-color has-link-color has-medium-font-size wp-elements-3e77816cdedc6b99440b53a9a30e378c\">Apesar das in\u00fameras met\u00e1foras que retratam estados emocionais o poema pode ser interpretado como uma reflex\u00e3o sobre a condi\u00e7\u00e3o humana, marcada pela solid\u00e3o e a busca incessante por sentido em viver. A figura da &#8220;velha casa deserta&#8221; no final sugere que, embora possamos retornar ao passado fisicamente, o tempo e as experi\u00eancias vividas tornam imposs\u00edvel restaurar o que foi perdido.<\/p>\n\n\n\n<p class=\"has-text-align-center has-black-color has-text-color has-background has-link-color has-medium-font-size wp-elements-268d8d84256dfb370084bd573163c180\" style=\"background-color:#f78da87d\"><strong>RESPONDA AS QUEST\u00d5ES<\/strong><\/p>\n\n\n\n<p class=\"has-black-color has-light-green-cyan-background-color has-text-color has-background has-link-color has-medium-font-size wp-elements-03c56a71538c54ef8ec16377310b68d7\"><strong>QUEST\u00c3O 1<\/strong><\/p>\n\n\n\n<p class=\"has-medium-font-size\">Identifique e analise o simbolismo presente em pelo menos dois elementos do poema, como as &#8220;pedras&#8221;, os &#8220;bra\u00e7os vegetais&#8221; e os &#8220;sinos das igrejas&#8221;. Como esses elementos contribuem para o tom melanc\u00f3lico da obra?<\/p>\n\n\n\n<p class=\"has-black-color has-light-green-cyan-background-color has-text-color has-background has-link-color has-medium-font-size wp-elements-e8edd4991594923773d4ab0b50afedd0\"><strong>QUEST\u00c3O 2<\/strong><\/p>\n\n\n\n<p class=\"has-black-color has-text-color has-link-color has-medium-font-size wp-elements-ff53f8ec0caf2894e79b18bd8f6e1abb\">Analise como a repeti\u00e7\u00e3o de palavras e express\u00f5es, como &#8220;Volta\u2026 Volta\u2026 Volta\u2026&#8221; e &#8220;chamava\u2026 chamava\u2026&#8221;, refor\u00e7a as emo\u00e7\u00f5es transmitidas no poema. Qual \u00e9 o impacto desse recurso na leitura?<\/p>\n\n\n\n<p class=\"has-black-color has-light-green-cyan-background-color has-text-color has-background has-link-color has-medium-font-size wp-elements-25f98226118717d07d92e9243142fc9a\"><strong>QUEST\u00c3O 3<\/strong><\/p>\n\n\n\n<p class=\"has-black-color has-text-color has-link-color has-medium-font-size wp-elements-596cdc2ba02a407804d76ae823e2c0fe\">O poema pode ser interpretado como uma met\u00e1fora para as dificuldades e as perdas enfrentadas ao longo da vida. Voc\u00ea se identifica com alguma das ideias ou sentimentos expressos no poema? Explique.<\/p>\n\n\n\n<p class=\"has-black-color has-light-green-cyan-background-color has-text-color has-background has-link-color has-medium-font-size wp-elements-35a0edd005ebabc7cd1dfcf2bda15d5e\"><strong>QUEST\u00c3O 4<\/strong><\/p>\n\n\n\n<p class=\"has-black-color has-text-color has-link-color has-medium-font-size wp-elements-d6dc617144f8b612486d24ce99884856\">A met\u00e1fora &#8220;perdido tempo&#8221; simboliza no poema<\/p>\n\n\n\n<p class=\"has-black-color has-text-color has-link-color has-medium-font-size wp-elements-0fc43c676faa8f248879e5171ec94016\">(A) as oportunidades futuras.<br>(B) o presente que o eu l\u00edrico vive.<br>(C) as lembran\u00e7as e as experi\u00eancias.<br>(D) a passagem do tempo natural.<\/p>\n\n\n\n<p class=\"has-black-color has-light-green-cyan-background-color has-text-color has-background has-link-color has-medium-font-size wp-elements-811cb3de181f5893f5f4b117414038a6\"><strong>QUEST\u00c3O 5<\/strong><\/p>\n\n\n\n<p class=\"has-black-color has-text-color has-link-color has-medium-font-size wp-elements-47fcedccaf4fe7f050072bad2824f162\">O chamado dos elementos da natureza (&#8220;os morros&#8221;, &#8220;as pedras&#8221;, &#8220;a \u00e1gua do rio&#8221;) indica<\/p>\n\n\n\n<p class=\"has-black-color has-text-color has-link-color has-medium-font-size wp-elements-2ccc38bfdf007cf7ad76e480aba38ba8\">(A) a urg\u00eancia de abandonar o presente.<br>(B) a for\u00e7a do presente sobre o passado.<br>(C) a conex\u00e3o entre o eu l\u00edrico e sua mem\u00f3ria.<br>(D) a falta de sentido na jornada do eu l\u00edrico.<\/p>\n\n\n\n<hr class=\"wp-block-separator has-alpha-channel-opacity\"\/>\n\n\n\n<figure class=\"wp-block-table is-style-stripes\"><table class=\"has-fixed-layout\"><tbody><tr><td><strong>Autoria:<\/strong><strong><\/strong><\/td><td>Regina C\u00e1cia<\/td><\/tr><tr><td><strong>Forma\u00e7\u00e3o:<\/strong><strong><\/strong><\/td><td>Letras \u2013 L\u00edngua Portuguesa<\/td><\/tr><tr><td><strong>Componente Curricular:<\/strong><\/td><td>L\u00edngua Portuguesa<\/td><\/tr><tr><td><strong>Objetivos de Aprendizagem e Desenvolvimento:<\/strong><\/td><td>(EJALP0422) Identificar o efeito de sentido produzido pelos elementos lingu\u00edsticos, semi\u00f3ticos e estil\u00edsticos presentes nos diferentes g\u00eaneros textuais\/discursivos (EJALP0423) Identificar os efeitos de sentido nos textos decorrentes de fen\u00f4menos l\u00e9xico-sem\u00e2nticos, como as figuras de linguagem<\/td><\/tr><tr><td><strong>Refer\u00eancias:<\/strong><strong><\/strong><\/td><td>DEN\u00d3FRIO, Darcy Fran\u00e7a. Retirando o v\u00e9u de \u00cdsis: contribui\u00e7\u00e3o \u00e0s pesquisas sobre Cora Coralina. In: DEN\u00d3FRIO, Darcy Fran\u00e7a; CAMARGO, Goiandira Ortiz de (Orgs.). Cora Coralina: celebra\u00e7\u00e3o da volta. Goi\u00e2nia: C\u00e2none Editorial, 2006. <br><br>ELIAS, Norbert. A solid\u00e3o dos moribundos seguido de envelhecer e morrer. Rio de Janeiro: Jorge Zahar Ed., 2001.\u00a0 <br><br>CORALINA, Cora. Poemas dos Becos de Goi\u00e1s e Est\u00f3rias Mais. Rio de Janeiro: Livraria Jos\u00e9 Olympio Editora, 1965. <br><br>CORALINA, Cora. O tesouro da Casa Velha da Ponte. 11. ed. S\u00e3o Paulo: Globo, 2001.<\/td><\/tr><\/tbody><\/table><\/figure>\n","protected":false},"author":54,"featured_media":191816,"template":"","meta":{"_acf_changed":false,"ocean_post_layout":"","ocean_both_sidebars_style":"","ocean_both_sidebars_content_width":0,"ocean_both_sidebars_sidebars_width":0,"ocean_sidebar":"","ocean_second_sidebar":"","ocean_disable_margins":"enable","ocean_add_body_class":"","ocean_shortcode_before_top_bar":"","ocean_shortcode_after_top_bar":"","ocean_shortcode_before_header":"","ocean_shortcode_after_header":"","ocean_has_shortcode":"","ocean_shortcode_after_title":"","ocean_shortcode_before_footer_widgets":"","ocean_shortcode_after_footer_widgets":"","ocean_shortcode_before_footer_bottom":"","ocean_shortcode_after_footer_bottom":"","ocean_display_top_bar":"default","ocean_display_header":"default","ocean_header_style":"","ocean_center_header_left_menu":"","ocean_custom_header_template":"","ocean_custom_logo":0,"ocean_custom_retina_logo":0,"ocean_custom_logo_max_width":0,"ocean_custom_logo_tablet_max_width":0,"ocean_custom_logo_mobile_max_width":0,"ocean_custom_logo_max_height":0,"ocean_custom_logo_tablet_max_height":0,"ocean_custom_logo_mobile_max_height":0,"ocean_header_custom_menu":"","ocean_menu_typo_font_family":"","ocean_menu_typo_font_subset":"","ocean_menu_typo_font_size":0,"ocean_menu_typo_font_size_tablet":0,"ocean_menu_typo_font_size_mobile":0,"ocean_menu_typo_font_size_unit":"px","ocean_menu_typo_font_weight":"","ocean_menu_typo_font_weight_tablet":"","ocean_menu_typo_font_weight_mobile":"","ocean_menu_typo_transform":"","ocean_menu_typo_transform_tablet":"","ocean_menu_typo_transform_mobile":"","ocean_menu_typo_line_height":0,"ocean_menu_typo_line_height_tablet":0,"ocean_menu_typo_line_height_mobile":0,"ocean_menu_typo_line_height_unit":"","ocean_menu_typo_spacing":0,"ocean_menu_typo_spacing_tablet":0,"ocean_menu_typo_spacing_mobile":0,"ocean_menu_typo_spacing_unit":"","ocean_menu_link_color":"","ocean_menu_link_color_hover":"","ocean_menu_link_color_active":"","ocean_menu_link_background":"","ocean_menu_link_hover_background":"","ocean_menu_link_active_background":"","ocean_menu_social_links_bg":"","ocean_menu_social_hover_links_bg":"","ocean_menu_social_links_color":"","ocean_menu_social_hover_links_color":"","ocean_disable_title":"default","ocean_disable_heading":"default","ocean_post_title":"","ocean_post_subheading":"","ocean_post_title_style":"","ocean_post_title_background_color":"","ocean_post_title_background":0,"ocean_post_title_bg_image_position":"","ocean_post_title_bg_image_attachment":"","ocean_post_title_bg_image_repeat":"","ocean_post_title_bg_image_size":"","ocean_post_title_height":0,"ocean_post_title_bg_overlay":0.5,"ocean_post_title_bg_overlay_color":"","ocean_disable_breadcrumbs":"default","ocean_breadcrumbs_color":"","ocean_breadcrumbs_separator_color":"","ocean_breadcrumbs_links_color":"","ocean_breadcrumbs_links_hover_color":"","ocean_display_footer_widgets":"default","ocean_display_footer_bottom":"default","ocean_custom_footer_template":""},"eaja_categoria":[104],"serie":[74],"eaja_componente":[77],"class_list":["post-191815","eaja","type-eaja","status-publish","has-post-thumbnail","hentry","eaja_categoria-2o-segmento-5a-e-6a-serie","serie-5a-serie","eaja_componente-lingua-portuguesa","entry","has-media"],"acf":[],"_links":{"self":[{"href":"https:\/\/sme.goiania.go.gov.br\/conexaoescola\/wp-json\/wp\/v2\/eaja\/191815","targetHints":{"allow":["GET"]}}],"collection":[{"href":"https:\/\/sme.goiania.go.gov.br\/conexaoescola\/wp-json\/wp\/v2\/eaja"}],"about":[{"href":"https:\/\/sme.goiania.go.gov.br\/conexaoescola\/wp-json\/wp\/v2\/types\/eaja"}],"author":[{"embeddable":true,"href":"https:\/\/sme.goiania.go.gov.br\/conexaoescola\/wp-json\/wp\/v2\/users\/54"}],"wp:featuredmedia":[{"embeddable":true,"href":"https:\/\/sme.goiania.go.gov.br\/conexaoescola\/wp-json\/wp\/v2\/media\/191816"}],"wp:attachment":[{"href":"https:\/\/sme.goiania.go.gov.br\/conexaoescola\/wp-json\/wp\/v2\/media?parent=191815"}],"wp:term":[{"taxonomy":"eaja_categoria","embeddable":true,"href":"https:\/\/sme.goiania.go.gov.br\/conexaoescola\/wp-json\/wp\/v2\/eaja_categoria?post=191815"},{"taxonomy":"serie","embeddable":true,"href":"https:\/\/sme.goiania.go.gov.br\/conexaoescola\/wp-json\/wp\/v2\/serie?post=191815"},{"taxonomy":"eaja_componente","embeddable":true,"href":"https:\/\/sme.goiania.go.gov.br\/conexaoescola\/wp-json\/wp\/v2\/eaja_componente?post=191815"}],"curies":[{"name":"wp","href":"https:\/\/api.w.org\/{rel}","templated":true}]}}